{"id":3432,"date":"2017-04-10T04:26:59","date_gmt":"2017-04-10T04:26:59","guid":{"rendered":"https:\/\/www.hotelkastiel.sk\/novinky\/"},"modified":"2025-09-16T15:21:08","modified_gmt":"2025-09-16T14:21:08","slug":"news","status":"publish","type":"page","link":"https:\/\/www.hotelkastiel.sk\/en\/news\/","title":{"rendered":"News"},"content":{"rendered":"<div class=\"vc_row wpb_row vc_row-fluid\">\n\t\t\t\t\n<div class=\"wpb_column vc_column_container vc_col-sm-12\"><div class=\"vc_column-inner vc_custom_1695120526632\"><div class=\"wpb_wrapper\"><div class=\"fleurdesel-post-sc blog-layout-zigzag vc_custom_1695120511057\">\r\n\t\r\n<article id=\"post-10240\" class=\"post-10240 post type-post status-publish format-standard has-post-thumbnail hentry category-uncategorized-sk\">\r\n\t<div class=\"post-media\">\r\n\t<div class=\"post-image\">\r\n\t\t\t\t\t<a href=\"https:\/\/www.hotelkastiel.sk\/en\/rekonstrukcia-2026\/\">\r\n\t\t\t\t<img loading=\"lazy\" decoding=\"async\" width=\"640\" height=\"500\" src=\"https:\/\/www.hotelkastiel.sk\/wp-content\/uploads\/2026\/03\/Salon-640x500.jpg\" class=\"attachment-fleurdesel-medium size-fleurdesel-medium wp-post-image\" alt=\"\" \/>\t\t\t<\/a>\r\n\t\t\t<\/div>\r\n<\/div>\r\n\r\n\t<div class=\"post-data\">\r\n\t\t<div class=\"post-date\"><a href=\"https:\/\/www.hotelkastiel.sk\/en\/rekonstrukcia-2026\/\" rel=\"bookmark\"><time class=\"entry-date published\" datetime=\"2026-03-04T09:04:16+01:00\">04.03.2026<\/time><time class=\"updated\" datetime=\"2026-03-04T09:04:48+01:00\">04.03.2026<\/time><\/a><\/div>\r\n\t\t<h2 class=\"post-title\"><a href=\"https:\/\/www.hotelkastiel.sk\/en\/rekonstrukcia-2026\/\" rel=\"bookmark\">Rekon\u0161trukcia 2026<\/a><\/h2>\r\n\t\t<div class=\"post-meta\">\r\n\t<ul>\r\n\t\t<li>\r\n\t\t\tPosted by <span class=\"author vcard\"><a class=\"url fn n\" href=\"https:\/\/www.hotelkastiel.sk\/en\/author\/veronika-liskovahotelkastiel-sk\/\">Veronika Liskova<\/a><\/span> in <a href=\"https:\/\/www.hotelkastiel.sk\/en\/category\/uncategorized-sk\/\" rel=\"category tag\">Uncategorized @sk<\/a>\t\t<\/li>\r\n\r\n\t\t<li>\r\n\t\t\t<span>Comments Off<span class=\"screen-reader-text\"> on Rekon\u0161trukcia 2026<\/span><\/span>\t\t<\/li>\r\n\t<\/ul>\r\n<\/div>\r\n\r\n\t\t<div class=\"post-content\">\r\n\t\t\t<p>Our manor house has undergone a sensitive renovation of selected lounges, bringing a new dimension of elegance and comfort. We have given the Jesen\u00e1k Hall a new, fresh look that respects the historical character of the space and at the same time meets the demands of contemporary events. The result is an even more representative environment for weddings, corporate meetings, gala evenings and intimate celebrations. &nbsp;<\/p>\n\t\t<a href=\"https:\/\/www.hotelkastiel.sk\/en\/rekonstrukcia-2026\/\" class=\"btn-view fz-12 font-600 text-gray-8989 text-uppercase\">\n\t\t\t\u010c\u00edta\u0165 viac\t\t<\/a>\n\t\t\t\t<\/div><!-- .post-content -->\r\n\t<\/div>\r\n<\/article><!-- #post-## -->\r\n\r\n<article id=\"post-10166\" class=\"post-10166 post type-post status-publish format-standard has-post-thumbnail hentry category-uncategorized-sk\">\r\n\t<div class=\"post-media\">\r\n\t<div class=\"post-image\">\r\n\t\t\t\t\t<a href=\"https:\/\/www.hotelkastiel.sk\/en\/ministerial-krajin-central-5\/\">\r\n\t\t\t\t<img loading=\"lazy\" decoding=\"async\" width=\"640\" height=\"500\" src=\"https:\/\/www.hotelkastiel.sk\/wp-content\/uploads\/2025\/09\/C5-640x500.jpg\" class=\"attachment-fleurdesel-medium size-fleurdesel-medium wp-post-image\" alt=\"\" \/>\t\t\t<\/a>\r\n\t\t\t<\/div>\r\n<\/div>\r\n\r\n\t<div class=\"post-data\">\r\n\t\t<div class=\"post-date\"><a href=\"https:\/\/www.hotelkastiel.sk\/en\/ministerial-krajin-central-5\/\" rel=\"bookmark\"><time class=\"entry-date published\" datetime=\"2025-09-24T16:11:50+01:00\">24.09.2025<\/time><time class=\"updated\" datetime=\"2025-09-24T16:12:55+01:00\">24.09.2025<\/time><\/a><\/div>\r\n\t\t<h2 class=\"post-title\"><a href=\"https:\/\/www.hotelkastiel.sk\/en\/ministerial-krajin-central-5\/\" rel=\"bookmark\">Ministeri\u00e1l kraj\u00edn Central 5<\/a><\/h2>\r\n\t\t<div class=\"post-meta\">\r\n\t<ul>\r\n\t\t<li>\r\n\t\t\tPosted by <span class=\"author vcard\"><a class=\"url fn n\" href=\"https:\/\/www.hotelkastiel.sk\/en\/author\/veronika-liskovahotelkastiel-sk\/\">Veronika Liskova<\/a><\/span> in <a href=\"https:\/\/www.hotelkastiel.sk\/en\/category\/uncategorized-sk\/\" rel=\"category tag\">Uncategorized @sk<\/a>\t\t<\/li>\r\n\r\n\t\t<li>\r\n\t\t\t<span>Comments Off<span class=\"screen-reader-text\"> on Ministeri\u00e1l kraj\u00edn Central 5<\/span><\/span>\t\t<\/li>\r\n\t<\/ul>\r\n<\/div>\r\n\r\n\t\t<div class=\"post-content\">\r\n\t\t\t<p>TOM\u00c1\u0160OV \u2013 The ministers of foreign affairs of the Central European countries discussed the current situation in Ukraine and the Middle East, illegal migration and the expansion of the European Union within the framework of the Central 5 (C5) format. The meeting of ministers from Slovakia, the Czech Republic, Austria, Hungary and Slovenia took place in our mansion on 11\/09\/2025.<\/p>\n\t\t<a href=\"https:\/\/www.hotelkastiel.sk\/en\/ministerial-krajin-central-5\/\" class=\"btn-view fz-12 font-600 text-gray-8989 text-uppercase\">\n\t\t\t\u010c\u00edta\u0165 viac\t\t<\/a>\n\t\t\t\t<\/div><!-- .post-content -->\r\n\t<\/div>\r\n<\/article><!-- #post-## -->\r\n\r\n<article id=\"post-9936\" class=\"post-9936 post type-post status-publish format-standard has-post-thumbnail hentry category-uncategorized-sk\">\r\n\t<div class=\"post-media\">\r\n\t<div class=\"post-image\">\r\n\t\t\t\t\t<a href=\"https:\/\/www.hotelkastiel.sk\/en\/novy-altanok\/\">\r\n\t\t\t\t<img loading=\"lazy\" decoding=\"async\" width=\"640\" height=\"500\" src=\"https:\/\/www.hotelkastiel.sk\/wp-content\/uploads\/2025\/04\/altanok-new-640x500.jpg\" class=\"attachment-fleurdesel-medium size-fleurdesel-medium wp-post-image\" alt=\"\" \/>\t\t\t<\/a>\r\n\t\t\t<\/div>\r\n<\/div>\r\n\r\n\t<div class=\"post-data\">\r\n\t\t<div class=\"post-date\"><a href=\"https:\/\/www.hotelkastiel.sk\/en\/novy-altanok\/\" rel=\"bookmark\"><time class=\"entry-date published updated\" datetime=\"2025-04-23T12:13:16+01:00\">23.04.2025<\/time><\/a><\/div>\r\n\t\t<h2 class=\"post-title\"><a href=\"https:\/\/www.hotelkastiel.sk\/en\/novy-altanok\/\" rel=\"bookmark\">Nov\u00fd alt\u00e1nok<\/a><\/h2>\r\n\t\t<div class=\"post-meta\">\r\n\t<ul>\r\n\t\t<li>\r\n\t\t\tPosted by <span class=\"author vcard\"><a class=\"url fn n\" href=\"https:\/\/www.hotelkastiel.sk\/en\/author\/veronika-liskovahotelkastiel-sk\/\">Veronika Liskova<\/a><\/span> in <a href=\"https:\/\/www.hotelkastiel.sk\/en\/category\/uncategorized-sk\/\" rel=\"category tag\">Uncategorized @sk<\/a>\t\t<\/li>\r\n\r\n\t\t<li>\r\n\t\t\t<span>Comments Off<span class=\"screen-reader-text\"> on Nov\u00fd alt\u00e1nok<\/span><\/span>\t\t<\/li>\r\n\t<\/ul>\r\n<\/div>\r\n\r\n\t\t<div class=\"post-content\">\r\n\t\t\t<p>We are happy to be the first to present our brand new gazebo, which is available to you from April 2025 for wedding civil ceremonies, smaller celebrations or gatherings. Thanks to its roof, you no longer need to worry about the weather and unexpected changes in plans \ud83d\ude42 For more information and photos, follow our social networks Instagram and Facebook.<\/p>\n\t\t<a href=\"https:\/\/www.hotelkastiel.sk\/en\/novy-altanok\/\" class=\"btn-view fz-12 font-600 text-gray-8989 text-uppercase\">\n\t\t\t\u010c\u00edta\u0165 viac\t\t<\/a>\n\t\t\t\t<\/div><!-- .post-content -->\r\n\t<\/div>\r\n<\/article><!-- #post-## -->\r\n\r\n<article id=\"post-9784\" class=\"post-9784 post type-post status-publish format-standard has-post-thumbnail hentry category-uncategorized-sk\">\r\n\t<div class=\"post-media\">\r\n\t<div class=\"post-image\">\r\n\t\t\t\t\t<a href=\"https:\/\/www.hotelkastiel.sk\/en\/malebny-tomasov\/\">\r\n\t\t\t\t<img loading=\"lazy\" decoding=\"async\" width=\"640\" height=\"500\" src=\"https:\/\/www.hotelkastiel.sk\/wp-content\/uploads\/2024\/11\/Vernisaz-640x500.jpg\" class=\"attachment-fleurdesel-medium size-fleurdesel-medium wp-post-image\" alt=\"\" \/>\t\t\t<\/a>\r\n\t\t\t<\/div>\r\n<\/div>\r\n\r\n\t<div class=\"post-data\">\r\n\t\t<div class=\"post-date\"><a href=\"https:\/\/www.hotelkastiel.sk\/en\/malebny-tomasov\/\" rel=\"bookmark\"><time class=\"entry-date published\" datetime=\"2024-11-07T11:26:08+01:00\">07.11.2024<\/time><time class=\"updated\" datetime=\"2024-11-07T11:28:59+01:00\">07.11.2024<\/time><\/a><\/div>\r\n\t\t<h2 class=\"post-title\"><a href=\"https:\/\/www.hotelkastiel.sk\/en\/malebny-tomasov\/\" rel=\"bookmark\">Malebn\u00fd Tom\u00e1\u0161ov<\/a><\/h2>\r\n\t\t<div class=\"post-meta\">\r\n\t<ul>\r\n\t\t<li>\r\n\t\t\tPosted by <span class=\"author vcard\"><a class=\"url fn n\" href=\"https:\/\/www.hotelkastiel.sk\/en\/author\/veronika-liskovahotelkastiel-sk\/\">Veronika Liskova<\/a><\/span> in <a href=\"https:\/\/www.hotelkastiel.sk\/en\/category\/uncategorized-sk\/\" rel=\"category tag\">Uncategorized @sk<\/a>\t\t<\/li>\r\n\r\n\t\t<li>\r\n\t\t\t<span>Comments Off<span class=\"screen-reader-text\"> on Malebn\u00fd Tom\u00e1\u0161ov<\/span><\/span>\t\t<\/li>\r\n\t<\/ul>\r\n<\/div>\r\n\r\n\t\t<div class=\"post-content\">\r\n\t\t\t<p>During the first week of November, the opening of an exhibition of paintings with the theme \"Picturesque Tom\u00e1\u0161ov\" was held in our mansion, which was specially prepared for our mansion by painters Jaroslav Nov\u00e1k, Kate Grishakova, Mykola Bodn\u00e1r and Ester Em\u00edlia Ksenzsigh under the auspices of Turuk &amp; Art Collective. The artists painted our hotel and its surroundings especially for this exhibition, for which we are thankful to them.<\/p>\n\t\t<a href=\"https:\/\/www.hotelkastiel.sk\/en\/malebny-tomasov\/\" class=\"btn-view fz-12 font-600 text-gray-8989 text-uppercase\">\n\t\t\t\u010c\u00edta\u0165 viac\t\t<\/a>\n\t\t\t\t<\/div><!-- .post-content -->\r\n\t<\/div>\r\n<\/article><!-- #post-## -->\r\n\r\n<article id=\"post-9703\" class=\"post-9703 post type-post status-publish format-standard has-post-thumbnail hentry category-uncategorized-sk\">\r\n\t<div class=\"post-media\">\r\n\t<div class=\"post-image\">\r\n\t\t\t\t\t<a href=\"https:\/\/www.hotelkastiel.sk\/en\/9-chodova-degustacna-vecera\/\">\r\n\t\t\t\t<img loading=\"lazy\" decoding=\"async\" width=\"640\" height=\"500\" src=\"https:\/\/www.hotelkastiel.sk\/wp-content\/uploads\/2024\/09\/RM-640x500.jpg\" class=\"attachment-fleurdesel-medium size-fleurdesel-medium wp-post-image\" alt=\"\" \/>\t\t\t<\/a>\r\n\t\t\t<\/div>\r\n<\/div>\r\n\r\n\t<div class=\"post-data\">\r\n\t\t<div class=\"post-date\"><a href=\"https:\/\/www.hotelkastiel.sk\/en\/9-chodova-degustacna-vecera\/\" rel=\"bookmark\"><time class=\"entry-date published updated\" datetime=\"2024-09-26T10:53:55+01:00\">26.09.2024<\/time><\/a><\/div>\r\n\t\t<h2 class=\"post-title\"><a href=\"https:\/\/www.hotelkastiel.sk\/en\/9-chodova-degustacna-vecera\/\" rel=\"bookmark\">9-chodov\u00e1 degusta\u010dn\u00e1 ve\u010dera<\/a><\/h2>\r\n\t\t<div class=\"post-meta\">\r\n\t<ul>\r\n\t\t<li>\r\n\t\t\tPosted by <span class=\"author vcard\"><a class=\"url fn n\" href=\"https:\/\/www.hotelkastiel.sk\/en\/author\/veronika-liskovahotelkastiel-sk\/\">Veronika Liskova<\/a><\/span> in <a href=\"https:\/\/www.hotelkastiel.sk\/en\/category\/uncategorized-sk\/\" rel=\"category tag\">Uncategorized @sk<\/a>\t\t<\/li>\r\n\r\n\t\t<li>\r\n\t\t\t<span>Comments Off<span class=\"screen-reader-text\"> on 9-chodov\u00e1 degusta\u010dn\u00e1 ve\u010dera<\/span><\/span>\t\t<\/li>\r\n\t<\/ul>\r\n<\/div>\r\n\r\n\t\t<div class=\"post-content\">\r\n\t\t\t<p>A symphony on a plate, that was our tasting 9-course dinner under the auspices of chef Rastislav Miklovi\u010d and his team. With an emphasis on local ingredients in unexpected variations. Each course was perfectly complemented by carefully selected wines from the winemaker \u013dubo Bog\u00e1r, which enhanced the experience even more. We thank the participants and look forward to further gastronomic meetings with you,<\/p>\n\t\t<a href=\"https:\/\/www.hotelkastiel.sk\/en\/9-chodova-degustacna-vecera\/\" class=\"btn-view fz-12 font-600 text-gray-8989 text-uppercase\">\n\t\t\t\u010c\u00edta\u0165 viac\t\t<\/a>\n\t\t\t\t<\/div><!-- .post-content -->\r\n\t<\/div>\r\n<\/article><!-- #post-## -->\r\n\r\n<article id=\"post-9639\" class=\"post-9639 post type-post status-publish format-standard has-post-thumbnail hentry category-uncategorized-sk\">\r\n\t<div class=\"post-media\">\r\n\t<div class=\"post-image\">\r\n\t\t\t\t\t<a href=\"https:\/\/www.hotelkastiel.sk\/en\/sympozium-vytvarnikov\/\">\r\n\t\t\t\t<img loading=\"lazy\" decoding=\"async\" width=\"640\" height=\"500\" src=\"https:\/\/www.hotelkastiel.sk\/wp-content\/uploads\/2024\/08\/obraz-640x500.jpg\" class=\"attachment-fleurdesel-medium size-fleurdesel-medium wp-post-image\" alt=\"\" \/>\t\t\t<\/a>\r\n\t\t\t<\/div>\r\n<\/div>\r\n\r\n\t<div class=\"post-data\">\r\n\t\t<div class=\"post-date\"><a href=\"https:\/\/www.hotelkastiel.sk\/en\/sympozium-vytvarnikov\/\" rel=\"bookmark\"><time class=\"entry-date published\" datetime=\"2024-08-30T14:22:59+01:00\">30.08.2024<\/time><time class=\"updated\" datetime=\"2024-08-30T14:26:57+01:00\">30.08.2024<\/time><\/a><\/div>\r\n\t\t<h2 class=\"post-title\"><a href=\"https:\/\/www.hotelkastiel.sk\/en\/sympozium-vytvarnikov\/\" rel=\"bookmark\">Symp\u00f3zium v\u00fdtvarn\u00edkov<\/a><\/h2>\r\n\t\t<div class=\"post-meta\">\r\n\t<ul>\r\n\t\t<li>\r\n\t\t\tPosted by <span class=\"author vcard\"><a class=\"url fn n\" href=\"https:\/\/www.hotelkastiel.sk\/en\/author\/veronika-liskovahotelkastiel-sk\/\">Veronika Liskova<\/a><\/span> in <a href=\"https:\/\/www.hotelkastiel.sk\/en\/category\/uncategorized-sk\/\" rel=\"category tag\">Uncategorized @sk<\/a>\t\t<\/li>\r\n\r\n\t\t<li>\r\n\t\t\t<span>Comments Off<span class=\"screen-reader-text\"> on Symp\u00f3zium v\u00fdtvarn\u00edkov<\/span><\/span>\t\t<\/li>\r\n\t<\/ul>\r\n<\/div>\r\n\r\n\t\t<div class=\"post-content\">\r\n\t\t\t<p>On 27.08.-28.08. a symposium of artists took place in the premises of our English park under the auspices of Turuk &amp; Art Collective. The symposium was attended by well-known artists, Kare Grishakova, Jaroslav Nov\u00e1k, Iveta Lederer, Peter \u017dan\u00f3ny and Mykola Bodn\u00e1r. Guests will be able to see the finished works at the opening in October 2024 in the Art Hotel Ka\u0161tie\u013e. Thank you.<\/p>\n\t\t<a href=\"https:\/\/www.hotelkastiel.sk\/en\/sympozium-vytvarnikov\/\" class=\"btn-view fz-12 font-600 text-gray-8989 text-uppercase\">\n\t\t\t\u010c\u00edta\u0165 viac\t\t<\/a>\n\t\t\t\t<\/div><!-- .post-content -->\r\n\t<\/div>\r\n<\/article><!-- #post-## -->\r\n\r\n<article id=\"post-9564\" class=\"post-9564 post type-post status-publish format-standard has-post-thumbnail hentry category-uncategorized-sk\">\r\n\t<div class=\"post-media\">\r\n\t<div class=\"post-image\">\r\n\t\t\t\t\t<a href=\"https:\/\/www.hotelkastiel.sk\/en\/tvar-a-priestor\/\">\r\n\t\t\t\t<img loading=\"lazy\" decoding=\"async\" width=\"640\" height=\"500\" src=\"https:\/\/www.hotelkastiel.sk\/wp-content\/uploads\/2024\/07\/turukkk-640x500.jpg\" class=\"attachment-fleurdesel-medium size-fleurdesel-medium wp-post-image\" alt=\"\" \/>\t\t\t<\/a>\r\n\t\t\t<\/div>\r\n<\/div>\r\n\r\n\t<div class=\"post-data\">\r\n\t\t<div class=\"post-date\"><a href=\"https:\/\/www.hotelkastiel.sk\/en\/tvar-a-priestor\/\" rel=\"bookmark\"><time class=\"entry-date published\" datetime=\"2024-07-07T10:50:42+01:00\">07.07.2024<\/time><time class=\"updated\" datetime=\"2024-07-07T11:10:20+01:00\">07.07.2024<\/time><\/a><\/div>\r\n\t\t<h2 class=\"post-title\"><a href=\"https:\/\/www.hotelkastiel.sk\/en\/tvar-a-priestor\/\" rel=\"bookmark\">Tvar a priestor<\/a><\/h2>\r\n\t\t<div class=\"post-meta\">\r\n\t<ul>\r\n\t\t<li>\r\n\t\t\tPosted by <span class=\"author vcard\"><a class=\"url fn n\" href=\"https:\/\/www.hotelkastiel.sk\/en\/author\/veronika-liskovahotelkastiel-sk\/\">Veronika Liskova<\/a><\/span> in <a href=\"https:\/\/www.hotelkastiel.sk\/en\/category\/uncategorized-sk\/\" rel=\"category tag\">Uncategorized @sk<\/a>\t\t<\/li>\r\n\r\n\t\t<li>\r\n\t\t\t<span>Comments Off<span class=\"screen-reader-text\"> on Tvar a priestor<\/span><\/span>\t\t<\/li>\r\n\t<\/ul>\r\n<\/div>\r\n\r\n\t\t<div class=\"post-content\">\r\n\t\t\t<p>V\u00fdstava Tvar a\u00a0priestor v\u00a0anglickom parku ka\u0161tie\u013ea Tom\u00e1\u0161ov predstavuje n\u00e1v\u0161tevn\u00edkom pr\u00e1ce desiatich tvorcov, a\u00a0to \u010desk\u00e9ho umelca, chorv\u00e1tsku v\u00fdtvarn\u00ed\u010dku\u00a0 a slovensk\u00fdch soch\u00e1rov. Vystaven\u00fdch dvadsa\u0165 diel \u00a0je z rokov 2000 \u2013 2024, raritou je pestros\u0165\u00a0rozmanit\u00fdch materi\u00e1loch ako \u017eelezo, mramor, pieskovec, \u017eivica \u010di nieko\u013eko druhov r\u00f4zneho dreva. Hlavn\u00fdm organiz\u00e1torom je Turuk &amp; Art Collective v\u00a0spolupr\u00e1ci s Art Hotel Ka\u0161tie\u013e [&hellip;]<\/p>\n\t\t<a href=\"https:\/\/www.hotelkastiel.sk\/en\/tvar-a-priestor\/\" class=\"btn-view fz-12 font-600 text-gray-8989 text-uppercase\">\n\t\t\t\u010c\u00edta\u0165 viac\t\t<\/a>\n\t\t\t\t<\/div><!-- .post-content -->\r\n\t<\/div>\r\n<\/article><!-- #post-## -->\r\n\r\n<article id=\"post-9542\" class=\"post-9542 post type-post status-publish format-standard has-post-thumbnail hentry category-uncategorized-sk\">\r\n\t<div class=\"post-media\">\r\n\t<div class=\"post-image\">\r\n\t\t\t\t\t<a href=\"https:\/\/www.hotelkastiel.sk\/en\/nabijacka-na-elektromobily\/\">\r\n\t\t\t\t<img loading=\"lazy\" decoding=\"async\" width=\"640\" height=\"500\" src=\"https:\/\/www.hotelkastiel.sk\/wp-content\/uploads\/2024\/06\/elektronab-640x500.jpg\" class=\"attachment-fleurdesel-medium size-fleurdesel-medium wp-post-image\" alt=\"\" \/>\t\t\t<\/a>\r\n\t\t\t<\/div>\r\n<\/div>\r\n\r\n\t<div class=\"post-data\">\r\n\t\t<div class=\"post-date\"><a href=\"https:\/\/www.hotelkastiel.sk\/en\/nabijacka-na-elektromobily\/\" rel=\"bookmark\"><time class=\"entry-date published updated\" datetime=\"2024-06-26T09:00:51+01:00\">26.06.2024<\/time><\/a><\/div>\r\n\t\t<h2 class=\"post-title\"><a href=\"https:\/\/www.hotelkastiel.sk\/en\/nabijacka-na-elektromobily\/\" rel=\"bookmark\">Nab\u00edja\u010dka na elektromobily<\/a><\/h2>\r\n\t\t<div class=\"post-meta\">\r\n\t<ul>\r\n\t\t<li>\r\n\t\t\tPosted by <span class=\"author vcard\"><a class=\"url fn n\" href=\"https:\/\/www.hotelkastiel.sk\/en\/author\/veronika-liskovahotelkastiel-sk\/\">Veronika Liskova<\/a><\/span> in <a href=\"https:\/\/www.hotelkastiel.sk\/en\/category\/uncategorized-sk\/\" rel=\"category tag\">Uncategorized @sk<\/a>\t\t<\/li>\r\n\r\n\t\t<li>\r\n\t\t\t<span>Comments Off<span class=\"screen-reader-text\"> on Nab\u00edja\u010dka na elektromobily<\/span><\/span>\t\t<\/li>\r\n\t<\/ul>\r\n<\/div>\r\n\r\n\t\t<div class=\"post-content\">\r\n\t\t\t<p>Od 26.06.2024 uv\u00e1dzame do prev\u00e1dzky na na\u0161om hotelovom parkovisku nab\u00edja\u010dku na elektromobily. Za poplatok 15\u20ac\/de\u0148 (vr\u00e1tane DPH) pon\u00fakame nabitie pe ubytovan\u00fdch ako aj neubytovan\u00fdch host\u00ed. Pri pobyte v izbe \u010d.26 (Afrodita) a \u010d.32 (Kr\u00e1\u013eovsk\u00fd apartm\u00e1n) je t\u00e1to slu\u017eba bezplatn\u00e1. &nbsp;<\/p>\n\t\t<a href=\"https:\/\/www.hotelkastiel.sk\/en\/nabijacka-na-elektromobily\/\" class=\"btn-view fz-12 font-600 text-gray-8989 text-uppercase\">\n\t\t\t\u010c\u00edta\u0165 viac\t\t<\/a>\n\t\t\t\t<\/div><!-- .post-content -->\r\n\t<\/div>\r\n<\/article><!-- #post-## -->\r\n\r\n<article id=\"post-9505\" class=\"post-9505 post type-post status-publish format-standard has-post-thumbnail hentry category-uncategorized-sk\">\r\n\t<div class=\"post-media\">\r\n\t<div class=\"post-image\">\r\n\t\t\t\t\t<a href=\"https:\/\/www.hotelkastiel.sk\/en\/21-06-2024-otvarame-letny-bazen\/\">\r\n\t\t\t\t<img loading=\"lazy\" decoding=\"async\" width=\"640\" height=\"500\" src=\"https:\/\/www.hotelkastiel.sk\/wp-content\/uploads\/2022\/06\/Bazen-640x500.jpg\" class=\"attachment-fleurdesel-medium size-fleurdesel-medium wp-post-image\" alt=\"\" \/>\t\t\t<\/a>\r\n\t\t\t<\/div>\r\n<\/div>\r\n\r\n\t<div class=\"post-data\">\r\n\t\t<div class=\"post-date\"><a href=\"https:\/\/www.hotelkastiel.sk\/en\/21-06-2024-otvarame-letny-bazen\/\" rel=\"bookmark\"><time class=\"entry-date published updated\" datetime=\"2024-06-12T16:49:50+01:00\">12.06.2024<\/time><\/a><\/div>\r\n\t\t<h2 class=\"post-title\"><a href=\"https:\/\/www.hotelkastiel.sk\/en\/21-06-2024-otvarame-letny-bazen\/\" rel=\"bookmark\">21.06.2024 otv\u00e1rame letn\u00fd baz\u00e9n<\/a><\/h2>\r\n\t\t<div class=\"post-meta\">\r\n\t<ul>\r\n\t\t<li>\r\n\t\t\tPosted by <span class=\"author vcard\"><a class=\"url fn n\" href=\"https:\/\/www.hotelkastiel.sk\/en\/author\/veronika-liskovahotelkastiel-sk\/\">Veronika Liskova<\/a><\/span> in <a href=\"https:\/\/www.hotelkastiel.sk\/en\/category\/uncategorized-sk\/\" rel=\"category tag\">Uncategorized @sk<\/a>\t\t<\/li>\r\n\r\n\t\t<li>\r\n\t\t\t<span>Comments Off<span class=\"screen-reader-text\"> on 21.06.2024 otv\u00e1rame letn\u00fd baz\u00e9n<\/span><\/span>\t\t<\/li>\r\n\t<\/ul>\r\n<\/div>\r\n\r\n\t\t<div class=\"post-content\">\r\n\t\t\t<p>U\u017e 21. j\u00fana otv\u00e1rame letn\u00fd baz\u00e9n! Nemus\u00edte cestova\u0165 \u010faleko ani h\u013eada\u0165 luxusn\u00e9 destin\u00e1cie &#8211; v\u0161etko toto m\u00f4\u017eete ma\u0165 priamo tu, u n\u00e1s. Pripravte sa na nezabudnute\u013en\u00e9 z\u00e1\u017eitky, ktor\u00e9 v\u00e1m otvorenie letn\u00e9ho baz\u00e9na prinesie \ud83d\ude42<\/p>\n\t\t<a href=\"https:\/\/www.hotelkastiel.sk\/en\/21-06-2024-otvarame-letny-bazen\/\" class=\"btn-view fz-12 font-600 text-gray-8989 text-uppercase\">\n\t\t\t\u010c\u00edta\u0165 viac\t\t<\/a>\n\t\t\t\t<\/div><!-- .post-content -->\r\n\t<\/div>\r\n<\/article><!-- #post-## -->\r\n\r\n<article id=\"post-9282\" class=\"post-9282 post type-post status-publish format-standard has-post-thumbnail hentry category-uncategorized-sk\">\r\n\t<div class=\"post-media\">\r\n\t<div class=\"post-image\">\r\n\t\t\t\t\t<a href=\"https:\/\/www.hotelkastiel.sk\/en\/ala-carte-2024\/\">\r\n\t\t\t\t<img loading=\"lazy\" decoding=\"async\" width=\"640\" height=\"500\" src=\"https:\/\/www.hotelkastiel.sk\/wp-content\/uploads\/2024\/03\/IMG_9676-640x500.jpg\" class=\"attachment-fleurdesel-medium size-fleurdesel-medium wp-post-image\" alt=\"\" \/>\t\t\t<\/a>\r\n\t\t\t<\/div>\r\n<\/div>\r\n\r\n\t<div class=\"post-data\">\r\n\t\t<div class=\"post-date\"><a href=\"https:\/\/www.hotelkastiel.sk\/en\/ala-carte-2024\/\" rel=\"bookmark\"><time class=\"entry-date published\" datetime=\"2024-03-12T11:00:42+01:00\">12.03.2024<\/time><time class=\"updated\" datetime=\"2024-03-12T11:19:17+01:00\">12.03.2024<\/time><\/a><\/div>\r\n\t\t<h2 class=\"post-title\"><a href=\"https:\/\/www.hotelkastiel.sk\/en\/ala-carte-2024\/\" rel=\"bookmark\">Ala Carte 2024<\/a><\/h2>\r\n\t\t<div class=\"post-meta\">\r\n\t<ul>\r\n\t\t<li>\r\n\t\t\tPosted by <span class=\"author vcard\"><a class=\"url fn n\" href=\"https:\/\/www.hotelkastiel.sk\/en\/author\/veronika-liskovahotelkastiel-sk\/\">Veronika Liskova<\/a><\/span> in <a href=\"https:\/\/www.hotelkastiel.sk\/en\/category\/uncategorized-sk\/\" rel=\"category tag\">Uncategorized @sk<\/a>\t\t<\/li>\r\n\r\n\t\t<li>\r\n\t\t\t<span>Comments Off<span class=\"screen-reader-text\"> on Ala Carte 2024<\/span><\/span>\t\t<\/li>\r\n\t<\/ul>\r\n<\/div>\r\n\r\n\t\t<div class=\"post-content\">\r\n\t\t\t<p>Od 08.03.2024 uv\u00e1dzame v na\u0161ej re\u0161taur\u00e1cii Regnum nov\u00fd jed\u00e1lny l\u00edstok, ktor\u00fd pre V\u00e1s\u00a0 vytvoril n\u00e1\u0161 \u0161\u00e9fkuch\u00e1r Rastislav Miklovi\u010d. Z\u00e1kladom jeho kulin\u00e1rskej filozofie je z\u00e1v\u00e4zok pou\u017e\u00edva\u0165 len \u010derstv\u00e9 suroviny a z\u00e1rove\u0148 zachov\u00e1va\u0165 v\u00fd\u017eivov\u00fa hodnotu ka\u017ed\u00e9ho tepelne upraven\u00e9ho jedla. Suroviny, najm\u00e4 m\u00e4so, z ktor\u00fdch je zostaven\u00fd jed\u00e1lny l\u00edstok poch\u00e1dzaj\u00fa predov\u0161etk\u00fdm zo slovensk\u00fdch fariem. Okrem toho sme hrd\u00ed [&hellip;]<\/p>\n\t\t<a href=\"https:\/\/www.hotelkastiel.sk\/en\/ala-carte-2024\/\" class=\"btn-view fz-12 font-600 text-gray-8989 text-uppercase\">\n\t\t\t\u010c\u00edta\u0165 viac\t\t<\/a>\n\t\t\t\t<\/div><!-- .post-content -->\r\n\t<\/div>\r\n<\/article><!-- #post-## -->\r\n\r\n<article id=\"post-9234\" class=\"post-9234 post type-post status-publish format-standard has-post-thumbnail hentry category-uncategorized-sk\">\r\n\t<div class=\"post-media\">\r\n\t<div class=\"post-image\">\r\n\t\t\t\t\t<a href=\"https:\/\/www.hotelkastiel.sk\/en\/valentin-v-kastieli\/\">\r\n\t\t\t\t<img loading=\"lazy\" decoding=\"async\" width=\"640\" height=\"500\" src=\"https:\/\/www.hotelkastiel.sk\/wp-content\/uploads\/2024\/02\/Valentin24-640x500.jpg\" class=\"attachment-fleurdesel-medium size-fleurdesel-medium wp-post-image\" alt=\"\" \/>\t\t\t<\/a>\r\n\t\t\t<\/div>\r\n<\/div>\r\n\r\n\t<div class=\"post-data\">\r\n\t\t<div class=\"post-date\"><a href=\"https:\/\/www.hotelkastiel.sk\/en\/valentin-v-kastieli\/\" rel=\"bookmark\"><time class=\"entry-date published\" datetime=\"2024-02-17T12:19:33+01:00\">17.02.2024<\/time><time class=\"updated\" datetime=\"2024-02-17T12:21:15+01:00\">17.02.2024<\/time><\/a><\/div>\r\n\t\t<h2 class=\"post-title\"><a href=\"https:\/\/www.hotelkastiel.sk\/en\/valentin-v-kastieli\/\" rel=\"bookmark\">Valent\u00edn v ka\u0161tieli<\/a><\/h2>\r\n\t\t<div class=\"post-meta\">\r\n\t<ul>\r\n\t\t<li>\r\n\t\t\tPosted by <span class=\"author vcard\"><a class=\"url fn n\" href=\"https:\/\/www.hotelkastiel.sk\/en\/author\/veronika-liskovahotelkastiel-sk\/\">Veronika Liskova<\/a><\/span> in <a href=\"https:\/\/www.hotelkastiel.sk\/en\/category\/uncategorized-sk\/\" rel=\"category tag\">Uncategorized @sk<\/a>\t\t<\/li>\r\n\r\n\t\t<li>\r\n\t\t\t<span>Comments Off<span class=\"screen-reader-text\"> on Valent\u00edn v ka\u0161tieli<\/span><\/span>\t\t<\/li>\r\n\t<\/ul>\r\n<\/div>\r\n\r\n\t\t<div class=\"post-content\">\r\n\t\t\t<p>Te\u0161\u00edme sa, \u017ee sme po nieko\u013ek\u00fdch rokoch mohli op\u00e4\u0165 zorganizova\u0165 romantick\u00fd valent\u00ednsky ve\u010der v ka\u0161tieli. Pre na\u0161ich host\u00ed sme si pripravili t\u00e9maticky vyzdoben\u00fa re\u0161taur\u00e1ciu, pr\u00edpitok a 4-chodov\u00fa delik\u00e1tnu serv\u00edrovan\u00fa ve\u010deru. Viac foto z akcie n\u00e1jdete tu: &nbsp;<\/p>\n\t\t<a href=\"https:\/\/www.hotelkastiel.sk\/en\/valentin-v-kastieli\/\" class=\"btn-view fz-12 font-600 text-gray-8989 text-uppercase\">\n\t\t\t\u010c\u00edta\u0165 viac\t\t<\/a>\n\t\t\t\t<\/div><!-- .post-content -->\r\n\t<\/div>\r\n<\/article><!-- #post-## -->\r\n\r\n<article id=\"post-9084\" class=\"post-9084 post type-post status-publish format-standard has-post-thumbnail hentry category-uncategorized-sk\">\r\n\t<div class=\"post-media\">\r\n\t<div class=\"post-image\">\r\n\t\t\t\t\t<a href=\"https:\/\/www.hotelkastiel.sk\/en\/veteran-day-23\/\">\r\n\t\t\t\t<img loading=\"lazy\" decoding=\"async\" width=\"640\" height=\"500\" src=\"https:\/\/www.hotelkastiel.sk\/wp-content\/uploads\/2023\/09\/VD-640x500.jpg\" class=\"attachment-fleurdesel-medium size-fleurdesel-medium wp-post-image\" alt=\"\" \/>\t\t\t<\/a>\r\n\t\t\t<\/div>\r\n<\/div>\r\n\r\n\t<div class=\"post-data\">\r\n\t\t<div class=\"post-date\"><a href=\"https:\/\/www.hotelkastiel.sk\/en\/veteran-day-23\/\" rel=\"bookmark\"><time class=\"entry-date published\" datetime=\"2023-09-20T18:31:39+01:00\">20.09.2023<\/time><time class=\"updated\" datetime=\"2023-12-15T15:33:16+01:00\">15.12.2023<\/time><\/a><\/div>\r\n\t\t<h2 class=\"post-title\"><a href=\"https:\/\/www.hotelkastiel.sk\/en\/veteran-day-23\/\" rel=\"bookmark\">Veteran day \u00b423<\/a><\/h2>\r\n\t\t<div class=\"post-meta\">\r\n\t<ul>\r\n\t\t<li>\r\n\t\t\tPosted by <span class=\"author vcard\"><a class=\"url fn n\" href=\"https:\/\/www.hotelkastiel.sk\/en\/author\/veronika-liskovahotelkastiel-sk\/\">Veronika Liskova<\/a><\/span> in <a href=\"https:\/\/www.hotelkastiel.sk\/en\/category\/uncategorized-sk\/\" rel=\"category tag\">Uncategorized @sk<\/a>\t\t<\/li>\r\n\r\n\t\t<li>\r\n\t\t\t<span>Comments Off<span class=\"screen-reader-text\"> on Veteran day \u00b423<\/span><\/span>\t\t<\/li>\r\n\t<\/ul>\r\n<\/div>\r\n\r\n\t\t<div class=\"post-content\">\r\n\t\t\t<p>VETERAN DAY 2023 bol de\u0148 pln\u00fd \u00fa\u017easn\u00fdch momentov, ktor\u00e9 bud\u00fa e\u0161te dlho rezonova\u0165 v srdciach v\u0161etk\u00fdch, ktor\u00ed sa z\u00fa\u010dastnili. Predstavili sa n\u00e1m n\u00e1dhern\u00e9 historick\u00e9 aut\u00e1, ktor\u00e9 boli tak dokonale zachovan\u00e9 a obnoven\u00e9, \u017ee sa zdalo, akoby sme sa vr\u00e1tili sp\u00e4\u0165 v \u010dase. Ka\u017ed\u00fd veter\u00e1n na \u0161tyroch koles\u00e1ch bol svedectvom umenia a technick\u00fdch inov\u00e1ci\u00ed minul\u00fdch rokov. [&hellip;]<\/p>\n\t\t<a href=\"https:\/\/www.hotelkastiel.sk\/en\/veteran-day-23\/\" class=\"btn-view fz-12 font-600 text-gray-8989 text-uppercase\">\n\t\t\t\u010c\u00edta\u0165 viac\t\t<\/a>\n\t\t\t\t<\/div><!-- .post-content -->\r\n\t<\/div>\r\n<\/article><!-- #post-## -->\r\n\r\n<article id=\"post-7380\" class=\"post-7380 post type-post status-publish format-standard has-post-thumbnail hentry category-uncategorized-sk tag-co-je-nove tag-kastiel tag-leto tag-leto-2021 tag-novinky\">\r\n\t<div class=\"post-media\">\r\n\t<div class=\"post-image\">\r\n\t\t\t\t\t<a href=\"https:\/\/www.hotelkastiel.sk\/en\/co-je-nove-v-kastieli-v-tomasove\/\">\r\n\t\t\t\t<img loading=\"lazy\" decoding=\"async\" width=\"640\" height=\"500\" src=\"https:\/\/www.hotelkastiel.sk\/wp-content\/uploads\/2021\/06\/Screenshot-2021-06-28-at-08.18.40-640x500.png\" class=\"attachment-fleurdesel-medium size-fleurdesel-medium wp-post-image\" alt=\"\" \/>\t\t\t<\/a>\r\n\t\t\t<\/div>\r\n<\/div>\r\n\r\n\t<div class=\"post-data\">\r\n\t\t<div class=\"post-date\"><a href=\"https:\/\/www.hotelkastiel.sk\/en\/co-je-nove-v-kastieli-v-tomasove\/\" rel=\"bookmark\"><time class=\"entry-date published\" datetime=\"2021-06-28T07:17:36+01:00\">28.06.2021<\/time><time class=\"updated\" datetime=\"2021-06-28T07:20:03+01:00\">28.06.2021<\/time><\/a><\/div>\r\n\t\t<h2 class=\"post-title\"><a href=\"https:\/\/www.hotelkastiel.sk\/en\/co-je-nove-v-kastieli-v-tomasove\/\" rel=\"bookmark\">\u010co je nov\u00e9 v Ka\u0161tieli po jeho otvoren\u00ed?<\/a><\/h2>\r\n\t\t<div class=\"post-meta\">\r\n\t<ul>\r\n\t\t<li>\r\n\t\t\tPosted by <span class=\"author vcard\"><a class=\"url fn n\" href=\"https:\/\/www.hotelkastiel.sk\/en\/author\/lucia-fabianova\/\">Lucia Fabianov\u00e1<\/a><\/span> in <a href=\"https:\/\/www.hotelkastiel.sk\/en\/category\/uncategorized-sk\/\" rel=\"category tag\">Uncategorized @sk<\/a>\t\t<\/li>\r\n\r\n\t\t<li>\r\n\t\t\t<span>Comments Off<span class=\"screen-reader-text\"> on \u010co je nov\u00e9 v Ka\u0161tieli po jeho otvoren\u00ed?<\/span><\/span>\t\t<\/li>\r\n\t<\/ul>\r\n<\/div>\r\n\r\n\t\t<div class=\"post-content\">\r\n\t\t\t<p>V\u00e1\u017een\u00ed hostia, po pol roku od zatvorenia na\u0161ich br\u00e1n sme ich pre V\u00e1s pred mesiacom op\u00e4\u0165 otvorili. Chcete vedie\u0165, \u010do sa od vtedy v Ka\u0161tieli udialo a na \u010do sa m\u00f4\u017eete \u010falej te\u0161i\u0165? \u010c\u00edtajte \u010falej\u2026 Novinky z re\u0161taur\u00e1cie Regnum N\u00e1\u0161 \u0161\u00e9fkuch\u00e1r Rastislav Miklovi\u010d vytvoril \u00faplne nov\u00e9 a la carte menu, v ktorom n\u00e1jdete \u0161peciality pan\u00f3nskej [&hellip;]<\/p>\n\t\t<a href=\"https:\/\/www.hotelkastiel.sk\/en\/co-je-nove-v-kastieli-v-tomasove\/\" class=\"btn-view fz-12 font-600 text-gray-8989 text-uppercase\">\n\t\t\t\u010c\u00edta\u0165 viac\t\t<\/a>\n\t\t\t\t<\/div><!-- .post-content -->\r\n\t<\/div>\r\n<\/article><!-- #post-## -->\r\n\r\n<article id=\"post-7214\" class=\"post-7214 post type-post status-publish format-standard has-post-thumbnail hentry category-uncategorized-sk\">\r\n\t<div class=\"post-media\">\r\n\t<div class=\"post-image\">\r\n\t\t\t\t\t<a href=\"https:\/\/www.hotelkastiel.sk\/en\/vzacne-dreviny\">\r\n\t\t\t\t<img loading=\"lazy\" decoding=\"async\" width=\"640\" height=\"500\" src=\"https:\/\/www.hotelkastiel.sk\/wp-content\/uploads\/2020\/10\/IMG_2217-640x500.jpg\" class=\"attachment-fleurdesel-medium size-fleurdesel-medium wp-post-image\" alt=\"Ginko biloba\" \/>\t\t\t<\/a>\r\n\t\t\t<\/div>\r\n<\/div>\r\n\r\n\t<div class=\"post-data\">\r\n\t\t<div class=\"post-date\"><a href=\"https:\/\/www.hotelkastiel.sk\/en\/vzacne-dreviny\" rel=\"bookmark\"><time class=\"entry-date published\" datetime=\"2020-10-24T12:32:28+01:00\">24.10.2020<\/time><time class=\"updated\" datetime=\"2023-09-20T08:14:44+01:00\">20.09.2023<\/time><\/a><\/div>\r\n\t\t<h2 class=\"post-title\"><a href=\"https:\/\/www.hotelkastiel.sk\/en\/vzacne-dreviny\" rel=\"bookmark\">Vz\u00e1cne dreviny &#8211; poklady v parku ka\u0161tie\u013ea<\/a><\/h2>\r\n\t\t<div class=\"post-meta\">\r\n\t<ul>\r\n\t\t<li>\r\n\t\t\tPosted by <span class=\"author vcard\"><a class=\"url fn n\" href=\"https:\/\/www.hotelkastiel.sk\/en\/author\/lucia-fabianova\/\">Lucia Fabianov\u00e1<\/a><\/span> in <a href=\"https:\/\/www.hotelkastiel.sk\/en\/category\/uncategorized-sk\/\" rel=\"category tag\">Uncategorized @sk<\/a>\t\t<\/li>\r\n\r\n\t\t<li>\r\n\t\t\t<span>Comments Off<span class=\"screen-reader-text\"> on Vz\u00e1cne dreviny &#8211; poklady v parku ka\u0161tie\u013ea<\/span><\/span>\t\t<\/li>\r\n\t<\/ul>\r\n<\/div>\r\n\r\n\t\t<div class=\"post-content\">\r\n\t\t\t<p>S jese\u0148ou v plnom pr\u00fade si \u010dasto v\u0161\u00edmame kr\u00e1sne sfarbenie stromov charakteristick\u00e9 pre toto ro\u010dn\u00e9 obdobie, a preto by sme sa radi venovali t\u00e9me stromov v tomto \u010dl\u00e1nku a predstavili V\u00e1m vz\u00e1cne dreviny n\u00e1\u0161ho anglick\u00e9ho parku. Stromy maj\u00fa pre n\u00e1s ve\u013ek\u00fa hodnotu. Okrem svojej z\u00e1kladnej funkcie, premie\u0148ania oxidu uhli\u010dit\u00e9ho na kysl\u00edk, maj\u00fa aj \u010fal\u0161ie d\u00f4le\u017eit\u00e9 [&hellip;]<\/p>\n\t\t<a href=\"https:\/\/www.hotelkastiel.sk\/en\/vzacne-dreviny\" class=\"btn-view fz-12 font-600 text-gray-8989 text-uppercase\">\n\t\t\t\u010c\u00edta\u0165 viac\t\t<\/a>\n\t\t\t\t<\/div><!-- .post-content -->\r\n\t<\/div>\r\n<\/article><!-- #post-## -->\r\n\r\n<article id=\"post-6841\" class=\"post-6841 post type-post status-publish format-standard has-post-thumbnail hentry category-uncategorized-sk\">\r\n\t<div class=\"post-media\">\r\n\t<div class=\"post-image\">\r\n\t\t\t\t\t<a href=\"https:\/\/www.hotelkastiel.sk\/en\/umenie-a-elegancia-2020\/\">\r\n\t\t\t\t<img loading=\"lazy\" decoding=\"async\" width=\"640\" height=\"500\" src=\"https:\/\/www.hotelkastiel.sk\/wp-content\/uploads\/2020\/09\/DJI_0785-640x500.jpg\" class=\"attachment-fleurdesel-medium size-fleurdesel-medium wp-post-image\" alt=\"Veteran Day\" \/>\t\t\t<\/a>\r\n\t\t\t<\/div>\r\n<\/div>\r\n\r\n\t<div class=\"post-data\">\r\n\t\t<div class=\"post-date\"><a href=\"https:\/\/www.hotelkastiel.sk\/en\/umenie-a-elegancia-2020\/\" rel=\"bookmark\"><time class=\"entry-date published\" datetime=\"2020-09-08T06:02:25+01:00\">08.09.2020<\/time><time class=\"updated\" datetime=\"2020-09-08T12:23:05+01:00\">08.09.2020<\/time><\/a><\/div>\r\n\t\t<h2 class=\"post-title\"><a href=\"https:\/\/www.hotelkastiel.sk\/en\/umenie-a-elegancia-2020\/\" rel=\"bookmark\">Umenie a elegancia 2020<\/a><\/h2>\r\n\t\t<div class=\"post-meta\">\r\n\t<ul>\r\n\t\t<li>\r\n\t\t\tPosted by <span class=\"author vcard\"><a class=\"url fn n\" href=\"https:\/\/www.hotelkastiel.sk\/en\/author\/lucia-fabianova\/\">Lucia Fabianov\u00e1<\/a><\/span> in <a href=\"https:\/\/www.hotelkastiel.sk\/en\/category\/uncategorized-sk\/\" rel=\"category tag\">Uncategorized @sk<\/a>\t\t<\/li>\r\n\r\n\t\t<li>\r\n\t\t\t<span>Comments Off<span class=\"screen-reader-text\"> on Umenie a elegancia 2020<\/span><\/span>\t\t<\/li>\r\n\t<\/ul>\r\n<\/div>\r\n\r\n\t\t<div class=\"post-content\">\r\n\t\t\t<p>V&nbsp;nede\u013eu 6.9. 2020 sa v&nbsp;Art Hotel Ka\u0161tie\u013e Tom\u00e1\u0161ov odohral u\u017e \u0161iesty ro\u010dn\u00edk ob\u013e\u00faben\u00e9ho podujatia s&nbsp;n\u00e1zvom Umenie a&nbsp;Elegancia 2020. Predo\u0161l\u00fd ro\u010dn\u00edk s&nbsp;heslom ,,Americk\u00fd sen\u2018\u2018 nastavil \u00farove\u0148 naozaj ve\u013emi vysoko \u010do si m\u00f4\u017eeme spolo\u010dne pripomen\u00fa\u0165 aj report\u00e1\u017eou z&nbsp;minul\u00e9ho roka. Mottom tohtoro\u010dnej ed\u00edcie tejto tradi\u010dnej akcie boli pod\u013ea organiz\u00e1torov podujatia ,,ra\u0148ajky v tr\u00e1ve\u2018\u2018. Rozsiahly 17 hekt\u00e1rov\u00fd anglick\u00fd park [&hellip;]<\/p>\n\t\t<a href=\"https:\/\/www.hotelkastiel.sk\/en\/umenie-a-elegancia-2020\/\" class=\"btn-view fz-12 font-600 text-gray-8989 text-uppercase\">\n\t\t\t\u010c\u00edta\u0165 viac\t\t<\/a>\n\t\t\t\t<\/div><!-- .post-content -->\r\n\t<\/div>\r\n<\/article><!-- #post-## -->\r\n\r\n<article id=\"post-6795\" class=\"post-6795 post type-post status-publish format-standard has-post-thumbnail hentry category-uncategorized-sk\">\r\n\t<div class=\"post-media\">\r\n\t<div class=\"post-image\">\r\n\t\t\t\t\t<a href=\"https:\/\/www.hotelkastiel.sk\/en\/the-ladies-ensemble-v-kastieli\/\">\r\n\t\t\t\t<img loading=\"lazy\" decoding=\"async\" width=\"640\" height=\"500\" src=\"https:\/\/www.hotelkastiel.sk\/wp-content\/uploads\/2020\/08\/1M6A7500-640x500.jpg\" class=\"attachment-fleurdesel-medium size-fleurdesel-medium wp-post-image\" alt=\"The Ladies Ensemble\" \/>\t\t\t<\/a>\r\n\t\t\t<\/div>\r\n<\/div>\r\n\r\n\t<div class=\"post-data\">\r\n\t\t<div class=\"post-date\"><a href=\"https:\/\/www.hotelkastiel.sk\/en\/the-ladies-ensemble-v-kastieli\/\" rel=\"bookmark\"><time class=\"entry-date published\" datetime=\"2020-08-20T15:37:06+01:00\">20.08.2020<\/time><time class=\"updated\" datetime=\"2020-08-21T07:20:52+01:00\">21.08.2020<\/time><\/a><\/div>\r\n\t\t<h2 class=\"post-title\"><a href=\"https:\/\/www.hotelkastiel.sk\/en\/the-ladies-ensemble-v-kastieli\/\" rel=\"bookmark\">The Ladies Ensemble v ka\u0161tieli<\/a><\/h2>\r\n\t\t<div class=\"post-meta\">\r\n\t<ul>\r\n\t\t<li>\r\n\t\t\tPosted by <span class=\"author vcard\"><a class=\"url fn n\" href=\"https:\/\/www.hotelkastiel.sk\/en\/author\/lucia-fabianova\/\">Lucia Fabianov\u00e1<\/a><\/span> in <a href=\"https:\/\/www.hotelkastiel.sk\/en\/category\/uncategorized-sk\/\" rel=\"category tag\">Uncategorized @sk<\/a>\t\t<\/li>\r\n\r\n\t\t<li>\r\n\t\t\t<span>Comments Off<span class=\"screen-reader-text\"> on The Ladies Ensemble v ka\u0161tieli<\/span><\/span>\t\t<\/li>\r\n\t<\/ul>\r\n<\/div>\r\n\r\n\t\t<div class=\"post-content\">\r\n\t\t\t<p>V r\u00e1mci projektu &#8222;Je to len na skok za umen\u00edm&#8220;, v spolupr\u00e1ci s Bratislava Region Tourism, n\u00e1m bolo c\u0165ou priv\u00edta\u0165 na n\u00e1dvor\u00ed ka\u0161tie\u013ea sl\u00e1\u010dikov\u00e9 kvarteto The Ladies Ensemble. D\u00e1my pote\u0161ili host\u00ed ka\u0161tiela hodinov\u00fdm koncertom, kde zahrali barokov\u00e9 klasiky, ale aj novodob\u00e9 skladby, ako napr\u00edklad Michael Jackson &#8211; Billie Jean.<\/p>\n\t\t<a href=\"https:\/\/www.hotelkastiel.sk\/en\/the-ladies-ensemble-v-kastieli\/\" class=\"btn-view fz-12 font-600 text-gray-8989 text-uppercase\">\n\t\t\t\u010c\u00edta\u0165 viac\t\t<\/a>\n\t\t\t\t<\/div><!-- .post-content -->\r\n\t<\/div>\r\n<\/article><!-- #post-## -->\r\n\r\n<article id=\"post-6656\" class=\"post-6656 post type-post status-publish format-standard has-post-thumbnail hentry category-uncategorized-sk\">\r\n\t<div class=\"post-media\">\r\n\t<div class=\"post-image\">\r\n\t\t\t\t\t<a href=\"https:\/\/www.hotelkastiel.sk\/en\/svadba-ocami-usami-dj-mike\/\">\r\n\t\t\t\t<img loading=\"lazy\" decoding=\"async\" width=\"640\" height=\"500\" src=\"https:\/\/www.hotelkastiel.sk\/wp-content\/uploads\/2020\/07\/6d071098-357c-4575-93c2-525ce87b762f-640x500.jpg\" class=\"attachment-fleurdesel-medium size-fleurdesel-medium wp-post-image\" alt=\"DJ Mike\" \/>\t\t\t<\/a>\r\n\t\t\t<\/div>\r\n<\/div>\r\n\r\n\t<div class=\"post-data\">\r\n\t\t<div class=\"post-date\"><a href=\"https:\/\/www.hotelkastiel.sk\/en\/svadba-ocami-usami-dj-mike\/\" rel=\"bookmark\"><time class=\"entry-date published\" datetime=\"2020-07-28T10:32:46+01:00\">28.07.2020<\/time><time class=\"updated\" datetime=\"2020-07-28T10:32:58+01:00\">28.07.2020<\/time><\/a><\/div>\r\n\t\t<h2 class=\"post-title\"><a href=\"https:\/\/www.hotelkastiel.sk\/en\/svadba-ocami-usami-dj-mike\/\" rel=\"bookmark\">Svadba o\u010dami (u\u0161ami) DJ Mike<\/a><\/h2>\r\n\t\t<div class=\"post-meta\">\r\n\t<ul>\r\n\t\t<li>\r\n\t\t\tPosted by <span class=\"author vcard\"><a class=\"url fn n\" href=\"https:\/\/www.hotelkastiel.sk\/en\/author\/lucia-fabianova\/\">Lucia Fabianov\u00e1<\/a><\/span> in <a href=\"https:\/\/www.hotelkastiel.sk\/en\/category\/uncategorized-sk\/\" rel=\"category tag\">Uncategorized @sk<\/a>\t\t<\/li>\r\n\r\n\t\t<li>\r\n\t\t\t<span>Comments Off<span class=\"screen-reader-text\"> on Svadba o\u010dami (u\u0161ami) DJ Mike<\/span><\/span>\t\t<\/li>\r\n\t<\/ul>\r\n<\/div>\r\n\r\n\t\t<div class=\"post-content\">\r\n\t\t\t<p>V ka\u0161tieli v Tom\u00e1\u0161ove sa d\u00f4kladne star\u00e1me o to, aby svadba prebiehala pod\u013ea pl\u00e1nu a aby ste Vy, bud\u00faci mladoman\u017eelia, mali \u010d\u00edm menej starost\u00ed. Preto si vyber\u00e1me spo\u013eahliv\u00fdch partnerov, ako svadobn\u00e9 agent\u00fary, DJov, kapely a in\u00fdch. DJ Mike patr\u00ed medzi nich. O tom, ako svadba vyzer\u00e1 z jeho poh\u013eadu, aj o tom, ako vyzer\u00e1 jeho [&hellip;]<\/p>\n\t\t<a href=\"https:\/\/www.hotelkastiel.sk\/en\/svadba-ocami-usami-dj-mike\/\" class=\"btn-view fz-12 font-600 text-gray-8989 text-uppercase\">\n\t\t\t\u010c\u00edta\u0165 viac\t\t<\/a>\n\t\t\t\t<\/div><!-- .post-content -->\r\n\t<\/div>\r\n<\/article><!-- #post-## -->\r\n\r\n<article id=\"post-6592\" class=\"post-6592 post type-post status-publish format-standard has-post-thumbnail hentry category-uncategorized-sk tag-svadba\">\r\n\t<div class=\"post-media\">\r\n\t<div class=\"post-image\">\r\n\t\t\t\t\t<a href=\"https:\/\/www.hotelkastiel.sk\/en\/3d-prehliadka-novej-banketovej-saly\/\">\r\n\t\t\t\t<img loading=\"lazy\" decoding=\"async\" width=\"640\" height=\"500\" src=\"https:\/\/www.hotelkastiel.sk\/wp-content\/uploads\/2020\/07\/web-1-640x500.jpg\" class=\"attachment-fleurdesel-medium size-fleurdesel-medium wp-post-image\" alt=\"Banketov\u00e1 s\u00e1la - Svadba\" \/>\t\t\t<\/a>\r\n\t\t\t<\/div>\r\n<\/div>\r\n\r\n\t<div class=\"post-data\">\r\n\t\t<div class=\"post-date\"><a href=\"https:\/\/www.hotelkastiel.sk\/en\/3d-prehliadka-novej-banketovej-saly\/\" rel=\"bookmark\"><time class=\"entry-date published\" datetime=\"2020-07-22T11:38:00+01:00\">22.07.2020<\/time><time class=\"updated\" datetime=\"2020-07-31T10:18:09+01:00\">31.07.2020<\/time><\/a><\/div>\r\n\t\t<h2 class=\"post-title\"><a href=\"https:\/\/www.hotelkastiel.sk\/en\/3d-prehliadka-novej-banketovej-saly\/\" rel=\"bookmark\">3D Prehliadka novej banketovej s\u00e1ly<\/a><\/h2>\r\n\t\t<div class=\"post-meta\">\r\n\t<ul>\r\n\t\t<li>\r\n\t\t\tPosted by <span class=\"author vcard\"><a class=\"url fn n\" href=\"https:\/\/www.hotelkastiel.sk\/en\/author\/lucia-fabianova\/\">Lucia Fabianov\u00e1<\/a><\/span> in <a href=\"https:\/\/www.hotelkastiel.sk\/en\/category\/uncategorized-sk\/\" rel=\"category tag\">Uncategorized @sk<\/a>\t\t<\/li>\r\n\r\n\t\t<li>\r\n\t\t\t<span>Comments Off<span class=\"screen-reader-text\"> on 3D Prehliadka novej banketovej s\u00e1ly<\/span><\/span>\t\t<\/li>\r\n\t<\/ul>\r\n<\/div>\r\n\r\n\t\t<div class=\"post-content\">\r\n\t\t\t<p>Banketov\u00e1 s\u00e1la v plnej kr\u00e1se Ako by vyzerala Va\u0161a svadba v na\u0161ej novej banketovej s\u00e1ly? M\u00f4\u017eete si pozrie\u0165 v 3D prehliadke: Kr\u00e1snu v\u00fdzdobu s\u00e1ly zabezpe\u010dilo Wedday.sk Viac inform\u00e1cii o svadb\u00e1ch n\u00e1jdete TU.<\/p>\n\t\t<a href=\"https:\/\/www.hotelkastiel.sk\/en\/3d-prehliadka-novej-banketovej-saly\/\" class=\"btn-view fz-12 font-600 text-gray-8989 text-uppercase\">\n\t\t\t\u010c\u00edta\u0165 viac\t\t<\/a>\n\t\t\t\t<\/div><!-- .post-content -->\r\n\t<\/div>\r\n<\/article><!-- #post-## -->\r\n\r\n<article id=\"post-6354\" class=\"post-6354 post type-post status-publish format-standard has-post-thumbnail hentry category-uncategorized-sk tag-koncert\">\r\n\t<div class=\"post-media\">\r\n\t<div class=\"post-image\">\r\n\t\t\t\t\t<a href=\"https:\/\/www.hotelkastiel.sk\/en\/skupina-fragile-v-kastieli\/\">\r\n\t\t\t\t<img loading=\"lazy\" decoding=\"async\" width=\"640\" height=\"500\" src=\"https:\/\/www.hotelkastiel.sk\/wp-content\/uploads\/2020\/06\/Fragile-Funkiez_castle_01-640x500.jpg\" class=\"attachment-fleurdesel-medium size-fleurdesel-medium wp-post-image\" alt=\"FRAGILE a FUNKIEZ\" \/>\t\t\t<\/a>\r\n\t\t\t<\/div>\r\n<\/div>\r\n\r\n\t<div class=\"post-data\">\r\n\t\t<div class=\"post-date\"><a href=\"https:\/\/www.hotelkastiel.sk\/en\/skupina-fragile-v-kastieli\/\" rel=\"bookmark\"><time class=\"entry-date published\" datetime=\"2020-06-22T20:46:15+01:00\">22.06.2020<\/time><time class=\"updated\" datetime=\"2020-06-28T06:29:14+01:00\">28.06.2020<\/time><\/a><\/div>\r\n\t\t<h2 class=\"post-title\"><a href=\"https:\/\/www.hotelkastiel.sk\/en\/skupina-fragile-v-kastieli\/\" rel=\"bookmark\">Skupiny FRAGILE a FUNKIEZ v ka\u0161tieli!<\/a><\/h2>\r\n\t\t<div class=\"post-meta\">\r\n\t<ul>\r\n\t\t<li>\r\n\t\t\tPosted by <span class=\"author vcard\"><a class=\"url fn n\" href=\"https:\/\/www.hotelkastiel.sk\/en\/author\/lucia-fabianova\/\">Lucia Fabianov\u00e1<\/a><\/span> in <a href=\"https:\/\/www.hotelkastiel.sk\/en\/category\/uncategorized-sk\/\" rel=\"category tag\">Uncategorized @sk<\/a>\t\t<\/li>\r\n\r\n\t\t<li>\r\n\t\t\t<span>Comments Off<span class=\"screen-reader-text\"> on Skupiny FRAGILE a FUNKIEZ v ka\u0161tieli!<\/span><\/span>\t\t<\/li>\r\n\t<\/ul>\r\n<\/div>\r\n\r\n\t\t<div class=\"post-content\">\r\n\t\t\t<p>V j\u00fani 2020 sme mali t\u00fa \u010des\u0165 by\u0165 s\u00fa\u010das\u0165ou nakr\u00facania videoklipu energickej pesni\u010dky Can\u2019t Stop the Feeling od Justina Timberlaka, ktoru v r\u00e1mci v\u00fdnimo\u010dnej spolupr\u00e1ce naspievali a nahrali skvel\u00e9 slovensk\u00e9 skupiny FRAGILE a FUNKIEZ. Klip sa nat\u00e1\u010dal v na\u0161ej novej banketovej s\u00e1le, pri baz\u00e9ne, v alt\u00e1nku a aj pred ka\u0161tie\u013eom. Cel\u00fd klip si pozrite tu: [&hellip;]<\/p>\n\t\t<a href=\"https:\/\/www.hotelkastiel.sk\/en\/skupina-fragile-v-kastieli\/\" class=\"btn-view fz-12 font-600 text-gray-8989 text-uppercase\">\n\t\t\t\u010c\u00edta\u0165 viac\t\t<\/a>\n\t\t\t\t<\/div><!-- .post-content -->\r\n\t<\/div>\r\n<\/article><!-- #post-## -->\r\n\r\n<article id=\"post-6025\" class=\"post-6025 post type-post status-publish format-standard has-post-thumbnail hentry category-uncategorized-sk tag-restaurant\">\r\n\t<div class=\"post-media\">\r\n\t<div class=\"post-image\">\r\n\t\t\t\t\t<a href=\"https:\/\/www.hotelkastiel.sk\/en\/letna-terasa-s-rozsirenym-sedenim\/\">\r\n\t\t\t\t<img loading=\"lazy\" decoding=\"async\" width=\"640\" height=\"500\" src=\"https:\/\/www.hotelkastiel.sk\/wp-content\/uploads\/2020\/05\/ter-640x500.jpg\" class=\"attachment-fleurdesel-medium size-fleurdesel-medium wp-post-image\" alt=\"Letn\u00e1 terasa\" \/>\t\t\t<\/a>\r\n\t\t\t<\/div>\r\n<\/div>\r\n\r\n\t<div class=\"post-data\">\r\n\t\t<div class=\"post-date\"><a href=\"https:\/\/www.hotelkastiel.sk\/en\/letna-terasa-s-rozsirenym-sedenim\/\" rel=\"bookmark\"><time class=\"entry-date published\" datetime=\"2020-05-24T11:40:44+01:00\">24.05.2020<\/time><time class=\"updated\" datetime=\"2020-06-28T07:08:34+01:00\">28.06.2020<\/time><\/a><\/div>\r\n\t\t<h2 class=\"post-title\"><a href=\"https:\/\/www.hotelkastiel.sk\/en\/letna-terasa-s-rozsirenym-sedenim\/\" rel=\"bookmark\">Letn\u00e1 terasa s roz\u0161\u00edren\u00fdm seden\u00edm<\/a><\/h2>\r\n\t\t<div class=\"post-meta\">\r\n\t<ul>\r\n\t\t<li>\r\n\t\t\tPosted by <span class=\"author vcard\"><a class=\"url fn n\" href=\"https:\/\/www.hotelkastiel.sk\/en\/author\/lucia-fabianova\/\">Lucia Fabianov\u00e1<\/a><\/span> in <a href=\"https:\/\/www.hotelkastiel.sk\/en\/category\/uncategorized-sk\/\" rel=\"category tag\">Uncategorized @sk<\/a>\t\t<\/li>\r\n\r\n\t\t<li>\r\n\t\t\t<span>Comments Off<span class=\"screen-reader-text\"> on Letn\u00e1 terasa s roz\u0161\u00edren\u00fdm seden\u00edm<\/span><\/span>\t\t<\/li>\r\n\t<\/ul>\r\n<\/div>\r\n\r\n\t\t<div class=\"post-content\">\r\n\t\t\t<p>Od otvorenia po skoro dvojmesa\u010dnej pauze sme pre V\u00e1s roz\u0161\u00edrili vonkaj\u0161ie posedenie pred ka\u0161tie\u013eom, s n\u00e1dhern\u00fdm v\u00fdh\u013eadom na park a kvetov\u00fd ornament\u00e1lny z\u00e1hon. Pozvite svojich bl\u00edzkych na k\u00e1vu s dezertom alebo obed \u010di ve\u010deru a u\u017eite si aristokratick\u00fd chu\u0165ov\u00fd z\u00e1\u017eitok, o ktor\u00fd sa postar\u00e1 Re\u0161taur\u00e1cia Regnum. Pri n\u00e1v\u0161teve si nezabudnite spr\u00edjemni\u0165 v\u00fdlet hrou FootGolfu alebo [&hellip;]<\/p>\n\t\t<a href=\"https:\/\/www.hotelkastiel.sk\/en\/letna-terasa-s-rozsirenym-sedenim\/\" class=\"btn-view fz-12 font-600 text-gray-8989 text-uppercase\">\n\t\t\t\u010c\u00edta\u0165 viac\t\t<\/a>\n\t\t\t\t<\/div><!-- .post-content -->\r\n\t<\/div>\r\n<\/article><!-- #post-## -->\r\n\r\n<article id=\"post-5999\" class=\"post-5999 post type-post status-publish format-standard has-post-thumbnail hentry category-uncategorized-sk tag-konferencia tag-svadba\">\r\n\t<div class=\"post-media\">\r\n\t<div class=\"post-image\">\r\n\t\t\t\t\t<a href=\"https:\/\/www.hotelkastiel.sk\/en\/nova-banketova-sala\/\">\r\n\t\t\t\t<img loading=\"lazy\" decoding=\"async\" width=\"640\" height=\"500\" src=\"https:\/\/www.hotelkastiel.sk\/wp-content\/uploads\/2020\/05\/1-sala-koberec-58x4-640x500.jpg\" class=\"attachment-fleurdesel-medium size-fleurdesel-medium wp-post-image\" alt=\"Nov\u00e1 banketov\u00e1 s\u00e1la\" \/>\t\t\t<\/a>\r\n\t\t\t<\/div>\r\n<\/div>\r\n\r\n\t<div class=\"post-data\">\r\n\t\t<div class=\"post-date\"><a href=\"https:\/\/www.hotelkastiel.sk\/en\/nova-banketova-sala\/\" rel=\"bookmark\"><time class=\"entry-date published\" datetime=\"2020-05-16T11:23:13+01:00\">16.05.2020<\/time><time class=\"updated\" datetime=\"2020-06-28T07:09:43+01:00\">28.06.2020<\/time><\/a><\/div>\r\n\t\t<h2 class=\"post-title\"><a href=\"https:\/\/www.hotelkastiel.sk\/en\/nova-banketova-sala\/\" rel=\"bookmark\">Nov\u00e1 banketov\u00e1 s\u00e1la<\/a><\/h2>\r\n\t\t<div class=\"post-meta\">\r\n\t<ul>\r\n\t\t<li>\r\n\t\t\tPosted by <span class=\"author vcard\"><a class=\"url fn n\" href=\"https:\/\/www.hotelkastiel.sk\/en\/author\/mimac\/\">Milan Fabian<\/a><\/span> in <a href=\"https:\/\/www.hotelkastiel.sk\/en\/category\/uncategorized-sk\/\" rel=\"category tag\">Uncategorized @sk<\/a>\t\t<\/li>\r\n\r\n\t\t<li>\r\n\t\t\t<span>Comments Off<span class=\"screen-reader-text\"> on Nov\u00e1 banketov\u00e1 s\u00e1la<\/span><\/span>\t\t<\/li>\r\n\t<\/ul>\r\n<\/div>\r\n\r\n\t\t<div class=\"post-content\">\r\n\t\t\t<p>Od konca j\u00fana 2020 bude pre host\u00ed Art Hotela Ka\u0161tie\u013e k dispoz\u00edcii vynoven\u00e1 konferen\u010dno-banketov\u00e1 s\u00e1la pod n\u00e1dvor\u00edm ka\u0161tie\u013ea. Tento n\u00e1dhern\u00fd priestor s kapacitou a\u017e 300 host\u00ed budete m\u00f4c\u0165 vyu\u017ei\u0165 na zorganizovanie Va\u0161ej svadobnej hostiny, firemnej konferencie, p\u00e1rty alebo stu\u017ekovej. Video z novej banketovej s\u00e1ly si m\u00f4\u017eete pozrie\u0165 na na\u0161om Youtube kan\u00e1li. Za v\u00fdzdobu na videu [&hellip;]<\/p>\n\t\t<a href=\"https:\/\/www.hotelkastiel.sk\/en\/nova-banketova-sala\/\" class=\"btn-view fz-12 font-600 text-gray-8989 text-uppercase\">\n\t\t\t\u010c\u00edta\u0165 viac\t\t<\/a>\n\t\t\t\t<\/div><!-- .post-content -->\r\n\t<\/div>\r\n<\/article><!-- #post-## -->\r\n\r\n<article id=\"post-5975\" class=\"post-5975 post type-post status-publish format-standard has-post-thumbnail hentry category-uncategorized-sk\">\r\n\t<div class=\"post-media\">\r\n\t<div class=\"post-image\">\r\n\t\t\t\t\t<a href=\"https:\/\/www.hotelkastiel.sk\/en\/novinky\/ornamentalny-zahon-3-miesto\">\r\n\t\t\t\t<img loading=\"lazy\" decoding=\"async\" width=\"640\" height=\"500\" src=\"https:\/\/www.hotelkastiel.sk\/wp-content\/uploads\/2020\/02\/20180524_152510-640x500.jpg\" class=\"attachment-fleurdesel-medium size-fleurdesel-medium wp-post-image\" alt=\"Ornament\u00e1lny z\u00e1hon\" \/>\t\t\t<\/a>\r\n\t\t\t<\/div>\r\n<\/div>\r\n\r\n\t<div class=\"post-data\">\r\n\t\t<div class=\"post-date\"><a href=\"https:\/\/www.hotelkastiel.sk\/en\/novinky\/ornamentalny-zahon-3-miesto\" rel=\"bookmark\"><time class=\"entry-date published\" datetime=\"2020-02-20T18:33:53+01:00\">20.02.2020<\/time><time class=\"updated\" datetime=\"2020-06-28T06:20:24+01:00\">28.06.2020<\/time><\/a><\/div>\r\n\t\t<h2 class=\"post-title\"><a href=\"https:\/\/www.hotelkastiel.sk\/en\/novinky\/ornamentalny-zahon-3-miesto\" rel=\"bookmark\">Ocenenie ornament\u00e1lneho z\u00e1honu pred ka\u0161tie\u013eom<\/a><\/h2>\r\n\t\t<div class=\"post-meta\">\r\n\t<ul>\r\n\t\t<li>\r\n\t\t\tPosted by <span class=\"author vcard\"><a class=\"url fn n\" href=\"https:\/\/www.hotelkastiel.sk\/en\/author\/mimac\/\">Milan Fabian<\/a><\/span> in <a href=\"https:\/\/www.hotelkastiel.sk\/en\/category\/uncategorized-sk\/\" rel=\"category tag\">Uncategorized @sk<\/a>\t\t<\/li>\r\n\r\n\t\t<li>\r\n\t\t\t<span>Comments Off<span class=\"screen-reader-text\"> on Ocenenie ornament\u00e1lneho z\u00e1honu pred ka\u0161tie\u013eom<\/span><\/span>\t\t<\/li>\r\n\t<\/ul>\r\n<\/div>\r\n\r\n\t\t<div class=\"post-content\">\r\n\t\t\t<p>Ornament\u00e1lnemu z\u00e1honu, ktor\u00fd zdob\u00ed park ka\u0161tie\u013ea, bolo udelen\u00e9 3. miesto v&nbsp;kateg\u00f3rii Detail roka od Spolo\u010dnosti pre z\u00e1hradn\u00fa a&nbsp;krajinn\u00fa tvorbu. P\u00e1n Eugen Lipka, z\u00e1hradn\u00fd architekt, ktor\u00fd n\u00e1vrh z\u00e1honu robil, sa o\u0148 star\u00e1 u\u017e od znovuotvorenia ka\u0161tie\u013ea v&nbsp;roku 2011. V&nbsp;spolupr\u00e1ci s&nbsp;p\u00e1nom Jozefom Lenhartom, kunsthistorikom, ktor\u00fd dozeral na cel\u00fa rekon\u0161trukciu ka\u0161tie\u013ea, sa pok\u00fasili napodobni\u0165 p\u00f4vodn\u00fd z\u00e1hon pod\u013ea historick\u00fdch [&hellip;]<\/p>\n\t\t<a href=\"https:\/\/www.hotelkastiel.sk\/en\/novinky\/ornamentalny-zahon-3-miesto\" class=\"btn-view fz-12 font-600 text-gray-8989 text-uppercase\">\n\t\t\t\u010c\u00edta\u0165 viac\t\t<\/a>\n\t\t\t\t<\/div><!-- .post-content -->\r\n\t<\/div>\r\n<\/article><!-- #post-## -->\r\n\r\n<article id=\"post-5966\" class=\"post-5966 post type-post status-publish format-standard has-post-thumbnail hentry category-uncategorized-sk\">\r\n\t<div class=\"post-media\">\r\n\t<div class=\"post-image\">\r\n\t\t\t\t\t<a href=\"https:\/\/www.hotelkastiel.sk\/en\/novinky\/svadba-v-telerane\/\">\r\n\t\t\t\t<img loading=\"lazy\" decoding=\"async\" width=\"640\" height=\"500\" src=\"https:\/\/www.hotelkastiel.sk\/wp-content\/uploads\/2020\/02\/telerano1-640x500.jpg\" class=\"attachment-fleurdesel-medium size-fleurdesel-medium wp-post-image\" alt=\"Svadba v Teler\u00e1ne\" \/>\t\t\t<\/a>\r\n\t\t\t<\/div>\r\n<\/div>\r\n\r\n\t<div class=\"post-data\">\r\n\t\t<div class=\"post-date\"><a href=\"https:\/\/www.hotelkastiel.sk\/en\/novinky\/svadba-v-telerane\/\" rel=\"bookmark\"><time class=\"entry-date published\" datetime=\"2020-02-14T18:37:24+01:00\">14.02.2020<\/time><time class=\"updated\" datetime=\"2020-06-28T06:21:27+01:00\">28.06.2020<\/time><\/a><\/div>\r\n\t\t<h2 class=\"post-title\"><a href=\"https:\/\/www.hotelkastiel.sk\/en\/novinky\/svadba-v-telerane\/\" rel=\"bookmark\">Svadba v Teler\u00e1ne<\/a><\/h2>\r\n\t\t<div class=\"post-meta\">\r\n\t<ul>\r\n\t\t<li>\r\n\t\t\tPosted by <span class=\"author vcard\"><a class=\"url fn n\" href=\"https:\/\/www.hotelkastiel.sk\/en\/author\/mimac\/\">Milan Fabian<\/a><\/span> in <a href=\"https:\/\/www.hotelkastiel.sk\/en\/category\/uncategorized-sk\/\" rel=\"category tag\">Uncategorized @sk<\/a>\t\t<\/li>\r\n\r\n\t\t<li>\r\n\t\t\t<span>Comments Off<span class=\"screen-reader-text\"> on Svadba v Teler\u00e1ne<\/span><\/span>\t\t<\/li>\r\n\t<\/ul>\r\n<\/div>\r\n\r\n\t\t<div class=\"post-content\">\r\n\t\t\t<p>U\u017e po tret\u00ed rok sa v&nbsp;rel\u00e1cii Teler\u00e1no na Mark\u00edze konala na sviatok Valent\u00edna svadba v&nbsp;priamom prenose. Svoje \u201e\u00c1NO\u201c si tento rok povedali Paul\u00edna a&nbsp;Marek. Svadob\u010dania str\u00e1vili predsvadobn\u00fa noc v&nbsp;Art Hoteli Ka\u0161tie\u013e a&nbsp;pochutili si na hostine, ktor\u00fa pripravil t\u00edm Re\u0161taur\u00e1cie Regnum pod veden\u00edm \u0161\u00e9fkuch\u00e1ra Rastislava Miklovi\u010da. Mladoman\u017eelom prajeme v\u0161etko dobre na ich spolo\u010dnej ceste \u017eivotom. Arch\u00edv [&hellip;]<\/p>\n\t\t<a href=\"https:\/\/www.hotelkastiel.sk\/en\/novinky\/svadba-v-telerane\/\" class=\"btn-view fz-12 font-600 text-gray-8989 text-uppercase\">\n\t\t\t\u010c\u00edta\u0165 viac\t\t<\/a>\n\t\t\t\t<\/div><!-- .post-content -->\r\n\t<\/div>\r\n<\/article><!-- #post-## -->\r\n\r\n<article id=\"post-5782\" class=\"post-5782 post type-post status-publish format-standard has-post-thumbnail hentry category-uncategorized-sk tag-koncert\">\r\n\t<div class=\"post-media\">\r\n\t<div class=\"post-image\">\r\n\t\t\t\t\t<a href=\"https:\/\/www.hotelkastiel.sk\/en\/novinky\/adventny-koncert-2019\/\">\r\n\t\t\t\t<img loading=\"lazy\" decoding=\"async\" width=\"640\" height=\"500\" src=\"https:\/\/www.hotelkastiel.sk\/wp-content\/uploads\/2019\/12\/IMG_2015-640x500.jpg\" class=\"attachment-fleurdesel-medium size-fleurdesel-medium wp-post-image\" alt=\"Adventn\u00fd koncert 2019\" \/>\t\t\t<\/a>\r\n\t\t\t<\/div>\r\n<\/div>\r\n\r\n\t<div class=\"post-data\">\r\n\t\t<div class=\"post-date\"><a href=\"https:\/\/www.hotelkastiel.sk\/en\/novinky\/adventny-koncert-2019\/\" rel=\"bookmark\"><time class=\"entry-date published\" datetime=\"2019-12-08T19:40:54+01:00\">08.12.2019<\/time><time class=\"updated\" datetime=\"2020-06-28T06:26:30+01:00\">28.06.2020<\/time><\/a><\/div>\r\n\t\t<h2 class=\"post-title\"><a href=\"https:\/\/www.hotelkastiel.sk\/en\/novinky\/adventny-koncert-2019\/\" rel=\"bookmark\">Adventn\u00fd koncert 2019<\/a><\/h2>\r\n\t\t<div class=\"post-meta\">\r\n\t<ul>\r\n\t\t<li>\r\n\t\t\tPosted by <span class=\"author vcard\"><a class=\"url fn n\" href=\"https:\/\/www.hotelkastiel.sk\/en\/author\/mimac\/\">Milan Fabian<\/a><\/span> in <a href=\"https:\/\/www.hotelkastiel.sk\/en\/category\/uncategorized-sk\/\" rel=\"category tag\">Uncategorized @sk<\/a>\t\t<\/li>\r\n\r\n\t\t<li>\r\n\t\t\t<span>Comments Off<span class=\"screen-reader-text\"> on Adventn\u00fd koncert 2019<\/span><\/span>\t\t<\/li>\r\n\t<\/ul>\r\n<\/div>\r\n\r\n\t\t<div class=\"post-content\">\r\n\t\t\t<p>Druh\u00fa adventn\u00fa nede\u013eu sa v Jeszen\u00e1kovej s\u00e1le Art Hotela Ka\u0161tie\u013e uskuto\u010dnil tradi\u010dn\u00fd Adventn\u00fd koncert. Viac ako 120 div\u00e1kom spr\u00edjemnili predviano\u010dn\u00fd \u010das \u017eiaci zo spev\u00e1ckej triedy Mgr. Be\u00e1ty Geriovej zo ZU\u0160 Dunajsk\u00e1 Lu\u017en\u00e1: Gr\u00e9ta Bullov\u00e1, Ag\u00e1ta Chalmovsk\u00e1, Zuzana Ki\u010dinov\u00e1, Rebeka Kr\u010dm\u00e1rov\u00e1, Magdal\u00e9na Kri\u0161tof\u00edkov\u00e1, Alexandra Miklo\u0161kov\u00e1, Barbora Petr\u00edkov\u00e1, Hugo Platek, Dorota Ryb\u00e1rov\u00e1 s hudobn\u00fdm sprievodom Bo\u017eeny Kolomazn\u00edkovej. [&hellip;]<\/p>\n\t\t<a href=\"https:\/\/www.hotelkastiel.sk\/en\/novinky\/adventny-koncert-2019\/\" class=\"btn-view fz-12 font-600 text-gray-8989 text-uppercase\">\n\t\t\t\u010c\u00edta\u0165 viac\t\t<\/a>\n\t\t\t\t<\/div><!-- .post-content -->\r\n\t<\/div>\r\n<\/article><!-- #post-## -->\r\n\r\n<article id=\"post-5731\" class=\"post-5731 post type-post status-publish format-standard has-post-thumbnail hentry category-uncategorized-sk tag-koncert\">\r\n\t<div class=\"post-media\">\r\n\t<div class=\"post-image\">\r\n\t\t\t\t\t<a href=\"https:\/\/www.hotelkastiel.sk\/en\/novinky\/art-in-heaven-2019\">\r\n\t\t\t\t<img loading=\"lazy\" decoding=\"async\" width=\"640\" height=\"500\" src=\"https:\/\/www.hotelkastiel.sk\/wp-content\/uploads\/2019\/11\/IMG_1827-640x500.jpg\" class=\"attachment-fleurdesel-medium size-fleurdesel-medium wp-post-image\" alt=\"Harfista Michal Matej\u010d\u00edk v kaplnke\" \/>\t\t\t<\/a>\r\n\t\t\t<\/div>\r\n<\/div>\r\n\r\n\t<div class=\"post-data\">\r\n\t\t<div class=\"post-date\"><a href=\"https:\/\/www.hotelkastiel.sk\/en\/novinky\/art-in-heaven-2019\" rel=\"bookmark\"><time class=\"entry-date published\" datetime=\"2019-11-24T22:30:42+01:00\">24.11.2019<\/time><time class=\"updated\" datetime=\"2020-06-28T06:31:20+01:00\">28.06.2020<\/time><\/a><\/div>\r\n\t\t<h2 class=\"post-title\"><a href=\"https:\/\/www.hotelkastiel.sk\/en\/novinky\/art-in-heaven-2019\" rel=\"bookmark\">Koncert Art in Heaven 2019<\/a><\/h2>\r\n\t\t<div class=\"post-meta\">\r\n\t<ul>\r\n\t\t<li>\r\n\t\t\tPosted by <span class=\"author vcard\"><a class=\"url fn n\" href=\"https:\/\/www.hotelkastiel.sk\/en\/author\/mimac\/\">Milan Fabian<\/a><\/span> in <a href=\"https:\/\/www.hotelkastiel.sk\/en\/category\/uncategorized-sk\/\" rel=\"category tag\">Uncategorized @sk<\/a>\t\t<\/li>\r\n\r\n\t\t<li>\r\n\t\t\t<span>Comments Off<span class=\"screen-reader-text\"> on Koncert Art in Heaven 2019<\/span><\/span>\t\t<\/li>\r\n\t<\/ul>\r\n<\/div>\r\n\r\n\t\t<div class=\"post-content\">\r\n\t\t\t<p>V nede\u013eu 24.11.2019 do ka\u0161tie\u013ea op\u00e4tovne zav\u00edtal svetozn\u00e1my harfista Michal Matej\u010d\u00edk a v kaplnke Anjelov str\u00e1\u017enych V\u00e1m zahral skladby Depeche Mode v svojom jedine\u010dnom podan\u00ed na harfe. Michal Matej\u010d\u00edk po\u010das svojej kari\u00e9ry s\u00f3lovo sprev\u00e1dzal britsk\u00e9ho spev\u00e1ka Georgea Michaela na jeho \u201cThe Symphonica Tour\u201d. V marci 2013 bol anga\u017eovan\u00fd ako \u201c\u0161peci\u00e1lny hos\u0165\u201d skupiny Depeche Mode, ktor\u00e1 [&hellip;]<\/p>\n\t\t<a href=\"https:\/\/www.hotelkastiel.sk\/en\/novinky\/art-in-heaven-2019\" class=\"btn-view fz-12 font-600 text-gray-8989 text-uppercase\">\n\t\t\t\u010c\u00edta\u0165 viac\t\t<\/a>\n\t\t\t\t<\/div><!-- .post-content -->\r\n\t<\/div>\r\n<\/article><!-- #post-## -->\r\n\r\n<article id=\"post-5584\" class=\"post-5584 post type-post status-publish format-standard has-post-thumbnail hentry category-uncategorized-sk\">\r\n\t<div class=\"post-media\">\r\n\t<div class=\"post-image\">\r\n\t\t\t\t\t<a href=\"https:\/\/www.hotelkastiel.sk\/en\/novinky\/milujem-slovensko\/\">\r\n\t\t\t\t<img loading=\"lazy\" decoding=\"async\" width=\"640\" height=\"500\" src=\"https:\/\/www.hotelkastiel.sk\/wp-content\/uploads\/2019\/09\/milujeme-slovensko-640x500.jpg\" class=\"attachment-fleurdesel-medium size-fleurdesel-medium wp-post-image\" alt=\"Milujeme Slovensko\" \/>\t\t\t<\/a>\r\n\t\t\t<\/div>\r\n<\/div>\r\n\r\n\t<div class=\"post-data\">\r\n\t\t<div class=\"post-date\"><a href=\"https:\/\/www.hotelkastiel.sk\/en\/novinky\/milujem-slovensko\/\" rel=\"bookmark\"><time class=\"entry-date published\" datetime=\"2019-09-28T15:22:27+01:00\">28.09.2019<\/time><time class=\"updated\" datetime=\"2019-09-28T15:37:40+01:00\">28.09.2019<\/time><\/a><\/div>\r\n\t\t<h2 class=\"post-title\"><a href=\"https:\/\/www.hotelkastiel.sk\/en\/novinky\/milujem-slovensko\/\" rel=\"bookmark\">Ka\u0161tie\u013e v Milujem Slovensko<\/a><\/h2>\r\n\t\t<div class=\"post-meta\">\r\n\t<ul>\r\n\t\t<li>\r\n\t\t\tPosted by <span class=\"author vcard\"><a class=\"url fn n\" href=\"https:\/\/www.hotelkastiel.sk\/en\/author\/mimac\/\">Milan Fabian<\/a><\/span> in <a href=\"https:\/\/www.hotelkastiel.sk\/en\/category\/uncategorized-sk\/\" rel=\"category tag\">Uncategorized @sk<\/a>\t\t<\/li>\r\n\r\n\t\t<li>\r\n\t\t\t<span>Comments Off<span class=\"screen-reader-text\"> on Ka\u0161tie\u013e v Milujem Slovensko<\/span><\/span>\t\t<\/li>\r\n\t<\/ul>\r\n<\/div>\r\n\r\n\t\t<div class=\"post-content\">\r\n\t\t\t<p>V z\u00e1bavnej rel\u00e1cii Milujem Slovensko v telev\u00edzii RTVS v\u010dera h\u00e1dali s\u00fa\u0165a\u017eiaci n\u00e1zov obce pod\u013ea obr\u00e1zku, na ktorom sa postupne zobrazoval ka\u0161tie\u013e. Nebolo to v\u0161ak jednoduch\u00e9, ke\u010f\u017ee fotografia bola spred rekon\u0161trukcie. Spoznali by ste ka\u0161tie\u013e sk\u00f4r ako s\u00fa\u0165a\u017eiaci?<\/p>\n\t\t<a href=\"https:\/\/www.hotelkastiel.sk\/en\/novinky\/milujem-slovensko\/\" class=\"btn-view fz-12 font-600 text-gray-8989 text-uppercase\">\n\t\t\t\u010c\u00edta\u0165 viac\t\t<\/a>\n\t\t\t\t<\/div><!-- .post-content -->\r\n\t<\/div>\r\n<\/article><!-- #post-## -->\r\n\r\n<article id=\"post-5574\" class=\"post-5574 post type-post status-publish format-standard has-post-thumbnail hentry category-uncategorized-sk\">\r\n\t<div class=\"post-media\">\r\n\t<div class=\"post-image\">\r\n\t\t\t\t\t<a href=\"https:\/\/www.hotelkastiel.sk\/en\/novinky\/viedenske-svadobne-dni-2019\/\">\r\n\t\t\t\t<img loading=\"lazy\" decoding=\"async\" width=\"640\" height=\"500\" src=\"https:\/\/www.hotelkastiel.sk\/wp-content\/uploads\/2019\/09\/IMG_9897-640x500.jpg\" class=\"attachment-fleurdesel-medium size-fleurdesel-medium wp-post-image\" alt=\"V\u00fdstava vo Viedni - Wiener Hochzeitstage\" \/>\t\t\t<\/a>\r\n\t\t\t<\/div>\r\n<\/div>\r\n\r\n\t<div class=\"post-data\">\r\n\t\t<div class=\"post-date\"><a href=\"https:\/\/www.hotelkastiel.sk\/en\/novinky\/viedenske-svadobne-dni-2019\/\" rel=\"bookmark\"><time class=\"entry-date published\" datetime=\"2019-09-21T20:36:36+01:00\">21.09.2019<\/time><time class=\"updated\" datetime=\"2020-06-28T06:31:09+01:00\">28.06.2020<\/time><\/a><\/div>\r\n\t\t<h2 class=\"post-title\"><a href=\"https:\/\/www.hotelkastiel.sk\/en\/novinky\/viedenske-svadobne-dni-2019\/\" rel=\"bookmark\">Viedensk\u00e9 svadobn\u00e9 dni 2019<\/a><\/h2>\r\n\t\t<div class=\"post-meta\">\r\n\t<ul>\r\n\t\t<li>\r\n\t\t\tPosted by <span class=\"author vcard\"><a class=\"url fn n\" href=\"https:\/\/www.hotelkastiel.sk\/en\/author\/mimac\/\">Milan Fabian<\/a><\/span> in <a href=\"https:\/\/www.hotelkastiel.sk\/en\/category\/uncategorized-sk\/\" rel=\"category tag\">Uncategorized @sk<\/a>\t\t<\/li>\r\n\r\n\t\t<li>\r\n\t\t\t<span>Comments Off<span class=\"screen-reader-text\"> on Viedensk\u00e9 svadobn\u00e9 dni 2019<\/span><\/span>\t\t<\/li>\r\n\t<\/ul>\r\n<\/div>\r\n\r\n\t\t<div class=\"post-content\">\r\n\t\t\t<p>Cez v\u00edkend 21. &#8211; 22.9.2019 sme sa z\u00fa\u010dastnili na v\u00fdstave Wiener Hochzeitstage (Viedensk\u00e9 svadobn\u00e9 dni), kde sme reprezentovali ka\u0161tie\u013e ako vhodn\u00e9 miesto na svadby. Spomedzi vystavovate\u013eov, ako jedin\u00fd zahrani\u010dn\u00fd st\u00e1nok, sme oslovili ve\u013ea p\u00e1rov, ale aj zanieten\u00fdch cestovate\u013eov, ktor\u00fdm sa p\u00e1\u010dil n\u00e1pad v\u00edkendov\u00e9ho v\u00fdletu. Z\u00e1ujemcov z Rak\u00faska zaujalo aj to, \u017ee man\u017eelka p\u00e1na von Strassera, [&hellip;]<\/p>\n\t\t<a href=\"https:\/\/www.hotelkastiel.sk\/en\/novinky\/viedenske-svadobne-dni-2019\/\" class=\"btn-view fz-12 font-600 text-gray-8989 text-uppercase\">\n\t\t\t\u010c\u00edta\u0165 viac\t\t<\/a>\n\t\t\t\t<\/div><!-- .post-content -->\r\n\t<\/div>\r\n<\/article><!-- #post-## -->\r\n\r\n<article id=\"post-5516\" class=\"post-5516 post type-post status-publish format-standard has-post-thumbnail hentry category-uncategorized-sk\">\r\n\t<div class=\"post-media\">\r\n\t<div class=\"post-image\">\r\n\t\t\t\t\t<a href=\"https:\/\/www.hotelkastiel.sk\/en\/novinky\/umenie-a-elegancia-2019\/\">\r\n\t\t\t\t<img loading=\"lazy\" decoding=\"async\" width=\"640\" height=\"500\" src=\"https:\/\/www.hotelkastiel.sk\/wp-content\/uploads\/2019\/09\/IMG_9246-1-640x500.jpg\" class=\"attachment-fleurdesel-medium size-fleurdesel-medium wp-post-image\" alt=\"Umenie a elegancia, Veteran Day\" \/>\t\t\t<\/a>\r\n\t\t\t<\/div>\r\n<\/div>\r\n\r\n\t<div class=\"post-data\">\r\n\t\t<div class=\"post-date\"><a href=\"https:\/\/www.hotelkastiel.sk\/en\/novinky\/umenie-a-elegancia-2019\/\" rel=\"bookmark\"><time class=\"entry-date published\" datetime=\"2019-09-08T19:08:45+01:00\">08.09.2019<\/time><time class=\"updated\" datetime=\"2019-09-11T19:29:40+01:00\">11.09.2019<\/time><\/a><\/div>\r\n\t\t<h2 class=\"post-title\"><a href=\"https:\/\/www.hotelkastiel.sk\/en\/novinky\/umenie-a-elegancia-2019\/\" rel=\"bookmark\">Umenie a elegancia 2019<\/a><\/h2>\r\n\t\t<div class=\"post-meta\">\r\n\t<ul>\r\n\t\t<li>\r\n\t\t\tPosted by <span class=\"author vcard\"><a class=\"url fn n\" href=\"https:\/\/www.hotelkastiel.sk\/en\/author\/mimac\/\">Milan Fabian<\/a><\/span> in <a href=\"https:\/\/www.hotelkastiel.sk\/en\/category\/uncategorized-sk\/\" rel=\"category tag\">Uncategorized @sk<\/a>\t\t<\/li>\r\n\r\n\t\t<li>\r\n\t\t\t<span>Comments Off<span class=\"screen-reader-text\"> on Umenie a elegancia 2019<\/span><\/span>\t\t<\/li>\r\n\t<\/ul>\r\n<\/div>\r\n\r\n\t\t<div class=\"post-content\">\r\n\t\t\t<p>V nede\u013eu 8.9.2019 sa v Art Hoteli Ka\u0161tie\u013e uskuto\u010dnil 5. ro\u010dn\u00edk s\u00fa\u0165a\u017ee elegancie historick\u00fdch vozidiel pod n\u00e1zvom Umenie a elegancia, tento kr\u00e1t s mottom \u201eAmerick\u00fd sen\u201c. Op\u00e4\u0165 sme v spolupr\u00e1ci s Veter\u00e1n klubom Bratislava pripravili program pre milovn\u00edkov historick\u00fdch vozidiel v\u0161etk\u00fdch zna\u010diek, vyroben\u00fdch do roku 1975. \u010cakal na V\u00e1s bohat\u00fd program, desiatky n\u00e1dhern\u00fdch historick\u00fdch vozidiel, [&hellip;]<\/p>\n\t\t<a href=\"https:\/\/www.hotelkastiel.sk\/en\/novinky\/umenie-a-elegancia-2019\/\" class=\"btn-view fz-12 font-600 text-gray-8989 text-uppercase\">\n\t\t\t\u010c\u00edta\u0165 viac\t\t<\/a>\n\t\t\t\t<\/div><!-- .post-content -->\r\n\t<\/div>\r\n<\/article><!-- #post-## -->\r\n\r\n<article id=\"post-5147\" class=\"post-5147 post type-post status-publish format-standard has-post-thumbnail hentry category-uncategorized-sk\">\r\n\t<div class=\"post-media\">\r\n\t<div class=\"post-image\">\r\n\t\t\t\t\t<a href=\"https:\/\/www.hotelkastiel.sk\/en\/novinky\/futbalisti-fc-spartak-trnava\/\">\r\n\t\t\t\t<img loading=\"lazy\" decoding=\"async\" width=\"640\" height=\"500\" src=\"https:\/\/www.hotelkastiel.sk\/wp-content\/uploads\/2019\/07\/Spartak-trnava-640x500.jpg\" class=\"attachment-fleurdesel-medium size-fleurdesel-medium wp-post-image\" alt=\"FC Spartak Trnava\" \/>\t\t\t<\/a>\r\n\t\t\t<\/div>\r\n<\/div>\r\n\r\n\t<div class=\"post-data\">\r\n\t\t<div class=\"post-date\"><a href=\"https:\/\/www.hotelkastiel.sk\/en\/novinky\/futbalisti-fc-spartak-trnava\/\" rel=\"bookmark\"><time class=\"entry-date published\" datetime=\"2019-07-04T13:20:02+01:00\">04.07.2019<\/time><time class=\"updated\" datetime=\"2019-07-06T13:22:27+01:00\">06.07.2019<\/time><\/a><\/div>\r\n\t\t<h2 class=\"post-title\"><a href=\"https:\/\/www.hotelkastiel.sk\/en\/novinky\/futbalisti-fc-spartak-trnava\/\" rel=\"bookmark\">Futbalisti FC Spartak Trnava v ka\u0161tieli<\/a><\/h2>\r\n\t\t<div class=\"post-meta\">\r\n\t<ul>\r\n\t\t<li>\r\n\t\t\tPosted by <span class=\"author vcard\"><a class=\"url fn n\" href=\"https:\/\/www.hotelkastiel.sk\/en\/author\/mimac\/\">Milan Fabian<\/a><\/span> in <a href=\"https:\/\/www.hotelkastiel.sk\/en\/category\/uncategorized-sk\/\" rel=\"category tag\">Uncategorized @sk<\/a>\t\t<\/li>\r\n\r\n\t\t<li>\r\n\t\t\t<span>Comments Off<span class=\"screen-reader-text\"> on Futbalisti FC Spartak Trnava v ka\u0161tieli<\/span><\/span>\t\t<\/li>\r\n\t<\/ul>\r\n<\/div>\r\n\r\n\t\t<div class=\"post-content\">\r\n\t\t\t<p>Ka\u0161tie\u013e na p\u00e1r dn\u00ed za\u017eil pocit t\u00edmov\u00e9ho ducha futbalov\u00e9ho klubu FC Spartak Trnava. V ka\u0161tieli sme mali t\u00fa \u010des\u0165 pohosti\u0165 21 futbalistov klubu FC Spartak Trnava a ich podporn\u00ed t\u00edm po\u010das s\u00fastredenia. Hr\u00e1\u010di tvrdo tr\u00e9novali pred za\u010dat\u00edm futbalov\u00e9ho Superpoh\u00e1ra Okrem tr\u00e9ningov si vysk\u00fa\u0161ali aj FootGolf v&nbsp;are\u00e1li anglick\u00e9ho parku. Ver\u00edme, \u017ee im ka\u0161tie\u013ene priestory vytvorili ide\u00e1lne [&hellip;]<\/p>\n\t\t<a href=\"https:\/\/www.hotelkastiel.sk\/en\/novinky\/futbalisti-fc-spartak-trnava\/\" class=\"btn-view fz-12 font-600 text-gray-8989 text-uppercase\">\n\t\t\t\u010c\u00edta\u0165 viac\t\t<\/a>\n\t\t\t\t<\/div><!-- .post-content -->\r\n\t<\/div>\r\n<\/article><!-- #post-## -->\r\n\r\n<article id=\"post-5138\" class=\"post-5138 post type-post status-publish format-standard has-post-thumbnail hentry category-uncategorized-sk tag-restaurant\">\r\n\t<div class=\"post-media\">\r\n\t<div class=\"post-image\">\r\n\t\t\t\t\t<a href=\"https:\/\/www.hotelkastiel.sk\/en\/novinky\/ocenenie-gurman-award-2019\">\r\n\t\t\t\t<img loading=\"lazy\" decoding=\"async\" width=\"640\" height=\"500\" src=\"https:\/\/www.hotelkastiel.sk\/wp-content\/uploads\/2019\/06\/gurman-640x500.jpg\" class=\"attachment-fleurdesel-medium size-fleurdesel-medium wp-post-image\" alt=\"Ocenenie Gurman Awards\" \/>\t\t\t<\/a>\r\n\t\t\t<\/div>\r\n<\/div>\r\n\r\n\t<div class=\"post-data\">\r\n\t\t<div class=\"post-date\"><a href=\"https:\/\/www.hotelkastiel.sk\/en\/novinky\/ocenenie-gurman-award-2019\" rel=\"bookmark\"><time class=\"entry-date published\" datetime=\"2019-06-30T18:15:47+01:00\">30.06.2019<\/time><time class=\"updated\" datetime=\"2020-06-28T07:30:51+01:00\">28.06.2020<\/time><\/a><\/div>\r\n\t\t<h2 class=\"post-title\"><a href=\"https:\/\/www.hotelkastiel.sk\/en\/novinky\/ocenenie-gurman-award-2019\" rel=\"bookmark\">Ocenenie Gurm\u00e1n Award 2019<\/a><\/h2>\r\n\t\t<div class=\"post-meta\">\r\n\t<ul>\r\n\t\t<li>\r\n\t\t\tPosted by <span class=\"author vcard\"><a class=\"url fn n\" href=\"https:\/\/www.hotelkastiel.sk\/en\/author\/mimac\/\">Milan Fabian<\/a><\/span> in <a href=\"https:\/\/www.hotelkastiel.sk\/en\/category\/uncategorized-sk\/\" rel=\"category tag\">Uncategorized @sk<\/a>\t\t<\/li>\r\n\r\n\t\t<li>\r\n\t\t\t<span>Comments Off<span class=\"screen-reader-text\"> on Ocenenie Gurm\u00e1n Award 2019<\/span><\/span>\t\t<\/li>\r\n\t<\/ul>\r\n<\/div>\r\n\r\n\t\t<div class=\"post-content\">\r\n\t\t\t<p>Je n\u00e1m c\u0165ou V\u00e1m ozn\u00e1mi\u0165, \u017ee na\u0161a Re\u0161taur\u00e1cia Regnum sa umiestnila na 15. ro\u010dn\u00edku Gurm\u00e1n Award na 2. mieste v\u00a0kateg\u00f3ri\u00ed Hotelov\u00e1 re\u0161taur\u00e1cia roka. Oproti roku 2018, kedy sa na\u0161a re\u0161taur\u00e1cia umiestnila na 3. mieste, je to postup o\u00a01 prie\u010dku vy\u0161\u0161ie. Cenu ude\u013euje ka\u017edoro\u010dne spolo\u010dnos\u0165 Gurm\u00e1n na Slovensku pomocou anonymn\u00e9ho hodnotenia kritikov. Iniciat\u00edvou tejto spolo\u010dnosti je [&hellip;]<\/p>\n\t\t<a href=\"https:\/\/www.hotelkastiel.sk\/en\/novinky\/ocenenie-gurman-award-2019\" class=\"btn-view fz-12 font-600 text-gray-8989 text-uppercase\">\n\t\t\t\u010c\u00edta\u0165 viac\t\t<\/a>\n\t\t\t\t<\/div><!-- .post-content -->\r\n\t<\/div>\r\n<\/article><!-- #post-## -->\r\n\r\n<article id=\"post-4904\" class=\"post-4904 post type-post status-publish format-standard has-post-thumbnail hentry category-uncategorized-sk\">\r\n\t<div class=\"post-media\">\r\n\t<div class=\"post-image\">\r\n\t\t\t\t\t<a href=\"https:\/\/www.hotelkastiel.sk\/en\/novinky\/otvorene-zahrady-2019\">\r\n\t\t\t\t<img loading=\"lazy\" decoding=\"async\" width=\"640\" height=\"500\" src=\"https:\/\/www.hotelkastiel.sk\/wp-content\/uploads\/2019\/06\/IMG_5336-640x500.jpg\" class=\"attachment-fleurdesel-medium size-fleurdesel-medium wp-post-image\" alt=\"\" \/>\t\t\t<\/a>\r\n\t\t\t<\/div>\r\n<\/div>\r\n\r\n\t<div class=\"post-data\">\r\n\t\t<div class=\"post-date\"><a href=\"https:\/\/www.hotelkastiel.sk\/en\/novinky\/otvorene-zahrady-2019\" rel=\"bookmark\"><time class=\"entry-date published\" datetime=\"2019-06-02T20:43:31+01:00\">02.06.2019<\/time><time class=\"updated\" datetime=\"2019-06-04T20:56:09+01:00\">04.06.2019<\/time><\/a><\/div>\r\n\t\t<h2 class=\"post-title\"><a href=\"https:\/\/www.hotelkastiel.sk\/en\/novinky\/otvorene-zahrady-2019\" rel=\"bookmark\">V\u00edkend otvoren\u00fdch parkov a z\u00e1hrad 2019<\/a><\/h2>\r\n\t\t<div class=\"post-meta\">\r\n\t<ul>\r\n\t\t<li>\r\n\t\t\tPosted by <span class=\"author vcard\"><a class=\"url fn n\" href=\"https:\/\/www.hotelkastiel.sk\/en\/author\/mimac\/\">Milan Fabian<\/a><\/span> in <a href=\"https:\/\/www.hotelkastiel.sk\/en\/category\/uncategorized-sk\/\" rel=\"category tag\">Uncategorized @sk<\/a>\t\t<\/li>\r\n\r\n\t\t<li>\r\n\t\t\t<span>Comments Off<span class=\"screen-reader-text\"> on V\u00edkend otvoren\u00fdch parkov a z\u00e1hrad 2019<\/span><\/span>\t\t<\/li>\r\n\t<\/ul>\r\n<\/div>\r\n\r\n\t\t<div class=\"post-content\">\r\n\t\t\t<p>V nede\u013eu 2.6.2019 sa park tom\u00e1\u0161ovsk\u00e9ho ka\u0161tie\u013ea op\u00e4tovne zapojil do iniciat\u00edvy od ob\u010dianskeho zdru\u017eenia N\u00e1rodn\u00fd trust \u2013 V\u00edkend otvoren\u00fdch parkov a z\u00e1hrad 2019. Host\u00ed parkom previedol p\u00e1n kunsthistorik Jozef Lenhart, ktor\u00fd porozpr\u00e1val o&nbsp;hist\u00f3rii tohto roz\u013eahl\u00e9ho parku. N\u00e1v\u0161tevn\u00edci nesk\u00f4r tie\u017e nahliadli do interi\u00e9ru ka\u0161tie\u013ea. \u00da\u010das\u0165 na prehliadke sa tento rok zv\u00fd\u0161ila \u017e na rekordn\u00fdch 380 n\u00e1v\u0161tevn\u00edkov. [&hellip;]<\/p>\n\t\t<a href=\"https:\/\/www.hotelkastiel.sk\/en\/novinky\/otvorene-zahrady-2019\" class=\"btn-view fz-12 font-600 text-gray-8989 text-uppercase\">\n\t\t\t\u010c\u00edta\u0165 viac\t\t<\/a>\n\t\t\t\t<\/div><!-- .post-content -->\r\n\t<\/div>\r\n<\/article><!-- #post-## -->\r\n\r\n<article id=\"post-4675\" class=\"post-4675 post type-post status-publish format-standard has-post-thumbnail hentry category-uncategorized-sk tag-konferencia\">\r\n\t<div class=\"post-media\">\r\n\t<div class=\"post-image\">\r\n\t\t\t\t\t<a href=\"https:\/\/www.hotelkastiel.sk\/en\/novinky\/stretnutie-statnych-tajomnikov-V4\">\r\n\t\t\t\t<img loading=\"lazy\" decoding=\"async\" width=\"640\" height=\"500\" src=\"https:\/\/www.hotelkastiel.sk\/wp-content\/uploads\/2019\/05\/xIMG_3105-640x500.jpg\" class=\"attachment-fleurdesel-medium size-fleurdesel-medium wp-post-image\" alt=\"\" \/>\t\t\t<\/a>\r\n\t\t\t<\/div>\r\n<\/div>\r\n\r\n\t<div class=\"post-data\">\r\n\t\t<div class=\"post-date\"><a href=\"https:\/\/www.hotelkastiel.sk\/en\/novinky\/stretnutie-statnych-tajomnikov-V4\" rel=\"bookmark\"><time class=\"entry-date published\" datetime=\"2019-05-22T21:11:33+01:00\">22.05.2019<\/time><time class=\"updated\" datetime=\"2020-06-28T07:35:17+01:00\">28.06.2020<\/time><\/a><\/div>\r\n\t\t<h2 class=\"post-title\"><a href=\"https:\/\/www.hotelkastiel.sk\/en\/novinky\/stretnutie-statnych-tajomnikov-V4\" rel=\"bookmark\">\u0160t\u00e1tni tajomn\u00edci V4 rokovali v ka\u0161tieli<\/a><\/h2>\r\n\t\t<div class=\"post-meta\">\r\n\t<ul>\r\n\t\t<li>\r\n\t\t\tPosted by <span class=\"author vcard\"><a class=\"url fn n\" href=\"https:\/\/www.hotelkastiel.sk\/en\/author\/mimac\/\">Milan Fabian<\/a><\/span> in <a href=\"https:\/\/www.hotelkastiel.sk\/en\/category\/uncategorized-sk\/\" rel=\"category tag\">Uncategorized @sk<\/a>\t\t<\/li>\r\n\r\n\t\t<li>\r\n\t\t\t<span>Comments Off<span class=\"screen-reader-text\"> on \u0160t\u00e1tni tajomn\u00edci V4 rokovali v ka\u0161tieli<\/span><\/span>\t\t<\/li>\r\n\t<\/ul>\r\n<\/div>\r\n\r\n\t\t<div class=\"post-content\">\r\n\t\t\t<p>V d\u0148och 21. a 22. m\u00e1ja 2019 sa v Art Hoteli Ka\u0161tie\u013e stretli na rokovan\u00ed \u0161t\u00e1tni tajomn\u00edci ministerstiev obrany Vy\u0161ehradskej skupiny R\u00f3bert Ondrejcs\u00e1k, Jakub Landovsk\u00fd, Isv\u00e1n Szab\u00f3 a\u00a0Tomasz Szatkowski. Hlavn\u00e9 rokovania prebiehali v historickej Jeszen\u00e1kovej s\u00e1le, kde sa pred 4 rokmi rokovali aj samotn\u00ed ministri obrany V4. Je n\u00e1m c\u0165ou, \u017ee sme mohli hosti\u0165 tak\u00e9to [&hellip;]<\/p>\n\t\t<a href=\"https:\/\/www.hotelkastiel.sk\/en\/novinky\/stretnutie-statnych-tajomnikov-V4\" class=\"btn-view fz-12 font-600 text-gray-8989 text-uppercase\">\n\t\t\t\u010c\u00edta\u0165 viac\t\t<\/a>\n\t\t\t\t<\/div><!-- .post-content -->\r\n\t<\/div>\r\n<\/article><!-- #post-## -->\r\n\r\n<article id=\"post-3661\" class=\"post-3661 post type-post status-publish format-standard has-post-thumbnail hentry category-unkategorisiert\">\r\n\t<div class=\"post-media\">\r\n\t<div class=\"post-image\">\r\n\t\t\t\t\t<a href=\"https:\/\/www.hotelkastiel.sk\/en\/novinky\/250-vyrocie-postavenia-kastiela\">\r\n\t\t\t\t<img loading=\"lazy\" decoding=\"async\" width=\"640\" height=\"500\" src=\"https:\/\/www.hotelkastiel.sk\/wp-content\/uploads\/2019\/03\/w3-640x500.jpg\" class=\"attachment-fleurdesel-medium size-fleurdesel-medium wp-post-image\" alt=\"N\u00e1rodn\u00e1 kult\u00farna pamiatka\" \/>\t\t\t<\/a>\r\n\t\t\t<\/div>\r\n<\/div>\r\n\r\n\t<div class=\"post-data\">\r\n\t\t<div class=\"post-date\"><a href=\"https:\/\/www.hotelkastiel.sk\/en\/novinky\/250-vyrocie-postavenia-kastiela\" rel=\"bookmark\"><time class=\"entry-date published\" datetime=\"2019-03-01T14:00:49+01:00\">01.03.2019<\/time><time class=\"updated\" datetime=\"2019-05-15T20:57:30+01:00\">15.05.2019<\/time><\/a><\/div>\r\n\t\t<h2 class=\"post-title\"><a href=\"https:\/\/www.hotelkastiel.sk\/en\/novinky\/250-vyrocie-postavenia-kastiela\" rel=\"bookmark\">250. v\u00fdro\u010die postavenia ka\u0161tie\u013ea<\/a><\/h2>\r\n\t\t<div class=\"post-meta\">\r\n\t<ul>\r\n\t\t<li>\r\n\t\t\tPosted by <span class=\"author vcard\"><a class=\"url fn n\" href=\"https:\/\/www.hotelkastiel.sk\/en\/author\/mimac\/\">Milan Fabian<\/a><\/span> in <a href=\"https:\/\/www.hotelkastiel.sk\/en\/category\/unkategorisiert\/\" rel=\"category tag\">Unkategorisiert<\/a>\t\t<\/li>\r\n\r\n\t\t<li>\r\n\t\t\t<span>Comments Off<span class=\"screen-reader-text\"> on 250. v\u00fdro\u010die postavenia ka\u0161tie\u013ea<\/span><\/span>\t\t<\/li>\r\n\t<\/ul>\r\n<\/div>\r\n\r\n\t\t<div class=\"post-content\">\r\n\t\t\t<p>\u201cA \u010do je mlados\u0165? Dvadsa\u0165 p\u00e4\u0165 rokov?\u201c&nbsp;Toto sl\u00e1vne dvojver\u0161ie nap\u00edsal zn\u00e1my slovensk\u00fd spisovate\u013e Andrej Sl\u00e1dkovi\u010d vo svojej sl\u00e1vnej Mar\u00edne. V&nbsp;pr\u00edpade ka\u0161tie\u013ea to nie je dvadsa\u0165p\u00e4\u0165, ale dvestop\u00e4\u0165desiat rokov. A ako sa hovor\u00ed \u013eudom, tak isto m\u00f4\u017eeme poveda\u0165 aj o&nbsp;ka\u0161tieli &#8211; starne do kr\u00e1sy. V&nbsp;roku 1766 si bar\u00f3n J\u00e1n Jeszen\u00e1k nechal postavi\u0165 barokov\u00fd ka\u0161tie\u013e v&nbsp;Tom\u00e1\u0161ove ako [&hellip;]<\/p>\n\t\t<a href=\"https:\/\/www.hotelkastiel.sk\/en\/novinky\/250-vyrocie-postavenia-kastiela\" class=\"btn-view fz-12 font-600 text-gray-8989 text-uppercase\">\n\t\t\t\u010c\u00edta\u0165 viac\t\t<\/a>\n\t\t\t\t<\/div><!-- .post-content -->\r\n\t<\/div>\r\n<\/article><!-- #post-## -->\r\n\r\n<article id=\"post-3660\" class=\"post-3660 post type-post status-publish format-standard has-post-thumbnail hentry category-uncategorized\">\r\n\t<div class=\"post-media\">\r\n\t<div class=\"post-image\">\r\n\t\t\t\t\t<a href=\"https:\/\/www.hotelkastiel.sk\/en\/novinky\/250-vyrocie-postavenia-kastiela\">\r\n\t\t\t\t<img loading=\"lazy\" decoding=\"async\" width=\"640\" height=\"500\" src=\"https:\/\/www.hotelkastiel.sk\/wp-content\/uploads\/2019\/03\/w3-640x500.jpg\" class=\"attachment-fleurdesel-medium size-fleurdesel-medium wp-post-image\" alt=\"N\u00e1rodn\u00e1 kult\u00farna pamiatka\" \/>\t\t\t<\/a>\r\n\t\t\t<\/div>\r\n<\/div>\r\n\r\n\t<div class=\"post-data\">\r\n\t\t<div class=\"post-date\"><a href=\"https:\/\/www.hotelkastiel.sk\/en\/novinky\/250-vyrocie-postavenia-kastiela\" rel=\"bookmark\"><time class=\"entry-date published\" datetime=\"2019-03-01T14:00:49+01:00\">01.03.2019<\/time><time class=\"updated\" datetime=\"2019-05-15T20:57:29+01:00\">15.05.2019<\/time><\/a><\/div>\r\n\t\t<h2 class=\"post-title\"><a href=\"https:\/\/www.hotelkastiel.sk\/en\/novinky\/250-vyrocie-postavenia-kastiela\" rel=\"bookmark\">250. v\u00fdro\u010die postavenia ka\u0161tie\u013ea<\/a><\/h2>\r\n\t\t<div class=\"post-meta\">\r\n\t<ul>\r\n\t\t<li>\r\n\t\t\tPosted by <span class=\"author vcard\"><a class=\"url fn n\" href=\"https:\/\/www.hotelkastiel.sk\/en\/author\/mimac\/\">Milan Fabian<\/a><\/span> in <a href=\"https:\/\/www.hotelkastiel.sk\/en\/category\/uncategorized\/\" rel=\"category tag\">Uncategorized<\/a>\t\t<\/li>\r\n\r\n\t\t<li>\r\n\t\t\t<span>Comments Off<span class=\"screen-reader-text\"> on 250. v\u00fdro\u010die postavenia ka\u0161tie\u013ea<\/span><\/span>\t\t<\/li>\r\n\t<\/ul>\r\n<\/div>\r\n\r\n\t\t<div class=\"post-content\">\r\n\t\t\t<p>\u201cA \u010do je mlados\u0165? Dvadsa\u0165 p\u00e4\u0165 rokov?\u201c&nbsp;Toto sl\u00e1vne dvojver\u0161ie nap\u00edsal zn\u00e1my slovensk\u00fd spisovate\u013e Andrej Sl\u00e1dkovi\u010d vo svojej sl\u00e1vnej Mar\u00edne. V&nbsp;pr\u00edpade ka\u0161tie\u013ea to nie je dvadsa\u0165p\u00e4\u0165, ale dvestop\u00e4\u0165desiat rokov. A ako sa hovor\u00ed \u013eudom, tak isto m\u00f4\u017eeme poveda\u0165 aj o&nbsp;ka\u0161tieli &#8211; starne do kr\u00e1sy. V&nbsp;roku 1766 si bar\u00f3n J\u00e1n Jeszen\u00e1k nechal postavi\u0165 barokov\u00fd ka\u0161tie\u013e v&nbsp;Tom\u00e1\u0161ove ako [&hellip;]<\/p>\n\t\t<a href=\"https:\/\/www.hotelkastiel.sk\/en\/novinky\/250-vyrocie-postavenia-kastiela\" class=\"btn-view fz-12 font-600 text-gray-8989 text-uppercase\">\n\t\t\t\u010c\u00edta\u0165 viac\t\t<\/a>\n\t\t\t\t<\/div><!-- .post-content -->\r\n\t<\/div>\r\n<\/article><!-- #post-## -->\r\n\r\n<article id=\"post-3040\" class=\"post-3040 post type-post status-publish format-standard has-post-thumbnail hentry category-uncategorized-sk\">\r\n\t<div class=\"post-media\">\r\n\t<div class=\"post-image\">\r\n\t\t\t\t\t<a href=\"https:\/\/www.hotelkastiel.sk\/en\/novinky\/250-vyrocie-postavenia-kastiela\">\r\n\t\t\t\t<img loading=\"lazy\" decoding=\"async\" width=\"640\" height=\"500\" src=\"https:\/\/www.hotelkastiel.sk\/wp-content\/uploads\/2019\/03\/w3-640x500.jpg\" class=\"attachment-fleurdesel-medium size-fleurdesel-medium wp-post-image\" alt=\"N\u00e1rodn\u00e1 kult\u00farna pamiatka\" \/>\t\t\t<\/a>\r\n\t\t\t<\/div>\r\n<\/div>\r\n\r\n\t<div class=\"post-data\">\r\n\t\t<div class=\"post-date\"><a href=\"https:\/\/www.hotelkastiel.sk\/en\/novinky\/250-vyrocie-postavenia-kastiela\" rel=\"bookmark\"><time class=\"entry-date published\" datetime=\"2019-03-01T14:00:49+01:00\">01.03.2019<\/time><time class=\"updated\" datetime=\"2019-05-15T20:57:29+01:00\">15.05.2019<\/time><\/a><\/div>\r\n\t\t<h2 class=\"post-title\"><a href=\"https:\/\/www.hotelkastiel.sk\/en\/novinky\/250-vyrocie-postavenia-kastiela\" rel=\"bookmark\">250. v\u00fdro\u010die postavenia ka\u0161tie\u013ea<\/a><\/h2>\r\n\t\t<div class=\"post-meta\">\r\n\t<ul>\r\n\t\t<li>\r\n\t\t\tPosted by <span class=\"author vcard\"><a class=\"url fn n\" href=\"https:\/\/www.hotelkastiel.sk\/en\/author\/mimac\/\">Milan Fabian<\/a><\/span> in <a href=\"https:\/\/www.hotelkastiel.sk\/en\/category\/uncategorized-sk\/\" rel=\"category tag\">Uncategorized @sk<\/a>\t\t<\/li>\r\n\r\n\t\t<li>\r\n\t\t\t<span>Comments Off<span class=\"screen-reader-text\"> on 250. v\u00fdro\u010die postavenia ka\u0161tie\u013ea<\/span><\/span>\t\t<\/li>\r\n\t<\/ul>\r\n<\/div>\r\n\r\n\t\t<div class=\"post-content\">\r\n\t\t\t<p>\u201cA \u010do je mlados\u0165? Dvadsa\u0165 p\u00e4\u0165 rokov?\u201c&nbsp;Toto sl\u00e1vne dvojver\u0161ie nap\u00edsal zn\u00e1my slovensk\u00fd spisovate\u013e Andrej Sl\u00e1dkovi\u010d vo svojej sl\u00e1vnej Mar\u00edne. V&nbsp;pr\u00edpade ka\u0161tie\u013ea to nie je dvadsa\u0165p\u00e4\u0165, ale dvestop\u00e4\u0165desiat rokov. A ako sa hovor\u00ed \u013eudom, tak isto m\u00f4\u017eeme poveda\u0165 aj o&nbsp;ka\u0161tieli &#8211; starne do kr\u00e1sy. V&nbsp;roku 1766 si bar\u00f3n J\u00e1n Jeszen\u00e1k nechal postavi\u0165 barokov\u00fd ka\u0161tie\u013e v&nbsp;Tom\u00e1\u0161ove ako [&hellip;]<\/p>\n\t\t<a href=\"https:\/\/www.hotelkastiel.sk\/en\/novinky\/250-vyrocie-postavenia-kastiela\" class=\"btn-view fz-12 font-600 text-gray-8989 text-uppercase\">\n\t\t\t\u010c\u00edta\u0165 viac\t\t<\/a>\n\t\t\t\t<\/div><!-- .post-content -->\r\n\t<\/div>\r\n<\/article><!-- #post-## -->\r\n\r\n<article id=\"post-3663\" class=\"post-3663 post type-post status-publish format-standard has-post-thumbnail hentry category-unkategorisiert tag-restaurant-de\">\r\n\t<div class=\"post-media\">\r\n\t<div class=\"post-image\">\r\n\t\t\t\t\t<a href=\"https:\/\/www.hotelkastiel.sk\/en\/novinky\/zimny-festival-jedla-2019\">\r\n\t\t\t\t<img loading=\"lazy\" decoding=\"async\" width=\"640\" height=\"500\" src=\"https:\/\/www.hotelkastiel.sk\/wp-content\/uploads\/2019\/03\/w2-640x500.jpg\" class=\"attachment-fleurdesel-medium size-fleurdesel-medium wp-post-image\" alt=\"\" \/>\t\t\t<\/a>\r\n\t\t\t<\/div>\r\n<\/div>\r\n\r\n\t<div class=\"post-data\">\r\n\t\t<div class=\"post-date\"><a href=\"https:\/\/www.hotelkastiel.sk\/en\/novinky\/zimny-festival-jedla-2019\" rel=\"bookmark\"><time class=\"entry-date published\" datetime=\"2019-02-24T11:15:20+01:00\">24.02.2019<\/time><time class=\"updated\" datetime=\"2020-06-28T07:35:12+01:00\">28.06.2020<\/time><\/a><\/div>\r\n\t\t<h2 class=\"post-title\"><a href=\"https:\/\/www.hotelkastiel.sk\/en\/novinky\/zimny-festival-jedla-2019\" rel=\"bookmark\">Zimn\u00fd festival jedla 2019<\/a><\/h2>\r\n\t\t<div class=\"post-meta\">\r\n\t<ul>\r\n\t\t<li>\r\n\t\t\tPosted by <span class=\"author vcard\"><a class=\"url fn n\" href=\"https:\/\/www.hotelkastiel.sk\/en\/author\/mimac\/\">Milan Fabian<\/a><\/span> in <a href=\"https:\/\/www.hotelkastiel.sk\/en\/category\/unkategorisiert\/\" rel=\"category tag\">Unkategorisiert<\/a>\t\t<\/li>\r\n\r\n\t\t<li>\r\n\t\t\t<span>Comments Off<span class=\"screen-reader-text\"> on Zimn\u00fd festival jedla 2019<\/span><\/span>\t\t<\/li>\r\n\t<\/ul>\r\n<\/div>\r\n\r\n\t\t<div class=\"post-content\">\r\n\t\t\t<p>Hotelov\u00e1 re\u0161taur\u00e1cia Regnum sa po\u010das prv\u00fdch mesiacov roku 2019 u\u017e po druh\u00fdkr\u00e1t z\u00fa\u010dastnila Zimn\u00e9ho festivalu jedla pod z\u00e1\u0161itou gastronomick\u00e9ho sprievodcu Gurm\u00e1n. Tento festival zah\u0155\u0148al tie najlep\u0161ie vybran\u00e9 re\u0161taur\u00e1cie, kde mali hostia mo\u017enos\u0165 ochutna\u0165 trojchodov\u00e9 tematick\u00e9ho menu: Na\u0161e ikonick\u00e9 jedlo&nbsp;&#8211; charakterizuj\u00face dan\u00fa re\u0161taur\u00e1ciu Chute regi\u00f3nov&nbsp;&#8211; s d\u00f4razom na pou\u017eitie lok\u00e1lnych a sez\u00f3nnych surov\u00edn Kuch\u00e1rova vo\u013eba&nbsp;&#8211; v\u00fdnimo\u010dn\u00e9 [&hellip;]<\/p>\n\t\t<a href=\"https:\/\/www.hotelkastiel.sk\/en\/novinky\/zimny-festival-jedla-2019\" class=\"btn-view fz-12 font-600 text-gray-8989 text-uppercase\">\n\t\t\t\u010c\u00edta\u0165 viac\t\t<\/a>\n\t\t\t\t<\/div><!-- .post-content -->\r\n\t<\/div>\r\n<\/article><!-- #post-## -->\r\n\r\n<article id=\"post-3662\" class=\"post-3662 post type-post status-publish format-standard has-post-thumbnail hentry category-uncategorized tag-restaurant-en\">\r\n\t<div class=\"post-media\">\r\n\t<div class=\"post-image\">\r\n\t\t\t\t\t<a href=\"https:\/\/www.hotelkastiel.sk\/en\/novinky\/zimny-festival-jedla-2019\">\r\n\t\t\t\t<img loading=\"lazy\" decoding=\"async\" width=\"640\" height=\"500\" src=\"https:\/\/www.hotelkastiel.sk\/wp-content\/uploads\/2019\/03\/w2-640x500.jpg\" class=\"attachment-fleurdesel-medium size-fleurdesel-medium wp-post-image\" alt=\"\" \/>\t\t\t<\/a>\r\n\t\t\t<\/div>\r\n<\/div>\r\n\r\n\t<div class=\"post-data\">\r\n\t\t<div class=\"post-date\"><a href=\"https:\/\/www.hotelkastiel.sk\/en\/novinky\/zimny-festival-jedla-2019\" rel=\"bookmark\"><time class=\"entry-date published\" datetime=\"2019-02-24T11:15:20+01:00\">24.02.2019<\/time><time class=\"updated\" datetime=\"2020-06-28T07:35:10+01:00\">28.06.2020<\/time><\/a><\/div>\r\n\t\t<h2 class=\"post-title\"><a href=\"https:\/\/www.hotelkastiel.sk\/en\/novinky\/zimny-festival-jedla-2019\" rel=\"bookmark\">Zimn\u00fd festival jedla 2019<\/a><\/h2>\r\n\t\t<div class=\"post-meta\">\r\n\t<ul>\r\n\t\t<li>\r\n\t\t\tPosted by <span class=\"author vcard\"><a class=\"url fn n\" href=\"https:\/\/www.hotelkastiel.sk\/en\/author\/mimac\/\">Milan Fabian<\/a><\/span> in <a href=\"https:\/\/www.hotelkastiel.sk\/en\/category\/uncategorized\/\" rel=\"category tag\">Uncategorized<\/a>\t\t<\/li>\r\n\r\n\t\t<li>\r\n\t\t\t<span>Comments Off<span class=\"screen-reader-text\"> on Zimn\u00fd festival jedla 2019<\/span><\/span>\t\t<\/li>\r\n\t<\/ul>\r\n<\/div>\r\n\r\n\t\t<div class=\"post-content\">\r\n\t\t\t<p>Hotelov\u00e1 re\u0161taur\u00e1cia Regnum sa po\u010das prv\u00fdch mesiacov roku 2019 u\u017e po druh\u00fdkr\u00e1t z\u00fa\u010dastnila Zimn\u00e9ho festivalu jedla pod z\u00e1\u0161itou gastronomick\u00e9ho sprievodcu Gurm\u00e1n. Tento festival zah\u0155\u0148al tie najlep\u0161ie vybran\u00e9 re\u0161taur\u00e1cie, kde mali hostia mo\u017enos\u0165 ochutna\u0165 trojchodov\u00e9 tematick\u00e9ho menu: Na\u0161e ikonick\u00e9 jedlo&nbsp;&#8211; charakterizuj\u00face dan\u00fa re\u0161taur\u00e1ciu Chute regi\u00f3nov&nbsp;&#8211; s d\u00f4razom na pou\u017eitie lok\u00e1lnych a sez\u00f3nnych surov\u00edn Kuch\u00e1rova vo\u013eba&nbsp;&#8211; v\u00fdnimo\u010dn\u00e9 [&hellip;]<\/p>\n\t\t<a href=\"https:\/\/www.hotelkastiel.sk\/en\/novinky\/zimny-festival-jedla-2019\" class=\"btn-view fz-12 font-600 text-gray-8989 text-uppercase\">\n\t\t\t\u010c\u00edta\u0165 viac\t\t<\/a>\n\t\t\t\t<\/div><!-- .post-content -->\r\n\t<\/div>\r\n<\/article><!-- #post-## -->\r\n\r\n<article id=\"post-3035\" class=\"post-3035 post type-post status-publish format-standard has-post-thumbnail hentry category-uncategorized-sk tag-restaurant\">\r\n\t<div class=\"post-media\">\r\n\t<div class=\"post-image\">\r\n\t\t\t\t\t<a href=\"https:\/\/www.hotelkastiel.sk\/en\/novinky\/zimny-festival-jedla-2019\">\r\n\t\t\t\t<img loading=\"lazy\" decoding=\"async\" width=\"640\" height=\"500\" src=\"https:\/\/www.hotelkastiel.sk\/wp-content\/uploads\/2019\/03\/w2-640x500.jpg\" class=\"attachment-fleurdesel-medium size-fleurdesel-medium wp-post-image\" alt=\"\" \/>\t\t\t<\/a>\r\n\t\t\t<\/div>\r\n<\/div>\r\n\r\n\t<div class=\"post-data\">\r\n\t\t<div class=\"post-date\"><a href=\"https:\/\/www.hotelkastiel.sk\/en\/novinky\/zimny-festival-jedla-2019\" rel=\"bookmark\"><time class=\"entry-date published\" datetime=\"2019-02-24T11:15:20+01:00\">24.02.2019<\/time><time class=\"updated\" datetime=\"2020-06-28T07:35:08+01:00\">28.06.2020<\/time><\/a><\/div>\r\n\t\t<h2 class=\"post-title\"><a href=\"https:\/\/www.hotelkastiel.sk\/en\/novinky\/zimny-festival-jedla-2019\" rel=\"bookmark\">Zimn\u00fd festival jedla 2019<\/a><\/h2>\r\n\t\t<div class=\"post-meta\">\r\n\t<ul>\r\n\t\t<li>\r\n\t\t\tPosted by <span class=\"author vcard\"><a class=\"url fn n\" href=\"https:\/\/www.hotelkastiel.sk\/en\/author\/mimac\/\">Milan Fabian<\/a><\/span> in <a href=\"https:\/\/www.hotelkastiel.sk\/en\/category\/uncategorized-sk\/\" rel=\"category tag\">Uncategorized @sk<\/a>\t\t<\/li>\r\n\r\n\t\t<li>\r\n\t\t\t<span>Comments Off<span class=\"screen-reader-text\"> on Zimn\u00fd festival jedla 2019<\/span><\/span>\t\t<\/li>\r\n\t<\/ul>\r\n<\/div>\r\n\r\n\t\t<div class=\"post-content\">\r\n\t\t\t<p>Hotelov\u00e1 re\u0161taur\u00e1cia Regnum sa po\u010das prv\u00fdch mesiacov roku 2019 u\u017e po druh\u00fdkr\u00e1t z\u00fa\u010dastnila Zimn\u00e9ho festivalu jedla pod z\u00e1\u0161itou gastronomick\u00e9ho sprievodcu Gurm\u00e1n. Tento festival zah\u0155\u0148al tie najlep\u0161ie vybran\u00e9 re\u0161taur\u00e1cie, kde mali hostia mo\u017enos\u0165 ochutna\u0165 trojchodov\u00e9 tematick\u00e9ho menu: Na\u0161e ikonick\u00e9 jedlo&nbsp;&#8211; charakterizuj\u00face dan\u00fa re\u0161taur\u00e1ciu Chute regi\u00f3nov&nbsp;&#8211; s d\u00f4razom na pou\u017eitie lok\u00e1lnych a sez\u00f3nnych surov\u00edn Kuch\u00e1rova vo\u013eba&nbsp;&#8211; v\u00fdnimo\u010dn\u00e9 [&hellip;]<\/p>\n\t\t<a href=\"https:\/\/www.hotelkastiel.sk\/en\/novinky\/zimny-festival-jedla-2019\" class=\"btn-view fz-12 font-600 text-gray-8989 text-uppercase\">\n\t\t\t\u010c\u00edta\u0165 viac\t\t<\/a>\n\t\t\t\t<\/div><!-- .post-content -->\r\n\t<\/div>\r\n<\/article><!-- #post-## -->\r\n\r\n<article id=\"post-3667\" class=\"post-3667 post type-post status-publish format-standard has-post-thumbnail hentry category-uncategorized\">\r\n\t<div class=\"post-media\">\r\n\t<div class=\"post-image\">\r\n\t\t\t\t\t<a href=\"https:\/\/www.hotelkastiel.sk\/en\/novinky\/navsteva-novaka-djokovica\">\r\n\t\t\t\t<img loading=\"lazy\" decoding=\"async\" width=\"640\" height=\"500\" src=\"https:\/\/www.hotelkastiel.sk\/wp-content\/uploads\/2019\/03\/W1-640x500.jpg\" class=\"attachment-fleurdesel-medium size-fleurdesel-medium wp-post-image\" alt=\"Novak Djokovics\" \/>\t\t\t<\/a>\r\n\t\t\t<\/div>\r\n<\/div>\r\n\r\n\t<div class=\"post-data\">\r\n\t\t<div class=\"post-date\"><a href=\"https:\/\/www.hotelkastiel.sk\/en\/novinky\/navsteva-novaka-djokovica\" rel=\"bookmark\"><time class=\"entry-date published\" datetime=\"2019-02-16T13:14:43+01:00\">16.02.2019<\/time><time class=\"updated\" datetime=\"2020-10-15T19:32:31+01:00\">15.10.2020<\/time><\/a><\/div>\r\n\t\t<h2 class=\"post-title\"><a href=\"https:\/\/www.hotelkastiel.sk\/en\/novinky\/navsteva-novaka-djokovica\" rel=\"bookmark\">Novak Djokovi\u010d v ka\u0161tieli<\/a><\/h2>\r\n\t\t<div class=\"post-meta\">\r\n\t<ul>\r\n\t\t<li>\r\n\t\t\tPosted by <span class=\"author vcard\"><a class=\"url fn n\" href=\"https:\/\/www.hotelkastiel.sk\/en\/author\/mimac\/\">Milan Fabian<\/a><\/span> in <a href=\"https:\/\/www.hotelkastiel.sk\/en\/category\/uncategorized\/\" rel=\"category tag\">Uncategorized<\/a>\t\t<\/li>\r\n\r\n\t\t<li>\r\n\t\t\t<span>Comments Off<span class=\"screen-reader-text\"> on Novak Djokovi\u010d v ka\u0161tieli<\/span><\/span>\t\t<\/li>\r\n\t<\/ul>\r\n<\/div>\r\n\r\n\t\t<div class=\"post-content\">\r\n\t\t\t<p>V sobotu 16.2. sme v ka\u0161tieli priv\u00edtali dr\u017eite\u013ea 15 Grandslamov\u00fdch titulov, aktu\u00e1lnu svetov\u00fa jednotku rebr\u00ed\u010dka ATP a jedn\u00e9ho z najlep\u0161\u00edch tenistov sveta, Novak Djokovi\u010d. Srbsk\u00fd tenista, pre ktor\u00e9ho n\u00e1\u0161 \u0160efkuch\u00e1r Rastislav Miklovi\u010d pripravil \u0161peci\u00e1lne vegetari\u00e1nske a veg\u00e1nske menu, n\u00e1s nav\u0161t\u00edvil aj s man\u017eelkou Jelenou. Novak Djokovi\u010d si mohol pochutna\u0165 na \u0161pecialite, avok\u00e1dovom rizote. Obaja boli [&hellip;]<\/p>\n\t\t<a href=\"https:\/\/www.hotelkastiel.sk\/en\/novinky\/navsteva-novaka-djokovica\" class=\"btn-view fz-12 font-600 text-gray-8989 text-uppercase\">\n\t\t\t\u010c\u00edta\u0165 viac\t\t<\/a>\n\t\t\t\t<\/div><!-- .post-content -->\r\n\t<\/div>\r\n<\/article><!-- #post-## -->\r\n\r\n<article id=\"post-3666\" class=\"post-3666 post type-post status-publish format-standard has-post-thumbnail hentry category-unkategorisiert\">\r\n\t<div class=\"post-media\">\r\n\t<div class=\"post-image\">\r\n\t\t\t\t\t<a href=\"https:\/\/www.hotelkastiel.sk\/en\/novinky\/navsteva-novaka-djokovica\">\r\n\t\t\t\t<img loading=\"lazy\" decoding=\"async\" width=\"640\" height=\"500\" src=\"https:\/\/www.hotelkastiel.sk\/wp-content\/uploads\/2019\/03\/W1-640x500.jpg\" class=\"attachment-fleurdesel-medium size-fleurdesel-medium wp-post-image\" alt=\"Novak Djokovics\" \/>\t\t\t<\/a>\r\n\t\t\t<\/div>\r\n<\/div>\r\n\r\n\t<div class=\"post-data\">\r\n\t\t<div class=\"post-date\"><a href=\"https:\/\/www.hotelkastiel.sk\/en\/novinky\/navsteva-novaka-djokovica\" rel=\"bookmark\"><time class=\"entry-date published\" datetime=\"2019-02-16T13:14:43+01:00\">16.02.2019<\/time><time class=\"updated\" datetime=\"2020-10-15T19:32:28+01:00\">15.10.2020<\/time><\/a><\/div>\r\n\t\t<h2 class=\"post-title\"><a href=\"https:\/\/www.hotelkastiel.sk\/en\/novinky\/navsteva-novaka-djokovica\" rel=\"bookmark\">Novak Djokovi\u010d v ka\u0161tieli<\/a><\/h2>\r\n\t\t<div class=\"post-meta\">\r\n\t<ul>\r\n\t\t<li>\r\n\t\t\tPosted by <span class=\"author vcard\"><a class=\"url fn n\" href=\"https:\/\/www.hotelkastiel.sk\/en\/author\/mimac\/\">Milan Fabian<\/a><\/span> in <a href=\"https:\/\/www.hotelkastiel.sk\/en\/category\/unkategorisiert\/\" rel=\"category tag\">Unkategorisiert<\/a>\t\t<\/li>\r\n\r\n\t\t<li>\r\n\t\t\t<span>Comments Off<span class=\"screen-reader-text\"> on Novak Djokovi\u010d v ka\u0161tieli<\/span><\/span>\t\t<\/li>\r\n\t<\/ul>\r\n<\/div>\r\n\r\n\t\t<div class=\"post-content\">\r\n\t\t\t<p>V sobotu 16.2. sme v ka\u0161tieli priv\u00edtali dr\u017eite\u013ea 15 Grandslamov\u00fdch titulov, aktu\u00e1lnu svetov\u00fa jednotku rebr\u00ed\u010dka ATP a jedn\u00e9ho z najlep\u0161\u00edch tenistov sveta, Novak Djokovi\u010d. Srbsk\u00fd tenista, pre ktor\u00e9ho n\u00e1\u0161 \u0160efkuch\u00e1r Rastislav Miklovi\u010d pripravil \u0161peci\u00e1lne vegetari\u00e1nske a veg\u00e1nske menu, n\u00e1s nav\u0161t\u00edvil aj s man\u017eelkou Jelenou. Novak Djokovi\u010d si mohol pochutna\u0165 na \u0161pecialite, avok\u00e1dovom rizote. Obaja boli [&hellip;]<\/p>\n\t\t<a href=\"https:\/\/www.hotelkastiel.sk\/en\/novinky\/navsteva-novaka-djokovica\" class=\"btn-view fz-12 font-600 text-gray-8989 text-uppercase\">\n\t\t\t\u010c\u00edta\u0165 viac\t\t<\/a>\n\t\t\t\t<\/div><!-- .post-content -->\r\n\t<\/div>\r\n<\/article><!-- #post-## -->\r\n\r\n<article id=\"post-3030\" class=\"post-3030 post type-post status-publish format-standard has-post-thumbnail hentry category-uncategorized-sk\">\r\n\t<div class=\"post-media\">\r\n\t<div class=\"post-image\">\r\n\t\t\t\t\t<a href=\"https:\/\/www.hotelkastiel.sk\/en\/novinky\/navsteva-novaka-djokovica\">\r\n\t\t\t\t<img loading=\"lazy\" decoding=\"async\" width=\"640\" height=\"500\" src=\"https:\/\/www.hotelkastiel.sk\/wp-content\/uploads\/2019\/03\/W1-640x500.jpg\" class=\"attachment-fleurdesel-medium size-fleurdesel-medium wp-post-image\" alt=\"Novak Djokovic\" \/>\t\t\t<\/a>\r\n\t\t\t<\/div>\r\n<\/div>\r\n\r\n\t<div class=\"post-data\">\r\n\t\t<div class=\"post-date\"><a href=\"https:\/\/www.hotelkastiel.sk\/en\/novinky\/navsteva-novaka-djokovica\" rel=\"bookmark\"><time class=\"entry-date published\" datetime=\"2019-02-16T13:14:43+01:00\">16.02.2019<\/time><time class=\"updated\" datetime=\"2020-10-15T19:32:27+01:00\">15.10.2020<\/time><\/a><\/div>\r\n\t\t<h2 class=\"post-title\"><a href=\"https:\/\/www.hotelkastiel.sk\/en\/novinky\/navsteva-novaka-djokovica\" rel=\"bookmark\">Novak Djokovi\u010d v ka\u0161tieli<\/a><\/h2>\r\n\t\t<div class=\"post-meta\">\r\n\t<ul>\r\n\t\t<li>\r\n\t\t\tPosted by <span class=\"author vcard\"><a class=\"url fn n\" href=\"https:\/\/www.hotelkastiel.sk\/en\/author\/mimac\/\">Milan Fabian<\/a><\/span> in <a href=\"https:\/\/www.hotelkastiel.sk\/en\/category\/uncategorized-sk\/\" rel=\"category tag\">Uncategorized @sk<\/a>\t\t<\/li>\r\n\r\n\t\t<li>\r\n\t\t\t<span>Comments Off<span class=\"screen-reader-text\"> on Novak Djokovi\u010d v ka\u0161tieli<\/span><\/span>\t\t<\/li>\r\n\t<\/ul>\r\n<\/div>\r\n\r\n\t\t<div class=\"post-content\">\r\n\t\t\t<p>V sobotu 16.2. sme v ka\u0161tieli priv\u00edtali dr\u017eite\u013ea 15 Grandslamov\u00fdch titulov, aktu\u00e1lnu svetov\u00fa jednotku rebr\u00ed\u010dka ATP a jedn\u00e9ho z najlep\u0161\u00edch tenistov sveta, Novak Djokovi\u010d. Srbsk\u00fd tenista, pre ktor\u00e9ho n\u00e1\u0161 \u0160efkuch\u00e1r Rastislav Miklovi\u010d pripravil \u0161peci\u00e1lne vegetari\u00e1nske a veg\u00e1nske menu, n\u00e1s nav\u0161t\u00edvil aj s man\u017eelkou Jelenou. Novak Djokovi\u010d si mohol pochutna\u0165 na \u0161pecialite, avok\u00e1dovom rizote. Obaja boli [&hellip;]<\/p>\n\t\t<a href=\"https:\/\/www.hotelkastiel.sk\/en\/novinky\/navsteva-novaka-djokovica\" class=\"btn-view fz-12 font-600 text-gray-8989 text-uppercase\">\n\t\t\t\u010c\u00edta\u0165 viac\t\t<\/a>\n\t\t\t\t<\/div><!-- .post-content -->\r\n\t<\/div>\r\n<\/article><!-- #post-## -->\r\n\r\n<article id=\"post-3669\" class=\"post-3669 post type-post status-publish format-standard has-post-thumbnail hentry category-uncategorized tag-koncert-en\">\r\n\t<div class=\"post-media\">\r\n\t<div class=\"post-image\">\r\n\t\t\t\t\t<a href=\"https:\/\/www.hotelkastiel.sk\/en\/novinky\/advent-2018\">\r\n\t\t\t\t<img loading=\"lazy\" decoding=\"async\" width=\"640\" height=\"500\" src=\"https:\/\/www.hotelkastiel.sk\/wp-content\/uploads\/2017\/03\/2-640x500.jpg\" class=\"attachment-fleurdesel-medium size-fleurdesel-medium wp-post-image\" alt=\"\" \/>\t\t\t<\/a>\r\n\t\t\t<\/div>\r\n<\/div>\r\n\r\n\t<div class=\"post-data\">\r\n\t\t<div class=\"post-date\"><a href=\"https:\/\/www.hotelkastiel.sk\/en\/novinky\/advent-2018\" rel=\"bookmark\"><time class=\"entry-date published\" datetime=\"2018-12-15T08:00:28+01:00\">15.12.2018<\/time><time class=\"updated\" datetime=\"2020-06-28T06:26:18+01:00\">28.06.2020<\/time><\/a><\/div>\r\n\t\t<h2 class=\"post-title\"><a href=\"https:\/\/www.hotelkastiel.sk\/en\/novinky\/advent-2018\" rel=\"bookmark\">Adventn\u00fd koncert 2018<\/a><\/h2>\r\n\t\t<div class=\"post-meta\">\r\n\t<ul>\r\n\t\t<li>\r\n\t\t\tPosted by <span class=\"author vcard\"><a class=\"url fn n\" href=\"https:\/\/www.hotelkastiel.sk\/en\/author\/mimac\/\">Milan Fabian<\/a><\/span> in <a href=\"https:\/\/www.hotelkastiel.sk\/en\/category\/uncategorized\/\" rel=\"category tag\">Uncategorized<\/a>\t\t<\/li>\r\n\r\n\t\t<li>\r\n\t\t\t<span>Comments Off<span class=\"screen-reader-text\"> on Adventn\u00fd koncert 2018<\/span><\/span>\t\t<\/li>\r\n\t<\/ul>\r\n<\/div>\r\n\r\n\t\t<div class=\"post-content\">\r\n\t\t\t<p>V sobotu 15.12.2018 sa v kaplnke ka\u0161tie\u013ea u\u017e po piaty kr\u00e1t uskuto\u010dnil Adventn\u00fd koncert. Tento kr\u00e1t n\u00e1m viano\u010dn\u00e9 mel\u00f3die priniesli \u017eiaci a u\u010ditelia Z\u00e1kladnej umeleckej \u0161koly v Dunajskej Lu\u017enej.<\/p>\n\t\t<a href=\"https:\/\/www.hotelkastiel.sk\/en\/novinky\/advent-2018\" class=\"btn-view fz-12 font-600 text-gray-8989 text-uppercase\">\n\t\t\t\u010c\u00edta\u0165 viac\t\t<\/a>\n\t\t\t\t<\/div><!-- .post-content -->\r\n\t<\/div>\r\n<\/article><!-- #post-## -->\r\n\r\n<article id=\"post-3668\" class=\"post-3668 post type-post status-publish format-standard has-post-thumbnail hentry category-unkategorisiert tag-koncert-de\">\r\n\t<div class=\"post-media\">\r\n\t<div class=\"post-image\">\r\n\t\t\t\t\t<a href=\"https:\/\/www.hotelkastiel.sk\/en\/novinky\/advent-2018\">\r\n\t\t\t\t<img loading=\"lazy\" decoding=\"async\" width=\"640\" height=\"500\" src=\"https:\/\/www.hotelkastiel.sk\/wp-content\/uploads\/2017\/03\/2-640x500.jpg\" class=\"attachment-fleurdesel-medium size-fleurdesel-medium wp-post-image\" alt=\"\" \/>\t\t\t<\/a>\r\n\t\t\t<\/div>\r\n<\/div>\r\n\r\n\t<div class=\"post-data\">\r\n\t\t<div class=\"post-date\"><a href=\"https:\/\/www.hotelkastiel.sk\/en\/novinky\/advent-2018\" rel=\"bookmark\"><time class=\"entry-date published\" datetime=\"2018-12-15T08:00:28+01:00\">15.12.2018<\/time><time class=\"updated\" datetime=\"2020-06-28T06:26:15+01:00\">28.06.2020<\/time><\/a><\/div>\r\n\t\t<h2 class=\"post-title\"><a href=\"https:\/\/www.hotelkastiel.sk\/en\/novinky\/advent-2018\" rel=\"bookmark\">Adventn\u00fd koncert 2018<\/a><\/h2>\r\n\t\t<div class=\"post-meta\">\r\n\t<ul>\r\n\t\t<li>\r\n\t\t\tPosted by <span class=\"author vcard\"><a class=\"url fn n\" href=\"https:\/\/www.hotelkastiel.sk\/en\/author\/mimac\/\">Milan Fabian<\/a><\/span> in <a href=\"https:\/\/www.hotelkastiel.sk\/en\/category\/unkategorisiert\/\" rel=\"category tag\">Unkategorisiert<\/a>\t\t<\/li>\r\n\r\n\t\t<li>\r\n\t\t\t<span>Comments Off<span class=\"screen-reader-text\"> on Adventn\u00fd koncert 2018<\/span><\/span>\t\t<\/li>\r\n\t<\/ul>\r\n<\/div>\r\n\r\n\t\t<div class=\"post-content\">\r\n\t\t\t<p>V sobotu 15.12.2018 sa v kaplnke ka\u0161tie\u013ea u\u017e po piaty kr\u00e1t uskuto\u010dnil Adventn\u00fd koncert. Tento kr\u00e1t n\u00e1m viano\u010dn\u00e9 mel\u00f3die priniesli \u017eiaci a u\u010ditelia Z\u00e1kladnej umeleckej \u0161koly v Dunajskej Lu\u017enej.<\/p>\n\t\t<a href=\"https:\/\/www.hotelkastiel.sk\/en\/novinky\/advent-2018\" class=\"btn-view fz-12 font-600 text-gray-8989 text-uppercase\">\n\t\t\t\u010c\u00edta\u0165 viac\t\t<\/a>\n\t\t\t\t<\/div><!-- .post-content -->\r\n\t<\/div>\r\n<\/article><!-- #post-## -->\r\n\r\n<article id=\"post-74\" class=\"post-74 post type-post status-publish format-standard has-post-thumbnail hentry category-uncategorized-sk tag-koncert\">\r\n\t<div class=\"post-media\">\r\n\t<div class=\"post-image\">\r\n\t\t\t\t\t<a href=\"https:\/\/www.hotelkastiel.sk\/en\/novinky\/advent-2018\">\r\n\t\t\t\t<img loading=\"lazy\" decoding=\"async\" width=\"640\" height=\"500\" src=\"https:\/\/www.hotelkastiel.sk\/wp-content\/uploads\/2017\/03\/2-640x500.jpg\" class=\"attachment-fleurdesel-medium size-fleurdesel-medium wp-post-image\" alt=\"\" \/>\t\t\t<\/a>\r\n\t\t\t<\/div>\r\n<\/div>\r\n\r\n\t<div class=\"post-data\">\r\n\t\t<div class=\"post-date\"><a href=\"https:\/\/www.hotelkastiel.sk\/en\/novinky\/advent-2018\" rel=\"bookmark\"><time class=\"entry-date published\" datetime=\"2018-12-15T08:00:28+01:00\">15.12.2018<\/time><time class=\"updated\" datetime=\"2020-06-28T06:26:14+01:00\">28.06.2020<\/time><\/a><\/div>\r\n\t\t<h2 class=\"post-title\"><a href=\"https:\/\/www.hotelkastiel.sk\/en\/novinky\/advent-2018\" rel=\"bookmark\">Adventn\u00fd koncert 2018<\/a><\/h2>\r\n\t\t<div class=\"post-meta\">\r\n\t<ul>\r\n\t\t<li>\r\n\t\t\tPosted by <span class=\"author vcard\"><a class=\"url fn n\" href=\"https:\/\/www.hotelkastiel.sk\/en\/author\/mimac\/\">Milan Fabian<\/a><\/span> in <a href=\"https:\/\/www.hotelkastiel.sk\/en\/category\/uncategorized-sk\/\" rel=\"category tag\">Uncategorized @sk<\/a>\t\t<\/li>\r\n\r\n\t\t<li>\r\n\t\t\t<span>Comments Off<span class=\"screen-reader-text\"> on Adventn\u00fd koncert 2018<\/span><\/span>\t\t<\/li>\r\n\t<\/ul>\r\n<\/div>\r\n\r\n\t\t<div class=\"post-content\">\r\n\t\t\t<p>V sobotu 15.12.2018 sa v kaplnke ka\u0161tie\u013ea u\u017e po piaty kr\u00e1t uskuto\u010dnil Adventn\u00fd koncert. Tento kr\u00e1t n\u00e1m viano\u010dn\u00e9 mel\u00f3die priniesli \u017eiaci a u\u010ditelia Z\u00e1kladnej umeleckej \u0161koly v Dunajskej Lu\u017enej.<\/p>\n\t\t<a href=\"https:\/\/www.hotelkastiel.sk\/en\/novinky\/advent-2018\" class=\"btn-view fz-12 font-600 text-gray-8989 text-uppercase\">\n\t\t\t\u010c\u00edta\u0165 viac\t\t<\/a>\n\t\t\t\t<\/div><!-- .post-content -->\r\n\t<\/div>\r\n<\/article><!-- #post-## -->\r\n\r\n<article id=\"post-3671\" class=\"post-3671 post type-post status-publish format-standard has-post-thumbnail hentry category-unkategorisiert\">\r\n\t<div class=\"post-media\">\r\n\t<div class=\"post-image\">\r\n\t\t\t\t\t<a href=\"https:\/\/www.hotelkastiel.sk\/en\/novinky\/norsky-dychovy-orchester\">\r\n\t\t\t\t<img loading=\"lazy\" decoding=\"async\" width=\"640\" height=\"500\" src=\"https:\/\/www.hotelkastiel.sk\/wp-content\/uploads\/2018\/07\/3-640x500.jpg\" class=\"attachment-fleurdesel-medium size-fleurdesel-medium wp-post-image\" alt=\"\" \/>\t\t\t<\/a>\r\n\t\t\t<\/div>\r\n<\/div>\r\n\r\n\t<div class=\"post-data\">\r\n\t\t<div class=\"post-date\"><a href=\"https:\/\/www.hotelkastiel.sk\/en\/novinky\/norsky-dychovy-orchester\" rel=\"bookmark\"><time class=\"entry-date published\" datetime=\"2018-07-04T08:30:46+01:00\">04.07.2018<\/time><time class=\"updated\" datetime=\"2020-10-16T09:14:56+01:00\">16.10.2020<\/time><\/a><\/div>\r\n\t\t<h2 class=\"post-title\"><a href=\"https:\/\/www.hotelkastiel.sk\/en\/novinky\/norsky-dychovy-orchester\" rel=\"bookmark\">Koncert &#8211; N\u00f3rsky dychov\u00fd orchester<\/a><\/h2>\r\n\t\t<div class=\"post-meta\">\r\n\t<ul>\r\n\t\t<li>\r\n\t\t\tPosted by <span class=\"author vcard\"><a class=\"url fn n\" href=\"https:\/\/www.hotelkastiel.sk\/en\/author\/mimac\/\">Milan Fabian<\/a><\/span> in <a href=\"https:\/\/www.hotelkastiel.sk\/en\/category\/unkategorisiert\/\" rel=\"category tag\">Unkategorisiert<\/a>\t\t<\/li>\r\n\r\n\t\t<li>\r\n\t\t\t<span>Comments Off<span class=\"screen-reader-text\"> on Koncert &#8211; N\u00f3rsky dychov\u00fd orchester<\/span><\/span>\t\t<\/li>\r\n\t<\/ul>\r\n<\/div>\r\n\r\n\t\t<div class=\"post-content\">\r\n\t\t\t<p>V stredu 4 j\u00fala 2018 vyst\u00fapili v amfite\u00e1tri v parku pri ka\u0161tieli \u010dlenovia n\u00f3rskeho dychov\u00e9ho orchestra \u00d8stensj\u00f8 Janitsjar. Vstup na koncert bol vo\u013en\u00fd a te\u0161\u00edme sa z po\u010detnej \u00fa\u010dasti na koncerte takejto vz\u00e1cnej n\u00e1v\u0161tevy. Orchester \u00d8stensj\u00f8 Janitsjar m\u00e1 v s\u00fa\u010dasnosti okolo 100 \u010dlenov, z toho pribli\u017ene 60 akt\u00edvne vystupuje. Zbor sa u\u017e 20 rokov pravidelne [&hellip;]<\/p>\n\t\t<a href=\"https:\/\/www.hotelkastiel.sk\/en\/novinky\/norsky-dychovy-orchester\" class=\"btn-view fz-12 font-600 text-gray-8989 text-uppercase\">\n\t\t\t\u010c\u00edta\u0165 viac\t\t<\/a>\n\t\t\t\t<\/div><!-- .post-content -->\r\n\t<\/div>\r\n<\/article><!-- #post-## -->\r\n\r\n<article id=\"post-3670\" class=\"post-3670 post type-post status-publish format-standard has-post-thumbnail hentry category-uncategorized\">\r\n\t<div class=\"post-media\">\r\n\t<div class=\"post-image\">\r\n\t\t\t\t\t<a href=\"https:\/\/www.hotelkastiel.sk\/en\/novinky\/norsky-dychovy-orchester\">\r\n\t\t\t\t<img loading=\"lazy\" decoding=\"async\" width=\"640\" height=\"500\" src=\"https:\/\/www.hotelkastiel.sk\/wp-content\/uploads\/2018\/07\/3-640x500.jpg\" class=\"attachment-fleurdesel-medium size-fleurdesel-medium wp-post-image\" alt=\"\" \/>\t\t\t<\/a>\r\n\t\t\t<\/div>\r\n<\/div>\r\n\r\n\t<div class=\"post-data\">\r\n\t\t<div class=\"post-date\"><a href=\"https:\/\/www.hotelkastiel.sk\/en\/novinky\/norsky-dychovy-orchester\" rel=\"bookmark\"><time class=\"entry-date published\" datetime=\"2018-07-04T08:30:46+01:00\">04.07.2018<\/time><time class=\"updated\" datetime=\"2020-10-16T09:14:53+01:00\">16.10.2020<\/time><\/a><\/div>\r\n\t\t<h2 class=\"post-title\"><a href=\"https:\/\/www.hotelkastiel.sk\/en\/novinky\/norsky-dychovy-orchester\" rel=\"bookmark\">Koncert &#8211; N\u00f3rsky dychov\u00fd orchester<\/a><\/h2>\r\n\t\t<div class=\"post-meta\">\r\n\t<ul>\r\n\t\t<li>\r\n\t\t\tPosted by <span class=\"author vcard\"><a class=\"url fn n\" href=\"https:\/\/www.hotelkastiel.sk\/en\/author\/mimac\/\">Milan Fabian<\/a><\/span> in <a href=\"https:\/\/www.hotelkastiel.sk\/en\/category\/uncategorized\/\" rel=\"category tag\">Uncategorized<\/a>\t\t<\/li>\r\n\r\n\t\t<li>\r\n\t\t\t<span>Comments Off<span class=\"screen-reader-text\"> on Koncert &#8211; N\u00f3rsky dychov\u00fd orchester<\/span><\/span>\t\t<\/li>\r\n\t<\/ul>\r\n<\/div>\r\n\r\n\t\t<div class=\"post-content\">\r\n\t\t\t<p>V stredu 4 j\u00fala 2018 vyst\u00fapili v amfite\u00e1tri v parku pri ka\u0161tieli \u010dlenovia n\u00f3rskeho dychov\u00e9ho orchestra \u00d8stensj\u00f8 Janitsjar. Vstup na koncert bol vo\u013en\u00fd a te\u0161\u00edme sa z po\u010detnej \u00fa\u010dasti na koncerte takejto vz\u00e1cnej n\u00e1v\u0161tevy. Orchester \u00d8stensj\u00f8 Janitsjar m\u00e1 v s\u00fa\u010dasnosti okolo 100 \u010dlenov, z toho pribli\u017ene 60 akt\u00edvne vystupuje. Zbor sa u\u017e 20 rokov pravidelne [&hellip;]<\/p>\n\t\t<a href=\"https:\/\/www.hotelkastiel.sk\/en\/novinky\/norsky-dychovy-orchester\" class=\"btn-view fz-12 font-600 text-gray-8989 text-uppercase\">\n\t\t\t\u010c\u00edta\u0165 viac\t\t<\/a>\n\t\t\t\t<\/div><!-- .post-content -->\r\n\t<\/div>\r\n<\/article><!-- #post-## -->\r\n\r\n<article id=\"post-1\" class=\"post-1 post type-post status-publish format-standard has-post-thumbnail hentry category-uncategorized-sk\">\r\n\t<div class=\"post-media\">\r\n\t<div class=\"post-image\">\r\n\t\t\t\t\t<a href=\"https:\/\/www.hotelkastiel.sk\/en\/novinky\/norsky-dychovy-orchester\">\r\n\t\t\t\t<img loading=\"lazy\" decoding=\"async\" width=\"640\" height=\"500\" src=\"https:\/\/www.hotelkastiel.sk\/wp-content\/uploads\/2018\/07\/3-640x500.jpg\" class=\"attachment-fleurdesel-medium size-fleurdesel-medium wp-post-image\" alt=\"\" \/>\t\t\t<\/a>\r\n\t\t\t<\/div>\r\n<\/div>\r\n\r\n\t<div class=\"post-data\">\r\n\t\t<div class=\"post-date\"><a href=\"https:\/\/www.hotelkastiel.sk\/en\/novinky\/norsky-dychovy-orchester\" rel=\"bookmark\"><time class=\"entry-date published\" datetime=\"2018-07-04T08:30:46+01:00\">04.07.2018<\/time><time class=\"updated\" datetime=\"2020-10-16T09:14:51+01:00\">16.10.2020<\/time><\/a><\/div>\r\n\t\t<h2 class=\"post-title\"><a href=\"https:\/\/www.hotelkastiel.sk\/en\/novinky\/norsky-dychovy-orchester\" rel=\"bookmark\">Koncert &#8211; N\u00f3rsky dychov\u00fd orchester<\/a><\/h2>\r\n\t\t<div class=\"post-meta\">\r\n\t<ul>\r\n\t\t<li>\r\n\t\t\tPosted by <span class=\"author vcard\"><a class=\"url fn n\" href=\"https:\/\/www.hotelkastiel.sk\/en\/author\/mimac\/\">Milan Fabian<\/a><\/span> in <a href=\"https:\/\/www.hotelkastiel.sk\/en\/category\/uncategorized-sk\/\" rel=\"category tag\">Uncategorized @sk<\/a>\t\t<\/li>\r\n\r\n\t\t<li>\r\n\t\t\t<span>Comments Off<span class=\"screen-reader-text\"> on Koncert &#8211; N\u00f3rsky dychov\u00fd orchester<\/span><\/span>\t\t<\/li>\r\n\t<\/ul>\r\n<\/div>\r\n\r\n\t\t<div class=\"post-content\">\r\n\t\t\t<p>V stredu 4 j\u00fala 2018 vyst\u00fapili v amfite\u00e1tri v parku pri ka\u0161tieli \u010dlenovia n\u00f3rskeho dychov\u00e9ho orchestra \u00d8stensj\u00f8 Janitsjar. Vstup na koncert bol vo\u013en\u00fd a te\u0161\u00edme sa z po\u010detnej \u00fa\u010dasti na koncerte takejto vz\u00e1cnej n\u00e1v\u0161tevy. Orchester \u00d8stensj\u00f8 Janitsjar m\u00e1 v s\u00fa\u010dasnosti okolo 100 \u010dlenov, z toho pribli\u017ene 60 akt\u00edvne vystupuje. Zbor sa u\u017e 20 rokov pravidelne [&hellip;]<\/p>\n\t\t<a href=\"https:\/\/www.hotelkastiel.sk\/en\/novinky\/norsky-dychovy-orchester\" class=\"btn-view fz-12 font-600 text-gray-8989 text-uppercase\">\n\t\t\t\u010c\u00edta\u0165 viac\t\t<\/a>\n\t\t\t\t<\/div><!-- .post-content -->\r\n\t<\/div>\r\n<\/article><!-- #post-## -->\r\n\r\n<article id=\"post-3673\" class=\"post-3673 post type-post status-publish format-standard has-post-thumbnail hentry category-unkategorisiert\">\r\n\t<div class=\"post-media\">\r\n\t<div class=\"post-image\">\r\n\t\t\t\t\t<a href=\"https:\/\/www.hotelkastiel.sk\/en\/novinky\/umenie-a-elegancia-2018\">\r\n\t\t\t\t<img loading=\"lazy\" decoding=\"async\" width=\"640\" height=\"500\" src=\"https:\/\/www.hotelkastiel.sk\/wp-content\/uploads\/2017\/03\/6-640x500.jpg\" class=\"attachment-fleurdesel-medium size-fleurdesel-medium wp-post-image\" alt=\"Umenie a elegancia - stretnutie veter\u00e1nov\" \/>\t\t\t<\/a>\r\n\t\t\t<\/div>\r\n<\/div>\r\n\r\n\t<div class=\"post-data\">\r\n\t\t<div class=\"post-date\"><a href=\"https:\/\/www.hotelkastiel.sk\/en\/novinky\/umenie-a-elegancia-2018\" rel=\"bookmark\"><time class=\"entry-date published\" datetime=\"2018-06-24T09:00:46+01:00\">24.06.2018<\/time><time class=\"updated\" datetime=\"2019-05-23T19:01:24+01:00\">23.05.2019<\/time><\/a><\/div>\r\n\t\t<h2 class=\"post-title\"><a href=\"https:\/\/www.hotelkastiel.sk\/en\/novinky\/umenie-a-elegancia-2018\" rel=\"bookmark\">Umenie a elegancia 2018<\/a><\/h2>\r\n\t\t<div class=\"post-meta\">\r\n\t<ul>\r\n\t\t<li>\r\n\t\t\tPosted by <span class=\"author vcard\"><a class=\"url fn n\" href=\"https:\/\/www.hotelkastiel.sk\/en\/author\/mimac\/\">Milan Fabian<\/a><\/span> in <a href=\"https:\/\/www.hotelkastiel.sk\/en\/category\/unkategorisiert\/\" rel=\"category tag\">Unkategorisiert<\/a>\t\t<\/li>\r\n\r\n\t\t<li>\r\n\t\t\t<span>Comments Off<span class=\"screen-reader-text\"> on Umenie a elegancia 2018<\/span><\/span>\t\t<\/li>\r\n\t<\/ul>\r\n<\/div>\r\n\r\n\t\t<div class=\"post-content\">\r\n\t\t\t<p>V nede\u013eu 24.6.2018 sa v Art Hoteli Ka\u0161tie\u013e uskuto\u010dnil u\u017e \u0161tvrt\u00fd ro\u010dn\u00edk stretnutia zberate\u013eov a milovn\u00edkov historick\u00fdch vozidiel pod n\u00e1zvom Umenie a elegancia. Mottom stretnutia bolo \u201e100 rokov \u010ceskoslovenska\u201c. Op\u00e4\u0165 sme v spolupr\u00e1ci s Veter\u00e1n klubom Bratislava pripravili program pre milovn\u00edkov historick\u00fdch vozidiel na \u010derstvo pokosenom anglickom tr\u00e1vniku. M\u00f3dnu prehliadku V\u00e1m predviedla skupina Dantes, zahrala [&hellip;]<\/p>\n\t\t<a href=\"https:\/\/www.hotelkastiel.sk\/en\/novinky\/umenie-a-elegancia-2018\" class=\"btn-view fz-12 font-600 text-gray-8989 text-uppercase\">\n\t\t\t\u010c\u00edta\u0165 viac\t\t<\/a>\n\t\t\t\t<\/div><!-- .post-content -->\r\n\t<\/div>\r\n<\/article><!-- #post-## -->\r\n\r\n<article id=\"post-3672\" class=\"post-3672 post type-post status-publish format-standard has-post-thumbnail hentry category-uncategorized\">\r\n\t<div class=\"post-media\">\r\n\t<div class=\"post-image\">\r\n\t\t\t\t\t<a href=\"https:\/\/www.hotelkastiel.sk\/en\/novinky\/umenie-a-elegancia-2018\">\r\n\t\t\t\t<img loading=\"lazy\" decoding=\"async\" width=\"640\" height=\"500\" src=\"https:\/\/www.hotelkastiel.sk\/wp-content\/uploads\/2017\/03\/6-640x500.jpg\" class=\"attachment-fleurdesel-medium size-fleurdesel-medium wp-post-image\" alt=\"Umenie a elegancia - stretnutie veter\u00e1nov\" \/>\t\t\t<\/a>\r\n\t\t\t<\/div>\r\n<\/div>\r\n\r\n\t<div class=\"post-data\">\r\n\t\t<div class=\"post-date\"><a href=\"https:\/\/www.hotelkastiel.sk\/en\/novinky\/umenie-a-elegancia-2018\" rel=\"bookmark\"><time class=\"entry-date published\" datetime=\"2018-06-24T09:00:46+01:00\">24.06.2018<\/time><time class=\"updated\" datetime=\"2019-05-23T19:01:24+01:00\">23.05.2019<\/time><\/a><\/div>\r\n\t\t<h2 class=\"post-title\"><a href=\"https:\/\/www.hotelkastiel.sk\/en\/novinky\/umenie-a-elegancia-2018\" rel=\"bookmark\">Umenie a elegancia 2018<\/a><\/h2>\r\n\t\t<div class=\"post-meta\">\r\n\t<ul>\r\n\t\t<li>\r\n\t\t\tPosted by <span class=\"author vcard\"><a class=\"url fn n\" href=\"https:\/\/www.hotelkastiel.sk\/en\/author\/mimac\/\">Milan Fabian<\/a><\/span> in <a href=\"https:\/\/www.hotelkastiel.sk\/en\/category\/uncategorized\/\" rel=\"category tag\">Uncategorized<\/a>\t\t<\/li>\r\n\r\n\t\t<li>\r\n\t\t\t<span>Comments Off<span class=\"screen-reader-text\"> on Umenie a elegancia 2018<\/span><\/span>\t\t<\/li>\r\n\t<\/ul>\r\n<\/div>\r\n\r\n\t\t<div class=\"post-content\">\r\n\t\t\t<p>V nede\u013eu 24.6.2018 sa v Art Hoteli Ka\u0161tie\u013e uskuto\u010dnil u\u017e \u0161tvrt\u00fd ro\u010dn\u00edk stretnutia zberate\u013eov a milovn\u00edkov historick\u00fdch vozidiel pod n\u00e1zvom Umenie a elegancia. Mottom stretnutia bolo \u201e100 rokov \u010ceskoslovenska\u201c. Op\u00e4\u0165 sme v spolupr\u00e1ci s Veter\u00e1n klubom Bratislava pripravili program pre milovn\u00edkov historick\u00fdch vozidiel na \u010derstvo pokosenom anglickom tr\u00e1vniku. M\u00f3dnu prehliadku V\u00e1m predviedla skupina Dantes, zahrala [&hellip;]<\/p>\n\t\t<a href=\"https:\/\/www.hotelkastiel.sk\/en\/novinky\/umenie-a-elegancia-2018\" class=\"btn-view fz-12 font-600 text-gray-8989 text-uppercase\">\n\t\t\t\u010c\u00edta\u0165 viac\t\t<\/a>\n\t\t\t\t<\/div><!-- .post-content -->\r\n\t<\/div>\r\n<\/article><!-- #post-## -->\r\n\r\n<article id=\"post-68\" class=\"post-68 post type-post status-publish format-standard has-post-thumbnail hentry category-uncategorized-sk\">\r\n\t<div class=\"post-media\">\r\n\t<div class=\"post-image\">\r\n\t\t\t\t\t<a href=\"https:\/\/www.hotelkastiel.sk\/en\/novinky\/umenie-a-elegancia-2018\">\r\n\t\t\t\t<img loading=\"lazy\" decoding=\"async\" width=\"640\" height=\"500\" src=\"https:\/\/www.hotelkastiel.sk\/wp-content\/uploads\/2017\/03\/6-640x500.jpg\" class=\"attachment-fleurdesel-medium size-fleurdesel-medium wp-post-image\" alt=\"Umenie a elegancia - stretnutie veter\u00e1nov\" \/>\t\t\t<\/a>\r\n\t\t\t<\/div>\r\n<\/div>\r\n\r\n\t<div class=\"post-data\">\r\n\t\t<div class=\"post-date\"><a href=\"https:\/\/www.hotelkastiel.sk\/en\/novinky\/umenie-a-elegancia-2018\" rel=\"bookmark\"><time class=\"entry-date published\" datetime=\"2018-06-24T09:00:46+01:00\">24.06.2018<\/time><time class=\"updated\" datetime=\"2019-05-23T19:01:23+01:00\">23.05.2019<\/time><\/a><\/div>\r\n\t\t<h2 class=\"post-title\"><a href=\"https:\/\/www.hotelkastiel.sk\/en\/novinky\/umenie-a-elegancia-2018\" rel=\"bookmark\">Umenie a elegancia 2018<\/a><\/h2>\r\n\t\t<div class=\"post-meta\">\r\n\t<ul>\r\n\t\t<li>\r\n\t\t\tPosted by <span class=\"author vcard\"><a class=\"url fn n\" href=\"https:\/\/www.hotelkastiel.sk\/en\/author\/mimac\/\">Milan Fabian<\/a><\/span> in <a href=\"https:\/\/www.hotelkastiel.sk\/en\/category\/uncategorized-sk\/\" rel=\"category tag\">Uncategorized @sk<\/a>\t\t<\/li>\r\n\r\n\t\t<li>\r\n\t\t\t<span>Comments Off<span class=\"screen-reader-text\"> on Umenie a elegancia 2018<\/span><\/span>\t\t<\/li>\r\n\t<\/ul>\r\n<\/div>\r\n\r\n\t\t<div class=\"post-content\">\r\n\t\t\t<p>V nede\u013eu 24.6.2018 sa v Art Hoteli Ka\u0161tie\u013e uskuto\u010dnil u\u017e \u0161tvrt\u00fd ro\u010dn\u00edk stretnutia zberate\u013eov a milovn\u00edkov historick\u00fdch vozidiel pod n\u00e1zvom Umenie a elegancia. Mottom stretnutia bolo \u201e100 rokov \u010ceskoslovenska\u201c. Op\u00e4\u0165 sme v spolupr\u00e1ci s Veter\u00e1n klubom Bratislava pripravili program pre milovn\u00edkov historick\u00fdch vozidiel na \u010derstvo pokosenom anglickom tr\u00e1vniku. M\u00f3dnu prehliadku V\u00e1m predviedla skupina Dantes, zahrala [&hellip;]<\/p>\n\t\t<a href=\"https:\/\/www.hotelkastiel.sk\/en\/novinky\/umenie-a-elegancia-2018\" class=\"btn-view fz-12 font-600 text-gray-8989 text-uppercase\">\n\t\t\t\u010c\u00edta\u0165 viac\t\t<\/a>\n\t\t\t\t<\/div><!-- .post-content -->\r\n\t<\/div>\r\n<\/article><!-- #post-## -->\r\n\r\n<article id=\"post-3675\" class=\"post-3675 post type-post status-publish format-standard has-post-thumbnail hentry category-unkategorisiert\">\r\n\t<div class=\"post-media\">\r\n\t<div class=\"post-image\">\r\n\t\t\t\t\t<a href=\"https:\/\/www.hotelkastiel.sk\/en\/novinky\/ocenenie-gurman-award-2018\">\r\n\t\t\t\t<img loading=\"lazy\" decoding=\"async\" width=\"640\" height=\"500\" src=\"https:\/\/www.hotelkastiel.sk\/wp-content\/uploads\/2017\/03\/11-640x500.jpg\" class=\"attachment-fleurdesel-medium size-fleurdesel-medium wp-post-image\" alt=\"\" \/>\t\t\t<\/a>\r\n\t\t\t<\/div>\r\n<\/div>\r\n\r\n\t<div class=\"post-data\">\r\n\t\t<div class=\"post-date\"><a href=\"https:\/\/www.hotelkastiel.sk\/en\/novinky\/ocenenie-gurman-award-2018\" rel=\"bookmark\"><time class=\"entry-date published\" datetime=\"2018-06-24T08:00:57+01:00\">24.06.2018<\/time><time class=\"updated\" datetime=\"2019-05-15T21:02:01+01:00\">15.05.2019<\/time><\/a><\/div>\r\n\t\t<h2 class=\"post-title\"><a href=\"https:\/\/www.hotelkastiel.sk\/en\/novinky\/ocenenie-gurman-award-2018\" rel=\"bookmark\">Ocenenie Gurm\u00e1n Award 2018<\/a><\/h2>\r\n\t\t<div class=\"post-meta\">\r\n\t<ul>\r\n\t\t<li>\r\n\t\t\tPosted by <span class=\"author vcard\"><a class=\"url fn n\" href=\"https:\/\/www.hotelkastiel.sk\/en\/author\/mimac\/\">Milan Fabian<\/a><\/span> in <a href=\"https:\/\/www.hotelkastiel.sk\/en\/category\/unkategorisiert\/\" rel=\"category tag\">Unkategorisiert<\/a>\t\t<\/li>\r\n\r\n\t\t<li>\r\n\t\t\t<span>Comments Off<span class=\"screen-reader-text\"> on Ocenenie Gurm\u00e1n Award 2018<\/span><\/span>\t\t<\/li>\r\n\t<\/ul>\r\n<\/div>\r\n\r\n\t\t<div class=\"post-content\">\r\n\t\t\t<p>Re\u0161taur\u00e1cia Regnum v priestoroch Art Hotela Ka\u0161tie\u013e z\u00edskala na ude\u013eovan\u00ed cien Gurm\u00e1n Award 3. miesto v kateg\u00f3rii hotelov\u00e1 re\u0161taur\u00e1cia roka. V mene \u0161\u00e9fkuch\u00e1ra Rastislava Miklovi\u010da za toto ocenenie \u010fakujeme a berieme ho ako z\u00e1v\u00e4zok do bud\u00facnosti, aby sme na\u0161e slu\u017eby dostali na e\u0161te vy\u0161\u0161iu \u00farove\u0148.<\/p>\n\t\t<a href=\"https:\/\/www.hotelkastiel.sk\/en\/novinky\/ocenenie-gurman-award-2018\" class=\"btn-view fz-12 font-600 text-gray-8989 text-uppercase\">\n\t\t\t\u010c\u00edta\u0165 viac\t\t<\/a>\n\t\t\t\t<\/div><!-- .post-content -->\r\n\t<\/div>\r\n<\/article><!-- #post-## -->\r\n\r\n<article id=\"post-3674\" class=\"post-3674 post type-post status-publish format-standard has-post-thumbnail hentry category-uncategorized\">\r\n\t<div class=\"post-media\">\r\n\t<div class=\"post-image\">\r\n\t\t\t\t\t<a href=\"https:\/\/www.hotelkastiel.sk\/en\/novinky\/ocenenie-gurman-award-2018\">\r\n\t\t\t\t<img loading=\"lazy\" decoding=\"async\" width=\"640\" height=\"500\" src=\"https:\/\/www.hotelkastiel.sk\/wp-content\/uploads\/2017\/03\/11-640x500.jpg\" class=\"attachment-fleurdesel-medium size-fleurdesel-medium wp-post-image\" alt=\"\" \/>\t\t\t<\/a>\r\n\t\t\t<\/div>\r\n<\/div>\r\n\r\n\t<div class=\"post-data\">\r\n\t\t<div class=\"post-date\"><a href=\"https:\/\/www.hotelkastiel.sk\/en\/novinky\/ocenenie-gurman-award-2018\" rel=\"bookmark\"><time class=\"entry-date published\" datetime=\"2018-06-24T08:00:57+01:00\">24.06.2018<\/time><time class=\"updated\" datetime=\"2019-05-15T21:02:01+01:00\">15.05.2019<\/time><\/a><\/div>\r\n\t\t<h2 class=\"post-title\"><a href=\"https:\/\/www.hotelkastiel.sk\/en\/novinky\/ocenenie-gurman-award-2018\" rel=\"bookmark\">Ocenenie Gurm\u00e1n Award 2018<\/a><\/h2>\r\n\t\t<div class=\"post-meta\">\r\n\t<ul>\r\n\t\t<li>\r\n\t\t\tPosted by <span class=\"author vcard\"><a class=\"url fn n\" href=\"https:\/\/www.hotelkastiel.sk\/en\/author\/mimac\/\">Milan Fabian<\/a><\/span> in <a href=\"https:\/\/www.hotelkastiel.sk\/en\/category\/uncategorized\/\" rel=\"category tag\">Uncategorized<\/a>\t\t<\/li>\r\n\r\n\t\t<li>\r\n\t\t\t<span>Comments Off<span class=\"screen-reader-text\"> on Ocenenie Gurm\u00e1n Award 2018<\/span><\/span>\t\t<\/li>\r\n\t<\/ul>\r\n<\/div>\r\n\r\n\t\t<div class=\"post-content\">\r\n\t\t\t<p>Re\u0161taur\u00e1cia Regnum v priestoroch Art Hotela Ka\u0161tie\u013e z\u00edskala na ude\u013eovan\u00ed cien Gurm\u00e1n Award 3. miesto v kateg\u00f3rii hotelov\u00e1 re\u0161taur\u00e1cia roka. V mene \u0161\u00e9fkuch\u00e1ra Rastislava Miklovi\u010da za toto ocenenie \u010fakujeme a berieme ho ako z\u00e1v\u00e4zok do bud\u00facnosti, aby sme na\u0161e slu\u017eby dostali na e\u0161te vy\u0161\u0161iu \u00farove\u0148.<\/p>\n\t\t<a href=\"https:\/\/www.hotelkastiel.sk\/en\/novinky\/ocenenie-gurman-award-2018\" class=\"btn-view fz-12 font-600 text-gray-8989 text-uppercase\">\n\t\t\t\u010c\u00edta\u0165 viac\t\t<\/a>\n\t\t\t\t<\/div><!-- .post-content -->\r\n\t<\/div>\r\n<\/article><!-- #post-## -->\r\n\r\n<article id=\"post-57\" class=\"post-57 post type-post status-publish format-standard has-post-thumbnail hentry category-uncategorized-sk\">\r\n\t<div class=\"post-media\">\r\n\t<div class=\"post-image\">\r\n\t\t\t\t\t<a href=\"https:\/\/www.hotelkastiel.sk\/en\/novinky\/ocenenie-gurman-award-2018\">\r\n\t\t\t\t<img loading=\"lazy\" decoding=\"async\" width=\"640\" height=\"500\" src=\"https:\/\/www.hotelkastiel.sk\/wp-content\/uploads\/2017\/03\/11-640x500.jpg\" class=\"attachment-fleurdesel-medium size-fleurdesel-medium wp-post-image\" alt=\"\" \/>\t\t\t<\/a>\r\n\t\t\t<\/div>\r\n<\/div>\r\n\r\n\t<div class=\"post-data\">\r\n\t\t<div class=\"post-date\"><a href=\"https:\/\/www.hotelkastiel.sk\/en\/novinky\/ocenenie-gurman-award-2018\" rel=\"bookmark\"><time class=\"entry-date published\" datetime=\"2018-06-24T08:00:57+01:00\">24.06.2018<\/time><time class=\"updated\" datetime=\"2019-05-15T21:02:01+01:00\">15.05.2019<\/time><\/a><\/div>\r\n\t\t<h2 class=\"post-title\"><a href=\"https:\/\/www.hotelkastiel.sk\/en\/novinky\/ocenenie-gurman-award-2018\" rel=\"bookmark\">Ocenenie Gurm\u00e1n Award 2018<\/a><\/h2>\r\n\t\t<div class=\"post-meta\">\r\n\t<ul>\r\n\t\t<li>\r\n\t\t\tPosted by <span class=\"author vcard\"><a class=\"url fn n\" href=\"https:\/\/www.hotelkastiel.sk\/en\/author\/mimac\/\">Milan Fabian<\/a><\/span> in <a href=\"https:\/\/www.hotelkastiel.sk\/en\/category\/uncategorized-sk\/\" rel=\"category tag\">Uncategorized @sk<\/a>\t\t<\/li>\r\n\r\n\t\t<li>\r\n\t\t\t<span>Comments Off<span class=\"screen-reader-text\"> on Ocenenie Gurm\u00e1n Award 2018<\/span><\/span>\t\t<\/li>\r\n\t<\/ul>\r\n<\/div>\r\n\r\n\t\t<div class=\"post-content\">\r\n\t\t\t<p>Re\u0161taur\u00e1cia Regnum v priestoroch Art Hotela Ka\u0161tie\u013e z\u00edskala na ude\u013eovan\u00ed cien Gurm\u00e1n Award 3. miesto v kateg\u00f3rii hotelov\u00e1 re\u0161taur\u00e1cia roka. V mene \u0161\u00e9fkuch\u00e1ra Rastislava Miklovi\u010da za toto ocenenie \u010fakujeme a berieme ho ako z\u00e1v\u00e4zok do bud\u00facnosti, aby sme na\u0161e slu\u017eby dostali na e\u0161te vy\u0161\u0161iu \u00farove\u0148.<\/p>\n\t\t<a href=\"https:\/\/www.hotelkastiel.sk\/en\/novinky\/ocenenie-gurman-award-2018\" class=\"btn-view fz-12 font-600 text-gray-8989 text-uppercase\">\n\t\t\t\u010c\u00edta\u0165 viac\t\t<\/a>\n\t\t\t\t<\/div><!-- .post-content -->\r\n\t<\/div>\r\n<\/article><!-- #post-## -->\r\n\r\n<article id=\"post-3679\" class=\"post-3679 post type-post status-publish format-standard has-post-thumbnail hentry category-uncategorized\">\r\n\t<div class=\"post-media\">\r\n\t<div class=\"post-image\">\r\n\t\t\t\t\t<a href=\"https:\/\/www.hotelkastiel.sk\/en\/novinky\/otvorene-zahrady-2018\">\r\n\t\t\t\t<img loading=\"lazy\" decoding=\"async\" width=\"640\" height=\"500\" src=\"https:\/\/www.hotelkastiel.sk\/wp-content\/uploads\/2017\/03\/12-640x500.jpg\" class=\"attachment-fleurdesel-medium size-fleurdesel-medium wp-post-image\" alt=\"\" \/>\t\t\t<\/a>\r\n\t\t\t<\/div>\r\n<\/div>\r\n\r\n\t<div class=\"post-data\">\r\n\t\t<div class=\"post-date\"><a href=\"https:\/\/www.hotelkastiel.sk\/en\/novinky\/otvorene-zahrady-2018\" rel=\"bookmark\"><time class=\"entry-date published\" datetime=\"2018-06-03T08:00:19+01:00\">03.06.2018<\/time><time class=\"updated\" datetime=\"2019-05-15T21:02:19+01:00\">15.05.2019<\/time><\/a><\/div>\r\n\t\t<h2 class=\"post-title\"><a href=\"https:\/\/www.hotelkastiel.sk\/en\/novinky\/otvorene-zahrady-2018\" rel=\"bookmark\">V\u00edkend otvoren\u00fdch parkov a z\u00e1hrad 2018<\/a><\/h2>\r\n\t\t<div class=\"post-meta\">\r\n\t<ul>\r\n\t\t<li>\r\n\t\t\tPosted by <span class=\"author vcard\"><a class=\"url fn n\" href=\"https:\/\/www.hotelkastiel.sk\/en\/author\/mimac\/\">Milan Fabian<\/a><\/span> in <a href=\"https:\/\/www.hotelkastiel.sk\/en\/category\/uncategorized\/\" rel=\"category tag\">Uncategorized<\/a>\t\t<\/li>\r\n\r\n\t\t<li>\r\n\t\t\t<span>Comments Off<span class=\"screen-reader-text\"> on V\u00edkend otvoren\u00fdch parkov a z\u00e1hrad 2018<\/span><\/span>\t\t<\/li>\r\n\t<\/ul>\r\n<\/div>\r\n\r\n\t\t<div class=\"post-content\">\r\n\t\t\t<p>K desiatenu ro\u010dn\u00edku kult\u00farno-vzdel\u00e1vacieho podujatia V\u00edkend otvoren\u00fdch parkov a&nbsp;z\u00e1hrad sa aj tento kr\u00e1t pridal Art Hotel Ka\u0161tie\u013e. Historick\u00fdm anglick\u00fdm parkom, ktor\u00fd obklopuje ka\u0161tie\u013e, V\u00e1s previedol historik Jozef Lenhart, ktor\u00fd spolupracoval na poslednej obnove ka\u0161tie\u013ea a parku v rokoch 2007 &#8211; 2010. &nbsp;<\/p>\n\t\t<a href=\"https:\/\/www.hotelkastiel.sk\/en\/novinky\/otvorene-zahrady-2018\" class=\"btn-view fz-12 font-600 text-gray-8989 text-uppercase\">\n\t\t\t\u010c\u00edta\u0165 viac\t\t<\/a>\n\t\t\t\t<\/div><!-- .post-content -->\r\n\t<\/div>\r\n<\/article><!-- #post-## -->\r\n\r\n<article id=\"post-3678\" class=\"post-3678 post type-post status-publish format-standard has-post-thumbnail hentry category-unkategorisiert\">\r\n\t<div class=\"post-media\">\r\n\t<div class=\"post-image\">\r\n\t\t\t\t\t<a href=\"https:\/\/www.hotelkastiel.sk\/en\/novinky\/otvorene-zahrady-2018\">\r\n\t\t\t\t<img loading=\"lazy\" decoding=\"async\" width=\"640\" height=\"500\" src=\"https:\/\/www.hotelkastiel.sk\/wp-content\/uploads\/2017\/03\/12-640x500.jpg\" class=\"attachment-fleurdesel-medium size-fleurdesel-medium wp-post-image\" alt=\"\" \/>\t\t\t<\/a>\r\n\t\t\t<\/div>\r\n<\/div>\r\n\r\n\t<div class=\"post-data\">\r\n\t\t<div class=\"post-date\"><a href=\"https:\/\/www.hotelkastiel.sk\/en\/novinky\/otvorene-zahrady-2018\" rel=\"bookmark\"><time class=\"entry-date published\" datetime=\"2018-06-03T08:00:19+01:00\">03.06.2018<\/time><time class=\"updated\" datetime=\"2019-05-15T21:02:18+01:00\">15.05.2019<\/time><\/a><\/div>\r\n\t\t<h2 class=\"post-title\"><a href=\"https:\/\/www.hotelkastiel.sk\/en\/novinky\/otvorene-zahrady-2018\" rel=\"bookmark\">V\u00edkend otvoren\u00fdch parkov a z\u00e1hrad 2018<\/a><\/h2>\r\n\t\t<div class=\"post-meta\">\r\n\t<ul>\r\n\t\t<li>\r\n\t\t\tPosted by <span class=\"author vcard\"><a class=\"url fn n\" href=\"https:\/\/www.hotelkastiel.sk\/en\/author\/mimac\/\">Milan Fabian<\/a><\/span> in <a href=\"https:\/\/www.hotelkastiel.sk\/en\/category\/unkategorisiert\/\" rel=\"category tag\">Unkategorisiert<\/a>\t\t<\/li>\r\n\r\n\t\t<li>\r\n\t\t\t<span>Comments Off<span class=\"screen-reader-text\"> on V\u00edkend otvoren\u00fdch parkov a z\u00e1hrad 2018<\/span><\/span>\t\t<\/li>\r\n\t<\/ul>\r\n<\/div>\r\n\r\n\t\t<div class=\"post-content\">\r\n\t\t\t<p>K desiatenu ro\u010dn\u00edku kult\u00farno-vzdel\u00e1vacieho podujatia V\u00edkend otvoren\u00fdch parkov a&nbsp;z\u00e1hrad sa aj tento kr\u00e1t pridal Art Hotel Ka\u0161tie\u013e. Historick\u00fdm anglick\u00fdm parkom, ktor\u00fd obklopuje ka\u0161tie\u013e, V\u00e1s previedol historik Jozef Lenhart, ktor\u00fd spolupracoval na poslednej obnove ka\u0161tie\u013ea a parku v rokoch 2007 &#8211; 2010. &nbsp;<\/p>\n\t\t<a href=\"https:\/\/www.hotelkastiel.sk\/en\/novinky\/otvorene-zahrady-2018\" class=\"btn-view fz-12 font-600 text-gray-8989 text-uppercase\">\n\t\t\t\u010c\u00edta\u0165 viac\t\t<\/a>\n\t\t\t\t<\/div><!-- .post-content -->\r\n\t<\/div>\r\n<\/article><!-- #post-## -->\r\n\r\n<article id=\"post-53\" class=\"post-53 post type-post status-publish format-standard has-post-thumbnail hentry category-uncategorized-sk\">\r\n\t<div class=\"post-media\">\r\n\t<div class=\"post-image\">\r\n\t\t\t\t\t<a href=\"https:\/\/www.hotelkastiel.sk\/en\/novinky\/otvorene-zahrady-2018\">\r\n\t\t\t\t<img loading=\"lazy\" decoding=\"async\" width=\"640\" height=\"500\" src=\"https:\/\/www.hotelkastiel.sk\/wp-content\/uploads\/2017\/03\/12-640x500.jpg\" class=\"attachment-fleurdesel-medium size-fleurdesel-medium wp-post-image\" alt=\"\" \/>\t\t\t<\/a>\r\n\t\t\t<\/div>\r\n<\/div>\r\n\r\n\t<div class=\"post-data\">\r\n\t\t<div class=\"post-date\"><a href=\"https:\/\/www.hotelkastiel.sk\/en\/novinky\/otvorene-zahrady-2018\" rel=\"bookmark\"><time class=\"entry-date published\" datetime=\"2018-06-03T08:00:19+01:00\">03.06.2018<\/time><time class=\"updated\" datetime=\"2019-05-15T21:02:18+01:00\">15.05.2019<\/time><\/a><\/div>\r\n\t\t<h2 class=\"post-title\"><a href=\"https:\/\/www.hotelkastiel.sk\/en\/novinky\/otvorene-zahrady-2018\" rel=\"bookmark\">V\u00edkend otvoren\u00fdch parkov a z\u00e1hrad 2018<\/a><\/h2>\r\n\t\t<div class=\"post-meta\">\r\n\t<ul>\r\n\t\t<li>\r\n\t\t\tPosted by <span class=\"author vcard\"><a class=\"url fn n\" href=\"https:\/\/www.hotelkastiel.sk\/en\/author\/mimac\/\">Milan Fabian<\/a><\/span> in <a href=\"https:\/\/www.hotelkastiel.sk\/en\/category\/uncategorized-sk\/\" rel=\"category tag\">Uncategorized @sk<\/a>\t\t<\/li>\r\n\r\n\t\t<li>\r\n\t\t\t<span>Comments Off<span class=\"screen-reader-text\"> on V\u00edkend otvoren\u00fdch parkov a z\u00e1hrad 2018<\/span><\/span>\t\t<\/li>\r\n\t<\/ul>\r\n<\/div>\r\n\r\n\t\t<div class=\"post-content\">\r\n\t\t\t<p>K desiatenu ro\u010dn\u00edku kult\u00farno-vzdel\u00e1vacieho podujatia V\u00edkend otvoren\u00fdch parkov a&nbsp;z\u00e1hrad sa aj tento kr\u00e1t pridal Art Hotel Ka\u0161tie\u013e. Historick\u00fdm anglick\u00fdm parkom, ktor\u00fd obklopuje ka\u0161tie\u013e, V\u00e1s previedol historik Jozef Lenhart, ktor\u00fd spolupracoval na poslednej obnove ka\u0161tie\u013ea a parku v rokoch 2007 &#8211; 2010. &nbsp;<\/p>\n\t\t<a href=\"https:\/\/www.hotelkastiel.sk\/en\/novinky\/otvorene-zahrady-2018\" class=\"btn-view fz-12 font-600 text-gray-8989 text-uppercase\">\n\t\t\t\u010c\u00edta\u0165 viac\t\t<\/a>\n\t\t\t\t<\/div><!-- .post-content -->\r\n\t<\/div>\r\n<\/article><!-- #post-## -->\r\n\r\n<article id=\"post-3681\" class=\"post-3681 post type-post status-publish format-standard has-post-thumbnail hentry category-uncategorized\">\r\n\t<div class=\"post-media\">\r\n\t<div class=\"post-image\">\r\n\t\t\t\t\t<a href=\"https:\/\/www.hotelkastiel.sk\/en\/novinky\/advent-2017\">\r\n\t\t\t\t<img loading=\"lazy\" decoding=\"async\" width=\"640\" height=\"500\" src=\"https:\/\/www.hotelkastiel.sk\/wp-content\/uploads\/2017\/03\/14-640x500.jpg\" class=\"attachment-fleurdesel-medium size-fleurdesel-medium wp-post-image\" alt=\"\" \/>\t\t\t<\/a>\r\n\t\t\t<\/div>\r\n<\/div>\r\n\r\n\t<div class=\"post-data\">\r\n\t\t<div class=\"post-date\"><a href=\"https:\/\/www.hotelkastiel.sk\/en\/novinky\/advent-2017\" rel=\"bookmark\"><time class=\"entry-date published\" datetime=\"2017-12-10T08:00:18+01:00\">10.12.2017<\/time><time class=\"updated\" datetime=\"2019-05-15T21:02:41+01:00\">15.05.2019<\/time><\/a><\/div>\r\n\t\t<h2 class=\"post-title\"><a href=\"https:\/\/www.hotelkastiel.sk\/en\/novinky\/advent-2017\" rel=\"bookmark\">Adventn\u00fd koncert 2017<\/a><\/h2>\r\n\t\t<div class=\"post-meta\">\r\n\t<ul>\r\n\t\t<li>\r\n\t\t\tPosted by <span class=\"author vcard\"><a class=\"url fn n\" href=\"https:\/\/www.hotelkastiel.sk\/en\/author\/mimac\/\">Milan Fabian<\/a><\/span> in <a href=\"https:\/\/www.hotelkastiel.sk\/en\/category\/uncategorized\/\" rel=\"category tag\">Uncategorized<\/a>\t\t<\/li>\r\n\r\n\t\t<li>\r\n\t\t\t<span>Comments Off<span class=\"screen-reader-text\"> on Adventn\u00fd koncert 2017<\/span><\/span>\t\t<\/li>\r\n\t<\/ul>\r\n<\/div>\r\n\r\n\t\t<div class=\"post-content\">\r\n\t\t\t<p>Sed ut perspiciatis unde omnis iste natus error sit voluptatem accusantium doloremque laudantium, totam rem aperiam, eaque ipsa quae ab illo inventore veritatis et quasi atecto beatae vitae dicta sunt explicabo.<\/p>\n\t\t<a href=\"https:\/\/www.hotelkastiel.sk\/en\/novinky\/advent-2017\" class=\"btn-view fz-12 font-600 text-gray-8989 text-uppercase\">\n\t\t\t\u010c\u00edta\u0165 viac\t\t<\/a>\n\t\t\t\t<\/div><!-- .post-content -->\r\n\t<\/div>\r\n<\/article><!-- #post-## -->\r\n\r\n<article id=\"post-3680\" class=\"post-3680 post type-post status-publish format-standard has-post-thumbnail hentry category-unkategorisiert\">\r\n\t<div class=\"post-media\">\r\n\t<div class=\"post-image\">\r\n\t\t\t\t\t<a href=\"https:\/\/www.hotelkastiel.sk\/en\/novinky\/advent-2017\">\r\n\t\t\t\t<img loading=\"lazy\" decoding=\"async\" width=\"640\" height=\"500\" src=\"https:\/\/www.hotelkastiel.sk\/wp-content\/uploads\/2017\/03\/14-640x500.jpg\" class=\"attachment-fleurdesel-medium size-fleurdesel-medium wp-post-image\" alt=\"\" \/>\t\t\t<\/a>\r\n\t\t\t<\/div>\r\n<\/div>\r\n\r\n\t<div class=\"post-data\">\r\n\t\t<div class=\"post-date\"><a href=\"https:\/\/www.hotelkastiel.sk\/en\/novinky\/advent-2017\" rel=\"bookmark\"><time class=\"entry-date published\" datetime=\"2017-12-10T08:00:18+01:00\">10.12.2017<\/time><time class=\"updated\" datetime=\"2019-05-15T21:02:39+01:00\">15.05.2019<\/time><\/a><\/div>\r\n\t\t<h2 class=\"post-title\"><a href=\"https:\/\/www.hotelkastiel.sk\/en\/novinky\/advent-2017\" rel=\"bookmark\">Adventn\u00fd koncert 2017<\/a><\/h2>\r\n\t\t<div class=\"post-meta\">\r\n\t<ul>\r\n\t\t<li>\r\n\t\t\tPosted by <span class=\"author vcard\"><a class=\"url fn n\" href=\"https:\/\/www.hotelkastiel.sk\/en\/author\/mimac\/\">Milan Fabian<\/a><\/span> in <a href=\"https:\/\/www.hotelkastiel.sk\/en\/category\/unkategorisiert\/\" rel=\"category tag\">Unkategorisiert<\/a>\t\t<\/li>\r\n\r\n\t\t<li>\r\n\t\t\t<span>Comments Off<span class=\"screen-reader-text\"> on Adventn\u00fd koncert 2017<\/span><\/span>\t\t<\/li>\r\n\t<\/ul>\r\n<\/div>\r\n\r\n\t\t<div class=\"post-content\">\r\n\t\t\t<p>Sed ut perspiciatis unde omnis iste natus error sit voluptatem accusantium doloremque laudantium, totam rem aperiam, eaque ipsa quae ab illo inventore veritatis et quasi atecto beatae vitae dicta sunt explicabo.<\/p>\n\t\t<a href=\"https:\/\/www.hotelkastiel.sk\/en\/novinky\/advent-2017\" class=\"btn-view fz-12 font-600 text-gray-8989 text-uppercase\">\n\t\t\t\u010c\u00edta\u0165 viac\t\t<\/a>\n\t\t\t\t<\/div><!-- .post-content -->\r\n\t<\/div>\r\n<\/article><!-- #post-## -->\r\n\r\n<article id=\"post-50\" class=\"post-50 post type-post status-publish format-standard has-post-thumbnail hentry category-uncategorized-sk\">\r\n\t<div class=\"post-media\">\r\n\t<div class=\"post-image\">\r\n\t\t\t\t\t<a href=\"https:\/\/www.hotelkastiel.sk\/en\/novinky\/advent-2017\">\r\n\t\t\t\t<img loading=\"lazy\" decoding=\"async\" width=\"640\" height=\"500\" src=\"https:\/\/www.hotelkastiel.sk\/wp-content\/uploads\/2017\/03\/14-640x500.jpg\" class=\"attachment-fleurdesel-medium size-fleurdesel-medium wp-post-image\" alt=\"\" \/>\t\t\t<\/a>\r\n\t\t\t<\/div>\r\n<\/div>\r\n\r\n\t<div class=\"post-data\">\r\n\t\t<div class=\"post-date\"><a href=\"https:\/\/www.hotelkastiel.sk\/en\/novinky\/advent-2017\" rel=\"bookmark\"><time class=\"entry-date published\" datetime=\"2017-12-10T08:00:18+01:00\">10.12.2017<\/time><time class=\"updated\" datetime=\"2019-05-15T21:02:39+01:00\">15.05.2019<\/time><\/a><\/div>\r\n\t\t<h2 class=\"post-title\"><a href=\"https:\/\/www.hotelkastiel.sk\/en\/novinky\/advent-2017\" rel=\"bookmark\">Adventn\u00fd koncert 2017<\/a><\/h2>\r\n\t\t<div class=\"post-meta\">\r\n\t<ul>\r\n\t\t<li>\r\n\t\t\tPosted by <span class=\"author vcard\"><a class=\"url fn n\" href=\"https:\/\/www.hotelkastiel.sk\/en\/author\/mimac\/\">Milan Fabian<\/a><\/span> in <a href=\"https:\/\/www.hotelkastiel.sk\/en\/category\/uncategorized-sk\/\" rel=\"category tag\">Uncategorized @sk<\/a>\t\t<\/li>\r\n\r\n\t\t<li>\r\n\t\t\t<span>Comments Off<span class=\"screen-reader-text\"> on Adventn\u00fd koncert 2017<\/span><\/span>\t\t<\/li>\r\n\t<\/ul>\r\n<\/div>\r\n\r\n\t\t<div class=\"post-content\">\r\n\t\t\t<p>Sed ut perspiciatis unde omnis iste natus error sit voluptatem accusantium doloremque laudantium, totam rem aperiam, eaque ipsa quae ab illo inventore veritatis et quasi atecto beatae vitae dicta sunt explicabo.<\/p>\n\t\t<a href=\"https:\/\/www.hotelkastiel.sk\/en\/novinky\/advent-2017\" class=\"btn-view fz-12 font-600 text-gray-8989 text-uppercase\">\n\t\t\t\u010c\u00edta\u0165 viac\t\t<\/a>\n\t\t\t\t<\/div><!-- .post-content -->\r\n\t<\/div>\r\n<\/article><!-- #post-## -->\r\n\r\n<article id=\"post-3683\" class=\"post-3683 post type-post status-publish format-standard has-post-thumbnail hentry category-unkategorisiert\">\r\n\t<div class=\"post-media\">\r\n\t<div class=\"post-image\">\r\n\t\t\t\t\t<a href=\"https:\/\/www.hotelkastiel.sk\/en\/novinky\/umenie-a-elegancia-2017\">\r\n\t\t\t\t<img loading=\"lazy\" decoding=\"async\" width=\"640\" height=\"500\" src=\"https:\/\/www.hotelkastiel.sk\/wp-content\/uploads\/2017\/03\/20-640x500.jpg\" class=\"attachment-fleurdesel-medium size-fleurdesel-medium wp-post-image\" alt=\"\" \/>\t\t\t<\/a>\r\n\t\t\t<\/div>\r\n<\/div>\r\n\r\n\t<div class=\"post-data\">\r\n\t\t<div class=\"post-date\"><a href=\"https:\/\/www.hotelkastiel.sk\/en\/novinky\/umenie-a-elegancia-2017\" rel=\"bookmark\"><time class=\"entry-date published\" datetime=\"2017-09-10T08:20:12+01:00\">10.09.2017<\/time><time class=\"updated\" datetime=\"2019-05-15T21:02:44+01:00\">15.05.2019<\/time><\/a><\/div>\r\n\t\t<h2 class=\"post-title\"><a href=\"https:\/\/www.hotelkastiel.sk\/en\/novinky\/umenie-a-elegancia-2017\" rel=\"bookmark\">Umenie a elegancia 2017<\/a><\/h2>\r\n\t\t<div class=\"post-meta\">\r\n\t<ul>\r\n\t\t<li>\r\n\t\t\tPosted by <span class=\"author vcard\"><a class=\"url fn n\" href=\"https:\/\/www.hotelkastiel.sk\/en\/author\/mimac\/\">Milan Fabian<\/a><\/span> in <a href=\"https:\/\/www.hotelkastiel.sk\/en\/category\/unkategorisiert\/\" rel=\"category tag\">Unkategorisiert<\/a>\t\t<\/li>\r\n\r\n\t\t<li>\r\n\t\t\t<span>Comments Off<span class=\"screen-reader-text\"> on Umenie a elegancia 2017<\/span><\/span>\t\t<\/li>\r\n\t<\/ul>\r\n<\/div>\r\n\r\n\t\t<div class=\"post-content\">\r\n\t\t\t<p>Veter\u00e1n klub Bratislava a Art Hotel Ka\u0161tie\u013e Tom\u00e1\u0161ov usporiadali v nede\u013eu 10.9.2017 u\u017e III. ro\u010dn\u00edk stretnutia historick\u00fdch vozidiel pod n\u00e1zvom &#8222;Umenie a elegancia&#8220;. Op\u00e4\u0165 sme pripravili program pre milovn\u00edkov historick\u00fdch vozidiel na \u010derstvo pokosenom anglickom tr\u00e1vniku, tentoraz in\u0161pirovan\u00fd zlat\u00fdmi \u0161es\u0165desiatymi rokmi, ktor\u00e9 vystihuje to zn\u00e1me talianske La Dolce Vita. \u0160es\u0165desiate roky&#8230; Eur\u00f3pa za\u010d\u00edna d\u00fdcha\u0165 pohodou [&hellip;]<\/p>\n\t\t<a href=\"https:\/\/www.hotelkastiel.sk\/en\/novinky\/umenie-a-elegancia-2017\" class=\"btn-view fz-12 font-600 text-gray-8989 text-uppercase\">\n\t\t\t\u010c\u00edta\u0165 viac\t\t<\/a>\n\t\t\t\t<\/div><!-- .post-content -->\r\n\t<\/div>\r\n<\/article><!-- #post-## -->\r\n\r\n<article id=\"post-3682\" class=\"post-3682 post type-post status-publish format-standard has-post-thumbnail hentry category-uncategorized\">\r\n\t<div class=\"post-media\">\r\n\t<div class=\"post-image\">\r\n\t\t\t\t\t<a href=\"https:\/\/www.hotelkastiel.sk\/en\/novinky\/umenie-a-elegancia-2017\">\r\n\t\t\t\t<img loading=\"lazy\" decoding=\"async\" width=\"640\" height=\"500\" src=\"https:\/\/www.hotelkastiel.sk\/wp-content\/uploads\/2017\/03\/20-640x500.jpg\" class=\"attachment-fleurdesel-medium size-fleurdesel-medium wp-post-image\" alt=\"\" \/>\t\t\t<\/a>\r\n\t\t\t<\/div>\r\n<\/div>\r\n\r\n\t<div class=\"post-data\">\r\n\t\t<div class=\"post-date\"><a href=\"https:\/\/www.hotelkastiel.sk\/en\/novinky\/umenie-a-elegancia-2017\" rel=\"bookmark\"><time class=\"entry-date published\" datetime=\"2017-09-10T08:20:12+01:00\">10.09.2017<\/time><time class=\"updated\" datetime=\"2019-05-15T21:02:44+01:00\">15.05.2019<\/time><\/a><\/div>\r\n\t\t<h2 class=\"post-title\"><a href=\"https:\/\/www.hotelkastiel.sk\/en\/novinky\/umenie-a-elegancia-2017\" rel=\"bookmark\">Umenie a elegancia 2017<\/a><\/h2>\r\n\t\t<div class=\"post-meta\">\r\n\t<ul>\r\n\t\t<li>\r\n\t\t\tPosted by <span class=\"author vcard\"><a class=\"url fn n\" href=\"https:\/\/www.hotelkastiel.sk\/en\/author\/mimac\/\">Milan Fabian<\/a><\/span> in <a href=\"https:\/\/www.hotelkastiel.sk\/en\/category\/uncategorized\/\" rel=\"category tag\">Uncategorized<\/a>\t\t<\/li>\r\n\r\n\t\t<li>\r\n\t\t\t<span>Comments Off<span class=\"screen-reader-text\"> on Umenie a elegancia 2017<\/span><\/span>\t\t<\/li>\r\n\t<\/ul>\r\n<\/div>\r\n\r\n\t\t<div class=\"post-content\">\r\n\t\t\t<p>Veter\u00e1n klub Bratislava a Art Hotel Ka\u0161tie\u013e Tom\u00e1\u0161ov usporiadali v nede\u013eu 10.9.2017 u\u017e III. ro\u010dn\u00edk stretnutia historick\u00fdch vozidiel pod n\u00e1zvom &#8222;Umenie a elegancia&#8220;. Op\u00e4\u0165 sme pripravili program pre milovn\u00edkov historick\u00fdch vozidiel na \u010derstvo pokosenom anglickom tr\u00e1vniku, tentoraz in\u0161pirovan\u00fd zlat\u00fdmi \u0161es\u0165desiatymi rokmi, ktor\u00e9 vystihuje to zn\u00e1me talianske La Dolce Vita. \u0160es\u0165desiate roky&#8230; Eur\u00f3pa za\u010d\u00edna d\u00fdcha\u0165 pohodou [&hellip;]<\/p>\n\t\t<a href=\"https:\/\/www.hotelkastiel.sk\/en\/novinky\/umenie-a-elegancia-2017\" class=\"btn-view fz-12 font-600 text-gray-8989 text-uppercase\">\n\t\t\t\u010c\u00edta\u0165 viac\t\t<\/a>\n\t\t\t\t<\/div><!-- .post-content -->\r\n\t<\/div>\r\n<\/article><!-- #post-## -->\r\n\r\n<article id=\"post-47\" class=\"post-47 post type-post status-publish format-standard has-post-thumbnail hentry category-uncategorized-sk\">\r\n\t<div class=\"post-media\">\r\n\t<div class=\"post-image\">\r\n\t\t\t\t\t<a href=\"https:\/\/www.hotelkastiel.sk\/en\/novinky\/umenie-a-elegancia-2017\">\r\n\t\t\t\t<img loading=\"lazy\" decoding=\"async\" width=\"640\" height=\"500\" src=\"https:\/\/www.hotelkastiel.sk\/wp-content\/uploads\/2017\/03\/20-640x500.jpg\" class=\"attachment-fleurdesel-medium size-fleurdesel-medium wp-post-image\" alt=\"\" \/>\t\t\t<\/a>\r\n\t\t\t<\/div>\r\n<\/div>\r\n\r\n\t<div class=\"post-data\">\r\n\t\t<div class=\"post-date\"><a href=\"https:\/\/www.hotelkastiel.sk\/en\/novinky\/umenie-a-elegancia-2017\" rel=\"bookmark\"><time class=\"entry-date published\" datetime=\"2017-09-10T08:20:12+01:00\">10.09.2017<\/time><time class=\"updated\" datetime=\"2019-05-15T21:02:44+01:00\">15.05.2019<\/time><\/a><\/div>\r\n\t\t<h2 class=\"post-title\"><a href=\"https:\/\/www.hotelkastiel.sk\/en\/novinky\/umenie-a-elegancia-2017\" rel=\"bookmark\">Umenie a elegancia 2017<\/a><\/h2>\r\n\t\t<div class=\"post-meta\">\r\n\t<ul>\r\n\t\t<li>\r\n\t\t\tPosted by <span class=\"author vcard\"><a class=\"url fn n\" href=\"https:\/\/www.hotelkastiel.sk\/en\/author\/mimac\/\">Milan Fabian<\/a><\/span> in <a href=\"https:\/\/www.hotelkastiel.sk\/en\/category\/uncategorized-sk\/\" rel=\"category tag\">Uncategorized @sk<\/a>\t\t<\/li>\r\n\r\n\t\t<li>\r\n\t\t\t<span>Comments Off<span class=\"screen-reader-text\"> on Umenie a elegancia 2017<\/span><\/span>\t\t<\/li>\r\n\t<\/ul>\r\n<\/div>\r\n\r\n\t\t<div class=\"post-content\">\r\n\t\t\t<p>Veter\u00e1n klub Bratislava a Art Hotel Ka\u0161tie\u013e Tom\u00e1\u0161ov usporiadali v nede\u013eu 10.9.2017 u\u017e III. ro\u010dn\u00edk stretnutia historick\u00fdch vozidiel pod n\u00e1zvom &#8222;Umenie a elegancia&#8220;. Op\u00e4\u0165 sme pripravili program pre milovn\u00edkov historick\u00fdch vozidiel na \u010derstvo pokosenom anglickom tr\u00e1vniku, tentoraz in\u0161pirovan\u00fd zlat\u00fdmi \u0161es\u0165desiatymi rokmi, ktor\u00e9 vystihuje to zn\u00e1me talianske La Dolce Vita. \u0160es\u0165desiate roky&#8230; Eur\u00f3pa za\u010d\u00edna d\u00fdcha\u0165 pohodou [&hellip;]<\/p>\n\t\t<a href=\"https:\/\/www.hotelkastiel.sk\/en\/novinky\/umenie-a-elegancia-2017\" class=\"btn-view fz-12 font-600 text-gray-8989 text-uppercase\">\n\t\t\t\u010c\u00edta\u0165 viac\t\t<\/a>\n\t\t\t\t<\/div><!-- .post-content -->\r\n\t<\/div>\r\n<\/article><!-- #post-## -->\r\n\r\n<article id=\"post-3685\" class=\"post-3685 post type-post status-publish format-standard has-post-thumbnail hentry category-unkategorisiert\">\r\n\t<div class=\"post-media\">\r\n\t<div class=\"post-image\">\r\n\t\t\t\t\t<a href=\"https:\/\/www.hotelkastiel.sk\/en\/novinky\/svadba-mariana-gaborika\">\r\n\t\t\t\t<img loading=\"lazy\" decoding=\"async\" width=\"640\" height=\"500\" src=\"https:\/\/www.hotelkastiel.sk\/wp-content\/uploads\/2019\/03\/w4-640x500.jpg\" class=\"attachment-fleurdesel-medium size-fleurdesel-medium wp-post-image\" alt=\"\" \/>\t\t\t<\/a>\r\n\t\t\t<\/div>\r\n<\/div>\r\n\r\n\t<div class=\"post-data\">\r\n\t\t<div class=\"post-date\"><a href=\"https:\/\/www.hotelkastiel.sk\/en\/novinky\/svadba-mariana-gaborika\" rel=\"bookmark\"><time class=\"entry-date published\" datetime=\"2017-07-14T14:14:32+01:00\">14.07.2017<\/time><time class=\"updated\" datetime=\"2020-10-16T08:08:45+01:00\">16.10.2020<\/time><\/a><\/div>\r\n\t\t<h2 class=\"post-title\"><a href=\"https:\/\/www.hotelkastiel.sk\/en\/novinky\/svadba-mariana-gaborika\" rel=\"bookmark\">Svadba hokejistu Mari\u00e1na G\u00e1bor\u00edka<\/a><\/h2>\r\n\t\t<div class=\"post-meta\">\r\n\t<ul>\r\n\t\t<li>\r\n\t\t\tPosted by <span class=\"author vcard\"><a class=\"url fn n\" href=\"https:\/\/www.hotelkastiel.sk\/en\/author\/mimac\/\">Milan Fabian<\/a><\/span> in <a href=\"https:\/\/www.hotelkastiel.sk\/en\/category\/unkategorisiert\/\" rel=\"category tag\">Unkategorisiert<\/a>\t\t<\/li>\r\n\r\n\t\t<li>\r\n\t\t\t<span>Comments Off<span class=\"screen-reader-text\"> on Svadba hokejistu Mari\u00e1na G\u00e1bor\u00edka<\/span><\/span>\t\t<\/li>\r\n\t<\/ul>\r\n<\/div>\r\n\r\n\t\t<div class=\"post-content\">\r\n\t\t\t<p>Slovensk\u00e1 hokejov\u00e1 hviezda Mari\u00e1n G\u00e1bor\u00edk a tane\u010dn\u00ed\u010dka a modelka Ivana Surovcov\u00e1 si v piatok 14.7.2017 povedali svoje &#8222;\u00c1no&#8220; v Art Hoteli Ka\u0161tie\u013e. Svadby sa z\u00fa\u010dastnili aj G\u00e1bor\u00edkov\u00fd kolegovia z NHL a reprezent\u00e1cie Mari\u00e1n Hossa, Tom\u00e1\u0161 Tatar, Zdeno Ch\u00e1ra, \u013dubom\u00edr Vi\u0161\u0148ovsk\u00fd a Tom\u00e1\u0161 Kopeck\u00fd. \u0160tastnej dvojici prajeme v mene cel\u00e9ho t\u00edmu Art Hotela Ka\u0161tie\u013e v\u0161etko dobr\u00e9 [&hellip;]<\/p>\n\t\t<a href=\"https:\/\/www.hotelkastiel.sk\/en\/novinky\/svadba-mariana-gaborika\" class=\"btn-view fz-12 font-600 text-gray-8989 text-uppercase\">\n\t\t\t\u010c\u00edta\u0165 viac\t\t<\/a>\n\t\t\t\t<\/div><!-- .post-content -->\r\n\t<\/div>\r\n<\/article><!-- #post-## -->\r\n\r\n<article id=\"post-3684\" class=\"post-3684 post type-post status-publish format-standard has-post-thumbnail hentry category-uncategorized\">\r\n\t<div class=\"post-media\">\r\n\t<div class=\"post-image\">\r\n\t\t\t\t\t<a href=\"https:\/\/www.hotelkastiel.sk\/en\/novinky\/svadba-mariana-gaborika\">\r\n\t\t\t\t<img loading=\"lazy\" decoding=\"async\" width=\"640\" height=\"500\" src=\"https:\/\/www.hotelkastiel.sk\/wp-content\/uploads\/2019\/03\/w4-640x500.jpg\" class=\"attachment-fleurdesel-medium size-fleurdesel-medium wp-post-image\" alt=\"\" \/>\t\t\t<\/a>\r\n\t\t\t<\/div>\r\n<\/div>\r\n\r\n\t<div class=\"post-data\">\r\n\t\t<div class=\"post-date\"><a href=\"https:\/\/www.hotelkastiel.sk\/en\/novinky\/svadba-mariana-gaborika\" rel=\"bookmark\"><time class=\"entry-date published\" datetime=\"2017-07-14T14:14:32+01:00\">14.07.2017<\/time><time class=\"updated\" datetime=\"2019-05-15T21:02:57+01:00\">15.05.2019<\/time><\/a><\/div>\r\n\t\t<h2 class=\"post-title\"><a href=\"https:\/\/www.hotelkastiel.sk\/en\/novinky\/svadba-mariana-gaborika\" rel=\"bookmark\">Svadba hokejistu Mari\u00e1na G\u00e1bor\u00edka<\/a><\/h2>\r\n\t\t<div class=\"post-meta\">\r\n\t<ul>\r\n\t\t<li>\r\n\t\t\tPosted by <span class=\"author vcard\"><a class=\"url fn n\" href=\"https:\/\/www.hotelkastiel.sk\/en\/author\/mimac\/\">Milan Fabian<\/a><\/span> in <a href=\"https:\/\/www.hotelkastiel.sk\/en\/category\/uncategorized\/\" rel=\"category tag\">Uncategorized<\/a>\t\t<\/li>\r\n\r\n\t\t<li>\r\n\t\t\t<span>Comments Off<span class=\"screen-reader-text\"> on Svadba hokejistu Mari\u00e1na G\u00e1bor\u00edka<\/span><\/span>\t\t<\/li>\r\n\t<\/ul>\r\n<\/div>\r\n\r\n\t\t<div class=\"post-content\">\r\n\t\t\t<p>Hokejov\u00e1 hviezda Mari\u00e1n G\u00e1bor\u00edk a tane\u010dn\u00ed\u010dka Ivana Surovcov\u00e1 si v piatok 14.7.2017 povedali svoje \u00c1no v Art Hoteli Ka\u0161tie\u013e. Svadby sa z\u00fa\u010dastnili aj G\u00e1bor\u00edkov\u00fd kolegovia z NHL a reprezent\u00e1cie Mari\u00e1n Hossa, Tom\u00e1\u0161 Tatar, Zdeno Ch\u00e1ra, \u013dubom\u00edr Vi\u0161\u0148ovsk\u00fd a Tom\u00e1\u0161 Kopeck\u00fd. \u0160tastnej dvojici prajeme v\u0161etko dobr\u00e9 na ich spolo\u010dnej ceste \u017eivotom.<\/p>\n\t\t<a href=\"https:\/\/www.hotelkastiel.sk\/en\/novinky\/svadba-mariana-gaborika\" class=\"btn-view fz-12 font-600 text-gray-8989 text-uppercase\">\n\t\t\t\u010c\u00edta\u0165 viac\t\t<\/a>\n\t\t\t\t<\/div><!-- .post-content -->\r\n\t<\/div>\r\n<\/article><!-- #post-## -->\r\n\r\n<article id=\"post-3045\" class=\"post-3045 post type-post status-publish format-standard has-post-thumbnail hentry category-uncategorized-sk\">\r\n\t<div class=\"post-media\">\r\n\t<div class=\"post-image\">\r\n\t\t\t\t\t<a href=\"https:\/\/www.hotelkastiel.sk\/en\/novinky\/svadba-mariana-gaborika\">\r\n\t\t\t\t<img loading=\"lazy\" decoding=\"async\" width=\"640\" height=\"500\" src=\"https:\/\/www.hotelkastiel.sk\/wp-content\/uploads\/2019\/03\/w4-640x500.jpg\" class=\"attachment-fleurdesel-medium size-fleurdesel-medium wp-post-image\" alt=\"\" \/>\t\t\t<\/a>\r\n\t\t\t<\/div>\r\n<\/div>\r\n\r\n\t<div class=\"post-data\">\r\n\t\t<div class=\"post-date\"><a href=\"https:\/\/www.hotelkastiel.sk\/en\/novinky\/svadba-mariana-gaborika\" rel=\"bookmark\"><time class=\"entry-date published\" datetime=\"2017-07-14T14:14:32+01:00\">14.07.2017<\/time><time class=\"updated\" datetime=\"2019-05-15T21:02:56+01:00\">15.05.2019<\/time><\/a><\/div>\r\n\t\t<h2 class=\"post-title\"><a href=\"https:\/\/www.hotelkastiel.sk\/en\/novinky\/svadba-mariana-gaborika\" rel=\"bookmark\">Svadba hokejistu Mari\u00e1na G\u00e1bor\u00edka<\/a><\/h2>\r\n\t\t<div class=\"post-meta\">\r\n\t<ul>\r\n\t\t<li>\r\n\t\t\tPosted by <span class=\"author vcard\"><a class=\"url fn n\" href=\"https:\/\/www.hotelkastiel.sk\/en\/author\/mimac\/\">Milan Fabian<\/a><\/span> in <a href=\"https:\/\/www.hotelkastiel.sk\/en\/category\/uncategorized-sk\/\" rel=\"category tag\">Uncategorized @sk<\/a>\t\t<\/li>\r\n\r\n\t\t<li>\r\n\t\t\t<span>Comments Off<span class=\"screen-reader-text\"> on Svadba hokejistu Mari\u00e1na G\u00e1bor\u00edka<\/span><\/span>\t\t<\/li>\r\n\t<\/ul>\r\n<\/div>\r\n\r\n\t\t<div class=\"post-content\">\r\n\t\t\t<p>Hokejov\u00e1 hviezda Mari\u00e1n G\u00e1bor\u00edk a tane\u010dn\u00ed\u010dka Ivana Surovcov\u00e1 si v piatok 14.7.2017 povedali svoje \u00c1no v Art Hoteli Ka\u0161tie\u013e. Svadby sa z\u00fa\u010dastnili aj G\u00e1bor\u00edkov\u00fd kolegovia z NHL a reprezent\u00e1cie Mari\u00e1n Hossa, Tom\u00e1\u0161 Tatar, Zdeno Ch\u00e1ra, \u013dubom\u00edr Vi\u0161\u0148ovsk\u00fd a Tom\u00e1\u0161 Kopeck\u00fd. \u0160tastnej dvojici prajeme v\u0161etko dobr\u00e9 na ich spolo\u010dnej ceste \u017eivotom.<\/p>\n\t\t<a href=\"https:\/\/www.hotelkastiel.sk\/en\/novinky\/svadba-mariana-gaborika\" class=\"btn-view fz-12 font-600 text-gray-8989 text-uppercase\">\n\t\t\t\u010c\u00edta\u0165 viac\t\t<\/a>\n\t\t\t\t<\/div><!-- .post-content -->\r\n\t<\/div>\r\n<\/article><!-- #post-## -->\r\n\r\n<article id=\"post-3687\" class=\"post-3687 post type-post status-publish format-standard has-post-thumbnail hentry category-unkategorisiert\">\r\n\t<div class=\"post-media\">\r\n\t<div class=\"post-image\">\r\n\t\t\t\t\t<a href=\"https:\/\/www.hotelkastiel.sk\/en\/novinky\/svadba-adely-banasovej\">\r\n\t\t\t\t<img loading=\"lazy\" decoding=\"async\" width=\"640\" height=\"394\" src=\"https:\/\/www.hotelkastiel.sk\/wp-content\/uploads\/2019\/03\/1-1-640x394.jpg\" class=\"attachment-fleurdesel-medium size-fleurdesel-medium wp-post-image\" alt=\"\" \/>\t\t\t<\/a>\r\n\t\t\t<\/div>\r\n<\/div>\r\n\r\n\t<div class=\"post-data\">\r\n\t\t<div class=\"post-date\"><a href=\"https:\/\/www.hotelkastiel.sk\/en\/novinky\/svadba-adely-banasovej\" rel=\"bookmark\"><time class=\"entry-date published\" datetime=\"2017-06-10T14:00:23+01:00\">10.06.2017<\/time><time class=\"updated\" datetime=\"2020-10-15T19:14:23+01:00\">15.10.2020<\/time><\/a><\/div>\r\n\t\t<h2 class=\"post-title\"><a href=\"https:\/\/www.hotelkastiel.sk\/en\/novinky\/svadba-adely-banasovej\" rel=\"bookmark\">Svadba Adely a Viktora<\/a><\/h2>\r\n\t\t<div class=\"post-meta\">\r\n\t<ul>\r\n\t\t<li>\r\n\t\t\tPosted by <span class=\"author vcard\"><a class=\"url fn n\" href=\"https:\/\/www.hotelkastiel.sk\/en\/author\/mimac\/\">Milan Fabian<\/a><\/span> in <a href=\"https:\/\/www.hotelkastiel.sk\/en\/category\/unkategorisiert\/\" rel=\"category tag\">Unkategorisiert<\/a>\t\t<\/li>\r\n\r\n\t\t<li>\r\n\t\t\t<span>Comments Off<span class=\"screen-reader-text\"> on Svadba Adely a Viktora<\/span><\/span>\t\t<\/li>\r\n\t<\/ul>\r\n<\/div>\r\n\r\n\t\t<div class=\"post-content\">\r\n\t\t\t<p>V sobotu 10.6.2017 priv\u00edtal Art Hotel Ka\u0161tie\u013e prominentn\u00fdch host\u00ed slovensk\u00e9ho showbiznisu pri pr\u00edle\u017eitosti svadby zn\u00e1mej telev\u00edznej a rozhlasovej moder\u00e1torky Adely Ban\u00e1\u0161ovej a telev\u00edzneho redaktora a moder\u00e1tora Viktora Vinczeho. Svadobn\u00e9 s\u013euby si vymenili v brezovom alt\u00e1nku pri ka\u0161tieli. Medzi hos\u0165ami nech\u00fdbali aj Dano Dangl s man\u017eelkou Be\u00e1tou, Danica Kleinov\u00e1 so sn\u00fabencom Alexandrom Nejedl\u00fdm \u010di dlhoro\u010dn\u00fd kamar\u00e1t [&hellip;]<\/p>\n\t\t<a href=\"https:\/\/www.hotelkastiel.sk\/en\/novinky\/svadba-adely-banasovej\" class=\"btn-view fz-12 font-600 text-gray-8989 text-uppercase\">\n\t\t\t\u010c\u00edta\u0165 viac\t\t<\/a>\n\t\t\t\t<\/div><!-- .post-content -->\r\n\t<\/div>\r\n<\/article><!-- #post-## -->\r\n\r\n<article id=\"post-3686\" class=\"post-3686 post type-post status-publish format-standard has-post-thumbnail hentry category-uncategorized\">\r\n\t<div class=\"post-media\">\r\n\t<div class=\"post-image\">\r\n\t\t\t\t\t<a href=\"https:\/\/www.hotelkastiel.sk\/en\/novinky\/svadba-adely-banasovej\">\r\n\t\t\t\t<img loading=\"lazy\" decoding=\"async\" width=\"640\" height=\"394\" src=\"https:\/\/www.hotelkastiel.sk\/wp-content\/uploads\/2019\/03\/1-1-640x394.jpg\" class=\"attachment-fleurdesel-medium size-fleurdesel-medium wp-post-image\" alt=\"\" \/>\t\t\t<\/a>\r\n\t\t\t<\/div>\r\n<\/div>\r\n\r\n\t<div class=\"post-data\">\r\n\t\t<div class=\"post-date\"><a href=\"https:\/\/www.hotelkastiel.sk\/en\/novinky\/svadba-adely-banasovej\" rel=\"bookmark\"><time class=\"entry-date published\" datetime=\"2017-06-10T14:00:23+01:00\">10.06.2017<\/time><time class=\"updated\" datetime=\"2020-10-15T19:14:21+01:00\">15.10.2020<\/time><\/a><\/div>\r\n\t\t<h2 class=\"post-title\"><a href=\"https:\/\/www.hotelkastiel.sk\/en\/novinky\/svadba-adely-banasovej\" rel=\"bookmark\">Svadba Adely a Viktora<\/a><\/h2>\r\n\t\t<div class=\"post-meta\">\r\n\t<ul>\r\n\t\t<li>\r\n\t\t\tPosted by <span class=\"author vcard\"><a class=\"url fn n\" href=\"https:\/\/www.hotelkastiel.sk\/en\/author\/mimac\/\">Milan Fabian<\/a><\/span> in <a href=\"https:\/\/www.hotelkastiel.sk\/en\/category\/uncategorized\/\" rel=\"category tag\">Uncategorized<\/a>\t\t<\/li>\r\n\r\n\t\t<li>\r\n\t\t\t<span>Comments Off<span class=\"screen-reader-text\"> on Svadba Adely a Viktora<\/span><\/span>\t\t<\/li>\r\n\t<\/ul>\r\n<\/div>\r\n\r\n\t\t<div class=\"post-content\">\r\n\t\t\t<p>V sobotu 10.6.2017 priv\u00edtal Art Hotel Ka\u0161tie\u013e prominentn\u00fdch host\u00ed slovensk\u00e9ho showbiznisu pri pr\u00edle\u017eitosti svadby zn\u00e1mej telev\u00edznej a rozhlasovej moder\u00e1torky Adely Ban\u00e1\u0161ovej a telev\u00edzneho redaktora a moder\u00e1tora Viktora Vinczeho. Svadobn\u00e9 s\u013euby si vymenili v brezovom alt\u00e1nku pri ka\u0161tieli. Medzi hos\u0165ami nech\u00fdbali aj Dano Dangl s man\u017eelkou Be\u00e1tou, Danica Kleinov\u00e1 so sn\u00fabencom Alexandrom Nejedl\u00fdm \u010di dlhoro\u010dn\u00fd kamar\u00e1t [&hellip;]<\/p>\n\t\t<a href=\"https:\/\/www.hotelkastiel.sk\/en\/novinky\/svadba-adely-banasovej\" class=\"btn-view fz-12 font-600 text-gray-8989 text-uppercase\">\n\t\t\t\u010c\u00edta\u0165 viac\t\t<\/a>\n\t\t\t\t<\/div><!-- .post-content -->\r\n\t<\/div>\r\n<\/article><!-- #post-## -->\r\n\r\n<article id=\"post-3056\" class=\"post-3056 post type-post status-publish format-standard has-post-thumbnail hentry category-uncategorized-sk\">\r\n\t<div class=\"post-media\">\r\n\t<div class=\"post-image\">\r\n\t\t\t\t\t<a href=\"https:\/\/www.hotelkastiel.sk\/en\/novinky\/svadba-adely-banasovej\">\r\n\t\t\t\t<img loading=\"lazy\" decoding=\"async\" width=\"640\" height=\"394\" src=\"https:\/\/www.hotelkastiel.sk\/wp-content\/uploads\/2019\/03\/1-1-640x394.jpg\" class=\"attachment-fleurdesel-medium size-fleurdesel-medium wp-post-image\" alt=\"\" \/>\t\t\t<\/a>\r\n\t\t\t<\/div>\r\n<\/div>\r\n\r\n\t<div class=\"post-data\">\r\n\t\t<div class=\"post-date\"><a href=\"https:\/\/www.hotelkastiel.sk\/en\/novinky\/svadba-adely-banasovej\" rel=\"bookmark\"><time class=\"entry-date published\" datetime=\"2017-06-10T14:00:23+01:00\">10.06.2017<\/time><time class=\"updated\" datetime=\"2020-10-15T19:14:20+01:00\">15.10.2020<\/time><\/a><\/div>\r\n\t\t<h2 class=\"post-title\"><a href=\"https:\/\/www.hotelkastiel.sk\/en\/novinky\/svadba-adely-banasovej\" rel=\"bookmark\">Svadba Adely a Viktora<\/a><\/h2>\r\n\t\t<div class=\"post-meta\">\r\n\t<ul>\r\n\t\t<li>\r\n\t\t\tPosted by <span class=\"author vcard\"><a class=\"url fn n\" href=\"https:\/\/www.hotelkastiel.sk\/en\/author\/mimac\/\">Milan Fabian<\/a><\/span> in <a href=\"https:\/\/www.hotelkastiel.sk\/en\/category\/uncategorized-sk\/\" rel=\"category tag\">Uncategorized @sk<\/a>\t\t<\/li>\r\n\r\n\t\t<li>\r\n\t\t\t<span>Comments Off<span class=\"screen-reader-text\"> on Svadba Adely a Viktora<\/span><\/span>\t\t<\/li>\r\n\t<\/ul>\r\n<\/div>\r\n\r\n\t\t<div class=\"post-content\">\r\n\t\t\t<p>V sobotu 10.6.2017 priv\u00edtal Art Hotel Ka\u0161tie\u013e prominentn\u00fdch host\u00ed slovensk\u00e9ho showbiznisu pri pr\u00edle\u017eitosti svadby zn\u00e1mej telev\u00edznej a rozhlasovej moder\u00e1torky Adely Ban\u00e1\u0161ovej a telev\u00edzneho redaktora a moder\u00e1tora Viktora Vinczeho. Svadobn\u00e9 s\u013euby si vymenili v brezovom alt\u00e1nku pri ka\u0161tieli. Medzi hos\u0165ami nech\u00fdbali aj Dano Dangl s man\u017eelkou Be\u00e1tou, Danica Kleinov\u00e1 so sn\u00fabencom Alexandrom Nejedl\u00fdm \u010di dlhoro\u010dn\u00fd kamar\u00e1t [&hellip;]<\/p>\n\t\t<a href=\"https:\/\/www.hotelkastiel.sk\/en\/novinky\/svadba-adely-banasovej\" class=\"btn-view fz-12 font-600 text-gray-8989 text-uppercase\">\n\t\t\t\u010c\u00edta\u0165 viac\t\t<\/a>\n\t\t\t\t<\/div><!-- .post-content -->\r\n\t<\/div>\r\n<\/article><!-- #post-## -->\r\n\r\n<article id=\"post-3691\" class=\"post-3691 post type-post status-publish format-standard has-post-thumbnail hentry category-uncategorized\">\r\n\t<div class=\"post-media\">\r\n\t<div class=\"post-image\">\r\n\t\t\t\t\t<a href=\"https:\/\/www.hotelkastiel.sk\/en\/novinky\/obnova-parku-2017\">\r\n\t\t\t\t<img loading=\"lazy\" decoding=\"async\" width=\"640\" height=\"500\" src=\"https:\/\/www.hotelkastiel.sk\/wp-content\/uploads\/2019\/03\/E1-640x500.jpg\" class=\"attachment-fleurdesel-medium size-fleurdesel-medium wp-post-image\" alt=\"\" \/>\t\t\t<\/a>\r\n\t\t\t<\/div>\r\n<\/div>\r\n\r\n\t<div class=\"post-data\">\r\n\t\t<div class=\"post-date\"><a href=\"https:\/\/www.hotelkastiel.sk\/en\/novinky\/obnova-parku-2017\" rel=\"bookmark\"><time class=\"entry-date published\" datetime=\"2017-04-09T14:00:21+01:00\">09.04.2017<\/time><time class=\"updated\" datetime=\"2019-05-15T21:03:52+01:00\">15.05.2019<\/time><\/a><\/div>\r\n\t\t<h2 class=\"post-title\"><a href=\"https:\/\/www.hotelkastiel.sk\/en\/novinky\/obnova-parku-2017\" rel=\"bookmark\">Obnova parku<\/a><\/h2>\r\n\t\t<div class=\"post-meta\">\r\n\t<ul>\r\n\t\t<li>\r\n\t\t\tPosted by <span class=\"author vcard\"><a class=\"url fn n\" href=\"https:\/\/www.hotelkastiel.sk\/en\/author\/mimac\/\">Milan Fabian<\/a><\/span> in <a href=\"https:\/\/www.hotelkastiel.sk\/en\/category\/uncategorized\/\" rel=\"category tag\">Uncategorized<\/a>\t\t<\/li>\r\n\r\n\t\t<li>\r\n\t\t\t<span>Comments Off<span class=\"screen-reader-text\"> on Obnova parku<\/span><\/span>\t\t<\/li>\r\n\t<\/ul>\r\n<\/div>\r\n\r\n\t\t<div class=\"post-content\">\r\n\t\t\t<p>8. a 9. apr\u00edla 2017 prebehla najv\u00e4\u010d\u0161ia obnova historick\u00e9ho anglick\u00e9ho parku pri ka\u0161tieli za posledn\u00e9 desa\u0165ro\u010dia. Dosadili sme vy\u0161e 80 stromov, okrem in\u00fdch aj vz\u00e1cne platany a c\u00e9der atlantick\u00fd. Park je zap\u00edsan\u00fd v zozname N\u00e1rodn\u00fdch kult\u00farnych pamiatok Slovenskej republiky a vysaden\u00fd bol spolu s v\u00fdstavbou ka\u0161tie\u013ea v 60. rokoch 18. storo\u010dia.<\/p>\n\t\t<a href=\"https:\/\/www.hotelkastiel.sk\/en\/novinky\/obnova-parku-2017\" class=\"btn-view fz-12 font-600 text-gray-8989 text-uppercase\">\n\t\t\t\u010c\u00edta\u0165 viac\t\t<\/a>\n\t\t\t\t<\/div><!-- .post-content -->\r\n\t<\/div>\r\n<\/article><!-- #post-## -->\r\n\r\n<article id=\"post-3690\" class=\"post-3690 post type-post status-publish format-standard has-post-thumbnail hentry category-unkategorisiert\">\r\n\t<div class=\"post-media\">\r\n\t<div class=\"post-image\">\r\n\t\t\t\t\t<a href=\"https:\/\/www.hotelkastiel.sk\/en\/novinky\/obnova-parku-2017\">\r\n\t\t\t\t<img loading=\"lazy\" decoding=\"async\" width=\"640\" height=\"500\" src=\"https:\/\/www.hotelkastiel.sk\/wp-content\/uploads\/2019\/03\/E1-640x500.jpg\" class=\"attachment-fleurdesel-medium size-fleurdesel-medium wp-post-image\" alt=\"\" \/>\t\t\t<\/a>\r\n\t\t\t<\/div>\r\n<\/div>\r\n\r\n\t<div class=\"post-data\">\r\n\t\t<div class=\"post-date\"><a href=\"https:\/\/www.hotelkastiel.sk\/en\/novinky\/obnova-parku-2017\" rel=\"bookmark\"><time class=\"entry-date published\" datetime=\"2017-04-09T14:00:21+01:00\">09.04.2017<\/time><time class=\"updated\" datetime=\"2019-05-15T21:03:51+01:00\">15.05.2019<\/time><\/a><\/div>\r\n\t\t<h2 class=\"post-title\"><a href=\"https:\/\/www.hotelkastiel.sk\/en\/novinky\/obnova-parku-2017\" rel=\"bookmark\">Obnova parku<\/a><\/h2>\r\n\t\t<div class=\"post-meta\">\r\n\t<ul>\r\n\t\t<li>\r\n\t\t\tPosted by <span class=\"author vcard\"><a class=\"url fn n\" href=\"https:\/\/www.hotelkastiel.sk\/en\/author\/mimac\/\">Milan Fabian<\/a><\/span> in <a href=\"https:\/\/www.hotelkastiel.sk\/en\/category\/unkategorisiert\/\" rel=\"category tag\">Unkategorisiert<\/a>\t\t<\/li>\r\n\r\n\t\t<li>\r\n\t\t\t<span>Comments Off<span class=\"screen-reader-text\"> on Obnova parku<\/span><\/span>\t\t<\/li>\r\n\t<\/ul>\r\n<\/div>\r\n\r\n\t\t<div class=\"post-content\">\r\n\t\t\t<p>8. a 9. apr\u00edla 2017 prebehla najv\u00e4\u010d\u0161ia obnova historick\u00e9ho anglick\u00e9ho parku pri ka\u0161tieli za posledn\u00e9 desa\u0165ro\u010dia. Dosadili sme vy\u0161e 80 stromov, okrem in\u00fdch aj vz\u00e1cne platany a c\u00e9der atlantick\u00fd. Park je zap\u00edsan\u00fd v zozname N\u00e1rodn\u00fdch kult\u00farnych pamiatok Slovenskej republiky a vysaden\u00fd bol spolu s v\u00fdstavbou ka\u0161tie\u013ea v 60. rokoch 18. storo\u010dia.<\/p>\n\t\t<a href=\"https:\/\/www.hotelkastiel.sk\/en\/novinky\/obnova-parku-2017\" class=\"btn-view fz-12 font-600 text-gray-8989 text-uppercase\">\n\t\t\t\u010c\u00edta\u0165 viac\t\t<\/a>\n\t\t\t\t<\/div><!-- .post-content -->\r\n\t<\/div>\r\n<\/article><!-- #post-## -->\r\n\r\n<article id=\"post-3067\" class=\"post-3067 post type-post status-publish format-standard has-post-thumbnail hentry category-uncategorized-sk\">\r\n\t<div class=\"post-media\">\r\n\t<div class=\"post-image\">\r\n\t\t\t\t\t<a href=\"https:\/\/www.hotelkastiel.sk\/en\/novinky\/obnova-parku-2017\">\r\n\t\t\t\t<img loading=\"lazy\" decoding=\"async\" width=\"640\" height=\"500\" src=\"https:\/\/www.hotelkastiel.sk\/wp-content\/uploads\/2019\/03\/E1-640x500.jpg\" class=\"attachment-fleurdesel-medium size-fleurdesel-medium wp-post-image\" alt=\"\" \/>\t\t\t<\/a>\r\n\t\t\t<\/div>\r\n<\/div>\r\n\r\n\t<div class=\"post-data\">\r\n\t\t<div class=\"post-date\"><a href=\"https:\/\/www.hotelkastiel.sk\/en\/novinky\/obnova-parku-2017\" rel=\"bookmark\"><time class=\"entry-date published\" datetime=\"2017-04-09T14:00:21+01:00\">09.04.2017<\/time><time class=\"updated\" datetime=\"2019-05-15T21:03:51+01:00\">15.05.2019<\/time><\/a><\/div>\r\n\t\t<h2 class=\"post-title\"><a href=\"https:\/\/www.hotelkastiel.sk\/en\/novinky\/obnova-parku-2017\" rel=\"bookmark\">Obnova parku<\/a><\/h2>\r\n\t\t<div class=\"post-meta\">\r\n\t<ul>\r\n\t\t<li>\r\n\t\t\tPosted by <span class=\"author vcard\"><a class=\"url fn n\" href=\"https:\/\/www.hotelkastiel.sk\/en\/author\/mimac\/\">Milan Fabian<\/a><\/span> in <a href=\"https:\/\/www.hotelkastiel.sk\/en\/category\/uncategorized-sk\/\" rel=\"category tag\">Uncategorized @sk<\/a>\t\t<\/li>\r\n\r\n\t\t<li>\r\n\t\t\t<span>Comments Off<span class=\"screen-reader-text\"> on Obnova parku<\/span><\/span>\t\t<\/li>\r\n\t<\/ul>\r\n<\/div>\r\n\r\n\t\t<div class=\"post-content\">\r\n\t\t\t<p>8. a 9. apr\u00edla 2017 prebehla najv\u00e4\u010d\u0161ia obnova historick\u00e9ho anglick\u00e9ho parku pri ka\u0161tieli za posledn\u00e9 desa\u0165ro\u010dia. Dosadili sme vy\u0161e 80 stromov, okrem in\u00fdch aj vz\u00e1cne platany a c\u00e9der atlantick\u00fd. Park je zap\u00edsan\u00fd v zozname N\u00e1rodn\u00fdch kult\u00farnych pamiatok Slovenskej republiky a vysaden\u00fd bol spolu s v\u00fdstavbou ka\u0161tie\u013ea v 60. rokoch 18. storo\u010dia.<\/p>\n\t\t<a href=\"https:\/\/www.hotelkastiel.sk\/en\/novinky\/obnova-parku-2017\" class=\"btn-view fz-12 font-600 text-gray-8989 text-uppercase\">\n\t\t\t\u010c\u00edta\u0165 viac\t\t<\/a>\n\t\t\t\t<\/div><!-- .post-content -->\r\n\t<\/div>\r\n<\/article><!-- #post-## -->\r\n\r\n<article id=\"post-3693\" class=\"post-3693 post type-post status-publish format-standard has-post-thumbnail hentry category-uncategorized\">\r\n\t<div class=\"post-media\">\r\n\t<div class=\"post-image\">\r\n\t\t\t\t\t<a href=\"https:\/\/www.hotelkastiel.sk\/en\/novinky\/advent-2016\">\r\n\t\t\t\t<img loading=\"lazy\" decoding=\"async\" width=\"640\" height=\"500\" src=\"https:\/\/www.hotelkastiel.sk\/wp-content\/uploads\/2019\/03\/e3-640x500.jpg\" class=\"attachment-fleurdesel-medium size-fleurdesel-medium wp-post-image\" alt=\"\" \/>\t\t\t<\/a>\r\n\t\t\t<\/div>\r\n<\/div>\r\n\r\n\t<div class=\"post-data\">\r\n\t\t<div class=\"post-date\"><a href=\"https:\/\/www.hotelkastiel.sk\/en\/novinky\/advent-2016\" rel=\"bookmark\"><time class=\"entry-date published\" datetime=\"2016-12-19T14:00:51+01:00\">19.12.2016<\/time><time class=\"updated\" datetime=\"2019-05-15T21:03:58+01:00\">15.05.2019<\/time><\/a><\/div>\r\n\t\t<h2 class=\"post-title\"><a href=\"https:\/\/www.hotelkastiel.sk\/en\/novinky\/advent-2016\" rel=\"bookmark\">Advent 2016<\/a><\/h2>\r\n\t\t<div class=\"post-meta\">\r\n\t<ul>\r\n\t\t<li>\r\n\t\t\tPosted by <span class=\"author vcard\"><a class=\"url fn n\" href=\"https:\/\/www.hotelkastiel.sk\/en\/author\/mimac\/\">Milan Fabian<\/a><\/span> in <a href=\"https:\/\/www.hotelkastiel.sk\/en\/category\/uncategorized\/\" rel=\"category tag\">Uncategorized<\/a>\t\t<\/li>\r\n\r\n\t\t<li>\r\n\t\t\t<span>Comments Off<span class=\"screen-reader-text\"> on Advent 2016<\/span><\/span>\t\t<\/li>\r\n\t<\/ul>\r\n<\/div>\r\n\r\n\t\t<div class=\"post-content\">\r\n\t\t\t<p>Po\u010das adventn\u00e9ho obdobia v decembri 2016 sme mali \u010de\u0161t priv\u00edta\u0165 v kaplnke ka\u0161tie\u013ea tri hudobn\u00e9 zoskupenia: 10.12. n\u00e1m zahralo Lotz Trio na basetov\u00fdch rohoch 11.12. n\u00e1s pote\u0161ili koledy v podan\u00ed Pavla Morochovi\u010da, Andrei \u013dupt\u00e1kovej a Be\u00e1ty Geriovej 18.12. zav\u0155\u0161ila adventn\u00e9 obdobie skupina Vocalatt\u00e9<\/p>\n\t\t<a href=\"https:\/\/www.hotelkastiel.sk\/en\/novinky\/advent-2016\" class=\"btn-view fz-12 font-600 text-gray-8989 text-uppercase\">\n\t\t\t\u010c\u00edta\u0165 viac\t\t<\/a>\n\t\t\t\t<\/div><!-- .post-content -->\r\n\t<\/div>\r\n<\/article><!-- #post-## -->\r\n\r\n<article id=\"post-3692\" class=\"post-3692 post type-post status-publish format-standard has-post-thumbnail hentry category-unkategorisiert\">\r\n\t<div class=\"post-media\">\r\n\t<div class=\"post-image\">\r\n\t\t\t\t\t<a href=\"https:\/\/www.hotelkastiel.sk\/en\/novinky\/advent-2016\">\r\n\t\t\t\t<img loading=\"lazy\" decoding=\"async\" width=\"640\" height=\"500\" src=\"https:\/\/www.hotelkastiel.sk\/wp-content\/uploads\/2019\/03\/e3-640x500.jpg\" class=\"attachment-fleurdesel-medium size-fleurdesel-medium wp-post-image\" alt=\"\" \/>\t\t\t<\/a>\r\n\t\t\t<\/div>\r\n<\/div>\r\n\r\n\t<div class=\"post-data\">\r\n\t\t<div class=\"post-date\"><a href=\"https:\/\/www.hotelkastiel.sk\/en\/novinky\/advent-2016\" rel=\"bookmark\"><time class=\"entry-date published\" datetime=\"2016-12-19T14:00:51+01:00\">19.12.2016<\/time><time class=\"updated\" datetime=\"2019-05-15T21:03:57+01:00\">15.05.2019<\/time><\/a><\/div>\r\n\t\t<h2 class=\"post-title\"><a href=\"https:\/\/www.hotelkastiel.sk\/en\/novinky\/advent-2016\" rel=\"bookmark\">Advent 2016<\/a><\/h2>\r\n\t\t<div class=\"post-meta\">\r\n\t<ul>\r\n\t\t<li>\r\n\t\t\tPosted by <span class=\"author vcard\"><a class=\"url fn n\" href=\"https:\/\/www.hotelkastiel.sk\/en\/author\/mimac\/\">Milan Fabian<\/a><\/span> in <a href=\"https:\/\/www.hotelkastiel.sk\/en\/category\/unkategorisiert\/\" rel=\"category tag\">Unkategorisiert<\/a>\t\t<\/li>\r\n\r\n\t\t<li>\r\n\t\t\t<span>Comments Off<span class=\"screen-reader-text\"> on Advent 2016<\/span><\/span>\t\t<\/li>\r\n\t<\/ul>\r\n<\/div>\r\n\r\n\t\t<div class=\"post-content\">\r\n\t\t\t<p>Po\u010das adventn\u00e9ho obdobia v decembri 2016 sme mali \u010de\u0161t priv\u00edta\u0165 v kaplnke ka\u0161tie\u013ea tri hudobn\u00e9 zoskupenia: 10.12. n\u00e1m zahralo Lotz Trio na basetov\u00fdch rohoch 11.12. n\u00e1s pote\u0161ili koledy v podan\u00ed Pavla Morochovi\u010da, Andrei \u013dupt\u00e1kovej a Be\u00e1ty Geriovej 18.12. zav\u0155\u0161ila adventn\u00e9 obdobie skupina Vocalatt\u00e9<\/p>\n\t\t<a href=\"https:\/\/www.hotelkastiel.sk\/en\/novinky\/advent-2016\" class=\"btn-view fz-12 font-600 text-gray-8989 text-uppercase\">\n\t\t\t\u010c\u00edta\u0165 viac\t\t<\/a>\n\t\t\t\t<\/div><!-- .post-content -->\r\n\t<\/div>\r\n<\/article><!-- #post-## -->\r\n\r\n<article id=\"post-3075\" class=\"post-3075 post type-post status-publish format-standard has-post-thumbnail hentry category-uncategorized-sk\">\r\n\t<div class=\"post-media\">\r\n\t<div class=\"post-image\">\r\n\t\t\t\t\t<a href=\"https:\/\/www.hotelkastiel.sk\/en\/novinky\/advent-2016\">\r\n\t\t\t\t<img loading=\"lazy\" decoding=\"async\" width=\"640\" height=\"500\" src=\"https:\/\/www.hotelkastiel.sk\/wp-content\/uploads\/2019\/03\/e3-640x500.jpg\" class=\"attachment-fleurdesel-medium size-fleurdesel-medium wp-post-image\" alt=\"\" \/>\t\t\t<\/a>\r\n\t\t\t<\/div>\r\n<\/div>\r\n\r\n\t<div class=\"post-data\">\r\n\t\t<div class=\"post-date\"><a href=\"https:\/\/www.hotelkastiel.sk\/en\/novinky\/advent-2016\" rel=\"bookmark\"><time class=\"entry-date published\" datetime=\"2016-12-19T14:00:51+01:00\">19.12.2016<\/time><time class=\"updated\" datetime=\"2019-05-15T21:03:57+01:00\">15.05.2019<\/time><\/a><\/div>\r\n\t\t<h2 class=\"post-title\"><a href=\"https:\/\/www.hotelkastiel.sk\/en\/novinky\/advent-2016\" rel=\"bookmark\">Advent 2016<\/a><\/h2>\r\n\t\t<div class=\"post-meta\">\r\n\t<ul>\r\n\t\t<li>\r\n\t\t\tPosted by <span class=\"author vcard\"><a class=\"url fn n\" href=\"https:\/\/www.hotelkastiel.sk\/en\/author\/mimac\/\">Milan Fabian<\/a><\/span> in <a href=\"https:\/\/www.hotelkastiel.sk\/en\/category\/uncategorized-sk\/\" rel=\"category tag\">Uncategorized @sk<\/a>\t\t<\/li>\r\n\r\n\t\t<li>\r\n\t\t\t<span>Comments Off<span class=\"screen-reader-text\"> on Advent 2016<\/span><\/span>\t\t<\/li>\r\n\t<\/ul>\r\n<\/div>\r\n\r\n\t\t<div class=\"post-content\">\r\n\t\t\t<p>Po\u010das adventn\u00e9ho obdobia v decembri 2016 sme mali \u010de\u0161t priv\u00edta\u0165 v kaplnke ka\u0161tie\u013ea tri hudobn\u00e9 zoskupenia: 10.12. n\u00e1m zahralo Lotz Trio na basetov\u00fdch rohoch 11.12. n\u00e1s pote\u0161ili koledy v podan\u00ed Pavla Morochovi\u010da, Andrei \u013dupt\u00e1kovej a Be\u00e1ty Geriovej 18.12. zav\u0155\u0161ila adventn\u00e9 obdobie skupina Vocalatt\u00e9<\/p>\n\t\t<a href=\"https:\/\/www.hotelkastiel.sk\/en\/novinky\/advent-2016\" class=\"btn-view fz-12 font-600 text-gray-8989 text-uppercase\">\n\t\t\t\u010c\u00edta\u0165 viac\t\t<\/a>\n\t\t\t\t<\/div><!-- .post-content -->\r\n\t<\/div>\r\n<\/article><!-- #post-## -->\r\n\r\n<article id=\"post-3695\" class=\"post-3695 post type-post status-publish format-standard has-post-thumbnail hentry category-unkategorisiert\">\r\n\t<div class=\"post-media\">\r\n\t<div class=\"post-image\">\r\n\t\t\t\t\t<a href=\"https:\/\/www.hotelkastiel.sk\/en\/novinky\/umenie-a-elegancia-2016\">\r\n\t\t\t\t<img loading=\"lazy\" decoding=\"async\" width=\"640\" height=\"500\" src=\"https:\/\/www.hotelkastiel.sk\/wp-content\/uploads\/2019\/03\/w1-640x500.jpg\" class=\"attachment-fleurdesel-medium size-fleurdesel-medium wp-post-image\" alt=\"Umenie a elegancia - stretnutie veter\u00e1nov\" \/>\t\t\t<\/a>\r\n\t\t\t<\/div>\r\n<\/div>\r\n\r\n\t<div class=\"post-data\">\r\n\t\t<div class=\"post-date\"><a href=\"https:\/\/www.hotelkastiel.sk\/en\/novinky\/umenie-a-elegancia-2016\" rel=\"bookmark\"><time class=\"entry-date published\" datetime=\"2016-09-05T14:30:38+01:00\">05.09.2016<\/time><time class=\"updated\" datetime=\"2020-10-16T08:12:13+01:00\">16.10.2020<\/time><\/a><\/div>\r\n\t\t<h2 class=\"post-title\"><a href=\"https:\/\/www.hotelkastiel.sk\/en\/novinky\/umenie-a-elegancia-2016\" rel=\"bookmark\">Umenie a elegancia 2016<\/a><\/h2>\r\n\t\t<div class=\"post-meta\">\r\n\t<ul>\r\n\t\t<li>\r\n\t\t\tPosted by <span class=\"author vcard\"><a class=\"url fn n\" href=\"https:\/\/www.hotelkastiel.sk\/en\/author\/mimac\/\">Milan Fabian<\/a><\/span> in <a href=\"https:\/\/www.hotelkastiel.sk\/en\/category\/unkategorisiert\/\" rel=\"category tag\">Unkategorisiert<\/a>\t\t<\/li>\r\n\r\n\t\t<li>\r\n\t\t\t<span>Comments Off<span class=\"screen-reader-text\"> on Umenie a elegancia 2016<\/span><\/span>\t\t<\/li>\r\n\t<\/ul>\r\n<\/div>\r\n\r\n\t\t<div class=\"post-content\">\r\n\t\t\t<p>In\u0161pirovan\u00ed, pou\u010den\u00ed a povzbuden\u00ed minul\u00fdm prv\u00fdm ro\u010dn\u00edkom, pripravili Veter\u00e1n klub Bratislava a Art Hotel Ka\u0161tie\u013e pre v\u00e1s celodenn\u00fd program na \u010derstvo pokosenom anglickom tr\u00e1vniku, pln\u00fd umenia, nostalgie a kr\u00e1snych star\u00fdch automobilov. 2. ro\u010dn\u00edk stretnutia historick\u00fdch vozidiel pod n\u00e1zvom &#8222;Umenie a elegancia&#8220; sa uskuto\u010dnil v nede\u013eu 4.9.2016. Pred ka\u0161tie\u013eom sa postupne predstavilo viac ako 60 s\u00fa\u0165a\u017en\u00fdch [&hellip;]<\/p>\n\t\t<a href=\"https:\/\/www.hotelkastiel.sk\/en\/novinky\/umenie-a-elegancia-2016\" class=\"btn-view fz-12 font-600 text-gray-8989 text-uppercase\">\n\t\t\t\u010c\u00edta\u0165 viac\t\t<\/a>\n\t\t\t\t<\/div><!-- .post-content -->\r\n\t<\/div>\r\n<\/article><!-- #post-## -->\r\n\r\n<article id=\"post-3694\" class=\"post-3694 post type-post status-publish format-standard has-post-thumbnail hentry category-uncategorized\">\r\n\t<div class=\"post-media\">\r\n\t<div class=\"post-image\">\r\n\t\t\t\t\t<a href=\"https:\/\/www.hotelkastiel.sk\/en\/novinky\/umenie-a-elegancia-2016\">\r\n\t\t\t\t<img loading=\"lazy\" decoding=\"async\" width=\"640\" height=\"500\" src=\"https:\/\/www.hotelkastiel.sk\/wp-content\/uploads\/2019\/03\/w1-640x500.jpg\" class=\"attachment-fleurdesel-medium size-fleurdesel-medium wp-post-image\" alt=\"Umenie a elegancia - stretnutie veter\u00e1nov\" \/>\t\t\t<\/a>\r\n\t\t\t<\/div>\r\n<\/div>\r\n\r\n\t<div class=\"post-data\">\r\n\t\t<div class=\"post-date\"><a href=\"https:\/\/www.hotelkastiel.sk\/en\/novinky\/umenie-a-elegancia-2016\" rel=\"bookmark\"><time class=\"entry-date published\" datetime=\"2016-09-05T14:30:38+01:00\">05.09.2016<\/time><time class=\"updated\" datetime=\"2019-05-15T21:04:08+01:00\">15.05.2019<\/time><\/a><\/div>\r\n\t\t<h2 class=\"post-title\"><a href=\"https:\/\/www.hotelkastiel.sk\/en\/novinky\/umenie-a-elegancia-2016\" rel=\"bookmark\">Umenie a elegancia 2016<\/a><\/h2>\r\n\t\t<div class=\"post-meta\">\r\n\t<ul>\r\n\t\t<li>\r\n\t\t\tPosted by <span class=\"author vcard\"><a class=\"url fn n\" href=\"https:\/\/www.hotelkastiel.sk\/en\/author\/mimac\/\">Milan Fabian<\/a><\/span> in <a href=\"https:\/\/www.hotelkastiel.sk\/en\/category\/uncategorized\/\" rel=\"category tag\">Uncategorized<\/a>\t\t<\/li>\r\n\r\n\t\t<li>\r\n\t\t\t<span>Comments Off<span class=\"screen-reader-text\"> on Umenie a elegancia 2016<\/span><\/span>\t\t<\/li>\r\n\t<\/ul>\r\n<\/div>\r\n\r\n\t\t<div class=\"post-content\">\r\n\t\t\t<p>In\u0161pirovan\u00ed, pou\u010den\u00ed a povzbuden\u00ed minul\u00fdm prv\u00fdm ro\u010dn\u00edkom, pripravili Veter\u00e1n klub Bratislava a Art Hotel Ka\u0161tie\u013e pre v\u00e1s celodenn\u00fd program na \u010derstvo pokosenom anglickom tr\u00e1vniku, pln\u00fd umenia, nostalgie a kr\u00e1snych star\u00fdch automobilov. 2. ro\u010dn\u00edk stretnutia historick\u00fdch vozidiel pod n\u00e1zvom &#8222;Umenie a elegancia&#8220; sa uskuto\u010dnil v nede\u013eu 4.9.2016. Pred ka\u0161tie\u013eom sa postupne predstavilo viac ako 60 s\u00fa\u0165a\u017en\u00fdch [&hellip;]<\/p>\n\t\t<a href=\"https:\/\/www.hotelkastiel.sk\/en\/novinky\/umenie-a-elegancia-2016\" class=\"btn-view fz-12 font-600 text-gray-8989 text-uppercase\">\n\t\t\t\u010c\u00edta\u0165 viac\t\t<\/a>\n\t\t\t\t<\/div><!-- .post-content -->\r\n\t<\/div>\r\n<\/article><!-- #post-## -->\r\n\r\n<article id=\"post-3080\" class=\"post-3080 post type-post status-publish format-standard has-post-thumbnail hentry category-uncategorized-sk\">\r\n\t<div class=\"post-media\">\r\n\t<div class=\"post-image\">\r\n\t\t\t\t\t<a href=\"https:\/\/www.hotelkastiel.sk\/en\/novinky\/umenie-a-elegancia-2016\">\r\n\t\t\t\t<img loading=\"lazy\" decoding=\"async\" width=\"640\" height=\"500\" src=\"https:\/\/www.hotelkastiel.sk\/wp-content\/uploads\/2019\/03\/w1-640x500.jpg\" class=\"attachment-fleurdesel-medium size-fleurdesel-medium wp-post-image\" alt=\"Umenie a elegancia - stretnutie veter\u00e1nov\" \/>\t\t\t<\/a>\r\n\t\t\t<\/div>\r\n<\/div>\r\n\r\n\t<div class=\"post-data\">\r\n\t\t<div class=\"post-date\"><a href=\"https:\/\/www.hotelkastiel.sk\/en\/novinky\/umenie-a-elegancia-2016\" rel=\"bookmark\"><time class=\"entry-date published\" datetime=\"2016-09-05T14:30:38+01:00\">05.09.2016<\/time><time class=\"updated\" datetime=\"2019-05-15T21:04:08+01:00\">15.05.2019<\/time><\/a><\/div>\r\n\t\t<h2 class=\"post-title\"><a href=\"https:\/\/www.hotelkastiel.sk\/en\/novinky\/umenie-a-elegancia-2016\" rel=\"bookmark\">Umenie a elegancia 2016<\/a><\/h2>\r\n\t\t<div class=\"post-meta\">\r\n\t<ul>\r\n\t\t<li>\r\n\t\t\tPosted by <span class=\"author vcard\"><a class=\"url fn n\" href=\"https:\/\/www.hotelkastiel.sk\/en\/author\/mimac\/\">Milan Fabian<\/a><\/span> in <a href=\"https:\/\/www.hotelkastiel.sk\/en\/category\/uncategorized-sk\/\" rel=\"category tag\">Uncategorized @sk<\/a>\t\t<\/li>\r\n\r\n\t\t<li>\r\n\t\t\t<span>Comments Off<span class=\"screen-reader-text\"> on Umenie a elegancia 2016<\/span><\/span>\t\t<\/li>\r\n\t<\/ul>\r\n<\/div>\r\n\r\n\t\t<div class=\"post-content\">\r\n\t\t\t<p>In\u0161pirovan\u00ed, pou\u010den\u00ed a povzbuden\u00ed minul\u00fdm prv\u00fdm ro\u010dn\u00edkom, pripravili Veter\u00e1n klub Bratislava a Art Hotel Ka\u0161tie\u013e pre v\u00e1s celodenn\u00fd program na \u010derstvo pokosenom anglickom tr\u00e1vniku, pln\u00fd umenia, nostalgie a kr\u00e1snych star\u00fdch automobilov. 2. ro\u010dn\u00edk stretnutia historick\u00fdch vozidiel pod n\u00e1zvom &#8222;Umenie a elegancia&#8220; sa uskuto\u010dnil v nede\u013eu 4.9.2016. Pred ka\u0161tie\u013eom sa postupne predstavilo viac ako 60 s\u00fa\u0165a\u017en\u00fdch [&hellip;]<\/p>\n\t\t<a href=\"https:\/\/www.hotelkastiel.sk\/en\/novinky\/umenie-a-elegancia-2016\" class=\"btn-view fz-12 font-600 text-gray-8989 text-uppercase\">\n\t\t\t\u010c\u00edta\u0165 viac\t\t<\/a>\n\t\t\t\t<\/div><!-- .post-content -->\r\n\t<\/div>\r\n<\/article><!-- #post-## -->\r\n\r\n<article id=\"post-3697\" class=\"post-3697 post type-post status-publish format-standard has-post-thumbnail hentry category-unkategorisiert\">\r\n\t<div class=\"post-media\">\r\n\t<div class=\"post-image\">\r\n\t\t\t\t\t<a href=\"https:\/\/www.hotelkastiel.sk\/en\/novinky\/svadba-richarda-paninka\">\r\n\t\t\t\t<img loading=\"lazy\" decoding=\"async\" width=\"589\" height=\"500\" src=\"https:\/\/www.hotelkastiel.sk\/wp-content\/uploads\/2019\/03\/q2-1-589x500.jpg\" class=\"attachment-fleurdesel-medium size-fleurdesel-medium wp-post-image\" alt=\"\" \/>\t\t\t<\/a>\r\n\t\t\t<\/div>\r\n<\/div>\r\n\r\n\t<div class=\"post-data\">\r\n\t\t<div class=\"post-date\"><a href=\"https:\/\/www.hotelkastiel.sk\/en\/novinky\/svadba-richarda-paninka\" rel=\"bookmark\"><time class=\"entry-date published\" datetime=\"2016-07-09T14:00:23+01:00\">09.07.2016<\/time><time class=\"updated\" datetime=\"2019-05-15T21:04:14+01:00\">15.05.2019<\/time><\/a><\/div>\r\n\t\t<h2 class=\"post-title\"><a href=\"https:\/\/www.hotelkastiel.sk\/en\/novinky\/svadba-richarda-paninka\" rel=\"bookmark\">Svadba hokejistu Richarda P\u00e1nika<\/a><\/h2>\r\n\t\t<div class=\"post-meta\">\r\n\t<ul>\r\n\t\t<li>\r\n\t\t\tPosted by <span class=\"author vcard\"><a class=\"url fn n\" href=\"https:\/\/www.hotelkastiel.sk\/en\/author\/mimac\/\">Milan Fabian<\/a><\/span> in <a href=\"https:\/\/www.hotelkastiel.sk\/en\/category\/unkategorisiert\/\" rel=\"category tag\">Unkategorisiert<\/a>\t\t<\/li>\r\n\r\n\t\t<li>\r\n\t\t\t<span>Comments Off<span class=\"screen-reader-text\"> on Svadba hokejistu Richarda P\u00e1nika<\/span><\/span>\t\t<\/li>\r\n\t<\/ul>\r\n<\/div>\r\n\r\n\t\t<div class=\"post-content\">\r\n\t\t\t<p>Druh\u00fa j\u00falov\u00fa nede\u013eu 2016 si v alt\u00e1nku pri Art Hoteli Ka\u0161tie\u013e povedali svoje \u00e1no slovensk\u00fd hokejista Richard P\u00e1nik a jeho dlhoro\u010dn\u00e1 priate\u013eka Nikola Kochanov\u00e1. Richard P\u00e1nik v s\u00fa\u010danosti hr\u00e1 v NHL za Chicago Blackhawks. Za slovensk\u00fa reprezent\u00e1ciu odohral vy\u0161e 60 z\u00e1pasov, okrem in\u00e9ho bol aj kapit\u00e1nom n\u00e1rodn\u00e9ho mu\u017estva na Majstrovstv\u00e1ch sveta juniorov 2011. \u0160tastnej dvojici [&hellip;]<\/p>\n\t\t<a href=\"https:\/\/www.hotelkastiel.sk\/en\/novinky\/svadba-richarda-paninka\" class=\"btn-view fz-12 font-600 text-gray-8989 text-uppercase\">\n\t\t\t\u010c\u00edta\u0165 viac\t\t<\/a>\n\t\t\t\t<\/div><!-- .post-content -->\r\n\t<\/div>\r\n<\/article><!-- #post-## -->\r\n\r\n<article id=\"post-3696\" class=\"post-3696 post type-post status-publish format-standard has-post-thumbnail hentry category-uncategorized\">\r\n\t<div class=\"post-media\">\r\n\t<div class=\"post-image\">\r\n\t\t\t\t\t<a href=\"https:\/\/www.hotelkastiel.sk\/en\/novinky\/svadba-richarda-paninka\">\r\n\t\t\t\t<img loading=\"lazy\" decoding=\"async\" width=\"589\" height=\"500\" src=\"https:\/\/www.hotelkastiel.sk\/wp-content\/uploads\/2019\/03\/q2-1-589x500.jpg\" class=\"attachment-fleurdesel-medium size-fleurdesel-medium wp-post-image\" alt=\"\" \/>\t\t\t<\/a>\r\n\t\t\t<\/div>\r\n<\/div>\r\n\r\n\t<div class=\"post-data\">\r\n\t\t<div class=\"post-date\"><a href=\"https:\/\/www.hotelkastiel.sk\/en\/novinky\/svadba-richarda-paninka\" rel=\"bookmark\"><time class=\"entry-date published\" datetime=\"2016-07-09T14:00:23+01:00\">09.07.2016<\/time><time class=\"updated\" datetime=\"2019-05-15T21:04:13+01:00\">15.05.2019<\/time><\/a><\/div>\r\n\t\t<h2 class=\"post-title\"><a href=\"https:\/\/www.hotelkastiel.sk\/en\/novinky\/svadba-richarda-paninka\" rel=\"bookmark\">Svadba hokejistu Richarda P\u00e1nika<\/a><\/h2>\r\n\t\t<div class=\"post-meta\">\r\n\t<ul>\r\n\t\t<li>\r\n\t\t\tPosted by <span class=\"author vcard\"><a class=\"url fn n\" href=\"https:\/\/www.hotelkastiel.sk\/en\/author\/mimac\/\">Milan Fabian<\/a><\/span> in <a href=\"https:\/\/www.hotelkastiel.sk\/en\/category\/uncategorized\/\" rel=\"category tag\">Uncategorized<\/a>\t\t<\/li>\r\n\r\n\t\t<li>\r\n\t\t\t<span>Comments Off<span class=\"screen-reader-text\"> on Svadba hokejistu Richarda P\u00e1nika<\/span><\/span>\t\t<\/li>\r\n\t<\/ul>\r\n<\/div>\r\n\r\n\t\t<div class=\"post-content\">\r\n\t\t\t<p>Druh\u00fa j\u00falov\u00fa nede\u013eu 2016 si v alt\u00e1nku pri Art Hoteli Ka\u0161tie\u013e povedali svoje \u00e1no slovensk\u00fd hokejista Richard P\u00e1nik a jeho dlhoro\u010dn\u00e1 priate\u013eka Nikola Kochanov\u00e1. Richard P\u00e1nik v s\u00fa\u010danosti hr\u00e1 v NHL za Chicago Blackhawks. Za slovensk\u00fa reprezent\u00e1ciu odohral vy\u0161e 60 z\u00e1pasov, okrem in\u00e9ho bol aj kapit\u00e1nom n\u00e1rodn\u00e9ho mu\u017estva na Majstrovstv\u00e1ch sveta juniorov 2011. \u0160tastnej dvojici [&hellip;]<\/p>\n\t\t<a href=\"https:\/\/www.hotelkastiel.sk\/en\/novinky\/svadba-richarda-paninka\" class=\"btn-view fz-12 font-600 text-gray-8989 text-uppercase\">\n\t\t\t\u010c\u00edta\u0165 viac\t\t<\/a>\n\t\t\t\t<\/div><!-- .post-content -->\r\n\t<\/div>\r\n<\/article><!-- #post-## -->\r\n\r\n<article id=\"post-3098\" class=\"post-3098 post type-post status-publish format-standard has-post-thumbnail hentry category-uncategorized-sk\">\r\n\t<div class=\"post-media\">\r\n\t<div class=\"post-image\">\r\n\t\t\t\t\t<a href=\"https:\/\/www.hotelkastiel.sk\/en\/novinky\/svadba-richarda-paninka\">\r\n\t\t\t\t<img loading=\"lazy\" decoding=\"async\" width=\"589\" height=\"500\" src=\"https:\/\/www.hotelkastiel.sk\/wp-content\/uploads\/2019\/03\/q2-1-589x500.jpg\" class=\"attachment-fleurdesel-medium size-fleurdesel-medium wp-post-image\" alt=\"\" \/>\t\t\t<\/a>\r\n\t\t\t<\/div>\r\n<\/div>\r\n\r\n\t<div class=\"post-data\">\r\n\t\t<div class=\"post-date\"><a href=\"https:\/\/www.hotelkastiel.sk\/en\/novinky\/svadba-richarda-paninka\" rel=\"bookmark\"><time class=\"entry-date published\" datetime=\"2016-07-09T14:00:23+01:00\">09.07.2016<\/time><time class=\"updated\" datetime=\"2019-05-15T21:04:13+01:00\">15.05.2019<\/time><\/a><\/div>\r\n\t\t<h2 class=\"post-title\"><a href=\"https:\/\/www.hotelkastiel.sk\/en\/novinky\/svadba-richarda-paninka\" rel=\"bookmark\">Svadba hokejistu Richarda P\u00e1nika<\/a><\/h2>\r\n\t\t<div class=\"post-meta\">\r\n\t<ul>\r\n\t\t<li>\r\n\t\t\tPosted by <span class=\"author vcard\"><a class=\"url fn n\" href=\"https:\/\/www.hotelkastiel.sk\/en\/author\/mimac\/\">Milan Fabian<\/a><\/span> in <a href=\"https:\/\/www.hotelkastiel.sk\/en\/category\/uncategorized-sk\/\" rel=\"category tag\">Uncategorized @sk<\/a>\t\t<\/li>\r\n\r\n\t\t<li>\r\n\t\t\t<span>Comments Off<span class=\"screen-reader-text\"> on Svadba hokejistu Richarda P\u00e1nika<\/span><\/span>\t\t<\/li>\r\n\t<\/ul>\r\n<\/div>\r\n\r\n\t\t<div class=\"post-content\">\r\n\t\t\t<p>Druh\u00fa j\u00falov\u00fa nede\u013eu 2016 si v alt\u00e1nku pri Art Hoteli Ka\u0161tie\u013e povedali svoje \u00e1no slovensk\u00fd hokejista Richard P\u00e1nik a jeho dlhoro\u010dn\u00e1 priate\u013eka Nikola Kochanov\u00e1. Richard P\u00e1nik v s\u00fa\u010danosti hr\u00e1 v NHL za Chicago Blackhawks. Za slovensk\u00fa reprezent\u00e1ciu odohral vy\u0161e 60 z\u00e1pasov, okrem in\u00e9ho bol aj kapit\u00e1nom n\u00e1rodn\u00e9ho mu\u017estva na Majstrovstv\u00e1ch sveta juniorov 2011. \u0160tastnej dvojici [&hellip;]<\/p>\n\t\t<a href=\"https:\/\/www.hotelkastiel.sk\/en\/novinky\/svadba-richarda-paninka\" class=\"btn-view fz-12 font-600 text-gray-8989 text-uppercase\">\n\t\t\t\u010c\u00edta\u0165 viac\t\t<\/a>\n\t\t\t\t<\/div><!-- .post-content -->\r\n\t<\/div>\r\n<\/article><!-- #post-## -->\r\n\r\n<article id=\"post-3699\" class=\"post-3699 post type-post status-publish format-standard has-post-thumbnail hentry category-unkategorisiert\">\r\n\t<div class=\"post-media\">\r\n\t<div class=\"post-image\">\r\n\t\t\t\t\t<a href=\"https:\/\/www.hotelkastiel.sk\/en\/novinky\/valentin-2016\">\r\n\t\t\t\t<img loading=\"lazy\" decoding=\"async\" width=\"640\" height=\"500\" src=\"https:\/\/www.hotelkastiel.sk\/wp-content\/uploads\/2019\/03\/v1-640x500.jpg\" class=\"attachment-fleurdesel-medium size-fleurdesel-medium wp-post-image\" alt=\"\" \/>\t\t\t<\/a>\r\n\t\t\t<\/div>\r\n<\/div>\r\n\r\n\t<div class=\"post-data\">\r\n\t\t<div class=\"post-date\"><a href=\"https:\/\/www.hotelkastiel.sk\/en\/novinky\/valentin-2016\" rel=\"bookmark\"><time class=\"entry-date published\" datetime=\"2016-02-14T15:30:12+01:00\">14.02.2016<\/time><time class=\"updated\" datetime=\"2019-05-15T21:04:52+01:00\">15.05.2019<\/time><\/a><\/div>\r\n\t\t<h2 class=\"post-title\"><a href=\"https:\/\/www.hotelkastiel.sk\/en\/novinky\/valentin-2016\" rel=\"bookmark\">Valent\u00edn 2016<\/a><\/h2>\r\n\t\t<div class=\"post-meta\">\r\n\t<ul>\r\n\t\t<li>\r\n\t\t\tPosted by <span class=\"author vcard\"><a class=\"url fn n\" href=\"https:\/\/www.hotelkastiel.sk\/en\/author\/mimac\/\">Milan Fabian<\/a><\/span> in <a href=\"https:\/\/www.hotelkastiel.sk\/en\/category\/unkategorisiert\/\" rel=\"category tag\">Unkategorisiert<\/a>\t\t<\/li>\r\n\r\n\t\t<li>\r\n\t\t\t<span>Comments Off<span class=\"screen-reader-text\"> on Valent\u00edn 2016<\/span><\/span>\t\t<\/li>\r\n\t<\/ul>\r\n<\/div>\r\n\r\n\t\t<div class=\"post-content\">\r\n\t\t\t<p>Na sv\u00e4t\u00e9ho Valent\u00edna 2016 sa v priestoroch Art Hotela Ka\u0161tie\u013e uskuto\u010dnil u\u017e piaty kr\u00e1t po sebe Valent\u00ednsky ve\u010der. V\u0161etci zamilovan\u00ed str\u00e1vili pr\u00edjemn\u00fd ve\u010der v Jeszen\u00e1kovej s\u00e1le a Dra\u017ek\u00f3ciho sal\u00f3niku v sprievode klav\u00edra. Hostia si mohli vychutna\u0165 menu pln\u00e9 delikates, pripraven\u00e9 \u0161\u00e9fkuch\u00e1rom Rastislavom Miklovi\u010dom: Predjedlo Mousse zo syra Brebis, termizovan\u00fd losos, zlat\u00e1 repka, koriandrov\u00e9 \u017eel\u00e9, nibs, [&hellip;]<\/p>\n\t\t<a href=\"https:\/\/www.hotelkastiel.sk\/en\/novinky\/valentin-2016\" class=\"btn-view fz-12 font-600 text-gray-8989 text-uppercase\">\n\t\t\t\u010c\u00edta\u0165 viac\t\t<\/a>\n\t\t\t\t<\/div><!-- .post-content -->\r\n\t<\/div>\r\n<\/article><!-- #post-## -->\r\n\r\n<article id=\"post-3698\" class=\"post-3698 post type-post status-publish format-standard has-post-thumbnail hentry category-uncategorized\">\r\n\t<div class=\"post-media\">\r\n\t<div class=\"post-image\">\r\n\t\t\t\t\t<a href=\"https:\/\/www.hotelkastiel.sk\/en\/novinky\/valentin-2016\">\r\n\t\t\t\t<img loading=\"lazy\" decoding=\"async\" width=\"640\" height=\"500\" src=\"https:\/\/www.hotelkastiel.sk\/wp-content\/uploads\/2019\/03\/v1-640x500.jpg\" class=\"attachment-fleurdesel-medium size-fleurdesel-medium wp-post-image\" alt=\"\" \/>\t\t\t<\/a>\r\n\t\t\t<\/div>\r\n<\/div>\r\n\r\n\t<div class=\"post-data\">\r\n\t\t<div class=\"post-date\"><a href=\"https:\/\/www.hotelkastiel.sk\/en\/novinky\/valentin-2016\" rel=\"bookmark\"><time class=\"entry-date published\" datetime=\"2016-02-14T15:30:12+01:00\">14.02.2016<\/time><time class=\"updated\" datetime=\"2019-05-15T21:04:51+01:00\">15.05.2019<\/time><\/a><\/div>\r\n\t\t<h2 class=\"post-title\"><a href=\"https:\/\/www.hotelkastiel.sk\/en\/novinky\/valentin-2016\" rel=\"bookmark\">Valent\u00edn 2016<\/a><\/h2>\r\n\t\t<div class=\"post-meta\">\r\n\t<ul>\r\n\t\t<li>\r\n\t\t\tPosted by <span class=\"author vcard\"><a class=\"url fn n\" href=\"https:\/\/www.hotelkastiel.sk\/en\/author\/mimac\/\">Milan Fabian<\/a><\/span> in <a href=\"https:\/\/www.hotelkastiel.sk\/en\/category\/uncategorized\/\" rel=\"category tag\">Uncategorized<\/a>\t\t<\/li>\r\n\r\n\t\t<li>\r\n\t\t\t<span>Comments Off<span class=\"screen-reader-text\"> on Valent\u00edn 2016<\/span><\/span>\t\t<\/li>\r\n\t<\/ul>\r\n<\/div>\r\n\r\n\t\t<div class=\"post-content\">\r\n\t\t\t<p>Na sv\u00e4t\u00e9ho Valent\u00edna 2016 sa v priestoroch Art Hotela Ka\u0161tie\u013e uskuto\u010dnil u\u017e piaty kr\u00e1t po sebe Valent\u00ednsky ve\u010der. V\u0161etci zamilovan\u00ed str\u00e1vili pr\u00edjemn\u00fd ve\u010der v Jeszen\u00e1kovej s\u00e1le a Dra\u017ek\u00f3ciho sal\u00f3niku v sprievode klav\u00edra. Hostia si mohli vychutna\u0165 menu pln\u00e9 delikates, pripraven\u00e9 \u0161\u00e9fkuch\u00e1rom Rastislavom Miklovi\u010dom: Predjedlo Mousse zo syra Brebis, termizovan\u00fd losos, zlat\u00e1 repka, koriandrov\u00e9 \u017eel\u00e9, nibs, [&hellip;]<\/p>\n\t\t<a href=\"https:\/\/www.hotelkastiel.sk\/en\/novinky\/valentin-2016\" class=\"btn-view fz-12 font-600 text-gray-8989 text-uppercase\">\n\t\t\t\u010c\u00edta\u0165 viac\t\t<\/a>\n\t\t\t\t<\/div><!-- .post-content -->\r\n\t<\/div>\r\n<\/article><!-- #post-## -->\r\n\r\n<article id=\"post-3111\" class=\"post-3111 post type-post status-publish format-standard has-post-thumbnail hentry category-uncategorized-sk\">\r\n\t<div class=\"post-media\">\r\n\t<div class=\"post-image\">\r\n\t\t\t\t\t<a href=\"https:\/\/www.hotelkastiel.sk\/en\/novinky\/valentin-2016\">\r\n\t\t\t\t<img loading=\"lazy\" decoding=\"async\" width=\"640\" height=\"500\" src=\"https:\/\/www.hotelkastiel.sk\/wp-content\/uploads\/2019\/03\/v1-640x500.jpg\" class=\"attachment-fleurdesel-medium size-fleurdesel-medium wp-post-image\" alt=\"\" \/>\t\t\t<\/a>\r\n\t\t\t<\/div>\r\n<\/div>\r\n\r\n\t<div class=\"post-data\">\r\n\t\t<div class=\"post-date\"><a href=\"https:\/\/www.hotelkastiel.sk\/en\/novinky\/valentin-2016\" rel=\"bookmark\"><time class=\"entry-date published\" datetime=\"2016-02-14T15:30:12+01:00\">14.02.2016<\/time><time class=\"updated\" datetime=\"2019-05-15T21:04:51+01:00\">15.05.2019<\/time><\/a><\/div>\r\n\t\t<h2 class=\"post-title\"><a href=\"https:\/\/www.hotelkastiel.sk\/en\/novinky\/valentin-2016\" rel=\"bookmark\">Valent\u00edn 2016<\/a><\/h2>\r\n\t\t<div class=\"post-meta\">\r\n\t<ul>\r\n\t\t<li>\r\n\t\t\tPosted by <span class=\"author vcard\"><a class=\"url fn n\" href=\"https:\/\/www.hotelkastiel.sk\/en\/author\/mimac\/\">Milan Fabian<\/a><\/span> in <a href=\"https:\/\/www.hotelkastiel.sk\/en\/category\/uncategorized-sk\/\" rel=\"category tag\">Uncategorized @sk<\/a>\t\t<\/li>\r\n\r\n\t\t<li>\r\n\t\t\t<span>Comments Off<span class=\"screen-reader-text\"> on Valent\u00edn 2016<\/span><\/span>\t\t<\/li>\r\n\t<\/ul>\r\n<\/div>\r\n\r\n\t\t<div class=\"post-content\">\r\n\t\t\t<p>Na sv\u00e4t\u00e9ho Valent\u00edna 2016 sa v priestoroch Art Hotela Ka\u0161tie\u013e uskuto\u010dnil u\u017e piaty kr\u00e1t po sebe Valent\u00ednsky ve\u010der. V\u0161etci zamilovan\u00ed str\u00e1vili pr\u00edjemn\u00fd ve\u010der v Jeszen\u00e1kovej s\u00e1le a Dra\u017ek\u00f3ciho sal\u00f3niku v sprievode klav\u00edra. Hostia si mohli vychutna\u0165 menu pln\u00e9 delikates, pripraven\u00e9 \u0161\u00e9fkuch\u00e1rom Rastislavom Miklovi\u010dom: Predjedlo Mousse zo syra Brebis, termizovan\u00fd losos, zlat\u00e1 repka, koriandrov\u00e9 \u017eel\u00e9, nibs, [&hellip;]<\/p>\n\t\t<a href=\"https:\/\/www.hotelkastiel.sk\/en\/novinky\/valentin-2016\" class=\"btn-view fz-12 font-600 text-gray-8989 text-uppercase\">\n\t\t\t\u010c\u00edta\u0165 viac\t\t<\/a>\n\t\t\t\t<\/div><!-- .post-content -->\r\n\t<\/div>\r\n<\/article><!-- #post-## -->\r\n\r\n<article id=\"post-3703\" class=\"post-3703 post type-post status-publish format-standard has-post-thumbnail hentry category-uncategorized\">\r\n\t<div class=\"post-media\">\r\n\t<div class=\"post-image\">\r\n\t\t\t\t\t<a href=\"https:\/\/www.hotelkastiel.sk\/en\/novinky\/vianocne-trhy-2015\">\r\n\t\t\t\t<img loading=\"lazy\" decoding=\"async\" width=\"640\" height=\"500\" src=\"https:\/\/www.hotelkastiel.sk\/wp-content\/uploads\/2019\/03\/4-1-640x500.jpg\" class=\"attachment-fleurdesel-medium size-fleurdesel-medium wp-post-image\" alt=\"\" \/>\t\t\t<\/a>\r\n\t\t\t<\/div>\r\n<\/div>\r\n\r\n\t<div class=\"post-data\">\r\n\t\t<div class=\"post-date\"><a href=\"https:\/\/www.hotelkastiel.sk\/en\/novinky\/vianocne-trhy-2015\" rel=\"bookmark\"><time class=\"entry-date published\" datetime=\"2015-12-25T15:11:15+01:00\">25.12.2015<\/time><time class=\"updated\" datetime=\"2019-05-15T21:05:03+01:00\">15.05.2019<\/time><\/a><\/div>\r\n\t\t<h2 class=\"post-title\"><a href=\"https:\/\/www.hotelkastiel.sk\/en\/novinky\/vianocne-trhy-2015\" rel=\"bookmark\">Viano\u010dn\u00e9 trhy 2015<\/a><\/h2>\r\n\t\t<div class=\"post-meta\">\r\n\t<ul>\r\n\t\t<li>\r\n\t\t\tPosted by <span class=\"author vcard\"><a class=\"url fn n\" href=\"https:\/\/www.hotelkastiel.sk\/en\/author\/mimac\/\">Milan Fabian<\/a><\/span> in <a href=\"https:\/\/www.hotelkastiel.sk\/en\/category\/uncategorized\/\" rel=\"category tag\">Uncategorized<\/a>\t\t<\/li>\r\n\r\n\t\t<li>\r\n\t\t\t<span>Comments Off<span class=\"screen-reader-text\"> on Viano\u010dn\u00e9 trhy 2015<\/span><\/span>\t\t<\/li>\r\n\t<\/ul>\r\n<\/div>\r\n\r\n\t\t<div class=\"post-content\">\r\n\t\t\t<p>Po\u010des adventn\u00e9ho obdobia v decembri 2015 sa v ka\u0161tieli uskuto\u010dnil 2. ro\u010dn\u00edk viano\u010dn\u00fdch trhov. Ka\u017ed\u00fd v\u00edkend na V\u00e1s \u010dakali st\u00e1nky s ob\u010derstven\u00edm, remeseln\u00fdmi v\u00fdrobkami, viano\u010dn\u00fdmi ozdobami a \u010fal\u0161\u00edm tematick\u00fdm tovarom. Okrem toho ste si mohli po\u010das viano\u010dn\u00fdch trhov v ka\u0161tieli vyrobi\u0165 vlastn\u00fd adventn\u00fd veniec, stretn\u00fa\u0165 Mikul\u00e1\u0161a, zahra\u0165 si na Mikul\u00e1\u0161skom FootGolfovom turnaji alebo vypo\u010du\u0165 si [&hellip;]<\/p>\n\t\t<a href=\"https:\/\/www.hotelkastiel.sk\/en\/novinky\/vianocne-trhy-2015\" class=\"btn-view fz-12 font-600 text-gray-8989 text-uppercase\">\n\t\t\t\u010c\u00edta\u0165 viac\t\t<\/a>\n\t\t\t\t<\/div><!-- .post-content -->\r\n\t<\/div>\r\n<\/article><!-- #post-## -->\r\n\r\n<article id=\"post-3702\" class=\"post-3702 post type-post status-publish format-standard has-post-thumbnail hentry category-unkategorisiert\">\r\n\t<div class=\"post-media\">\r\n\t<div class=\"post-image\">\r\n\t\t\t\t\t<a href=\"https:\/\/www.hotelkastiel.sk\/en\/novinky\/vianocne-trhy-2015\">\r\n\t\t\t\t<img loading=\"lazy\" decoding=\"async\" width=\"640\" height=\"500\" src=\"https:\/\/www.hotelkastiel.sk\/wp-content\/uploads\/2019\/03\/4-1-640x500.jpg\" class=\"attachment-fleurdesel-medium size-fleurdesel-medium wp-post-image\" alt=\"\" \/>\t\t\t<\/a>\r\n\t\t\t<\/div>\r\n<\/div>\r\n\r\n\t<div class=\"post-data\">\r\n\t\t<div class=\"post-date\"><a href=\"https:\/\/www.hotelkastiel.sk\/en\/novinky\/vianocne-trhy-2015\" rel=\"bookmark\"><time class=\"entry-date published\" datetime=\"2015-12-25T15:11:15+01:00\">25.12.2015<\/time><time class=\"updated\" datetime=\"2019-05-15T21:05:02+01:00\">15.05.2019<\/time><\/a><\/div>\r\n\t\t<h2 class=\"post-title\"><a href=\"https:\/\/www.hotelkastiel.sk\/en\/novinky\/vianocne-trhy-2015\" rel=\"bookmark\">Viano\u010dn\u00e9 trhy 2015<\/a><\/h2>\r\n\t\t<div class=\"post-meta\">\r\n\t<ul>\r\n\t\t<li>\r\n\t\t\tPosted by <span class=\"author vcard\"><a class=\"url fn n\" href=\"https:\/\/www.hotelkastiel.sk\/en\/author\/mimac\/\">Milan Fabian<\/a><\/span> in <a href=\"https:\/\/www.hotelkastiel.sk\/en\/category\/unkategorisiert\/\" rel=\"category tag\">Unkategorisiert<\/a>\t\t<\/li>\r\n\r\n\t\t<li>\r\n\t\t\t<span>Comments Off<span class=\"screen-reader-text\"> on Viano\u010dn\u00e9 trhy 2015<\/span><\/span>\t\t<\/li>\r\n\t<\/ul>\r\n<\/div>\r\n\r\n\t\t<div class=\"post-content\">\r\n\t\t\t<p>Po\u010des adventn\u00e9ho obdobia v decembri 2015 sa v ka\u0161tieli uskuto\u010dnil 2. ro\u010dn\u00edk viano\u010dn\u00fdch trhov. Ka\u017ed\u00fd v\u00edkend na V\u00e1s \u010dakali st\u00e1nky s ob\u010derstven\u00edm, remeseln\u00fdmi v\u00fdrobkami, viano\u010dn\u00fdmi ozdobami a \u010fal\u0161\u00edm tematick\u00fdm tovarom. Okrem toho ste si mohli po\u010das viano\u010dn\u00fdch trhov v ka\u0161tieli vyrobi\u0165 vlastn\u00fd adventn\u00fd veniec, stretn\u00fa\u0165 Mikul\u00e1\u0161a, zahra\u0165 si na Mikul\u00e1\u0161skom FootGolfovom turnaji alebo vypo\u010du\u0165 si [&hellip;]<\/p>\n\t\t<a href=\"https:\/\/www.hotelkastiel.sk\/en\/novinky\/vianocne-trhy-2015\" class=\"btn-view fz-12 font-600 text-gray-8989 text-uppercase\">\n\t\t\t\u010c\u00edta\u0165 viac\t\t<\/a>\n\t\t\t\t<\/div><!-- .post-content -->\r\n\t<\/div>\r\n<\/article><!-- #post-## -->\r\n\r\n<article id=\"post-3122\" class=\"post-3122 post type-post status-publish format-standard has-post-thumbnail hentry category-uncategorized-sk\">\r\n\t<div class=\"post-media\">\r\n\t<div class=\"post-image\">\r\n\t\t\t\t\t<a href=\"https:\/\/www.hotelkastiel.sk\/en\/novinky\/vianocne-trhy-2015\">\r\n\t\t\t\t<img loading=\"lazy\" decoding=\"async\" width=\"640\" height=\"500\" src=\"https:\/\/www.hotelkastiel.sk\/wp-content\/uploads\/2019\/03\/4-1-640x500.jpg\" class=\"attachment-fleurdesel-medium size-fleurdesel-medium wp-post-image\" alt=\"\" \/>\t\t\t<\/a>\r\n\t\t\t<\/div>\r\n<\/div>\r\n\r\n\t<div class=\"post-data\">\r\n\t\t<div class=\"post-date\"><a href=\"https:\/\/www.hotelkastiel.sk\/en\/novinky\/vianocne-trhy-2015\" rel=\"bookmark\"><time class=\"entry-date published\" datetime=\"2015-12-25T15:11:15+01:00\">25.12.2015<\/time><time class=\"updated\" datetime=\"2019-05-15T21:05:02+01:00\">15.05.2019<\/time><\/a><\/div>\r\n\t\t<h2 class=\"post-title\"><a href=\"https:\/\/www.hotelkastiel.sk\/en\/novinky\/vianocne-trhy-2015\" rel=\"bookmark\">Viano\u010dn\u00e9 trhy 2015<\/a><\/h2>\r\n\t\t<div class=\"post-meta\">\r\n\t<ul>\r\n\t\t<li>\r\n\t\t\tPosted by <span class=\"author vcard\"><a class=\"url fn n\" href=\"https:\/\/www.hotelkastiel.sk\/en\/author\/mimac\/\">Milan Fabian<\/a><\/span> in <a href=\"https:\/\/www.hotelkastiel.sk\/en\/category\/uncategorized-sk\/\" rel=\"category tag\">Uncategorized @sk<\/a>\t\t<\/li>\r\n\r\n\t\t<li>\r\n\t\t\t<span>Comments Off<span class=\"screen-reader-text\"> on Viano\u010dn\u00e9 trhy 2015<\/span><\/span>\t\t<\/li>\r\n\t<\/ul>\r\n<\/div>\r\n\r\n\t\t<div class=\"post-content\">\r\n\t\t\t<p>Po\u010des adventn\u00e9ho obdobia v decembri 2015 sa v ka\u0161tieli uskuto\u010dnil 2. ro\u010dn\u00edk viano\u010dn\u00fdch trhov. Ka\u017ed\u00fd v\u00edkend na V\u00e1s \u010dakali st\u00e1nky s ob\u010derstven\u00edm, remeseln\u00fdmi v\u00fdrobkami, viano\u010dn\u00fdmi ozdobami a \u010fal\u0161\u00edm tematick\u00fdm tovarom. Okrem toho ste si mohli po\u010das viano\u010dn\u00fdch trhov v ka\u0161tieli vyrobi\u0165 vlastn\u00fd adventn\u00fd veniec, stretn\u00fa\u0165 Mikul\u00e1\u0161a, zahra\u0165 si na Mikul\u00e1\u0161skom FootGolfovom turnaji alebo vypo\u010du\u0165 si [&hellip;]<\/p>\n\t\t<a href=\"https:\/\/www.hotelkastiel.sk\/en\/novinky\/vianocne-trhy-2015\" class=\"btn-view fz-12 font-600 text-gray-8989 text-uppercase\">\n\t\t\t\u010c\u00edta\u0165 viac\t\t<\/a>\n\t\t\t\t<\/div><!-- .post-content -->\r\n\t<\/div>\r\n<\/article><!-- #post-## -->\r\n\r\n<article id=\"post-3705\" class=\"post-3705 post type-post status-publish format-standard has-post-thumbnail hentry category-uncategorized\">\r\n\t<div class=\"post-media\">\r\n\t<div class=\"post-image\">\r\n\t\t\t\t\t<a href=\"https:\/\/www.hotelkastiel.sk\/en\/novinky\/30-herial-ladies-club\">\r\n\t\t\t\t<img loading=\"lazy\" decoding=\"async\" width=\"640\" height=\"433\" src=\"https:\/\/www.hotelkastiel.sk\/wp-content\/uploads\/2015\/12\/H-640x433.jpg\" class=\"attachment-fleurdesel-medium size-fleurdesel-medium wp-post-image\" alt=\"\" \/>\t\t\t<\/a>\r\n\t\t\t<\/div>\r\n<\/div>\r\n\r\n\t<div class=\"post-data\">\r\n\t\t<div class=\"post-date\"><a href=\"https:\/\/www.hotelkastiel.sk\/en\/novinky\/30-herial-ladies-club\" rel=\"bookmark\"><time class=\"entry-date published\" datetime=\"2015-12-04T15:00:32+01:00\">04.12.2015<\/time><time class=\"updated\" datetime=\"2019-05-15T21:05:09+01:00\">15.05.2019<\/time><\/a><\/div>\r\n\t\t<h2 class=\"post-title\"><a href=\"https:\/\/www.hotelkastiel.sk\/en\/novinky\/30-herial-ladies-club\" rel=\"bookmark\">30. Herial Ladies Club<\/a><\/h2>\r\n\t\t<div class=\"post-meta\">\r\n\t<ul>\r\n\t\t<li>\r\n\t\t\tPosted by <span class=\"author vcard\"><a class=\"url fn n\" href=\"https:\/\/www.hotelkastiel.sk\/en\/author\/mimac\/\">Milan Fabian<\/a><\/span> in <a href=\"https:\/\/www.hotelkastiel.sk\/en\/category\/uncategorized\/\" rel=\"category tag\">Uncategorized<\/a>\t\t<\/li>\r\n\r\n\t\t<li>\r\n\t\t\t<span>Comments Off<span class=\"screen-reader-text\"> on 30. Herial Ladies Club<\/span><\/span>\t\t<\/li>\r\n\t<\/ul>\r\n<\/div>\r\n\r\n\t\t<div class=\"post-content\">\r\n\t\t\t<p>V piatok 4.12.2015 sa v ka\u0161tieli uskuto\u010dnil jubilejn\u00fd 30. Herial Ladies Club s primabaler\u00ednou Ninou Pol\u00e1kovou. By\u0165 v spr\u00e1vnom \u010dase na spr\u00e1vnom mieste a stretn\u00fa\u0165 sa s t\u00fdmi spr\u00e1vnymi partnermi, to je \u010dasto cie\u013eom a t\u00fa\u017ebou mnoh\u00fdch z n\u00e1s. 4. decembra poc\u00edtili naplnenie tejto t\u00fa\u017eby n\u00e1v\u0161tevn\u00ed\u010dky jubilejn\u00e9ho 30-teho viano\u010dn\u00e9ho Herial Ladies Clubu. Takmer 200 d\u00e1m [&hellip;]<\/p>\n\t\t<a href=\"https:\/\/www.hotelkastiel.sk\/en\/novinky\/30-herial-ladies-club\" class=\"btn-view fz-12 font-600 text-gray-8989 text-uppercase\">\n\t\t\t\u010c\u00edta\u0165 viac\t\t<\/a>\n\t\t\t\t<\/div><!-- .post-content -->\r\n\t<\/div>\r\n<\/article><!-- #post-## -->\r\n\r\n<article id=\"post-3704\" class=\"post-3704 post type-post status-publish format-standard has-post-thumbnail hentry category-unkategorisiert\">\r\n\t<div class=\"post-media\">\r\n\t<div class=\"post-image\">\r\n\t\t\t\t\t<a href=\"https:\/\/www.hotelkastiel.sk\/en\/novinky\/30-herial-ladies-club\">\r\n\t\t\t\t<img loading=\"lazy\" decoding=\"async\" width=\"640\" height=\"433\" src=\"https:\/\/www.hotelkastiel.sk\/wp-content\/uploads\/2015\/12\/H-640x433.jpg\" class=\"attachment-fleurdesel-medium size-fleurdesel-medium wp-post-image\" alt=\"\" \/>\t\t\t<\/a>\r\n\t\t\t<\/div>\r\n<\/div>\r\n\r\n\t<div class=\"post-data\">\r\n\t\t<div class=\"post-date\"><a href=\"https:\/\/www.hotelkastiel.sk\/en\/novinky\/30-herial-ladies-club\" rel=\"bookmark\"><time class=\"entry-date published\" datetime=\"2015-12-04T15:00:32+01:00\">04.12.2015<\/time><time class=\"updated\" datetime=\"2019-05-15T21:05:08+01:00\">15.05.2019<\/time><\/a><\/div>\r\n\t\t<h2 class=\"post-title\"><a href=\"https:\/\/www.hotelkastiel.sk\/en\/novinky\/30-herial-ladies-club\" rel=\"bookmark\">30. Herial Ladies Club<\/a><\/h2>\r\n\t\t<div class=\"post-meta\">\r\n\t<ul>\r\n\t\t<li>\r\n\t\t\tPosted by <span class=\"author vcard\"><a class=\"url fn n\" href=\"https:\/\/www.hotelkastiel.sk\/en\/author\/mimac\/\">Milan Fabian<\/a><\/span> in <a href=\"https:\/\/www.hotelkastiel.sk\/en\/category\/unkategorisiert\/\" rel=\"category tag\">Unkategorisiert<\/a>\t\t<\/li>\r\n\r\n\t\t<li>\r\n\t\t\t<span>Comments Off<span class=\"screen-reader-text\"> on 30. Herial Ladies Club<\/span><\/span>\t\t<\/li>\r\n\t<\/ul>\r\n<\/div>\r\n\r\n\t\t<div class=\"post-content\">\r\n\t\t\t<p>V piatok 4.12.2015 sa v ka\u0161tieli uskuto\u010dnil jubilejn\u00fd 30. Herial Ladies Club s primabaler\u00ednou Ninou Pol\u00e1kovou. By\u0165 v spr\u00e1vnom \u010dase na spr\u00e1vnom mieste a stretn\u00fa\u0165 sa s t\u00fdmi spr\u00e1vnymi partnermi, to je \u010dasto cie\u013eom a t\u00fa\u017ebou mnoh\u00fdch z n\u00e1s. 4. decembra poc\u00edtili naplnenie tejto t\u00fa\u017eby n\u00e1v\u0161tevn\u00ed\u010dky jubilejn\u00e9ho 30-teho viano\u010dn\u00e9ho Herial Ladies Clubu. Takmer 200 d\u00e1m [&hellip;]<\/p>\n\t\t<a href=\"https:\/\/www.hotelkastiel.sk\/en\/novinky\/30-herial-ladies-club\" class=\"btn-view fz-12 font-600 text-gray-8989 text-uppercase\">\n\t\t\t\u010c\u00edta\u0165 viac\t\t<\/a>\n\t\t\t\t<\/div><!-- .post-content -->\r\n\t<\/div>\r\n<\/article><!-- #post-## -->\r\n\r\n<article id=\"post-3136\" class=\"post-3136 post type-post status-publish format-standard has-post-thumbnail hentry category-uncategorized-sk\">\r\n\t<div class=\"post-media\">\r\n\t<div class=\"post-image\">\r\n\t\t\t\t\t<a href=\"https:\/\/www.hotelkastiel.sk\/en\/novinky\/30-herial-ladies-club\">\r\n\t\t\t\t<img loading=\"lazy\" decoding=\"async\" width=\"640\" height=\"433\" src=\"https:\/\/www.hotelkastiel.sk\/wp-content\/uploads\/2015\/12\/H-640x433.jpg\" class=\"attachment-fleurdesel-medium size-fleurdesel-medium wp-post-image\" alt=\"\" \/>\t\t\t<\/a>\r\n\t\t\t<\/div>\r\n<\/div>\r\n\r\n\t<div class=\"post-data\">\r\n\t\t<div class=\"post-date\"><a href=\"https:\/\/www.hotelkastiel.sk\/en\/novinky\/30-herial-ladies-club\" rel=\"bookmark\"><time class=\"entry-date published\" datetime=\"2015-12-04T15:00:32+01:00\">04.12.2015<\/time><time class=\"updated\" datetime=\"2019-05-15T21:05:08+01:00\">15.05.2019<\/time><\/a><\/div>\r\n\t\t<h2 class=\"post-title\"><a href=\"https:\/\/www.hotelkastiel.sk\/en\/novinky\/30-herial-ladies-club\" rel=\"bookmark\">30. Herial Ladies Club<\/a><\/h2>\r\n\t\t<div class=\"post-meta\">\r\n\t<ul>\r\n\t\t<li>\r\n\t\t\tPosted by <span class=\"author vcard\"><a class=\"url fn n\" href=\"https:\/\/www.hotelkastiel.sk\/en\/author\/mimac\/\">Milan Fabian<\/a><\/span> in <a href=\"https:\/\/www.hotelkastiel.sk\/en\/category\/uncategorized-sk\/\" rel=\"category tag\">Uncategorized @sk<\/a>\t\t<\/li>\r\n\r\n\t\t<li>\r\n\t\t\t<span>Comments Off<span class=\"screen-reader-text\"> on 30. Herial Ladies Club<\/span><\/span>\t\t<\/li>\r\n\t<\/ul>\r\n<\/div>\r\n\r\n\t\t<div class=\"post-content\">\r\n\t\t\t<p>V piatok 4.12.2015 sa v ka\u0161tieli uskuto\u010dnil jubilejn\u00fd 30. Herial Ladies Club s primabaler\u00ednou Ninou Pol\u00e1kovou. By\u0165 v spr\u00e1vnom \u010dase na spr\u00e1vnom mieste a stretn\u00fa\u0165 sa s t\u00fdmi spr\u00e1vnymi partnermi, to je \u010dasto cie\u013eom a t\u00fa\u017ebou mnoh\u00fdch z n\u00e1s. 4. decembra poc\u00edtili naplnenie tejto t\u00fa\u017eby n\u00e1v\u0161tevn\u00ed\u010dky jubilejn\u00e9ho 30-teho viano\u010dn\u00e9ho Herial Ladies Clubu. Takmer 200 d\u00e1m [&hellip;]<\/p>\n\t\t<a href=\"https:\/\/www.hotelkastiel.sk\/en\/novinky\/30-herial-ladies-club\" class=\"btn-view fz-12 font-600 text-gray-8989 text-uppercase\">\n\t\t\t\u010c\u00edta\u0165 viac\t\t<\/a>\n\t\t\t\t<\/div><!-- .post-content -->\r\n\t<\/div>\r\n<\/article><!-- #post-## -->\r\n\r\n<article id=\"post-3709\" class=\"post-3709 post type-post status-publish format-standard has-post-thumbnail hentry category-unkategorisiert\">\r\n\t<div class=\"post-media\">\r\n\t<div class=\"post-image\">\r\n\t\t\t\t\t<a href=\"https:\/\/www.hotelkastiel.sk\/en\/novinky\/art-in-heaven-2015\">\r\n\t\t\t\t<img loading=\"lazy\" decoding=\"async\" width=\"640\" height=\"500\" src=\"https:\/\/www.hotelkastiel.sk\/wp-content\/uploads\/2019\/03\/HHF-640x500.jpg\" class=\"attachment-fleurdesel-medium size-fleurdesel-medium wp-post-image\" alt=\"\" \/>\t\t\t<\/a>\r\n\t\t\t<\/div>\r\n<\/div>\r\n\r\n\t<div class=\"post-data\">\r\n\t\t<div class=\"post-date\"><a href=\"https:\/\/www.hotelkastiel.sk\/en\/novinky\/art-in-heaven-2015\" rel=\"bookmark\"><time class=\"entry-date published\" datetime=\"2015-10-21T15:00:16+01:00\">21.10.2015<\/time><time class=\"updated\" datetime=\"2019-11-26T22:38:49+01:00\">26.11.2019<\/time><\/a><\/div>\r\n\t\t<h2 class=\"post-title\"><a href=\"https:\/\/www.hotelkastiel.sk\/en\/novinky\/art-in-heaven-2015\" rel=\"bookmark\">Harfov\u00fd koncert v kaplnke<\/a><\/h2>\r\n\t\t<div class=\"post-meta\">\r\n\t<ul>\r\n\t\t<li>\r\n\t\t\tPosted by <span class=\"author vcard\"><a class=\"url fn n\" href=\"https:\/\/www.hotelkastiel.sk\/en\/author\/mimac\/\">Milan Fabian<\/a><\/span> in <a href=\"https:\/\/www.hotelkastiel.sk\/en\/category\/unkategorisiert\/\" rel=\"category tag\">Unkategorisiert<\/a>\t\t<\/li>\r\n\r\n\t\t<li>\r\n\t\t\t<span>Comments Off<span class=\"screen-reader-text\"> on Harfov\u00fd koncert v kaplnke<\/span><\/span>\t\t<\/li>\r\n\t<\/ul>\r\n<\/div>\r\n\r\n\t\t<div class=\"post-content\">\r\n\t\t\t<p>V sobotu 31. okt\u00f3bra sa v kaplnke ka\u0161tie\u013ea uskuto\u010dnil jedine\u010dn\u00fd koncert svetozn\u00e1meho harfistu Michala Matej\u010d\u00edka pod n\u00e1zvom Art in Heaven. Michal Matej\u010d\u00edk po\u010das svojej kari\u00e9ry s\u00f3lovo sprev\u00e1dzal britsk\u00e9ho spev\u00e1ka Georgea Michaela na jeho &#8222;The Symphonica Tour&#8220;, rovnako ako spev\u00e1cke kvarteto Il Divo. V marci 2013 bol anga\u017eovan\u00fd ako &#8222;\u0161peci\u00e1lny hos\u0165&#8220; skupiny Depeche Mode, ktor\u00e1 mu [&hellip;]<\/p>\n\t\t<a href=\"https:\/\/www.hotelkastiel.sk\/en\/novinky\/art-in-heaven-2015\" class=\"btn-view fz-12 font-600 text-gray-8989 text-uppercase\">\n\t\t\t\u010c\u00edta\u0165 viac\t\t<\/a>\n\t\t\t\t<\/div><!-- .post-content -->\r\n\t<\/div>\r\n<\/article><!-- #post-## -->\r\n\r\n<article id=\"post-3708\" class=\"post-3708 post type-post status-publish format-standard has-post-thumbnail hentry category-uncategorized\">\r\n\t<div class=\"post-media\">\r\n\t<div class=\"post-image\">\r\n\t\t\t\t\t<a href=\"https:\/\/www.hotelkastiel.sk\/en\/novinky\/art-in-heaven-2015\">\r\n\t\t\t\t<img loading=\"lazy\" decoding=\"async\" width=\"640\" height=\"500\" src=\"https:\/\/www.hotelkastiel.sk\/wp-content\/uploads\/2019\/03\/HHF-640x500.jpg\" class=\"attachment-fleurdesel-medium size-fleurdesel-medium wp-post-image\" alt=\"\" \/>\t\t\t<\/a>\r\n\t\t\t<\/div>\r\n<\/div>\r\n\r\n\t<div class=\"post-data\">\r\n\t\t<div class=\"post-date\"><a href=\"https:\/\/www.hotelkastiel.sk\/en\/novinky\/art-in-heaven-2015\" rel=\"bookmark\"><time class=\"entry-date published\" datetime=\"2015-10-21T15:00:16+01:00\">21.10.2015<\/time><time class=\"updated\" datetime=\"2019-11-26T22:38:47+01:00\">26.11.2019<\/time><\/a><\/div>\r\n\t\t<h2 class=\"post-title\"><a href=\"https:\/\/www.hotelkastiel.sk\/en\/novinky\/art-in-heaven-2015\" rel=\"bookmark\">Harfov\u00fd koncert v kaplnke<\/a><\/h2>\r\n\t\t<div class=\"post-meta\">\r\n\t<ul>\r\n\t\t<li>\r\n\t\t\tPosted by <span class=\"author vcard\"><a class=\"url fn n\" href=\"https:\/\/www.hotelkastiel.sk\/en\/author\/mimac\/\">Milan Fabian<\/a><\/span> in <a href=\"https:\/\/www.hotelkastiel.sk\/en\/category\/uncategorized\/\" rel=\"category tag\">Uncategorized<\/a>\t\t<\/li>\r\n\r\n\t\t<li>\r\n\t\t\t<span>Comments Off<span class=\"screen-reader-text\"> on Harfov\u00fd koncert v kaplnke<\/span><\/span>\t\t<\/li>\r\n\t<\/ul>\r\n<\/div>\r\n\r\n\t\t<div class=\"post-content\">\r\n\t\t\t<p>V sobotu 31. okt\u00f3bra sa v kaplnke ka\u0161tie\u013ea uskuto\u010dnil jedine\u010dn\u00fd koncert svetozn\u00e1meho harfistu Michala Matej\u010d\u00edka pod n\u00e1zvom Art in Heaven. Michal Matej\u010d\u00edk po\u010das svojej kari\u00e9ry s\u00f3lovo sprev\u00e1dzal britsk\u00e9ho spev\u00e1ka Georgea Michaela na jeho &#8222;The Symphonica Tour&#8220;, rovnako ako spev\u00e1cke kvarteto Il Divo. V marci 2013 bol anga\u017eovan\u00fd ako &#8222;\u0161peci\u00e1lny hos\u0165&#8220; skupiny Depeche Mode, ktor\u00e1 mu [&hellip;]<\/p>\n\t\t<a href=\"https:\/\/www.hotelkastiel.sk\/en\/novinky\/art-in-heaven-2015\" class=\"btn-view fz-12 font-600 text-gray-8989 text-uppercase\">\n\t\t\t\u010c\u00edta\u0165 viac\t\t<\/a>\n\t\t\t\t<\/div><!-- .post-content -->\r\n\t<\/div>\r\n<\/article><!-- #post-## -->\r\n\r\n<article id=\"post-3141\" class=\"post-3141 post type-post status-publish format-standard has-post-thumbnail hentry category-uncategorized-sk\">\r\n\t<div class=\"post-media\">\r\n\t<div class=\"post-image\">\r\n\t\t\t\t\t<a href=\"https:\/\/www.hotelkastiel.sk\/en\/novinky\/art-in-heaven-2015\">\r\n\t\t\t\t<img loading=\"lazy\" decoding=\"async\" width=\"640\" height=\"500\" src=\"https:\/\/www.hotelkastiel.sk\/wp-content\/uploads\/2019\/03\/HHF-640x500.jpg\" class=\"attachment-fleurdesel-medium size-fleurdesel-medium wp-post-image\" alt=\"\" \/>\t\t\t<\/a>\r\n\t\t\t<\/div>\r\n<\/div>\r\n\r\n\t<div class=\"post-data\">\r\n\t\t<div class=\"post-date\"><a href=\"https:\/\/www.hotelkastiel.sk\/en\/novinky\/art-in-heaven-2015\" rel=\"bookmark\"><time class=\"entry-date published\" datetime=\"2015-10-21T15:00:16+01:00\">21.10.2015<\/time><time class=\"updated\" datetime=\"2019-11-26T22:38:46+01:00\">26.11.2019<\/time><\/a><\/div>\r\n\t\t<h2 class=\"post-title\"><a href=\"https:\/\/www.hotelkastiel.sk\/en\/novinky\/art-in-heaven-2015\" rel=\"bookmark\">Harfov\u00fd koncert v kaplnke<\/a><\/h2>\r\n\t\t<div class=\"post-meta\">\r\n\t<ul>\r\n\t\t<li>\r\n\t\t\tPosted by <span class=\"author vcard\"><a class=\"url fn n\" href=\"https:\/\/www.hotelkastiel.sk\/en\/author\/mimac\/\">Milan Fabian<\/a><\/span> in <a href=\"https:\/\/www.hotelkastiel.sk\/en\/category\/uncategorized-sk\/\" rel=\"category tag\">Uncategorized @sk<\/a>\t\t<\/li>\r\n\r\n\t\t<li>\r\n\t\t\t<span>Comments Off<span class=\"screen-reader-text\"> on Harfov\u00fd koncert v kaplnke<\/span><\/span>\t\t<\/li>\r\n\t<\/ul>\r\n<\/div>\r\n\r\n\t\t<div class=\"post-content\">\r\n\t\t\t<p>V sobotu 31. okt\u00f3bra sa v kaplnke ka\u0161tie\u013ea uskuto\u010dnil jedine\u010dn\u00fd koncert svetozn\u00e1meho harfistu Michala Matej\u010d\u00edka pod n\u00e1zvom Art in Heaven. Michal Matej\u010d\u00edk po\u010das svojej kari\u00e9ry s\u00f3lovo sprev\u00e1dzal britsk\u00e9ho spev\u00e1ka Georgea Michaela na jeho &#8222;The Symphonica Tour&#8220;, rovnako ako spev\u00e1cke kvarteto Il Divo. V marci 2013 bol anga\u017eovan\u00fd ako &#8222;\u0161peci\u00e1lny hos\u0165&#8220; skupiny Depeche Mode, ktor\u00e1 mu [&hellip;]<\/p>\n\t\t<a href=\"https:\/\/www.hotelkastiel.sk\/en\/novinky\/art-in-heaven-2015\" class=\"btn-view fz-12 font-600 text-gray-8989 text-uppercase\">\n\t\t\t\u010c\u00edta\u0165 viac\t\t<\/a>\n\t\t\t\t<\/div><!-- .post-content -->\r\n\t<\/div>\r\n<\/article><!-- #post-## -->\r\n\r\n<article id=\"post-3711\" class=\"post-3711 post type-post status-publish format-standard has-post-thumbnail hentry category-unkategorisiert\">\r\n\t<div class=\"post-media\">\r\n\t<div class=\"post-image\">\r\n\t\t\t\t\t<a href=\"https:\/\/www.hotelkastiel.sk\/en\/novinky\/3d-prehliadka\">\r\n\t\t\t\t<img loading=\"lazy\" decoding=\"async\" width=\"640\" height=\"500\" src=\"https:\/\/www.hotelkastiel.sk\/wp-content\/uploads\/2019\/03\/WWW-640x500.jpg\" class=\"attachment-fleurdesel-medium size-fleurdesel-medium wp-post-image\" alt=\"\" \/>\t\t\t<\/a>\r\n\t\t\t<\/div>\r\n<\/div>\r\n\r\n\t<div class=\"post-data\">\r\n\t\t<div class=\"post-date\"><a href=\"https:\/\/www.hotelkastiel.sk\/en\/novinky\/3d-prehliadka\" rel=\"bookmark\"><time class=\"entry-date published\" datetime=\"2015-10-10T15:00:47+01:00\">10.10.2015<\/time><time class=\"updated\" datetime=\"2019-05-15T21:07:20+01:00\">15.05.2019<\/time><\/a><\/div>\r\n\t\t<h2 class=\"post-title\"><a href=\"https:\/\/www.hotelkastiel.sk\/en\/novinky\/3d-prehliadka\" rel=\"bookmark\">3D prehliadka ka\u0161tie\u013ea<\/a><\/h2>\r\n\t\t<div class=\"post-meta\">\r\n\t<ul>\r\n\t\t<li>\r\n\t\t\tPosted by <span class=\"author vcard\"><a class=\"url fn n\" href=\"https:\/\/www.hotelkastiel.sk\/en\/author\/mimac\/\">Milan Fabian<\/a><\/span> in <a href=\"https:\/\/www.hotelkastiel.sk\/en\/category\/unkategorisiert\/\" rel=\"category tag\">Unkategorisiert<\/a>\t\t<\/li>\r\n\r\n\t\t<li>\r\n\t\t\t<span>Comments Off<span class=\"screen-reader-text\"> on 3D prehliadka ka\u0161tie\u013ea<\/span><\/span>\t\t<\/li>\r\n\t<\/ul>\r\n<\/div>\r\n\r\n\t\t<div class=\"post-content\">\r\n\t\t\t<p>Prv\u00fd okt\u00f3brov\u00fd v\u00edkend 2015 bol interi\u00e9r aj exteri\u00e9r Tom\u00e1\u0161ovsk\u00e9ho ka\u0161tie\u013ea zachyten\u00fd v 3D. Virtu\u00e1lne sa m\u00f4\u017eete prejs\u0165 po sal\u00f3nikoch, izb\u00e1ch, n\u00e1dvor\u00ed a parku.<\/p>\n\t\t<a href=\"https:\/\/www.hotelkastiel.sk\/en\/novinky\/3d-prehliadka\" class=\"btn-view fz-12 font-600 text-gray-8989 text-uppercase\">\n\t\t\t\u010c\u00edta\u0165 viac\t\t<\/a>\n\t\t\t\t<\/div><!-- .post-content -->\r\n\t<\/div>\r\n<\/article><!-- #post-## -->\r\n\r\n<article id=\"post-3710\" class=\"post-3710 post type-post status-publish format-standard has-post-thumbnail hentry category-uncategorized\">\r\n\t<div class=\"post-media\">\r\n\t<div class=\"post-image\">\r\n\t\t\t\t\t<a href=\"https:\/\/www.hotelkastiel.sk\/en\/novinky\/3d-prehliadka\">\r\n\t\t\t\t<img loading=\"lazy\" decoding=\"async\" width=\"640\" height=\"500\" src=\"https:\/\/www.hotelkastiel.sk\/wp-content\/uploads\/2019\/03\/WWW-640x500.jpg\" class=\"attachment-fleurdesel-medium size-fleurdesel-medium wp-post-image\" alt=\"\" \/>\t\t\t<\/a>\r\n\t\t\t<\/div>\r\n<\/div>\r\n\r\n\t<div class=\"post-data\">\r\n\t\t<div class=\"post-date\"><a href=\"https:\/\/www.hotelkastiel.sk\/en\/novinky\/3d-prehliadka\" rel=\"bookmark\"><time class=\"entry-date published\" datetime=\"2015-10-10T15:00:47+01:00\">10.10.2015<\/time><time class=\"updated\" datetime=\"2019-05-15T21:07:19+01:00\">15.05.2019<\/time><\/a><\/div>\r\n\t\t<h2 class=\"post-title\"><a href=\"https:\/\/www.hotelkastiel.sk\/en\/novinky\/3d-prehliadka\" rel=\"bookmark\">3D prehliadka ka\u0161tie\u013ea<\/a><\/h2>\r\n\t\t<div class=\"post-meta\">\r\n\t<ul>\r\n\t\t<li>\r\n\t\t\tPosted by <span class=\"author vcard\"><a class=\"url fn n\" href=\"https:\/\/www.hotelkastiel.sk\/en\/author\/mimac\/\">Milan Fabian<\/a><\/span> in <a href=\"https:\/\/www.hotelkastiel.sk\/en\/category\/uncategorized\/\" rel=\"category tag\">Uncategorized<\/a>\t\t<\/li>\r\n\r\n\t\t<li>\r\n\t\t\t<span>Comments Off<span class=\"screen-reader-text\"> on 3D prehliadka ka\u0161tie\u013ea<\/span><\/span>\t\t<\/li>\r\n\t<\/ul>\r\n<\/div>\r\n\r\n\t\t<div class=\"post-content\">\r\n\t\t\t<p>Prv\u00fd okt\u00f3brov\u00fd v\u00edkend 2015 bol interi\u00e9r aj exteri\u00e9r Tom\u00e1\u0161ovsk\u00e9ho ka\u0161tie\u013ea zachyten\u00fd v 3D. Virtu\u00e1lne sa m\u00f4\u017eete prejs\u0165 po sal\u00f3nikoch, izb\u00e1ch, n\u00e1dvor\u00ed a parku.<\/p>\n\t\t<a href=\"https:\/\/www.hotelkastiel.sk\/en\/novinky\/3d-prehliadka\" class=\"btn-view fz-12 font-600 text-gray-8989 text-uppercase\">\n\t\t\t\u010c\u00edta\u0165 viac\t\t<\/a>\n\t\t\t\t<\/div><!-- .post-content -->\r\n\t<\/div>\r\n<\/article><!-- #post-## -->\r\n\r\n<article id=\"post-3146\" class=\"post-3146 post type-post status-publish format-standard has-post-thumbnail hentry category-uncategorized-sk\">\r\n\t<div class=\"post-media\">\r\n\t<div class=\"post-image\">\r\n\t\t\t\t\t<a href=\"https:\/\/www.hotelkastiel.sk\/en\/novinky\/3d-prehliadka\">\r\n\t\t\t\t<img loading=\"lazy\" decoding=\"async\" width=\"640\" height=\"500\" src=\"https:\/\/www.hotelkastiel.sk\/wp-content\/uploads\/2019\/03\/WWW-640x500.jpg\" class=\"attachment-fleurdesel-medium size-fleurdesel-medium wp-post-image\" alt=\"\" \/>\t\t\t<\/a>\r\n\t\t\t<\/div>\r\n<\/div>\r\n\r\n\t<div class=\"post-data\">\r\n\t\t<div class=\"post-date\"><a href=\"https:\/\/www.hotelkastiel.sk\/en\/novinky\/3d-prehliadka\" rel=\"bookmark\"><time class=\"entry-date published\" datetime=\"2015-10-10T15:00:47+01:00\">10.10.2015<\/time><time class=\"updated\" datetime=\"2019-05-15T21:07:19+01:00\">15.05.2019<\/time><\/a><\/div>\r\n\t\t<h2 class=\"post-title\"><a href=\"https:\/\/www.hotelkastiel.sk\/en\/novinky\/3d-prehliadka\" rel=\"bookmark\">3D prehliadka ka\u0161tie\u013ea<\/a><\/h2>\r\n\t\t<div class=\"post-meta\">\r\n\t<ul>\r\n\t\t<li>\r\n\t\t\tPosted by <span class=\"author vcard\"><a class=\"url fn n\" href=\"https:\/\/www.hotelkastiel.sk\/en\/author\/mimac\/\">Milan Fabian<\/a><\/span> in <a href=\"https:\/\/www.hotelkastiel.sk\/en\/category\/uncategorized-sk\/\" rel=\"category tag\">Uncategorized @sk<\/a>\t\t<\/li>\r\n\r\n\t\t<li>\r\n\t\t\t<span>Comments Off<span class=\"screen-reader-text\"> on 3D prehliadka ka\u0161tie\u013ea<\/span><\/span>\t\t<\/li>\r\n\t<\/ul>\r\n<\/div>\r\n\r\n\t\t<div class=\"post-content\">\r\n\t\t\t<p>Prv\u00fd okt\u00f3brov\u00fd v\u00edkend 2015 bol interi\u00e9r aj exteri\u00e9r Tom\u00e1\u0161ovsk\u00e9ho ka\u0161tie\u013ea zachyten\u00fd v 3D. Virtu\u00e1lne sa m\u00f4\u017eete prejs\u0165 po sal\u00f3nikoch, izb\u00e1ch, n\u00e1dvor\u00ed a parku.<\/p>\n\t\t<a href=\"https:\/\/www.hotelkastiel.sk\/en\/novinky\/3d-prehliadka\" class=\"btn-view fz-12 font-600 text-gray-8989 text-uppercase\">\n\t\t\t\u010c\u00edta\u0165 viac\t\t<\/a>\n\t\t\t\t<\/div><!-- .post-content -->\r\n\t<\/div>\r\n<\/article><!-- #post-## -->\r\n\r\n<article id=\"post-3713\" class=\"post-3713 post type-post status-publish format-standard has-post-thumbnail hentry category-unkategorisiert\">\r\n\t<div class=\"post-media\">\r\n\t<div class=\"post-image\">\r\n\t\t\t\t\t<a href=\"https:\/\/www.hotelkastiel.sk\/en\/novinky\/umenie-a-elegancia-2015\">\r\n\t\t\t\t<img loading=\"lazy\" decoding=\"async\" width=\"640\" height=\"500\" src=\"https:\/\/www.hotelkastiel.sk\/wp-content\/uploads\/2019\/03\/w1-640x500.jpg\" class=\"attachment-fleurdesel-medium size-fleurdesel-medium wp-post-image\" alt=\"Umenie a elegancia - stretnutie veter\u00e1nov\" \/>\t\t\t<\/a>\r\n\t\t\t<\/div>\r\n<\/div>\r\n\r\n\t<div class=\"post-data\">\r\n\t\t<div class=\"post-date\"><a href=\"https:\/\/www.hotelkastiel.sk\/en\/novinky\/umenie-a-elegancia-2015\" rel=\"bookmark\"><time class=\"entry-date published\" datetime=\"2015-09-06T15:00:02+01:00\">06.09.2015<\/time><time class=\"updated\" datetime=\"2019-05-15T21:07:24+01:00\">15.05.2019<\/time><\/a><\/div>\r\n\t\t<h2 class=\"post-title\"><a href=\"https:\/\/www.hotelkastiel.sk\/en\/novinky\/umenie-a-elegancia-2015\" rel=\"bookmark\">Umenie a elegancia 2015<\/a><\/h2>\r\n\t\t<div class=\"post-meta\">\r\n\t<ul>\r\n\t\t<li>\r\n\t\t\tPosted by <span class=\"author vcard\"><a class=\"url fn n\" href=\"https:\/\/www.hotelkastiel.sk\/en\/author\/mimac\/\">Milan Fabian<\/a><\/span> in <a href=\"https:\/\/www.hotelkastiel.sk\/en\/category\/unkategorisiert\/\" rel=\"category tag\">Unkategorisiert<\/a>\t\t<\/li>\r\n\r\n\t\t<li>\r\n\t\t\t<span>Comments Off<span class=\"screen-reader-text\"> on Umenie a elegancia 2015<\/span><\/span>\t\t<\/li>\r\n\t<\/ul>\r\n<\/div>\r\n\r\n\t\t<div class=\"post-content\">\r\n\t\t\t<p>V nede\u013eu 6.9.2015 sa v Art Hoteli Ka\u0161tie\u013e uskuto\u010dnil 1 ro\u010dn\u00edk stretnutia zberate\u013eov a milovn\u00edkov historick\u00fdch vozidiel pod n\u00e1zvom Umenie a elegancia. Okrem mno\u017estva historick\u00fdch automobilov na V\u00e1s \u010dakal bohat\u00fd program po\u010das cel\u00e9ho d\u0148a: ma\u017eoretky, dobov\u00e1 m\u00f3dna prehliadka, CaK komorn\u00fd orchester, teplovzdu\u0161n\u00fd bal\u00f3n, historick\u00e9 lietadlo, parn\u00fd valec, s\u00fa\u0165a\u017ee pre deti, jazdy historick\u00fdm autobusom, st\u00e1nky s [&hellip;]<\/p>\n\t\t<a href=\"https:\/\/www.hotelkastiel.sk\/en\/novinky\/umenie-a-elegancia-2015\" class=\"btn-view fz-12 font-600 text-gray-8989 text-uppercase\">\n\t\t\t\u010c\u00edta\u0165 viac\t\t<\/a>\n\t\t\t\t<\/div><!-- .post-content -->\r\n\t<\/div>\r\n<\/article><!-- #post-## -->\r\n\r\n<article id=\"post-3712\" class=\"post-3712 post type-post status-publish format-standard has-post-thumbnail hentry category-uncategorized\">\r\n\t<div class=\"post-media\">\r\n\t<div class=\"post-image\">\r\n\t\t\t\t\t<a href=\"https:\/\/www.hotelkastiel.sk\/en\/novinky\/umenie-a-elegancia-2015\">\r\n\t\t\t\t<img loading=\"lazy\" decoding=\"async\" width=\"640\" height=\"500\" src=\"https:\/\/www.hotelkastiel.sk\/wp-content\/uploads\/2019\/03\/w1-640x500.jpg\" class=\"attachment-fleurdesel-medium size-fleurdesel-medium wp-post-image\" alt=\"Umenie a elegancia - stretnutie veter\u00e1nov\" \/>\t\t\t<\/a>\r\n\t\t\t<\/div>\r\n<\/div>\r\n\r\n\t<div class=\"post-data\">\r\n\t\t<div class=\"post-date\"><a href=\"https:\/\/www.hotelkastiel.sk\/en\/novinky\/umenie-a-elegancia-2015\" rel=\"bookmark\"><time class=\"entry-date published\" datetime=\"2015-09-06T15:00:02+01:00\">06.09.2015<\/time><time class=\"updated\" datetime=\"2019-05-15T21:07:23+01:00\">15.05.2019<\/time><\/a><\/div>\r\n\t\t<h2 class=\"post-title\"><a href=\"https:\/\/www.hotelkastiel.sk\/en\/novinky\/umenie-a-elegancia-2015\" rel=\"bookmark\">Umenie a elegancia 2015<\/a><\/h2>\r\n\t\t<div class=\"post-meta\">\r\n\t<ul>\r\n\t\t<li>\r\n\t\t\tPosted by <span class=\"author vcard\"><a class=\"url fn n\" href=\"https:\/\/www.hotelkastiel.sk\/en\/author\/mimac\/\">Milan Fabian<\/a><\/span> in <a href=\"https:\/\/www.hotelkastiel.sk\/en\/category\/uncategorized\/\" rel=\"category tag\">Uncategorized<\/a>\t\t<\/li>\r\n\r\n\t\t<li>\r\n\t\t\t<span>Comments Off<span class=\"screen-reader-text\"> on Umenie a elegancia 2015<\/span><\/span>\t\t<\/li>\r\n\t<\/ul>\r\n<\/div>\r\n\r\n\t\t<div class=\"post-content\">\r\n\t\t\t<p>V nede\u013eu 6.9.2015 sa v Art Hoteli Ka\u0161tie\u013e uskuto\u010dnil 1 ro\u010dn\u00edk stretnutia zberate\u013eov a milovn\u00edkov historick\u00fdch vozidiel pod n\u00e1zvom Umenie a elegancia. Okrem mno\u017estva historick\u00fdch automobilov na V\u00e1s \u010dakal bohat\u00fd program po\u010das cel\u00e9ho d\u0148a: ma\u017eoretky, dobov\u00e1 m\u00f3dna prehliadka, CaK komorn\u00fd orchester, teplovzdu\u0161n\u00fd bal\u00f3n, historick\u00e9 lietadlo, parn\u00fd valec, s\u00fa\u0165a\u017ee pre deti, jazdy historick\u00fdm autobusom, st\u00e1nky s [&hellip;]<\/p>\n\t\t<a href=\"https:\/\/www.hotelkastiel.sk\/en\/novinky\/umenie-a-elegancia-2015\" class=\"btn-view fz-12 font-600 text-gray-8989 text-uppercase\">\n\t\t\t\u010c\u00edta\u0165 viac\t\t<\/a>\n\t\t\t\t<\/div><!-- .post-content -->\r\n\t<\/div>\r\n<\/article><!-- #post-## -->\r\n\r\n<article id=\"post-3151\" class=\"post-3151 post type-post status-publish format-standard has-post-thumbnail hentry category-uncategorized-sk\">\r\n\t<div class=\"post-media\">\r\n\t<div class=\"post-image\">\r\n\t\t\t\t\t<a href=\"https:\/\/www.hotelkastiel.sk\/en\/novinky\/umenie-a-elegancia-2015\">\r\n\t\t\t\t<img loading=\"lazy\" decoding=\"async\" width=\"640\" height=\"500\" src=\"https:\/\/www.hotelkastiel.sk\/wp-content\/uploads\/2019\/03\/w1-640x500.jpg\" class=\"attachment-fleurdesel-medium size-fleurdesel-medium wp-post-image\" alt=\"Umenie a elegancia - stretnutie veter\u00e1nov\" \/>\t\t\t<\/a>\r\n\t\t\t<\/div>\r\n<\/div>\r\n\r\n\t<div class=\"post-data\">\r\n\t\t<div class=\"post-date\"><a href=\"https:\/\/www.hotelkastiel.sk\/en\/novinky\/umenie-a-elegancia-2015\" rel=\"bookmark\"><time class=\"entry-date published\" datetime=\"2015-09-06T15:00:02+01:00\">06.09.2015<\/time><time class=\"updated\" datetime=\"2019-05-15T21:07:23+01:00\">15.05.2019<\/time><\/a><\/div>\r\n\t\t<h2 class=\"post-title\"><a href=\"https:\/\/www.hotelkastiel.sk\/en\/novinky\/umenie-a-elegancia-2015\" rel=\"bookmark\">Umenie a elegancia 2015<\/a><\/h2>\r\n\t\t<div class=\"post-meta\">\r\n\t<ul>\r\n\t\t<li>\r\n\t\t\tPosted by <span class=\"author vcard\"><a class=\"url fn n\" href=\"https:\/\/www.hotelkastiel.sk\/en\/author\/mimac\/\">Milan Fabian<\/a><\/span> in <a href=\"https:\/\/www.hotelkastiel.sk\/en\/category\/uncategorized-sk\/\" rel=\"category tag\">Uncategorized @sk<\/a>\t\t<\/li>\r\n\r\n\t\t<li>\r\n\t\t\t<span>Comments Off<span class=\"screen-reader-text\"> on Umenie a elegancia 2015<\/span><\/span>\t\t<\/li>\r\n\t<\/ul>\r\n<\/div>\r\n\r\n\t\t<div class=\"post-content\">\r\n\t\t\t<p>V nede\u013eu 6.9.2015 sa v Art Hoteli Ka\u0161tie\u013e uskuto\u010dnil 1 ro\u010dn\u00edk stretnutia zberate\u013eov a milovn\u00edkov historick\u00fdch vozidiel pod n\u00e1zvom Umenie a elegancia. Okrem mno\u017estva historick\u00fdch automobilov na V\u00e1s \u010dakal bohat\u00fd program po\u010das cel\u00e9ho d\u0148a: ma\u017eoretky, dobov\u00e1 m\u00f3dna prehliadka, CaK komorn\u00fd orchester, teplovzdu\u0161n\u00fd bal\u00f3n, historick\u00e9 lietadlo, parn\u00fd valec, s\u00fa\u0165a\u017ee pre deti, jazdy historick\u00fdm autobusom, st\u00e1nky s [&hellip;]<\/p>\n\t\t<a href=\"https:\/\/www.hotelkastiel.sk\/en\/novinky\/umenie-a-elegancia-2015\" class=\"btn-view fz-12 font-600 text-gray-8989 text-uppercase\">\n\t\t\t\u010c\u00edta\u0165 viac\t\t<\/a>\n\t\t\t\t<\/div><!-- .post-content -->\r\n\t<\/div>\r\n<\/article><!-- #post-## -->\r\n\r\n<article id=\"post-3717\" class=\"post-3717 post type-post status-publish format-standard has-post-thumbnail hentry category-uncategorized\">\r\n\t<div class=\"post-media\">\r\n\t<div class=\"post-image\">\r\n\t\t\t\t\t<a href=\"https:\/\/www.hotelkastiel.sk\/en\/novinky\/footgolf-mufuza\">\r\n\t\t\t\t<img loading=\"lazy\" decoding=\"async\" width=\"640\" height=\"500\" src=\"https:\/\/www.hotelkastiel.sk\/wp-content\/uploads\/2019\/03\/mufuza-640x500.jpg\" class=\"attachment-fleurdesel-medium size-fleurdesel-medium wp-post-image\" alt=\"\" \/>\t\t\t<\/a>\r\n\t\t\t<\/div>\r\n<\/div>\r\n\r\n\t<div class=\"post-data\">\r\n\t\t<div class=\"post-date\"><a href=\"https:\/\/www.hotelkastiel.sk\/en\/novinky\/footgolf-mufuza\" rel=\"bookmark\"><time class=\"entry-date published\" datetime=\"2015-07-23T15:00:05+01:00\">23.07.2015<\/time><time class=\"updated\" datetime=\"2019-05-15T21:07:29+01:00\">15.05.2019<\/time><\/a><\/div>\r\n\t\t<h2 class=\"post-title\"><a href=\"https:\/\/www.hotelkastiel.sk\/en\/novinky\/footgolf-mufuza\" rel=\"bookmark\">FootGolf si zahrala aj Mufuza<\/a><\/h2>\r\n\t\t<div class=\"post-meta\">\r\n\t<ul>\r\n\t\t<li>\r\n\t\t\tPosted by <span class=\"author vcard\"><a class=\"url fn n\" href=\"https:\/\/www.hotelkastiel.sk\/en\/author\/mimac\/\">Milan Fabian<\/a><\/span> in <a href=\"https:\/\/www.hotelkastiel.sk\/en\/category\/uncategorized\/\" rel=\"category tag\">Uncategorized<\/a>\t\t<\/li>\r\n\r\n\t\t<li>\r\n\t\t\t<span>Comments Off<span class=\"screen-reader-text\"> on FootGolf si zahrala aj Mufuza<\/span><\/span>\t\t<\/li>\r\n\t<\/ul>\r\n<\/div>\r\n\r\n\t\t<div class=\"post-content\">\r\n\t\t\t<p>FootGolf na ihrisku v parku ka\u0161tie\u013ea si zahral aj amat\u00e9rsky futbalov\u00fd t\u00edm hercov, moder\u00e1torov, spev\u00e1kov, hudobn\u00edkov a s\u00fa\u010dasn\u00fdch \u010di b\u00fdval\u00fdch vynikaj\u00facich \u0161portovcov Mufuza. Stano G\u00e1lis, Ivan &#8222;Tuli&#8220; Vojtek, Rastislav Sokol a R\u00f3bert Pukalovi\u010d si 23.7.2015 zahrali na novom FootGolfovom ihrisku v parku pri ka\u0161tieli. Fotografie z ich n\u00e1v\u0161tevy si m\u00f4\u017eete pozrie\u0165 na&nbsp;https:\/\/www.facebook.com\/media\/set\/?set=a.1636135423265847.1073741852.1565037793708944. https:\/\/youtu.be\/DNmHfWC_xl0<\/p>\n\t\t<a href=\"https:\/\/www.hotelkastiel.sk\/en\/novinky\/footgolf-mufuza\" class=\"btn-view fz-12 font-600 text-gray-8989 text-uppercase\">\n\t\t\t\u010c\u00edta\u0165 viac\t\t<\/a>\n\t\t\t\t<\/div><!-- .post-content -->\r\n\t<\/div>\r\n<\/article><!-- #post-## -->\r\n\r\n<article id=\"post-3716\" class=\"post-3716 post type-post status-publish format-standard has-post-thumbnail hentry category-unkategorisiert\">\r\n\t<div class=\"post-media\">\r\n\t<div class=\"post-image\">\r\n\t\t\t\t\t<a href=\"https:\/\/www.hotelkastiel.sk\/en\/novinky\/footgolf-mufuza\">\r\n\t\t\t\t<img loading=\"lazy\" decoding=\"async\" width=\"640\" height=\"500\" src=\"https:\/\/www.hotelkastiel.sk\/wp-content\/uploads\/2019\/03\/mufuza-640x500.jpg\" class=\"attachment-fleurdesel-medium size-fleurdesel-medium wp-post-image\" alt=\"\" \/>\t\t\t<\/a>\r\n\t\t\t<\/div>\r\n<\/div>\r\n\r\n\t<div class=\"post-data\">\r\n\t\t<div class=\"post-date\"><a href=\"https:\/\/www.hotelkastiel.sk\/en\/novinky\/footgolf-mufuza\" rel=\"bookmark\"><time class=\"entry-date published\" datetime=\"2015-07-23T15:00:05+01:00\">23.07.2015<\/time><time class=\"updated\" datetime=\"2019-05-15T21:07:29+01:00\">15.05.2019<\/time><\/a><\/div>\r\n\t\t<h2 class=\"post-title\"><a href=\"https:\/\/www.hotelkastiel.sk\/en\/novinky\/footgolf-mufuza\" rel=\"bookmark\">FootGolf si zahrala aj Mufuza<\/a><\/h2>\r\n\t\t<div class=\"post-meta\">\r\n\t<ul>\r\n\t\t<li>\r\n\t\t\tPosted by <span class=\"author vcard\"><a class=\"url fn n\" href=\"https:\/\/www.hotelkastiel.sk\/en\/author\/mimac\/\">Milan Fabian<\/a><\/span> in <a href=\"https:\/\/www.hotelkastiel.sk\/en\/category\/unkategorisiert\/\" rel=\"category tag\">Unkategorisiert<\/a>\t\t<\/li>\r\n\r\n\t\t<li>\r\n\t\t\t<span>Comments Off<span class=\"screen-reader-text\"> on FootGolf si zahrala aj Mufuza<\/span><\/span>\t\t<\/li>\r\n\t<\/ul>\r\n<\/div>\r\n\r\n\t\t<div class=\"post-content\">\r\n\t\t\t<p>FootGolf na ihrisku v parku ka\u0161tie\u013ea si zahral aj amat\u00e9rsky futbalov\u00fd t\u00edm hercov, moder\u00e1torov, spev\u00e1kov, hudobn\u00edkov a s\u00fa\u010dasn\u00fdch \u010di b\u00fdval\u00fdch vynikaj\u00facich \u0161portovcov Mufuza. Stano G\u00e1lis, Ivan &#8222;Tuli&#8220; Vojtek, Rastislav Sokol a R\u00f3bert Pukalovi\u010d si 23.7.2015 zahrali na novom FootGolfovom ihrisku v parku pri ka\u0161tieli. Fotografie z ich n\u00e1v\u0161tevy si m\u00f4\u017eete pozrie\u0165 na&nbsp;https:\/\/www.facebook.com\/media\/set\/?set=a.1636135423265847.1073741852.1565037793708944. https:\/\/youtu.be\/DNmHfWC_xl0<\/p>\n\t\t<a href=\"https:\/\/www.hotelkastiel.sk\/en\/novinky\/footgolf-mufuza\" class=\"btn-view fz-12 font-600 text-gray-8989 text-uppercase\">\n\t\t\t\u010c\u00edta\u0165 viac\t\t<\/a>\n\t\t\t\t<\/div><!-- .post-content -->\r\n\t<\/div>\r\n<\/article><!-- #post-## -->\r\n\r\n<article id=\"post-3153\" class=\"post-3153 post type-post status-publish format-standard has-post-thumbnail hentry category-uncategorized-sk\">\r\n\t<div class=\"post-media\">\r\n\t<div class=\"post-image\">\r\n\t\t\t\t\t<a href=\"https:\/\/www.hotelkastiel.sk\/en\/novinky\/footgolf-mufuza\">\r\n\t\t\t\t<img loading=\"lazy\" decoding=\"async\" width=\"640\" height=\"500\" src=\"https:\/\/www.hotelkastiel.sk\/wp-content\/uploads\/2019\/03\/mufuza-640x500.jpg\" class=\"attachment-fleurdesel-medium size-fleurdesel-medium wp-post-image\" alt=\"\" \/>\t\t\t<\/a>\r\n\t\t\t<\/div>\r\n<\/div>\r\n\r\n\t<div class=\"post-data\">\r\n\t\t<div class=\"post-date\"><a href=\"https:\/\/www.hotelkastiel.sk\/en\/novinky\/footgolf-mufuza\" rel=\"bookmark\"><time class=\"entry-date published\" datetime=\"2015-07-23T15:00:05+01:00\">23.07.2015<\/time><time class=\"updated\" datetime=\"2019-05-15T21:07:29+01:00\">15.05.2019<\/time><\/a><\/div>\r\n\t\t<h2 class=\"post-title\"><a href=\"https:\/\/www.hotelkastiel.sk\/en\/novinky\/footgolf-mufuza\" rel=\"bookmark\">FootGolf si zahrala aj Mufuza<\/a><\/h2>\r\n\t\t<div class=\"post-meta\">\r\n\t<ul>\r\n\t\t<li>\r\n\t\t\tPosted by <span class=\"author vcard\"><a class=\"url fn n\" href=\"https:\/\/www.hotelkastiel.sk\/en\/author\/mimac\/\">Milan Fabian<\/a><\/span> in <a href=\"https:\/\/www.hotelkastiel.sk\/en\/category\/uncategorized-sk\/\" rel=\"category tag\">Uncategorized @sk<\/a>\t\t<\/li>\r\n\r\n\t\t<li>\r\n\t\t\t<span>Comments Off<span class=\"screen-reader-text\"> on FootGolf si zahrala aj Mufuza<\/span><\/span>\t\t<\/li>\r\n\t<\/ul>\r\n<\/div>\r\n\r\n\t\t<div class=\"post-content\">\r\n\t\t\t<p>FootGolf na ihrisku v parku ka\u0161tie\u013ea si zahral aj amat\u00e9rsky futbalov\u00fd t\u00edm hercov, moder\u00e1torov, spev\u00e1kov, hudobn\u00edkov a s\u00fa\u010dasn\u00fdch \u010di b\u00fdval\u00fdch vynikaj\u00facich \u0161portovcov Mufuza. Stano G\u00e1lis, Ivan &#8222;Tuli&#8220; Vojtek, Rastislav Sokol a R\u00f3bert Pukalovi\u010d si 23.7.2015 zahrali na novom FootGolfovom ihrisku v parku pri ka\u0161tieli. Fotografie z ich n\u00e1v\u0161tevy si m\u00f4\u017eete pozrie\u0165 na&nbsp;https:\/\/www.facebook.com\/media\/set\/?set=a.1636135423265847.1073741852.1565037793708944. https:\/\/youtu.be\/DNmHfWC_xl0<\/p>\n\t\t<a href=\"https:\/\/www.hotelkastiel.sk\/en\/novinky\/footgolf-mufuza\" class=\"btn-view fz-12 font-600 text-gray-8989 text-uppercase\">\n\t\t\t\u010c\u00edta\u0165 viac\t\t<\/a>\n\t\t\t\t<\/div><!-- .post-content -->\r\n\t<\/div>\r\n<\/article><!-- #post-## -->\r\n\r\n<article id=\"post-3720\" class=\"post-3720 post type-post status-publish format-standard has-post-thumbnail hentry category-uncategorized\">\r\n\t<div class=\"post-media\">\r\n\t<div class=\"post-image\">\r\n\t\t\t\t\t<a href=\"https:\/\/www.hotelkastiel.sk\/en\/novinky\/otvorenie-footgolfu\">\r\n\t\t\t\t<img loading=\"lazy\" decoding=\"async\" width=\"640\" height=\"500\" src=\"https:\/\/www.hotelkastiel.sk\/wp-content\/uploads\/2019\/03\/AA-640x500.jpg\" class=\"attachment-fleurdesel-medium size-fleurdesel-medium wp-post-image\" alt=\"\" \/>\t\t\t<\/a>\r\n\t\t\t<\/div>\r\n<\/div>\r\n\r\n\t<div class=\"post-data\">\r\n\t\t<div class=\"post-date\"><a href=\"https:\/\/www.hotelkastiel.sk\/en\/novinky\/otvorenie-footgolfu\" rel=\"bookmark\"><time class=\"entry-date published\" datetime=\"2015-05-29T15:00:33+01:00\">29.05.2015<\/time><time class=\"updated\" datetime=\"2019-05-15T21:08:00+01:00\">15.05.2019<\/time><\/a><\/div>\r\n\t\t<h2 class=\"post-title\"><a href=\"https:\/\/www.hotelkastiel.sk\/en\/novinky\/otvorenie-footgolfu\" rel=\"bookmark\">Otvorenie FootGolfov\u00e9ho ihriska<\/a><\/h2>\r\n\t\t<div class=\"post-meta\">\r\n\t<ul>\r\n\t\t<li>\r\n\t\t\tPosted by <span class=\"author vcard\"><a class=\"url fn n\" href=\"https:\/\/www.hotelkastiel.sk\/en\/author\/mimac\/\">Milan Fabian<\/a><\/span> in <a href=\"https:\/\/www.hotelkastiel.sk\/en\/category\/uncategorized\/\" rel=\"category tag\">Uncategorized<\/a>\t\t<\/li>\r\n\r\n\t\t<li>\r\n\t\t\t<span>Comments Off<span class=\"screen-reader-text\"> on Otvorenie FootGolfov\u00e9ho ihriska<\/span><\/span>\t\t<\/li>\r\n\t<\/ul>\r\n<\/div>\r\n\r\n\t\t<div class=\"post-content\">\r\n\t\t\t<p>V piatok 29.5.2015 bolo v parku pri ka\u0161tieli otvoren\u00e9 nov\u00e9 FootGolfov\u00e9 ihrisko. Ihrisko pokrstil b\u00fdval\u00fd reprezentant Slovenska vo futbale J\u00e1n Koz\u00e1k ml.<\/p>\n\t\t<a href=\"https:\/\/www.hotelkastiel.sk\/en\/novinky\/otvorenie-footgolfu\" class=\"btn-view fz-12 font-600 text-gray-8989 text-uppercase\">\n\t\t\t\u010c\u00edta\u0165 viac\t\t<\/a>\n\t\t\t\t<\/div><!-- .post-content -->\r\n\t<\/div>\r\n<\/article><!-- #post-## -->\r\n\r\n<article id=\"post-3719\" class=\"post-3719 post type-post status-publish format-standard has-post-thumbnail hentry category-unkategorisiert\">\r\n\t<div class=\"post-media\">\r\n\t<div class=\"post-image\">\r\n\t\t\t\t\t<a href=\"https:\/\/www.hotelkastiel.sk\/en\/novinky\/otvorenie-footgolfu\">\r\n\t\t\t\t<img loading=\"lazy\" decoding=\"async\" width=\"640\" height=\"500\" src=\"https:\/\/www.hotelkastiel.sk\/wp-content\/uploads\/2019\/03\/AA-640x500.jpg\" class=\"attachment-fleurdesel-medium size-fleurdesel-medium wp-post-image\" alt=\"\" \/>\t\t\t<\/a>\r\n\t\t\t<\/div>\r\n<\/div>\r\n\r\n\t<div class=\"post-data\">\r\n\t\t<div class=\"post-date\"><a href=\"https:\/\/www.hotelkastiel.sk\/en\/novinky\/otvorenie-footgolfu\" rel=\"bookmark\"><time class=\"entry-date published\" datetime=\"2015-05-29T15:00:33+01:00\">29.05.2015<\/time><time class=\"updated\" datetime=\"2019-05-15T21:08:00+01:00\">15.05.2019<\/time><\/a><\/div>\r\n\t\t<h2 class=\"post-title\"><a href=\"https:\/\/www.hotelkastiel.sk\/en\/novinky\/otvorenie-footgolfu\" rel=\"bookmark\">Otvorenie FootGolfov\u00e9ho ihriska<\/a><\/h2>\r\n\t\t<div class=\"post-meta\">\r\n\t<ul>\r\n\t\t<li>\r\n\t\t\tPosted by <span class=\"author vcard\"><a class=\"url fn n\" href=\"https:\/\/www.hotelkastiel.sk\/en\/author\/mimac\/\">Milan Fabian<\/a><\/span> in <a href=\"https:\/\/www.hotelkastiel.sk\/en\/category\/unkategorisiert\/\" rel=\"category tag\">Unkategorisiert<\/a>\t\t<\/li>\r\n\r\n\t\t<li>\r\n\t\t\t<span>Comments Off<span class=\"screen-reader-text\"> on Otvorenie FootGolfov\u00e9ho ihriska<\/span><\/span>\t\t<\/li>\r\n\t<\/ul>\r\n<\/div>\r\n\r\n\t\t<div class=\"post-content\">\r\n\t\t\t<p>V piatok 29.5.2015 bolo v parku pri ka\u0161tieli otvoren\u00e9 nov\u00e9 FootGolfov\u00e9 ihrisko. Ihrisko pokrstil b\u00fdval\u00fd reprezentant Slovenska vo futbale J\u00e1n Koz\u00e1k ml.<\/p>\n\t\t<a href=\"https:\/\/www.hotelkastiel.sk\/en\/novinky\/otvorenie-footgolfu\" class=\"btn-view fz-12 font-600 text-gray-8989 text-uppercase\">\n\t\t\t\u010c\u00edta\u0165 viac\t\t<\/a>\n\t\t\t\t<\/div><!-- .post-content -->\r\n\t<\/div>\r\n<\/article><!-- #post-## -->\r\n\r\n<article id=\"post-3159\" class=\"post-3159 post type-post status-publish format-standard has-post-thumbnail hentry category-uncategorized-sk\">\r\n\t<div class=\"post-media\">\r\n\t<div class=\"post-image\">\r\n\t\t\t\t\t<a href=\"https:\/\/www.hotelkastiel.sk\/en\/novinky\/otvorenie-footgolfu\">\r\n\t\t\t\t<img loading=\"lazy\" decoding=\"async\" width=\"640\" height=\"500\" src=\"https:\/\/www.hotelkastiel.sk\/wp-content\/uploads\/2019\/03\/AA-640x500.jpg\" class=\"attachment-fleurdesel-medium size-fleurdesel-medium wp-post-image\" alt=\"\" \/>\t\t\t<\/a>\r\n\t\t\t<\/div>\r\n<\/div>\r\n\r\n\t<div class=\"post-data\">\r\n\t\t<div class=\"post-date\"><a href=\"https:\/\/www.hotelkastiel.sk\/en\/novinky\/otvorenie-footgolfu\" rel=\"bookmark\"><time class=\"entry-date published\" datetime=\"2015-05-29T15:00:33+01:00\">29.05.2015<\/time><time class=\"updated\" datetime=\"2019-05-15T21:08:00+01:00\">15.05.2019<\/time><\/a><\/div>\r\n\t\t<h2 class=\"post-title\"><a href=\"https:\/\/www.hotelkastiel.sk\/en\/novinky\/otvorenie-footgolfu\" rel=\"bookmark\">Otvorenie FootGolfov\u00e9ho ihriska<\/a><\/h2>\r\n\t\t<div class=\"post-meta\">\r\n\t<ul>\r\n\t\t<li>\r\n\t\t\tPosted by <span class=\"author vcard\"><a class=\"url fn n\" href=\"https:\/\/www.hotelkastiel.sk\/en\/author\/mimac\/\">Milan Fabian<\/a><\/span> in <a href=\"https:\/\/www.hotelkastiel.sk\/en\/category\/uncategorized-sk\/\" rel=\"category tag\">Uncategorized @sk<\/a>\t\t<\/li>\r\n\r\n\t\t<li>\r\n\t\t\t<span>Comments Off<span class=\"screen-reader-text\"> on Otvorenie FootGolfov\u00e9ho ihriska<\/span><\/span>\t\t<\/li>\r\n\t<\/ul>\r\n<\/div>\r\n\r\n\t\t<div class=\"post-content\">\r\n\t\t\t<p>V piatok 29.5.2015 bolo v parku pri ka\u0161tieli otvoren\u00e9 nov\u00e9 FootGolfov\u00e9 ihrisko. Ihrisko pokrstil b\u00fdval\u00fd reprezentant Slovenska vo futbale J\u00e1n Koz\u00e1k ml.<\/p>\n\t\t<a href=\"https:\/\/www.hotelkastiel.sk\/en\/novinky\/otvorenie-footgolfu\" class=\"btn-view fz-12 font-600 text-gray-8989 text-uppercase\">\n\t\t\t\u010c\u00edta\u0165 viac\t\t<\/a>\n\t\t\t\t<\/div><!-- .post-content -->\r\n\t<\/div>\r\n<\/article><!-- #post-## -->\r\n\r\n<article id=\"post-3722\" class=\"post-3722 post type-post status-publish format-standard has-post-thumbnail hentry category-unkategorisiert\">\r\n\t<div class=\"post-media\">\r\n\t<div class=\"post-image\">\r\n\t\t\t\t\t<a href=\"https:\/\/www.hotelkastiel.sk\/en\/novinky\/stretnutie-ministrov-obrany-v4\">\r\n\t\t\t\t<img loading=\"lazy\" decoding=\"async\" width=\"614\" height=\"500\" src=\"https:\/\/www.hotelkastiel.sk\/wp-content\/uploads\/2019\/03\/RR-614x500.jpg\" class=\"attachment-fleurdesel-medium size-fleurdesel-medium wp-post-image\" alt=\"\" \/>\t\t\t<\/a>\r\n\t\t\t<\/div>\r\n<\/div>\r\n\r\n\t<div class=\"post-data\">\r\n\t\t<div class=\"post-date\"><a href=\"https:\/\/www.hotelkastiel.sk\/en\/novinky\/stretnutie-ministrov-obrany-v4\" rel=\"bookmark\"><time class=\"entry-date published\" datetime=\"2015-04-23T16:00:46+01:00\">23.04.2015<\/time><time class=\"updated\" datetime=\"2019-05-15T21:08:08+01:00\">15.05.2019<\/time><\/a><\/div>\r\n\t\t<h2 class=\"post-title\"><a href=\"https:\/\/www.hotelkastiel.sk\/en\/novinky\/stretnutie-ministrov-obrany-v4\" rel=\"bookmark\">Stretnutie ministrov obrany V4<\/a><\/h2>\r\n\t\t<div class=\"post-meta\">\r\n\t<ul>\r\n\t\t<li>\r\n\t\t\tPosted by <span class=\"author vcard\"><a class=\"url fn n\" href=\"https:\/\/www.hotelkastiel.sk\/en\/author\/mimac\/\">Milan Fabian<\/a><\/span> in <a href=\"https:\/\/www.hotelkastiel.sk\/en\/category\/unkategorisiert\/\" rel=\"category tag\">Unkategorisiert<\/a>\t\t<\/li>\r\n\r\n\t\t<li>\r\n\t\t\t<span>Comments Off<span class=\"screen-reader-text\"> on Stretnutie ministrov obrany V4<\/span><\/span>\t\t<\/li>\r\n\t<\/ul>\r\n<\/div>\r\n\r\n\t\t<div class=\"post-content\">\r\n\t\t\t<p>23. apr\u00edla 2015 sa v Art Hoteli Ka\u0161tie\u013e uskuto\u010dnilo stretnutie ministrov obrany Slovenska, \u010ceska, Ma\u010farska a Po\u013eska. Na rokovan\u00ed, ktor\u00e9 sa uskuto\u010dnilo v Jeszen\u00e1kovej s\u00e1le, sa ministri dohodli na zintenz\u00edvnen\u00ed spolupr\u00e1ce najm\u00e4 v&nbsp;oblasti ochrany vzdu\u0161n\u00e9ho priestoru. Na z\u00e1ver rokovania podp\u00edsali ministri obrany Spolo\u010dn\u00e9 vyhl\u00e1senie ministrov obrany kraj\u00edn Vy\u0161ehradskej \u0161tvorky.<\/p>\n\t\t<a href=\"https:\/\/www.hotelkastiel.sk\/en\/novinky\/stretnutie-ministrov-obrany-v4\" class=\"btn-view fz-12 font-600 text-gray-8989 text-uppercase\">\n\t\t\t\u010c\u00edta\u0165 viac\t\t<\/a>\n\t\t\t\t<\/div><!-- .post-content -->\r\n\t<\/div>\r\n<\/article><!-- #post-## -->\r\n\r\n<article id=\"post-3721\" class=\"post-3721 post type-post status-publish format-standard has-post-thumbnail hentry category-uncategorized\">\r\n\t<div class=\"post-media\">\r\n\t<div class=\"post-image\">\r\n\t\t\t\t\t<a href=\"https:\/\/www.hotelkastiel.sk\/en\/novinky\/stretnutie-ministrov-obrany-v4\">\r\n\t\t\t\t<img loading=\"lazy\" decoding=\"async\" width=\"614\" height=\"500\" src=\"https:\/\/www.hotelkastiel.sk\/wp-content\/uploads\/2019\/03\/RR-614x500.jpg\" class=\"attachment-fleurdesel-medium size-fleurdesel-medium wp-post-image\" alt=\"\" \/>\t\t\t<\/a>\r\n\t\t\t<\/div>\r\n<\/div>\r\n\r\n\t<div class=\"post-data\">\r\n\t\t<div class=\"post-date\"><a href=\"https:\/\/www.hotelkastiel.sk\/en\/novinky\/stretnutie-ministrov-obrany-v4\" rel=\"bookmark\"><time class=\"entry-date published\" datetime=\"2015-04-23T16:00:46+01:00\">23.04.2015<\/time><time class=\"updated\" datetime=\"2019-05-15T21:08:07+01:00\">15.05.2019<\/time><\/a><\/div>\r\n\t\t<h2 class=\"post-title\"><a href=\"https:\/\/www.hotelkastiel.sk\/en\/novinky\/stretnutie-ministrov-obrany-v4\" rel=\"bookmark\">Stretnutie ministrov obrany V4<\/a><\/h2>\r\n\t\t<div class=\"post-meta\">\r\n\t<ul>\r\n\t\t<li>\r\n\t\t\tPosted by <span class=\"author vcard\"><a class=\"url fn n\" href=\"https:\/\/www.hotelkastiel.sk\/en\/author\/mimac\/\">Milan Fabian<\/a><\/span> in <a href=\"https:\/\/www.hotelkastiel.sk\/en\/category\/uncategorized\/\" rel=\"category tag\">Uncategorized<\/a>\t\t<\/li>\r\n\r\n\t\t<li>\r\n\t\t\t<span>Comments Off<span class=\"screen-reader-text\"> on Stretnutie ministrov obrany V4<\/span><\/span>\t\t<\/li>\r\n\t<\/ul>\r\n<\/div>\r\n\r\n\t\t<div class=\"post-content\">\r\n\t\t\t<p>23. apr\u00edla 2015 sa v Art Hoteli Ka\u0161tie\u013e uskuto\u010dnilo stretnutie ministrov obrany Slovenska, \u010ceska, Ma\u010farska a Po\u013eska. Na rokovan\u00ed, ktor\u00e9 sa uskuto\u010dnilo v Jeszen\u00e1kovej s\u00e1le, sa ministri dohodli na zintenz\u00edvnen\u00ed spolupr\u00e1ce najm\u00e4 v&nbsp;oblasti ochrany vzdu\u0161n\u00e9ho priestoru. Na z\u00e1ver rokovania podp\u00edsali ministri obrany Spolo\u010dn\u00e9 vyhl\u00e1senie ministrov obrany kraj\u00edn Vy\u0161ehradskej \u0161tvorky.<\/p>\n\t\t<a href=\"https:\/\/www.hotelkastiel.sk\/en\/novinky\/stretnutie-ministrov-obrany-v4\" class=\"btn-view fz-12 font-600 text-gray-8989 text-uppercase\">\n\t\t\t\u010c\u00edta\u0165 viac\t\t<\/a>\n\t\t\t\t<\/div><!-- .post-content -->\r\n\t<\/div>\r\n<\/article><!-- #post-## -->\r\n\r\n<article id=\"post-3165\" class=\"post-3165 post type-post status-publish format-standard has-post-thumbnail hentry category-uncategorized-sk\">\r\n\t<div class=\"post-media\">\r\n\t<div class=\"post-image\">\r\n\t\t\t\t\t<a href=\"https:\/\/www.hotelkastiel.sk\/en\/novinky\/stretnutie-ministrov-obrany-v4\">\r\n\t\t\t\t<img loading=\"lazy\" decoding=\"async\" width=\"614\" height=\"500\" src=\"https:\/\/www.hotelkastiel.sk\/wp-content\/uploads\/2019\/03\/RR-614x500.jpg\" class=\"attachment-fleurdesel-medium size-fleurdesel-medium wp-post-image\" alt=\"\" \/>\t\t\t<\/a>\r\n\t\t\t<\/div>\r\n<\/div>\r\n\r\n\t<div class=\"post-data\">\r\n\t\t<div class=\"post-date\"><a href=\"https:\/\/www.hotelkastiel.sk\/en\/novinky\/stretnutie-ministrov-obrany-v4\" rel=\"bookmark\"><time class=\"entry-date published\" datetime=\"2015-04-23T16:00:46+01:00\">23.04.2015<\/time><time class=\"updated\" datetime=\"2019-05-15T21:08:07+01:00\">15.05.2019<\/time><\/a><\/div>\r\n\t\t<h2 class=\"post-title\"><a href=\"https:\/\/www.hotelkastiel.sk\/en\/novinky\/stretnutie-ministrov-obrany-v4\" rel=\"bookmark\">Stretnutie ministrov obrany V4<\/a><\/h2>\r\n\t\t<div class=\"post-meta\">\r\n\t<ul>\r\n\t\t<li>\r\n\t\t\tPosted by <span class=\"author vcard\"><a class=\"url fn n\" href=\"https:\/\/www.hotelkastiel.sk\/en\/author\/mimac\/\">Milan Fabian<\/a><\/span> in <a href=\"https:\/\/www.hotelkastiel.sk\/en\/category\/uncategorized-sk\/\" rel=\"category tag\">Uncategorized @sk<\/a>\t\t<\/li>\r\n\r\n\t\t<li>\r\n\t\t\t<span>Comments Off<span class=\"screen-reader-text\"> on Stretnutie ministrov obrany V4<\/span><\/span>\t\t<\/li>\r\n\t<\/ul>\r\n<\/div>\r\n\r\n\t\t<div class=\"post-content\">\r\n\t\t\t<p>23. apr\u00edla 2015 sa v Art Hoteli Ka\u0161tie\u013e uskuto\u010dnilo stretnutie ministrov obrany Slovenska, \u010ceska, Ma\u010farska a Po\u013eska. Na rokovan\u00ed, ktor\u00e9 sa uskuto\u010dnilo v Jeszen\u00e1kovej s\u00e1le, sa ministri dohodli na zintenz\u00edvnen\u00ed spolupr\u00e1ce najm\u00e4 v&nbsp;oblasti ochrany vzdu\u0161n\u00e9ho priestoru. Na z\u00e1ver rokovania podp\u00edsali ministri obrany Spolo\u010dn\u00e9 vyhl\u00e1senie ministrov obrany kraj\u00edn Vy\u0161ehradskej \u0161tvorky.<\/p>\n\t\t<a href=\"https:\/\/www.hotelkastiel.sk\/en\/novinky\/stretnutie-ministrov-obrany-v4\" class=\"btn-view fz-12 font-600 text-gray-8989 text-uppercase\">\n\t\t\t\u010c\u00edta\u0165 viac\t\t<\/a>\n\t\t\t\t<\/div><!-- .post-content -->\r\n\t<\/div>\r\n<\/article><!-- #post-## -->\r\n\r\n<article id=\"post-3724\" class=\"post-3724 post type-post status-publish format-standard has-post-thumbnail hentry category-unkategorisiert\">\r\n\t<div class=\"post-media\">\r\n\t<div class=\"post-image\">\r\n\t\t\t\t\t<a href=\"https:\/\/www.hotelkastiel.sk\/en\/novinky\/prvy-rocnik-vianocnych-trhov\">\r\n\t\t\t\t<img loading=\"lazy\" decoding=\"async\" width=\"640\" height=\"500\" src=\"https:\/\/www.hotelkastiel.sk\/wp-content\/uploads\/2019\/03\/e3-640x500.jpg\" class=\"attachment-fleurdesel-medium size-fleurdesel-medium wp-post-image\" alt=\"\" \/>\t\t\t<\/a>\r\n\t\t\t<\/div>\r\n<\/div>\r\n\r\n\t<div class=\"post-data\">\r\n\t\t<div class=\"post-date\"><a href=\"https:\/\/www.hotelkastiel.sk\/en\/novinky\/prvy-rocnik-vianocnych-trhov\" rel=\"bookmark\"><time class=\"entry-date published\" datetime=\"2014-12-21T16:00:52+01:00\">21.12.2014<\/time><time class=\"updated\" datetime=\"2019-05-15T21:08:15+01:00\">15.05.2019<\/time><\/a><\/div>\r\n\t\t<h2 class=\"post-title\"><a href=\"https:\/\/www.hotelkastiel.sk\/en\/novinky\/prvy-rocnik-vianocnych-trhov\" rel=\"bookmark\">Prv\u00fd ro\u010dn\u00edk Viano\u010dn\u00fdch trhov<\/a><\/h2>\r\n\t\t<div class=\"post-meta\">\r\n\t<ul>\r\n\t\t<li>\r\n\t\t\tPosted by <span class=\"author vcard\"><a class=\"url fn n\" href=\"https:\/\/www.hotelkastiel.sk\/en\/author\/mimac\/\">Milan Fabian<\/a><\/span> in <a href=\"https:\/\/www.hotelkastiel.sk\/en\/category\/unkategorisiert\/\" rel=\"category tag\">Unkategorisiert<\/a>\t\t<\/li>\r\n\r\n\t\t<li>\r\n\t\t\t<span>Comments Off<span class=\"screen-reader-text\"> on Prv\u00fd ro\u010dn\u00edk Viano\u010dn\u00fdch trhov<\/span><\/span>\t\t<\/li>\r\n\t<\/ul>\r\n<\/div>\r\n\r\n\t\t<div class=\"post-content\">\r\n\t\t\t<p>Po\u010das \u0161tyroch adventn\u00fdch v\u00edkendov roku 2014 sa v Art Hoteli Ka\u0161tie\u013e konali Viano\u010dn\u00e9 trhy. Host\u00ed \u010dakala pr\u00edjemn\u00e1 adventn\u00e1 n\u00e1lada, \u0161tedr\u00fd dvor so svojimi typick\u00fdmi dobrotami i chu\u0165ami, tradi\u010dn\u00fd viano\u010dn\u00fd tovar a adventn\u00e9 piesne. Z\u00e1rove\u0148 sa konali aj prehliadky historick\u00fdch priestorov ka\u0161tie\u013ea s odborn\u00fdm v\u00fdkladom historika Jozefa Lenharta. 21.12.2014 sa pri pr\u00edle\u017eitosti ukon\u010denia Viano\u010dn\u00fdch trhov uskuto\u010dnil [&hellip;]<\/p>\n\t\t<a href=\"https:\/\/www.hotelkastiel.sk\/en\/novinky\/prvy-rocnik-vianocnych-trhov\" class=\"btn-view fz-12 font-600 text-gray-8989 text-uppercase\">\n\t\t\t\u010c\u00edta\u0165 viac\t\t<\/a>\n\t\t\t\t<\/div><!-- .post-content -->\r\n\t<\/div>\r\n<\/article><!-- #post-## -->\r\n\r\n<article id=\"post-3723\" class=\"post-3723 post type-post status-publish format-standard has-post-thumbnail hentry category-uncategorized\">\r\n\t<div class=\"post-media\">\r\n\t<div class=\"post-image\">\r\n\t\t\t\t\t<a href=\"https:\/\/www.hotelkastiel.sk\/en\/novinky\/prvy-rocnik-vianocnych-trhov\">\r\n\t\t\t\t<img loading=\"lazy\" decoding=\"async\" width=\"640\" height=\"500\" src=\"https:\/\/www.hotelkastiel.sk\/wp-content\/uploads\/2019\/03\/e3-640x500.jpg\" class=\"attachment-fleurdesel-medium size-fleurdesel-medium wp-post-image\" alt=\"\" \/>\t\t\t<\/a>\r\n\t\t\t<\/div>\r\n<\/div>\r\n\r\n\t<div class=\"post-data\">\r\n\t\t<div class=\"post-date\"><a href=\"https:\/\/www.hotelkastiel.sk\/en\/novinky\/prvy-rocnik-vianocnych-trhov\" rel=\"bookmark\"><time class=\"entry-date published\" datetime=\"2014-12-21T16:00:52+01:00\">21.12.2014<\/time><time class=\"updated\" datetime=\"2019-05-15T21:08:14+01:00\">15.05.2019<\/time><\/a><\/div>\r\n\t\t<h2 class=\"post-title\"><a href=\"https:\/\/www.hotelkastiel.sk\/en\/novinky\/prvy-rocnik-vianocnych-trhov\" rel=\"bookmark\">Prv\u00fd ro\u010dn\u00edk Viano\u010dn\u00fdch trhov<\/a><\/h2>\r\n\t\t<div class=\"post-meta\">\r\n\t<ul>\r\n\t\t<li>\r\n\t\t\tPosted by <span class=\"author vcard\"><a class=\"url fn n\" href=\"https:\/\/www.hotelkastiel.sk\/en\/author\/mimac\/\">Milan Fabian<\/a><\/span> in <a href=\"https:\/\/www.hotelkastiel.sk\/en\/category\/uncategorized\/\" rel=\"category tag\">Uncategorized<\/a>\t\t<\/li>\r\n\r\n\t\t<li>\r\n\t\t\t<span>Comments Off<span class=\"screen-reader-text\"> on Prv\u00fd ro\u010dn\u00edk Viano\u010dn\u00fdch trhov<\/span><\/span>\t\t<\/li>\r\n\t<\/ul>\r\n<\/div>\r\n\r\n\t\t<div class=\"post-content\">\r\n\t\t\t<p>Po\u010das \u0161tyroch adventn\u00fdch v\u00edkendov roku 2014 sa v Art Hoteli Ka\u0161tie\u013e konali Viano\u010dn\u00e9 trhy. Host\u00ed \u010dakala pr\u00edjemn\u00e1 adventn\u00e1 n\u00e1lada, \u0161tedr\u00fd dvor so svojimi typick\u00fdmi dobrotami i chu\u0165ami, tradi\u010dn\u00fd viano\u010dn\u00fd tovar a adventn\u00e9 piesne. Z\u00e1rove\u0148 sa konali aj prehliadky historick\u00fdch priestorov ka\u0161tie\u013ea s odborn\u00fdm v\u00fdkladom historika Jozefa Lenharta. 21.12.2014 sa pri pr\u00edle\u017eitosti ukon\u010denia Viano\u010dn\u00fdch trhov uskuto\u010dnil [&hellip;]<\/p>\n\t\t<a href=\"https:\/\/www.hotelkastiel.sk\/en\/novinky\/prvy-rocnik-vianocnych-trhov\" class=\"btn-view fz-12 font-600 text-gray-8989 text-uppercase\">\n\t\t\t\u010c\u00edta\u0165 viac\t\t<\/a>\n\t\t\t\t<\/div><!-- .post-content -->\r\n\t<\/div>\r\n<\/article><!-- #post-## -->\r\n\r\n<article id=\"post-3176\" class=\"post-3176 post type-post status-publish format-standard has-post-thumbnail hentry category-uncategorized-sk\">\r\n\t<div class=\"post-media\">\r\n\t<div class=\"post-image\">\r\n\t\t\t\t\t<a href=\"https:\/\/www.hotelkastiel.sk\/en\/novinky\/prvy-rocnik-vianocnych-trhov\">\r\n\t\t\t\t<img loading=\"lazy\" decoding=\"async\" width=\"640\" height=\"500\" src=\"https:\/\/www.hotelkastiel.sk\/wp-content\/uploads\/2019\/03\/e3-640x500.jpg\" class=\"attachment-fleurdesel-medium size-fleurdesel-medium wp-post-image\" alt=\"\" \/>\t\t\t<\/a>\r\n\t\t\t<\/div>\r\n<\/div>\r\n\r\n\t<div class=\"post-data\">\r\n\t\t<div class=\"post-date\"><a href=\"https:\/\/www.hotelkastiel.sk\/en\/novinky\/prvy-rocnik-vianocnych-trhov\" rel=\"bookmark\"><time class=\"entry-date published\" datetime=\"2014-12-21T16:00:52+01:00\">21.12.2014<\/time><time class=\"updated\" datetime=\"2019-05-15T21:08:14+01:00\">15.05.2019<\/time><\/a><\/div>\r\n\t\t<h2 class=\"post-title\"><a href=\"https:\/\/www.hotelkastiel.sk\/en\/novinky\/prvy-rocnik-vianocnych-trhov\" rel=\"bookmark\">Prv\u00fd ro\u010dn\u00edk Viano\u010dn\u00fdch trhov<\/a><\/h2>\r\n\t\t<div class=\"post-meta\">\r\n\t<ul>\r\n\t\t<li>\r\n\t\t\tPosted by <span class=\"author vcard\"><a class=\"url fn n\" href=\"https:\/\/www.hotelkastiel.sk\/en\/author\/mimac\/\">Milan Fabian<\/a><\/span> in <a href=\"https:\/\/www.hotelkastiel.sk\/en\/category\/uncategorized-sk\/\" rel=\"category tag\">Uncategorized @sk<\/a>\t\t<\/li>\r\n\r\n\t\t<li>\r\n\t\t\t<span>Comments Off<span class=\"screen-reader-text\"> on Prv\u00fd ro\u010dn\u00edk Viano\u010dn\u00fdch trhov<\/span><\/span>\t\t<\/li>\r\n\t<\/ul>\r\n<\/div>\r\n\r\n\t\t<div class=\"post-content\">\r\n\t\t\t<p>Po\u010das \u0161tyroch adventn\u00fdch v\u00edkendov roku 2014 sa v Art Hoteli Ka\u0161tie\u013e konali Viano\u010dn\u00e9 trhy. Host\u00ed \u010dakala pr\u00edjemn\u00e1 adventn\u00e1 n\u00e1lada, \u0161tedr\u00fd dvor so svojimi typick\u00fdmi dobrotami i chu\u0165ami, tradi\u010dn\u00fd viano\u010dn\u00fd tovar a adventn\u00e9 piesne. Z\u00e1rove\u0148 sa konali aj prehliadky historick\u00fdch priestorov ka\u0161tie\u013ea s odborn\u00fdm v\u00fdkladom historika Jozefa Lenharta. 21.12.2014 sa pri pr\u00edle\u017eitosti ukon\u010denia Viano\u010dn\u00fdch trhov uskuto\u010dnil [&hellip;]<\/p>\n\t\t<a href=\"https:\/\/www.hotelkastiel.sk\/en\/novinky\/prvy-rocnik-vianocnych-trhov\" class=\"btn-view fz-12 font-600 text-gray-8989 text-uppercase\">\n\t\t\t\u010c\u00edta\u0165 viac\t\t<\/a>\n\t\t\t\t<\/div><!-- .post-content -->\r\n\t<\/div>\r\n<\/article><!-- #post-## -->\r\n\r\n<article id=\"post-3726\" class=\"post-3726 post type-post status-publish format-standard has-post-thumbnail hentry category-unkategorisiert\">\r\n\t<div class=\"post-media\">\r\n\t<div class=\"post-image\">\r\n\t\t\t\t\t<a href=\"https:\/\/www.hotelkastiel.sk\/en\/novinky\/sajfova-svadba\">\r\n\t\t\t\t<img loading=\"lazy\" decoding=\"async\" width=\"640\" height=\"500\" src=\"https:\/\/www.hotelkastiel.sk\/wp-content\/uploads\/2019\/03\/SA-640x500.jpg\" class=\"attachment-fleurdesel-medium size-fleurdesel-medium wp-post-image\" alt=\"Sajfa\" \/>\t\t\t<\/a>\r\n\t\t\t<\/div>\r\n<\/div>\r\n\r\n\t<div class=\"post-data\">\r\n\t\t<div class=\"post-date\"><a href=\"https:\/\/www.hotelkastiel.sk\/en\/novinky\/sajfova-svadba\" rel=\"bookmark\"><time class=\"entry-date published\" datetime=\"2014-12-14T16:00:28+01:00\">14.12.2014<\/time><time class=\"updated\" datetime=\"2019-05-15T21:08:22+01:00\">15.05.2019<\/time><\/a><\/div>\r\n\t\t<h2 class=\"post-title\"><a href=\"https:\/\/www.hotelkastiel.sk\/en\/novinky\/sajfova-svadba\" rel=\"bookmark\">Sajfova svadba v ka\u0161tieli<\/a><\/h2>\r\n\t\t<div class=\"post-meta\">\r\n\t<ul>\r\n\t\t<li>\r\n\t\t\tPosted by <span class=\"author vcard\"><a class=\"url fn n\" href=\"https:\/\/www.hotelkastiel.sk\/en\/author\/mimac\/\">Milan Fabian<\/a><\/span> in <a href=\"https:\/\/www.hotelkastiel.sk\/en\/category\/unkategorisiert\/\" rel=\"category tag\">Unkategorisiert<\/a>\t\t<\/li>\r\n\r\n\t\t<li>\r\n\t\t\t<span>Comments Off<span class=\"screen-reader-text\"> on Sajfova svadba v ka\u0161tieli<\/span><\/span>\t\t<\/li>\r\n\t<\/ul>\r\n<\/div>\r\n\r\n\t\t<div class=\"post-content\">\r\n\t\t\t<p>V decembri 2014 sa v Art Hoteli Ka\u0161tie\u013e uskuto\u010dnila zinscenovan\u00e1 svadba zn\u00e1meho moder\u00e1tora Funr\u00e1dia Mateja \u201eSajfu&#8220; Cifra, ktor\u00fd prepo\u017ei\u010dal svoju tv\u00e1r projektu droogle.sk a dal jasne najavo, \u017ee drog\u00e1m treba poveda\u0165 jednozna\u010dn\u00e9 NIE!<\/p>\n\t\t<a href=\"https:\/\/www.hotelkastiel.sk\/en\/novinky\/sajfova-svadba\" class=\"btn-view fz-12 font-600 text-gray-8989 text-uppercase\">\n\t\t\t\u010c\u00edta\u0165 viac\t\t<\/a>\n\t\t\t\t<\/div><!-- .post-content -->\r\n\t<\/div>\r\n<\/article><!-- #post-## -->\r\n\r\n<article id=\"post-3725\" class=\"post-3725 post type-post status-publish format-standard has-post-thumbnail hentry category-uncategorized\">\r\n\t<div class=\"post-media\">\r\n\t<div class=\"post-image\">\r\n\t\t\t\t\t<a href=\"https:\/\/www.hotelkastiel.sk\/en\/novinky\/sajfova-svadba\">\r\n\t\t\t\t<img loading=\"lazy\" decoding=\"async\" width=\"640\" height=\"500\" src=\"https:\/\/www.hotelkastiel.sk\/wp-content\/uploads\/2019\/03\/SA-640x500.jpg\" class=\"attachment-fleurdesel-medium size-fleurdesel-medium wp-post-image\" alt=\"Sajfa\" \/>\t\t\t<\/a>\r\n\t\t\t<\/div>\r\n<\/div>\r\n\r\n\t<div class=\"post-data\">\r\n\t\t<div class=\"post-date\"><a href=\"https:\/\/www.hotelkastiel.sk\/en\/novinky\/sajfova-svadba\" rel=\"bookmark\"><time class=\"entry-date published\" datetime=\"2014-12-14T16:00:28+01:00\">14.12.2014<\/time><time class=\"updated\" datetime=\"2019-05-15T21:08:21+01:00\">15.05.2019<\/time><\/a><\/div>\r\n\t\t<h2 class=\"post-title\"><a href=\"https:\/\/www.hotelkastiel.sk\/en\/novinky\/sajfova-svadba\" rel=\"bookmark\">Sajfova svadba v ka\u0161tieli<\/a><\/h2>\r\n\t\t<div class=\"post-meta\">\r\n\t<ul>\r\n\t\t<li>\r\n\t\t\tPosted by <span class=\"author vcard\"><a class=\"url fn n\" href=\"https:\/\/www.hotelkastiel.sk\/en\/author\/mimac\/\">Milan Fabian<\/a><\/span> in <a href=\"https:\/\/www.hotelkastiel.sk\/en\/category\/uncategorized\/\" rel=\"category tag\">Uncategorized<\/a>\t\t<\/li>\r\n\r\n\t\t<li>\r\n\t\t\t<span>Comments Off<span class=\"screen-reader-text\"> on Sajfova svadba v ka\u0161tieli<\/span><\/span>\t\t<\/li>\r\n\t<\/ul>\r\n<\/div>\r\n\r\n\t\t<div class=\"post-content\">\r\n\t\t\t<p>V decembri 2014 sa v Art Hoteli Ka\u0161tie\u013e uskuto\u010dnila zinscenovan\u00e1 svadba zn\u00e1meho moder\u00e1tora Funr\u00e1dia Mateja \u201eSajfu&#8220; Cifra, ktor\u00fd prepo\u017ei\u010dal svoju tv\u00e1r projektu droogle.sk a dal jasne najavo, \u017ee drog\u00e1m treba poveda\u0165 jednozna\u010dn\u00e9 NIE!<\/p>\n\t\t<a href=\"https:\/\/www.hotelkastiel.sk\/en\/novinky\/sajfova-svadba\" class=\"btn-view fz-12 font-600 text-gray-8989 text-uppercase\">\n\t\t\t\u010c\u00edta\u0165 viac\t\t<\/a>\n\t\t\t\t<\/div><!-- .post-content -->\r\n\t<\/div>\r\n<\/article><!-- #post-## -->\r\n\r\n<article id=\"post-3183\" class=\"post-3183 post type-post status-publish format-standard has-post-thumbnail hentry category-uncategorized-sk\">\r\n\t<div class=\"post-media\">\r\n\t<div class=\"post-image\">\r\n\t\t\t\t\t<a href=\"https:\/\/www.hotelkastiel.sk\/en\/novinky\/sajfova-svadba\">\r\n\t\t\t\t<img loading=\"lazy\" decoding=\"async\" width=\"640\" height=\"500\" src=\"https:\/\/www.hotelkastiel.sk\/wp-content\/uploads\/2019\/03\/SA-640x500.jpg\" class=\"attachment-fleurdesel-medium size-fleurdesel-medium wp-post-image\" alt=\"Sajfa\" \/>\t\t\t<\/a>\r\n\t\t\t<\/div>\r\n<\/div>\r\n\r\n\t<div class=\"post-data\">\r\n\t\t<div class=\"post-date\"><a href=\"https:\/\/www.hotelkastiel.sk\/en\/novinky\/sajfova-svadba\" rel=\"bookmark\"><time class=\"entry-date published\" datetime=\"2014-12-14T16:00:28+01:00\">14.12.2014<\/time><time class=\"updated\" datetime=\"2019-05-15T21:08:21+01:00\">15.05.2019<\/time><\/a><\/div>\r\n\t\t<h2 class=\"post-title\"><a href=\"https:\/\/www.hotelkastiel.sk\/en\/novinky\/sajfova-svadba\" rel=\"bookmark\">Sajfova svadba v ka\u0161tieli<\/a><\/h2>\r\n\t\t<div class=\"post-meta\">\r\n\t<ul>\r\n\t\t<li>\r\n\t\t\tPosted by <span class=\"author vcard\"><a class=\"url fn n\" href=\"https:\/\/www.hotelkastiel.sk\/en\/author\/mimac\/\">Milan Fabian<\/a><\/span> in <a href=\"https:\/\/www.hotelkastiel.sk\/en\/category\/uncategorized-sk\/\" rel=\"category tag\">Uncategorized @sk<\/a>\t\t<\/li>\r\n\r\n\t\t<li>\r\n\t\t\t<span>Comments Off<span class=\"screen-reader-text\"> on Sajfova svadba v ka\u0161tieli<\/span><\/span>\t\t<\/li>\r\n\t<\/ul>\r\n<\/div>\r\n\r\n\t\t<div class=\"post-content\">\r\n\t\t\t<p>V decembri 2014 sa v Art Hoteli Ka\u0161tie\u013e uskuto\u010dnila zinscenovan\u00e1 svadba zn\u00e1meho moder\u00e1tora Funr\u00e1dia Mateja \u201eSajfu&#8220; Cifra, ktor\u00fd prepo\u017ei\u010dal svoju tv\u00e1r projektu droogle.sk a dal jasne najavo, \u017ee drog\u00e1m treba poveda\u0165 jednozna\u010dn\u00e9 NIE!<\/p>\n\t\t<a href=\"https:\/\/www.hotelkastiel.sk\/en\/novinky\/sajfova-svadba\" class=\"btn-view fz-12 font-600 text-gray-8989 text-uppercase\">\n\t\t\t\u010c\u00edta\u0165 viac\t\t<\/a>\n\t\t\t\t<\/div><!-- .post-content -->\r\n\t<\/div>\r\n<\/article><!-- #post-## -->\r\n\r\n<article id=\"post-3730\" class=\"post-3730 post type-post status-publish format-standard has-post-thumbnail hentry category-uncategorized\">\r\n\t<div class=\"post-media\">\r\n\t<div class=\"post-image\">\r\n\t\t\t\t\t<a href=\"https:\/\/www.hotelkastiel.sk\/en\/novinky\/richard-ketko\">\r\n\t\t\t\t<img loading=\"lazy\" decoding=\"async\" width=\"600\" height=\"500\" src=\"https:\/\/www.hotelkastiel.sk\/wp-content\/uploads\/2019\/03\/1S-600x500.jpg\" class=\"attachment-fleurdesel-medium size-fleurdesel-medium wp-post-image\" alt=\"\" \/>\t\t\t<\/a>\r\n\t\t\t<\/div>\r\n<\/div>\r\n\r\n\t<div class=\"post-data\">\r\n\t\t<div class=\"post-date\"><a href=\"https:\/\/www.hotelkastiel.sk\/en\/novinky\/richard-ketko\" rel=\"bookmark\"><time class=\"entry-date published\" datetime=\"2014-06-18T16:10:25+01:00\">18.06.2014<\/time><time class=\"updated\" datetime=\"2019-05-15T21:09:06+01:00\">15.05.2019<\/time><\/a><\/div>\r\n\t\t<h2 class=\"post-title\"><a href=\"https:\/\/www.hotelkastiel.sk\/en\/novinky\/richard-ketko\" rel=\"bookmark\">Vernis\u00e1\u017e s\u00f4ch Richarda Ke\u0165ka<\/a><\/h2>\r\n\t\t<div class=\"post-meta\">\r\n\t<ul>\r\n\t\t<li>\r\n\t\t\tPosted by <span class=\"author vcard\"><a class=\"url fn n\" href=\"https:\/\/www.hotelkastiel.sk\/en\/author\/mimac\/\">Milan Fabian<\/a><\/span> in <a href=\"https:\/\/www.hotelkastiel.sk\/en\/category\/uncategorized\/\" rel=\"category tag\">Uncategorized<\/a>\t\t<\/li>\r\n\r\n\t\t<li>\r\n\t\t\t<span>Comments Off<span class=\"screen-reader-text\"> on Vernis\u00e1\u017e s\u00f4ch Richarda Ke\u0165ka<\/span><\/span>\t\t<\/li>\r\n\t<\/ul>\r\n<\/div>\r\n\r\n\t\t<div class=\"post-content\">\r\n\t\t\t<p>18.6.2014 vo ve\u010dern\u00fdch hodin\u00e1ch sa v Art Hoteli Ka\u0161tie\u013e uskuto\u010dnila sl\u00e1vnostn\u00e1 vernis\u00e1\u017e s\u00f4ch slovensk\u00e9ho soch\u00e1ra Richarda Ke\u0165ka, ktor\u00e1 otvorila v\u00fdstavu jeho s\u00f4ch v priestoroch anglick\u00e9ho parku pri ka\u0161tieli. V\u00fdstava soch\u00e1rskych diel Richarda Ke\u0165ka, tohto neprehliadnute\u013en\u00e9ho s\u00fa\u010dasn\u00e9ho slovensk\u00e9ho soch\u00e1ra, je prierezom jeho autorskou tvorbou, prezent\u00e1ciou najnov\u0161\u00edch soch\u00e1rov\u00fdch diel a&nbsp;otvoren\u00fdm poh\u013eadom do sveta tohto \u201cenfant terrible\u201d aktu\u00e1lnej [&hellip;]<\/p>\n\t\t<a href=\"https:\/\/www.hotelkastiel.sk\/en\/novinky\/richard-ketko\" class=\"btn-view fz-12 font-600 text-gray-8989 text-uppercase\">\n\t\t\t\u010c\u00edta\u0165 viac\t\t<\/a>\n\t\t\t\t<\/div><!-- .post-content -->\r\n\t<\/div>\r\n<\/article><!-- #post-## -->\r\n\r\n<article id=\"post-3729\" class=\"post-3729 post type-post status-publish format-standard has-post-thumbnail hentry category-unkategorisiert\">\r\n\t<div class=\"post-media\">\r\n\t<div class=\"post-image\">\r\n\t\t\t\t\t<a href=\"https:\/\/www.hotelkastiel.sk\/en\/novinky\/richard-ketko\">\r\n\t\t\t\t<img loading=\"lazy\" decoding=\"async\" width=\"600\" height=\"500\" src=\"https:\/\/www.hotelkastiel.sk\/wp-content\/uploads\/2019\/03\/1S-600x500.jpg\" class=\"attachment-fleurdesel-medium size-fleurdesel-medium wp-post-image\" alt=\"\" \/>\t\t\t<\/a>\r\n\t\t\t<\/div>\r\n<\/div>\r\n\r\n\t<div class=\"post-data\">\r\n\t\t<div class=\"post-date\"><a href=\"https:\/\/www.hotelkastiel.sk\/en\/novinky\/richard-ketko\" rel=\"bookmark\"><time class=\"entry-date published\" datetime=\"2014-06-18T16:10:25+01:00\">18.06.2014<\/time><time class=\"updated\" datetime=\"2019-05-15T21:09:06+01:00\">15.05.2019<\/time><\/a><\/div>\r\n\t\t<h2 class=\"post-title\"><a href=\"https:\/\/www.hotelkastiel.sk\/en\/novinky\/richard-ketko\" rel=\"bookmark\">Vernis\u00e1\u017e s\u00f4ch Richarda Ke\u0165ka<\/a><\/h2>\r\n\t\t<div class=\"post-meta\">\r\n\t<ul>\r\n\t\t<li>\r\n\t\t\tPosted by <span class=\"author vcard\"><a class=\"url fn n\" href=\"https:\/\/www.hotelkastiel.sk\/en\/author\/mimac\/\">Milan Fabian<\/a><\/span> in <a href=\"https:\/\/www.hotelkastiel.sk\/en\/category\/unkategorisiert\/\" rel=\"category tag\">Unkategorisiert<\/a>\t\t<\/li>\r\n\r\n\t\t<li>\r\n\t\t\t<span>Comments Off<span class=\"screen-reader-text\"> on Vernis\u00e1\u017e s\u00f4ch Richarda Ke\u0165ka<\/span><\/span>\t\t<\/li>\r\n\t<\/ul>\r\n<\/div>\r\n\r\n\t\t<div class=\"post-content\">\r\n\t\t\t<p>18.6.2014 vo ve\u010dern\u00fdch hodin\u00e1ch sa v Art Hoteli Ka\u0161tie\u013e uskuto\u010dnila sl\u00e1vnostn\u00e1 vernis\u00e1\u017e s\u00f4ch slovensk\u00e9ho soch\u00e1ra Richarda Ke\u0165ka, ktor\u00e1 otvorila v\u00fdstavu jeho s\u00f4ch v priestoroch anglick\u00e9ho parku pri ka\u0161tieli. V\u00fdstava soch\u00e1rskych diel Richarda Ke\u0165ka, tohto neprehliadnute\u013en\u00e9ho s\u00fa\u010dasn\u00e9ho slovensk\u00e9ho soch\u00e1ra, je prierezom jeho autorskou tvorbou, prezent\u00e1ciou najnov\u0161\u00edch soch\u00e1rov\u00fdch diel a&nbsp;otvoren\u00fdm poh\u013eadom do sveta tohto \u201cenfant terrible\u201d aktu\u00e1lnej [&hellip;]<\/p>\n\t\t<a href=\"https:\/\/www.hotelkastiel.sk\/en\/novinky\/richard-ketko\" class=\"btn-view fz-12 font-600 text-gray-8989 text-uppercase\">\n\t\t\t\u010c\u00edta\u0165 viac\t\t<\/a>\n\t\t\t\t<\/div><!-- .post-content -->\r\n\t<\/div>\r\n<\/article><!-- #post-## -->\r\n\r\n<article id=\"post-3188\" class=\"post-3188 post type-post status-publish format-standard has-post-thumbnail hentry category-uncategorized-sk\">\r\n\t<div class=\"post-media\">\r\n\t<div class=\"post-image\">\r\n\t\t\t\t\t<a href=\"https:\/\/www.hotelkastiel.sk\/en\/novinky\/richard-ketko\">\r\n\t\t\t\t<img loading=\"lazy\" decoding=\"async\" width=\"600\" height=\"500\" src=\"https:\/\/www.hotelkastiel.sk\/wp-content\/uploads\/2019\/03\/1S-600x500.jpg\" class=\"attachment-fleurdesel-medium size-fleurdesel-medium wp-post-image\" alt=\"\" \/>\t\t\t<\/a>\r\n\t\t\t<\/div>\r\n<\/div>\r\n\r\n\t<div class=\"post-data\">\r\n\t\t<div class=\"post-date\"><a href=\"https:\/\/www.hotelkastiel.sk\/en\/novinky\/richard-ketko\" rel=\"bookmark\"><time class=\"entry-date published\" datetime=\"2014-06-18T16:10:25+01:00\">18.06.2014<\/time><time class=\"updated\" datetime=\"2019-05-15T21:09:06+01:00\">15.05.2019<\/time><\/a><\/div>\r\n\t\t<h2 class=\"post-title\"><a href=\"https:\/\/www.hotelkastiel.sk\/en\/novinky\/richard-ketko\" rel=\"bookmark\">Vernis\u00e1\u017e s\u00f4ch Richarda Ke\u0165ka<\/a><\/h2>\r\n\t\t<div class=\"post-meta\">\r\n\t<ul>\r\n\t\t<li>\r\n\t\t\tPosted by <span class=\"author vcard\"><a class=\"url fn n\" href=\"https:\/\/www.hotelkastiel.sk\/en\/author\/mimac\/\">Milan Fabian<\/a><\/span> in <a href=\"https:\/\/www.hotelkastiel.sk\/en\/category\/uncategorized-sk\/\" rel=\"category tag\">Uncategorized @sk<\/a>\t\t<\/li>\r\n\r\n\t\t<li>\r\n\t\t\t<span>Comments Off<span class=\"screen-reader-text\"> on Vernis\u00e1\u017e s\u00f4ch Richarda Ke\u0165ka<\/span><\/span>\t\t<\/li>\r\n\t<\/ul>\r\n<\/div>\r\n\r\n\t\t<div class=\"post-content\">\r\n\t\t\t<p>18.6.2014 vo ve\u010dern\u00fdch hodin\u00e1ch sa v Art Hoteli Ka\u0161tie\u013e uskuto\u010dnila sl\u00e1vnostn\u00e1 vernis\u00e1\u017e s\u00f4ch slovensk\u00e9ho soch\u00e1ra Richarda Ke\u0165ka, ktor\u00e1 otvorila v\u00fdstavu jeho s\u00f4ch v priestoroch anglick\u00e9ho parku pri ka\u0161tieli. V\u00fdstava soch\u00e1rskych diel Richarda Ke\u0165ka, tohto neprehliadnute\u013en\u00e9ho s\u00fa\u010dasn\u00e9ho slovensk\u00e9ho soch\u00e1ra, je prierezom jeho autorskou tvorbou, prezent\u00e1ciou najnov\u0161\u00edch soch\u00e1rov\u00fdch diel a&nbsp;otvoren\u00fdm poh\u013eadom do sveta tohto \u201cenfant terrible\u201d aktu\u00e1lnej [&hellip;]<\/p>\n\t\t<a href=\"https:\/\/www.hotelkastiel.sk\/en\/novinky\/richard-ketko\" class=\"btn-view fz-12 font-600 text-gray-8989 text-uppercase\">\n\t\t\t\u010c\u00edta\u0165 viac\t\t<\/a>\n\t\t\t\t<\/div><!-- .post-content -->\r\n\t<\/div>\r\n<\/article><!-- #post-## -->\r\n\r\n<article id=\"post-3732\" class=\"post-3732 post type-post status-publish format-standard has-post-thumbnail hentry category-uncategorized\">\r\n\t<div class=\"post-media\">\r\n\t<div class=\"post-image\">\r\n\t\t\t\t\t<a href=\"https:\/\/www.hotelkastiel.sk\/en\/novinky\/vystava-fenix\">\r\n\t\t\t\t<img loading=\"lazy\" decoding=\"async\" width=\"640\" height=\"500\" src=\"https:\/\/www.hotelkastiel.sk\/wp-content\/uploads\/2019\/03\/1-2-640x500.jpg\" class=\"attachment-fleurdesel-medium size-fleurdesel-medium wp-post-image\" alt=\"\" \/>\t\t\t<\/a>\r\n\t\t\t<\/div>\r\n<\/div>\r\n\r\n\t<div class=\"post-data\">\r\n\t\t<div class=\"post-date\"><a href=\"https:\/\/www.hotelkastiel.sk\/en\/novinky\/vystava-fenix\" rel=\"bookmark\"><time class=\"entry-date published\" datetime=\"2013-02-08T16:12:10+01:00\">08.02.2013<\/time><time class=\"updated\" datetime=\"2020-10-16T08:32:20+01:00\">16.10.2020<\/time><\/a><\/div>\r\n\t\t<h2 class=\"post-title\"><a href=\"https:\/\/www.hotelkastiel.sk\/en\/novinky\/vystava-fenix\" rel=\"bookmark\">Putovn\u00e1 v\u00fdstava F\u00e9nix v ka\u0161tieli<\/a><\/h2>\r\n\t\t<div class=\"post-meta\">\r\n\t<ul>\r\n\t\t<li>\r\n\t\t\tPosted by <span class=\"author vcard\"><a class=\"url fn n\" href=\"https:\/\/www.hotelkastiel.sk\/en\/author\/mimac\/\">Milan Fabian<\/a><\/span> in <a href=\"https:\/\/www.hotelkastiel.sk\/en\/category\/uncategorized\/\" rel=\"category tag\">Uncategorized<\/a>\t\t<\/li>\r\n\r\n\t\t<li>\r\n\t\t\t<span>Comments Off<span class=\"screen-reader-text\"> on Putovn\u00e1 v\u00fdstava F\u00e9nix v ka\u0161tieli<\/span><\/span>\t\t<\/li>\r\n\t<\/ul>\r\n<\/div>\r\n\r\n\t\t<div class=\"post-content\">\r\n\t\t\t<p>Od 8.2. do 15.3.2013 je v Art Hoteli Ka\u0161tie\u013e pr\u00edstupn\u00e1 putovn\u00e1 v\u00fdstava pamiatkov\u00fdch objektov nominovan\u00fdch a ocenen\u00fdch cenou F\u00e9nix &#8211; Kult\u00farna pamiatka roka 2011. Laure\u00e1ti s\u00fa\u0165a\u017ee z\u00edskavaj\u00fa osved\u010denie o udelen\u00ed a u\u017e\u00edvan\u00ed titulu Kult\u00farna pamiatka roka alebo Pamiatkov\u00e9 \u00fazemie roka, finan\u010dn\u00fa odmenu vo v\u00fd\u0161ke 8 300,- \u20ac, so\u0161ku b\u00e1jneho vt\u00e1ka F\u00e9nixa ako symbol znovuzrodenia kult\u00farnej [&hellip;]<\/p>\n\t\t<a href=\"https:\/\/www.hotelkastiel.sk\/en\/novinky\/vystava-fenix\" class=\"btn-view fz-12 font-600 text-gray-8989 text-uppercase\">\n\t\t\t\u010c\u00edta\u0165 viac\t\t<\/a>\n\t\t\t\t<\/div><!-- .post-content -->\r\n\t<\/div>\r\n<\/article><!-- #post-## -->\r\n\r\n<article id=\"post-3731\" class=\"post-3731 post type-post status-publish format-standard has-post-thumbnail hentry category-unkategorisiert\">\r\n\t<div class=\"post-media\">\r\n\t<div class=\"post-image\">\r\n\t\t\t\t\t<a href=\"https:\/\/www.hotelkastiel.sk\/en\/novinky\/vystava-fenix\">\r\n\t\t\t\t<img loading=\"lazy\" decoding=\"async\" width=\"640\" height=\"500\" src=\"https:\/\/www.hotelkastiel.sk\/wp-content\/uploads\/2019\/03\/1-2-640x500.jpg\" class=\"attachment-fleurdesel-medium size-fleurdesel-medium wp-post-image\" alt=\"\" \/>\t\t\t<\/a>\r\n\t\t\t<\/div>\r\n<\/div>\r\n\r\n\t<div class=\"post-data\">\r\n\t\t<div class=\"post-date\"><a href=\"https:\/\/www.hotelkastiel.sk\/en\/novinky\/vystava-fenix\" rel=\"bookmark\"><time class=\"entry-date published\" datetime=\"2013-02-08T16:12:10+01:00\">08.02.2013<\/time><time class=\"updated\" datetime=\"2020-10-16T08:32:18+01:00\">16.10.2020<\/time><\/a><\/div>\r\n\t\t<h2 class=\"post-title\"><a href=\"https:\/\/www.hotelkastiel.sk\/en\/novinky\/vystava-fenix\" rel=\"bookmark\">Putovn\u00e1 v\u00fdstava F\u00e9nix v ka\u0161tieli<\/a><\/h2>\r\n\t\t<div class=\"post-meta\">\r\n\t<ul>\r\n\t\t<li>\r\n\t\t\tPosted by <span class=\"author vcard\"><a class=\"url fn n\" href=\"https:\/\/www.hotelkastiel.sk\/en\/author\/mimac\/\">Milan Fabian<\/a><\/span> in <a href=\"https:\/\/www.hotelkastiel.sk\/en\/category\/unkategorisiert\/\" rel=\"category tag\">Unkategorisiert<\/a>\t\t<\/li>\r\n\r\n\t\t<li>\r\n\t\t\t<span>Comments Off<span class=\"screen-reader-text\"> on Putovn\u00e1 v\u00fdstava F\u00e9nix v ka\u0161tieli<\/span><\/span>\t\t<\/li>\r\n\t<\/ul>\r\n<\/div>\r\n\r\n\t\t<div class=\"post-content\">\r\n\t\t\t<p>Od 8.2. do 15.3.2013 je v Art Hoteli Ka\u0161tie\u013e pr\u00edstupn\u00e1 putovn\u00e1 v\u00fdstava pamiatkov\u00fdch objektov nominovan\u00fdch a ocenen\u00fdch cenou F\u00e9nix &#8211; Kult\u00farna pamiatka roka 2011. Laure\u00e1ti s\u00fa\u0165a\u017ee z\u00edskavaj\u00fa osved\u010denie o udelen\u00ed a u\u017e\u00edvan\u00ed titulu Kult\u00farna pamiatka roka alebo Pamiatkov\u00e9 \u00fazemie roka, finan\u010dn\u00fa odmenu vo v\u00fd\u0161ke 8 300,- \u20ac, so\u0161ku b\u00e1jneho vt\u00e1ka F\u00e9nixa ako symbol znovuzrodenia kult\u00farnej [&hellip;]<\/p>\n\t\t<a href=\"https:\/\/www.hotelkastiel.sk\/en\/novinky\/vystava-fenix\" class=\"btn-view fz-12 font-600 text-gray-8989 text-uppercase\">\n\t\t\t\u010c\u00edta\u0165 viac\t\t<\/a>\n\t\t\t\t<\/div><!-- .post-content -->\r\n\t<\/div>\r\n<\/article><!-- #post-## -->\r\n\r\n<article id=\"post-3199\" class=\"post-3199 post type-post status-publish format-standard has-post-thumbnail hentry category-uncategorized-sk\">\r\n\t<div class=\"post-media\">\r\n\t<div class=\"post-image\">\r\n\t\t\t\t\t<a href=\"https:\/\/www.hotelkastiel.sk\/en\/novinky\/vystava-fenix\">\r\n\t\t\t\t<img loading=\"lazy\" decoding=\"async\" width=\"640\" height=\"500\" src=\"https:\/\/www.hotelkastiel.sk\/wp-content\/uploads\/2019\/03\/1-2-640x500.jpg\" class=\"attachment-fleurdesel-medium size-fleurdesel-medium wp-post-image\" alt=\"\" \/>\t\t\t<\/a>\r\n\t\t\t<\/div>\r\n<\/div>\r\n\r\n\t<div class=\"post-data\">\r\n\t\t<div class=\"post-date\"><a href=\"https:\/\/www.hotelkastiel.sk\/en\/novinky\/vystava-fenix\" rel=\"bookmark\"><time class=\"entry-date published\" datetime=\"2013-02-08T16:12:10+01:00\">08.02.2013<\/time><time class=\"updated\" datetime=\"2020-10-16T08:32:16+01:00\">16.10.2020<\/time><\/a><\/div>\r\n\t\t<h2 class=\"post-title\"><a href=\"https:\/\/www.hotelkastiel.sk\/en\/novinky\/vystava-fenix\" rel=\"bookmark\">Putovn\u00e1 v\u00fdstava F\u00e9nix v ka\u0161tieli<\/a><\/h2>\r\n\t\t<div class=\"post-meta\">\r\n\t<ul>\r\n\t\t<li>\r\n\t\t\tPosted by <span class=\"author vcard\"><a class=\"url fn n\" href=\"https:\/\/www.hotelkastiel.sk\/en\/author\/mimac\/\">Milan Fabian<\/a><\/span> in <a href=\"https:\/\/www.hotelkastiel.sk\/en\/category\/uncategorized-sk\/\" rel=\"category tag\">Uncategorized @sk<\/a>\t\t<\/li>\r\n\r\n\t\t<li>\r\n\t\t\t<span>Comments Off<span class=\"screen-reader-text\"> on Putovn\u00e1 v\u00fdstava F\u00e9nix v ka\u0161tieli<\/span><\/span>\t\t<\/li>\r\n\t<\/ul>\r\n<\/div>\r\n\r\n\t\t<div class=\"post-content\">\r\n\t\t\t<p>Od 8.2. do 15.3.2013 je v Art Hoteli Ka\u0161tie\u013e pr\u00edstupn\u00e1 putovn\u00e1 v\u00fdstava pamiatkov\u00fdch objektov nominovan\u00fdch a ocenen\u00fdch cenou F\u00e9nix &#8211; Kult\u00farna pamiatka roka 2011. Laure\u00e1ti s\u00fa\u0165a\u017ee z\u00edskavaj\u00fa osved\u010denie o udelen\u00ed a u\u017e\u00edvan\u00ed titulu Kult\u00farna pamiatka roka alebo Pamiatkov\u00e9 \u00fazemie roka, finan\u010dn\u00fa odmenu vo v\u00fd\u0161ke 8 300,- \u20ac, so\u0161ku b\u00e1jneho vt\u00e1ka F\u00e9nixa ako symbol znovuzrodenia kult\u00farnej [&hellip;]<\/p>\n\t\t<a href=\"https:\/\/www.hotelkastiel.sk\/en\/novinky\/vystava-fenix\" class=\"btn-view fz-12 font-600 text-gray-8989 text-uppercase\">\n\t\t\t\u010c\u00edta\u0165 viac\t\t<\/a>\n\t\t\t\t<\/div><!-- .post-content -->\r\n\t<\/div>\r\n<\/article><!-- #post-## -->\r\n\r\n<article id=\"post-3734\" class=\"post-3734 post type-post status-publish format-standard has-post-thumbnail hentry category-unkategorisiert\">\r\n\t<div class=\"post-media\">\r\n\t<div class=\"post-image\">\r\n\t\t\t\t\t<a href=\"https:\/\/www.hotelkastiel.sk\/en\/novinky\/pamiatka-roka\">\r\n\t\t\t\t<img loading=\"lazy\" decoding=\"async\" width=\"640\" height=\"500\" src=\"https:\/\/www.hotelkastiel.sk\/wp-content\/uploads\/2019\/01\/20141212130051-82f59641-me-640x500.png\" class=\"attachment-fleurdesel-medium size-fleurdesel-medium wp-post-image\" alt=\"\" \/>\t\t\t<\/a>\r\n\t\t\t<\/div>\r\n<\/div>\r\n\r\n\t<div class=\"post-data\">\r\n\t\t<div class=\"post-date\"><a href=\"https:\/\/www.hotelkastiel.sk\/en\/novinky\/pamiatka-roka\" rel=\"bookmark\"><time class=\"entry-date published\" datetime=\"2012-11-09T16:14:47+01:00\">09.11.2012<\/time><time class=\"updated\" datetime=\"2019-05-15T21:09:18+01:00\">15.05.2019<\/time><\/a><\/div>\r\n\t\t<h2 class=\"post-title\"><a href=\"https:\/\/www.hotelkastiel.sk\/en\/novinky\/pamiatka-roka\" rel=\"bookmark\">Ka\u0161tie\u013e z\u00edskal cenu Pamiatka roka<\/a><\/h2>\r\n\t\t<div class=\"post-meta\">\r\n\t<ul>\r\n\t\t<li>\r\n\t\t\tPosted by <span class=\"author vcard\"><a class=\"url fn n\" href=\"https:\/\/www.hotelkastiel.sk\/en\/author\/mimac\/\">Milan Fabian<\/a><\/span> in <a href=\"https:\/\/www.hotelkastiel.sk\/en\/category\/unkategorisiert\/\" rel=\"category tag\">Unkategorisiert<\/a>\t\t<\/li>\r\n\r\n\t\t<li>\r\n\t\t\t<span>Comments Off<span class=\"screen-reader-text\"> on Ka\u0161tie\u013e z\u00edskal cenu Pamiatka roka<\/span><\/span>\t\t<\/li>\r\n\t<\/ul>\r\n<\/div>\r\n\r\n\t\t<div class=\"post-content\">\r\n\t\t\t<p>Ka\u0161tie\u013e v Tom\u00e1\u0161ove dostal prest\u00ed\u017ene ocenenie F\u00e9nix &#8211; Kult\u00farna pamiatka roka 2011 v kateg\u00f3rii obnovy a re\u0161taurovania n\u00e1rodnej kult\u00farnej pamiatky. Sl\u00e1vnostn\u00e9 odovzd\u00e1vanie cien 7. ro\u010dn\u00edka s\u00fa\u0165a\u017ee Kult\u00farna pamiatka roka sa uskuto\u010dnilo 9.11.2012 vo dvorane Ministerstva kult\u00fary. Cenu &#8211; bronzov\u00fa sochu b\u00e1jneho vt\u00e1ka F\u00e9nixa odovzdal minister kult\u00fary Slovenskej republiky Marek Ma\u010fari\u010d. https:\/\/www.youtube.com\/watch?v=ujpMjTvCP5w<\/p>\n\t\t<a href=\"https:\/\/www.hotelkastiel.sk\/en\/novinky\/pamiatka-roka\" class=\"btn-view fz-12 font-600 text-gray-8989 text-uppercase\">\n\t\t\t\u010c\u00edta\u0165 viac\t\t<\/a>\n\t\t\t\t<\/div><!-- .post-content -->\r\n\t<\/div>\r\n<\/article><!-- #post-## -->\r\n\r\n<article id=\"post-3733\" class=\"post-3733 post type-post status-publish format-standard has-post-thumbnail hentry category-uncategorized\">\r\n\t<div class=\"post-media\">\r\n\t<div class=\"post-image\">\r\n\t\t\t\t\t<a href=\"https:\/\/www.hotelkastiel.sk\/en\/novinky\/pamiatka-roka\">\r\n\t\t\t\t<img loading=\"lazy\" decoding=\"async\" width=\"640\" height=\"500\" src=\"https:\/\/www.hotelkastiel.sk\/wp-content\/uploads\/2019\/01\/20141212130051-82f59641-me-640x500.png\" class=\"attachment-fleurdesel-medium size-fleurdesel-medium wp-post-image\" alt=\"\" \/>\t\t\t<\/a>\r\n\t\t\t<\/div>\r\n<\/div>\r\n\r\n\t<div class=\"post-data\">\r\n\t\t<div class=\"post-date\"><a href=\"https:\/\/www.hotelkastiel.sk\/en\/novinky\/pamiatka-roka\" rel=\"bookmark\"><time class=\"entry-date published\" datetime=\"2012-11-09T16:14:47+01:00\">09.11.2012<\/time><time class=\"updated\" datetime=\"2019-05-15T21:09:17+01:00\">15.05.2019<\/time><\/a><\/div>\r\n\t\t<h2 class=\"post-title\"><a href=\"https:\/\/www.hotelkastiel.sk\/en\/novinky\/pamiatka-roka\" rel=\"bookmark\">Ka\u0161tie\u013e z\u00edskal cenu Pamiatka roka<\/a><\/h2>\r\n\t\t<div class=\"post-meta\">\r\n\t<ul>\r\n\t\t<li>\r\n\t\t\tPosted by <span class=\"author vcard\"><a class=\"url fn n\" href=\"https:\/\/www.hotelkastiel.sk\/en\/author\/mimac\/\">Milan Fabian<\/a><\/span> in <a href=\"https:\/\/www.hotelkastiel.sk\/en\/category\/uncategorized\/\" rel=\"category tag\">Uncategorized<\/a>\t\t<\/li>\r\n\r\n\t\t<li>\r\n\t\t\t<span>Comments Off<span class=\"screen-reader-text\"> on Ka\u0161tie\u013e z\u00edskal cenu Pamiatka roka<\/span><\/span>\t\t<\/li>\r\n\t<\/ul>\r\n<\/div>\r\n\r\n\t\t<div class=\"post-content\">\r\n\t\t\t<p>Ka\u0161tie\u013e v Tom\u00e1\u0161ove dostal prest\u00ed\u017ene ocenenie F\u00e9nix &#8211; Kult\u00farna pamiatka roka 2011 v kateg\u00f3rii obnovy a re\u0161taurovania n\u00e1rodnej kult\u00farnej pamiatky. Sl\u00e1vnostn\u00e9 odovzd\u00e1vanie cien 7. ro\u010dn\u00edka s\u00fa\u0165a\u017ee Kult\u00farna pamiatka roka sa uskuto\u010dnilo 9.11.2012 vo dvorane Ministerstva kult\u00fary. Cenu &#8211; bronzov\u00fa sochu b\u00e1jneho vt\u00e1ka F\u00e9nixa odovzdal minister kult\u00fary Slovenskej republiky Marek Ma\u010fari\u010d. https:\/\/www.youtube.com\/watch?v=ujpMjTvCP5w<\/p>\n\t\t<a href=\"https:\/\/www.hotelkastiel.sk\/en\/novinky\/pamiatka-roka\" class=\"btn-view fz-12 font-600 text-gray-8989 text-uppercase\">\n\t\t\t\u010c\u00edta\u0165 viac\t\t<\/a>\n\t\t\t\t<\/div><!-- .post-content -->\r\n\t<\/div>\r\n<\/article><!-- #post-## -->\r\n\r\n<article id=\"post-3207\" class=\"post-3207 post type-post status-publish format-standard has-post-thumbnail hentry category-uncategorized-sk\">\r\n\t<div class=\"post-media\">\r\n\t<div class=\"post-image\">\r\n\t\t\t\t\t<a href=\"https:\/\/www.hotelkastiel.sk\/en\/novinky\/pamiatka-roka\">\r\n\t\t\t\t<img loading=\"lazy\" decoding=\"async\" width=\"640\" height=\"500\" src=\"https:\/\/www.hotelkastiel.sk\/wp-content\/uploads\/2019\/01\/20141212130051-82f59641-me-640x500.png\" class=\"attachment-fleurdesel-medium size-fleurdesel-medium wp-post-image\" alt=\"\" \/>\t\t\t<\/a>\r\n\t\t\t<\/div>\r\n<\/div>\r\n\r\n\t<div class=\"post-data\">\r\n\t\t<div class=\"post-date\"><a href=\"https:\/\/www.hotelkastiel.sk\/en\/novinky\/pamiatka-roka\" rel=\"bookmark\"><time class=\"entry-date published\" datetime=\"2012-11-09T16:14:47+01:00\">09.11.2012<\/time><time class=\"updated\" datetime=\"2019-05-15T21:09:16+01:00\">15.05.2019<\/time><\/a><\/div>\r\n\t\t<h2 class=\"post-title\"><a href=\"https:\/\/www.hotelkastiel.sk\/en\/novinky\/pamiatka-roka\" rel=\"bookmark\">Ka\u0161tie\u013e z\u00edskal cenu Pamiatka roka<\/a><\/h2>\r\n\t\t<div class=\"post-meta\">\r\n\t<ul>\r\n\t\t<li>\r\n\t\t\tPosted by <span class=\"author vcard\"><a class=\"url fn n\" href=\"https:\/\/www.hotelkastiel.sk\/en\/author\/mimac\/\">Milan Fabian<\/a><\/span> in <a href=\"https:\/\/www.hotelkastiel.sk\/en\/category\/uncategorized-sk\/\" rel=\"category tag\">Uncategorized @sk<\/a>\t\t<\/li>\r\n\r\n\t\t<li>\r\n\t\t\t<span>Comments Off<span class=\"screen-reader-text\"> on Ka\u0161tie\u013e z\u00edskal cenu Pamiatka roka<\/span><\/span>\t\t<\/li>\r\n\t<\/ul>\r\n<\/div>\r\n\r\n\t\t<div class=\"post-content\">\r\n\t\t\t<p>Ka\u0161tie\u013e v Tom\u00e1\u0161ove dostal prest\u00ed\u017ene ocenenie F\u00e9nix &#8211; Kult\u00farna pamiatka roka 2011 v kateg\u00f3rii obnovy a re\u0161taurovania n\u00e1rodnej kult\u00farnej pamiatky. Sl\u00e1vnostn\u00e9 odovzd\u00e1vanie cien 7. ro\u010dn\u00edka s\u00fa\u0165a\u017ee Kult\u00farna pamiatka roka sa uskuto\u010dnilo 9.11.2012 vo dvorane Ministerstva kult\u00fary. Cenu &#8211; bronzov\u00fa sochu b\u00e1jneho vt\u00e1ka F\u00e9nixa odovzdal minister kult\u00fary Slovenskej republiky Marek Ma\u010fari\u010d. https:\/\/www.youtube.com\/watch?v=ujpMjTvCP5w<\/p>\n\t\t<a href=\"https:\/\/www.hotelkastiel.sk\/en\/novinky\/pamiatka-roka\" class=\"btn-view fz-12 font-600 text-gray-8989 text-uppercase\">\n\t\t\t\u010c\u00edta\u0165 viac\t\t<\/a>\n\t\t\t\t<\/div><!-- .post-content -->\r\n\t<\/div>\r\n<\/article><!-- #post-## -->\r\n\r\n<article id=\"post-3736\" class=\"post-3736 post type-post status-publish format-standard has-post-thumbnail hentry category-unkategorisiert\">\r\n\t<div class=\"post-media\">\r\n\t<div class=\"post-image\">\r\n\t\t\t\t\t<a href=\"https:\/\/www.hotelkastiel.sk\/en\/novinky\/pamiatky-a-muzea\">\r\n\t\t\t\t<img loading=\"lazy\" decoding=\"async\" width=\"595\" height=\"500\" src=\"https:\/\/www.hotelkastiel.sk\/wp-content\/uploads\/2019\/03\/3-1-595x500.jpg\" class=\"attachment-fleurdesel-medium size-fleurdesel-medium wp-post-image\" alt=\"\" \/>\t\t\t<\/a>\r\n\t\t\t<\/div>\r\n<\/div>\r\n\r\n\t<div class=\"post-data\">\r\n\t\t<div class=\"post-date\"><a href=\"https:\/\/www.hotelkastiel.sk\/en\/novinky\/pamiatky-a-muzea\" rel=\"bookmark\"><time class=\"entry-date published\" datetime=\"2012-09-14T16:16:03+01:00\">14.09.2012<\/time><time class=\"updated\" datetime=\"2019-05-15T21:09:24+01:00\">15.05.2019<\/time><\/a><\/div>\r\n\t\t<h2 class=\"post-title\"><a href=\"https:\/\/www.hotelkastiel.sk\/en\/novinky\/pamiatky-a-muzea\" rel=\"bookmark\">V\u00fdro\u010dn\u00e1 cena revue Pamiatky a m\u00faze\u00e1<\/a><\/h2>\r\n\t\t<div class=\"post-meta\">\r\n\t<ul>\r\n\t\t<li>\r\n\t\t\tPosted by <span class=\"author vcard\"><a class=\"url fn n\" href=\"https:\/\/www.hotelkastiel.sk\/en\/author\/mimac\/\">Milan Fabian<\/a><\/span> in <a href=\"https:\/\/www.hotelkastiel.sk\/en\/category\/unkategorisiert\/\" rel=\"category tag\">Unkategorisiert<\/a>\t\t<\/li>\r\n\r\n\t\t<li>\r\n\t\t\t<span>Comments Off<span class=\"screen-reader-text\"> on V\u00fdro\u010dn\u00e1 cena revue Pamiatky a m\u00faze\u00e1<\/span><\/span>\t\t<\/li>\r\n\t<\/ul>\r\n<\/div>\r\n\r\n\t\t<div class=\"post-content\">\r\n\t\t\t<p>Revue Pamiatky a m\u00faze\u00e1 udelila Art Hotelu Ka\u0161tie\u013e cenu za re\u0161taurovanie grafick\u00e9ho kabinetu a barokov\u00fdch n\u00e1stenn\u00fdch malieb ka\u0161tie\u013ea v Tom\u00e1\u0161ove. Ocenenie z\u00e1rove\u0148 dostali J\u00e1n Sikoriak a \u0161tudenti Katedry re\u0161taurovania V\u0160VU Bratislava, ktor\u00ed uskuto\u010dnili re\u0161taurovanie a Jozef Lenhart, ktor\u00fd sa postaral o zachovanie historickej vernosti obnovy. Vznik grafick\u00e9ho kabinetu sa datuje pribli\u017ene do roku 1780 a [&hellip;]<\/p>\n\t\t<a href=\"https:\/\/www.hotelkastiel.sk\/en\/novinky\/pamiatky-a-muzea\" class=\"btn-view fz-12 font-600 text-gray-8989 text-uppercase\">\n\t\t\t\u010c\u00edta\u0165 viac\t\t<\/a>\n\t\t\t\t<\/div><!-- .post-content -->\r\n\t<\/div>\r\n<\/article><!-- #post-## -->\r\n\r\n<article id=\"post-3735\" class=\"post-3735 post type-post status-publish format-standard has-post-thumbnail hentry category-uncategorized\">\r\n\t<div class=\"post-media\">\r\n\t<div class=\"post-image\">\r\n\t\t\t\t\t<a href=\"https:\/\/www.hotelkastiel.sk\/en\/novinky\/pamiatky-a-muzea\">\r\n\t\t\t\t<img loading=\"lazy\" decoding=\"async\" width=\"595\" height=\"500\" src=\"https:\/\/www.hotelkastiel.sk\/wp-content\/uploads\/2019\/03\/3-1-595x500.jpg\" class=\"attachment-fleurdesel-medium size-fleurdesel-medium wp-post-image\" alt=\"\" \/>\t\t\t<\/a>\r\n\t\t\t<\/div>\r\n<\/div>\r\n\r\n\t<div class=\"post-data\">\r\n\t\t<div class=\"post-date\"><a href=\"https:\/\/www.hotelkastiel.sk\/en\/novinky\/pamiatky-a-muzea\" rel=\"bookmark\"><time class=\"entry-date published\" datetime=\"2012-09-14T16:16:03+01:00\">14.09.2012<\/time><time class=\"updated\" datetime=\"2019-05-15T21:09:23+01:00\">15.05.2019<\/time><\/a><\/div>\r\n\t\t<h2 class=\"post-title\"><a href=\"https:\/\/www.hotelkastiel.sk\/en\/novinky\/pamiatky-a-muzea\" rel=\"bookmark\">V\u00fdro\u010dn\u00e1 cena revue Pamiatky a m\u00faze\u00e1<\/a><\/h2>\r\n\t\t<div class=\"post-meta\">\r\n\t<ul>\r\n\t\t<li>\r\n\t\t\tPosted by <span class=\"author vcard\"><a class=\"url fn n\" href=\"https:\/\/www.hotelkastiel.sk\/en\/author\/mimac\/\">Milan Fabian<\/a><\/span> in <a href=\"https:\/\/www.hotelkastiel.sk\/en\/category\/uncategorized\/\" rel=\"category tag\">Uncategorized<\/a>\t\t<\/li>\r\n\r\n\t\t<li>\r\n\t\t\t<span>Comments Off<span class=\"screen-reader-text\"> on V\u00fdro\u010dn\u00e1 cena revue Pamiatky a m\u00faze\u00e1<\/span><\/span>\t\t<\/li>\r\n\t<\/ul>\r\n<\/div>\r\n\r\n\t\t<div class=\"post-content\">\r\n\t\t\t<p>Revue Pamiatky a m\u00faze\u00e1 udelila Art Hotelu Ka\u0161tie\u013e cenu za re\u0161taurovanie grafick\u00e9ho kabinetu a barokov\u00fdch n\u00e1stenn\u00fdch malieb ka\u0161tie\u013ea v Tom\u00e1\u0161ove. Ocenenie z\u00e1rove\u0148 dostali J\u00e1n Sikoriak a \u0161tudenti Katedry re\u0161taurovania V\u0160VU Bratislava, ktor\u00ed uskuto\u010dnili re\u0161taurovanie a Jozef Lenhart, ktor\u00fd sa postaral o zachovanie historickej vernosti obnovy. Vznik grafick\u00e9ho kabinetu sa datuje pribli\u017ene do roku 1780 a [&hellip;]<\/p>\n\t\t<a href=\"https:\/\/www.hotelkastiel.sk\/en\/novinky\/pamiatky-a-muzea\" class=\"btn-view fz-12 font-600 text-gray-8989 text-uppercase\">\n\t\t\t\u010c\u00edta\u0165 viac\t\t<\/a>\n\t\t\t\t<\/div><!-- .post-content -->\r\n\t<\/div>\r\n<\/article><!-- #post-## -->\r\n\r\n<article id=\"post-3209\" class=\"post-3209 post type-post status-publish format-standard has-post-thumbnail hentry category-uncategorized-sk\">\r\n\t<div class=\"post-media\">\r\n\t<div class=\"post-image\">\r\n\t\t\t\t\t<a href=\"https:\/\/www.hotelkastiel.sk\/en\/novinky\/pamiatky-a-muzea\">\r\n\t\t\t\t<img loading=\"lazy\" decoding=\"async\" width=\"595\" height=\"500\" src=\"https:\/\/www.hotelkastiel.sk\/wp-content\/uploads\/2019\/03\/3-1-595x500.jpg\" class=\"attachment-fleurdesel-medium size-fleurdesel-medium wp-post-image\" alt=\"\" \/>\t\t\t<\/a>\r\n\t\t\t<\/div>\r\n<\/div>\r\n\r\n\t<div class=\"post-data\">\r\n\t\t<div class=\"post-date\"><a href=\"https:\/\/www.hotelkastiel.sk\/en\/novinky\/pamiatky-a-muzea\" rel=\"bookmark\"><time class=\"entry-date published\" datetime=\"2012-09-14T16:16:03+01:00\">14.09.2012<\/time><time class=\"updated\" datetime=\"2019-05-15T21:09:23+01:00\">15.05.2019<\/time><\/a><\/div>\r\n\t\t<h2 class=\"post-title\"><a href=\"https:\/\/www.hotelkastiel.sk\/en\/novinky\/pamiatky-a-muzea\" rel=\"bookmark\">V\u00fdro\u010dn\u00e1 cena revue Pamiatky a m\u00faze\u00e1<\/a><\/h2>\r\n\t\t<div class=\"post-meta\">\r\n\t<ul>\r\n\t\t<li>\r\n\t\t\tPosted by <span class=\"author vcard\"><a class=\"url fn n\" href=\"https:\/\/www.hotelkastiel.sk\/en\/author\/mimac\/\">Milan Fabian<\/a><\/span> in <a href=\"https:\/\/www.hotelkastiel.sk\/en\/category\/uncategorized-sk\/\" rel=\"category tag\">Uncategorized @sk<\/a>\t\t<\/li>\r\n\r\n\t\t<li>\r\n\t\t\t<span>Comments Off<span class=\"screen-reader-text\"> on V\u00fdro\u010dn\u00e1 cena revue Pamiatky a m\u00faze\u00e1<\/span><\/span>\t\t<\/li>\r\n\t<\/ul>\r\n<\/div>\r\n\r\n\t\t<div class=\"post-content\">\r\n\t\t\t<p>Revue Pamiatky a m\u00faze\u00e1 udelila Art Hotelu Ka\u0161tie\u013e cenu za re\u0161taurovanie grafick\u00e9ho kabinetu a barokov\u00fdch n\u00e1stenn\u00fdch malieb ka\u0161tie\u013ea v Tom\u00e1\u0161ove. Ocenenie z\u00e1rove\u0148 dostali J\u00e1n Sikoriak a \u0161tudenti Katedry re\u0161taurovania V\u0160VU Bratislava, ktor\u00ed uskuto\u010dnili re\u0161taurovanie a Jozef Lenhart, ktor\u00fd sa postaral o zachovanie historickej vernosti obnovy. Vznik grafick\u00e9ho kabinetu sa datuje pribli\u017ene do roku 1780 a [&hellip;]<\/p>\n\t\t<a href=\"https:\/\/www.hotelkastiel.sk\/en\/novinky\/pamiatky-a-muzea\" class=\"btn-view fz-12 font-600 text-gray-8989 text-uppercase\">\n\t\t\t\u010c\u00edta\u0165 viac\t\t<\/a>\n\t\t\t\t<\/div><!-- .post-content -->\r\n\t<\/div>\r\n<\/article><!-- #post-## -->\r\n\r\n<article id=\"post-3738\" class=\"post-3738 post type-post status-publish format-standard has-post-thumbnail hentry category-unkategorisiert\">\r\n\t<div class=\"post-media\">\r\n\t<div class=\"post-image\">\r\n\t\t\t\t\t<a href=\"https:\/\/www.hotelkastiel.sk\/en\/novinky\/klip-igora-kmeta\">\r\n\t\t\t\t<img loading=\"lazy\" decoding=\"async\" width=\"403\" height=\"403\" src=\"https:\/\/www.hotelkastiel.sk\/wp-content\/uploads\/2019\/03\/4-2.jpg\" class=\"attachment-fleurdesel-medium size-fleurdesel-medium wp-post-image\" alt=\"\" srcset=\"https:\/\/www.hotelkastiel.sk\/wp-content\/uploads\/2019\/03\/4-2.jpg 403w, https:\/\/www.hotelkastiel.sk\/wp-content\/uploads\/2019\/03\/4-2-150x150.jpg 150w, https:\/\/www.hotelkastiel.sk\/wp-content\/uploads\/2019\/03\/4-2-300x300.jpg 300w\" sizes=\"auto, (max-width: 403px) 100vw, 403px\" \/>\t\t\t<\/a>\r\n\t\t\t<\/div>\r\n<\/div>\r\n\r\n\t<div class=\"post-data\">\r\n\t\t<div class=\"post-date\"><a href=\"https:\/\/www.hotelkastiel.sk\/en\/novinky\/klip-igora-kmeta\" rel=\"bookmark\"><time class=\"entry-date published\" datetime=\"2012-07-20T16:17:45+01:00\">20.07.2012<\/time><time class=\"updated\" datetime=\"2019-05-15T21:09:55+01:00\">15.05.2019<\/time><\/a><\/div>\r\n\t\t<h2 class=\"post-title\"><a href=\"https:\/\/www.hotelkastiel.sk\/en\/novinky\/klip-igora-kmeta\" rel=\"bookmark\">Nov\u00fd klip Igora Kme\u0165a nato\u010den\u00fd v ka\u0161tieli<\/a><\/h2>\r\n\t\t<div class=\"post-meta\">\r\n\t<ul>\r\n\t\t<li>\r\n\t\t\tPosted by <span class=\"author vcard\"><a class=\"url fn n\" href=\"https:\/\/www.hotelkastiel.sk\/en\/author\/mimac\/\">Milan Fabian<\/a><\/span> in <a href=\"https:\/\/www.hotelkastiel.sk\/en\/category\/unkategorisiert\/\" rel=\"category tag\">Unkategorisiert<\/a>\t\t<\/li>\r\n\r\n\t\t<li>\r\n\t\t\t<span>Comments Off<span class=\"screen-reader-text\"> on Nov\u00fd klip Igora Kme\u0165a nato\u010den\u00fd v ka\u0161tieli<\/span><\/span>\t\t<\/li>\r\n\t<\/ul>\r\n<\/div>\r\n\r\n\t\t<div class=\"post-content\">\r\n\t\t\t<p>Pri baz\u00e9ne v parku pri ka\u0161tieli sa v j\u00fani 2012 nat\u00e1\u010dal nov\u00fd klip slovensk\u00e9ho spev\u00e1ka Igora Kme\u0165a k pesni\u010dke Ona m\u00e1 \u0161t\u00fdl. &nbsp; Cel\u00fd videoklip si m\u00f4\u017eete pozrie\u0165 ni\u017e\u0161ie:<\/p>\n\t\t<a href=\"https:\/\/www.hotelkastiel.sk\/en\/novinky\/klip-igora-kmeta\" class=\"btn-view fz-12 font-600 text-gray-8989 text-uppercase\">\n\t\t\t\u010c\u00edta\u0165 viac\t\t<\/a>\n\t\t\t\t<\/div><!-- .post-content -->\r\n\t<\/div>\r\n<\/article><!-- #post-## -->\r\n\r\n<article id=\"post-3737\" class=\"post-3737 post type-post status-publish format-standard has-post-thumbnail hentry category-uncategorized\">\r\n\t<div class=\"post-media\">\r\n\t<div class=\"post-image\">\r\n\t\t\t\t\t<a href=\"https:\/\/www.hotelkastiel.sk\/en\/novinky\/klip-igora-kmeta\">\r\n\t\t\t\t<img loading=\"lazy\" decoding=\"async\" width=\"403\" height=\"403\" src=\"https:\/\/www.hotelkastiel.sk\/wp-content\/uploads\/2019\/03\/4-2.jpg\" class=\"attachment-fleurdesel-medium size-fleurdesel-medium wp-post-image\" alt=\"\" srcset=\"https:\/\/www.hotelkastiel.sk\/wp-content\/uploads\/2019\/03\/4-2.jpg 403w, https:\/\/www.hotelkastiel.sk\/wp-content\/uploads\/2019\/03\/4-2-150x150.jpg 150w, https:\/\/www.hotelkastiel.sk\/wp-content\/uploads\/2019\/03\/4-2-300x300.jpg 300w\" sizes=\"auto, (max-width: 403px) 100vw, 403px\" \/>\t\t\t<\/a>\r\n\t\t\t<\/div>\r\n<\/div>\r\n\r\n\t<div class=\"post-data\">\r\n\t\t<div class=\"post-date\"><a href=\"https:\/\/www.hotelkastiel.sk\/en\/novinky\/klip-igora-kmeta\" rel=\"bookmark\"><time class=\"entry-date published\" datetime=\"2012-07-20T16:17:45+01:00\">20.07.2012<\/time><time class=\"updated\" datetime=\"2019-05-15T21:09:54+01:00\">15.05.2019<\/time><\/a><\/div>\r\n\t\t<h2 class=\"post-title\"><a href=\"https:\/\/www.hotelkastiel.sk\/en\/novinky\/klip-igora-kmeta\" rel=\"bookmark\">Nov\u00fd klip Igora Kme\u0165a nato\u010den\u00fd v ka\u0161tieli<\/a><\/h2>\r\n\t\t<div class=\"post-meta\">\r\n\t<ul>\r\n\t\t<li>\r\n\t\t\tPosted by <span class=\"author vcard\"><a class=\"url fn n\" href=\"https:\/\/www.hotelkastiel.sk\/en\/author\/mimac\/\">Milan Fabian<\/a><\/span> in <a href=\"https:\/\/www.hotelkastiel.sk\/en\/category\/uncategorized\/\" rel=\"category tag\">Uncategorized<\/a>\t\t<\/li>\r\n\r\n\t\t<li>\r\n\t\t\t<span>Comments Off<span class=\"screen-reader-text\"> on Nov\u00fd klip Igora Kme\u0165a nato\u010den\u00fd v ka\u0161tieli<\/span><\/span>\t\t<\/li>\r\n\t<\/ul>\r\n<\/div>\r\n\r\n\t\t<div class=\"post-content\">\r\n\t\t\t<p>Pri baz\u00e9ne v parku pri ka\u0161tieli sa v j\u00fani 2012 nat\u00e1\u010dal nov\u00fd klip slovensk\u00e9ho spev\u00e1ka Igora Kme\u0165a k pesni\u010dke Ona m\u00e1 \u0161t\u00fdl. &nbsp; Cel\u00fd videoklip si m\u00f4\u017eete pozrie\u0165 ni\u017e\u0161ie:<\/p>\n\t\t<a href=\"https:\/\/www.hotelkastiel.sk\/en\/novinky\/klip-igora-kmeta\" class=\"btn-view fz-12 font-600 text-gray-8989 text-uppercase\">\n\t\t\t\u010c\u00edta\u0165 viac\t\t<\/a>\n\t\t\t\t<\/div><!-- .post-content -->\r\n\t<\/div>\r\n<\/article><!-- #post-## -->\r\n\r\n<article id=\"post-3214\" class=\"post-3214 post type-post status-publish format-standard has-post-thumbnail hentry category-uncategorized-sk\">\r\n\t<div class=\"post-media\">\r\n\t<div class=\"post-image\">\r\n\t\t\t\t\t<a href=\"https:\/\/www.hotelkastiel.sk\/en\/novinky\/klip-igora-kmeta\">\r\n\t\t\t\t<img loading=\"lazy\" decoding=\"async\" width=\"403\" height=\"403\" src=\"https:\/\/www.hotelkastiel.sk\/wp-content\/uploads\/2019\/03\/4-2.jpg\" class=\"attachment-fleurdesel-medium size-fleurdesel-medium wp-post-image\" alt=\"\" srcset=\"https:\/\/www.hotelkastiel.sk\/wp-content\/uploads\/2019\/03\/4-2.jpg 403w, https:\/\/www.hotelkastiel.sk\/wp-content\/uploads\/2019\/03\/4-2-150x150.jpg 150w, https:\/\/www.hotelkastiel.sk\/wp-content\/uploads\/2019\/03\/4-2-300x300.jpg 300w\" sizes=\"auto, (max-width: 403px) 100vw, 403px\" \/>\t\t\t<\/a>\r\n\t\t\t<\/div>\r\n<\/div>\r\n\r\n\t<div class=\"post-data\">\r\n\t\t<div class=\"post-date\"><a href=\"https:\/\/www.hotelkastiel.sk\/en\/novinky\/klip-igora-kmeta\" rel=\"bookmark\"><time class=\"entry-date published\" datetime=\"2012-07-20T16:17:45+01:00\">20.07.2012<\/time><time class=\"updated\" datetime=\"2019-05-15T21:09:54+01:00\">15.05.2019<\/time><\/a><\/div>\r\n\t\t<h2 class=\"post-title\"><a href=\"https:\/\/www.hotelkastiel.sk\/en\/novinky\/klip-igora-kmeta\" rel=\"bookmark\">Nov\u00fd klip Igora Kme\u0165a nato\u010den\u00fd v ka\u0161tieli<\/a><\/h2>\r\n\t\t<div class=\"post-meta\">\r\n\t<ul>\r\n\t\t<li>\r\n\t\t\tPosted by <span class=\"author vcard\"><a class=\"url fn n\" href=\"https:\/\/www.hotelkastiel.sk\/en\/author\/mimac\/\">Milan Fabian<\/a><\/span> in <a href=\"https:\/\/www.hotelkastiel.sk\/en\/category\/uncategorized-sk\/\" rel=\"category tag\">Uncategorized @sk<\/a>\t\t<\/li>\r\n\r\n\t\t<li>\r\n\t\t\t<span>Comments Off<span class=\"screen-reader-text\"> on Nov\u00fd klip Igora Kme\u0165a nato\u010den\u00fd v ka\u0161tieli<\/span><\/span>\t\t<\/li>\r\n\t<\/ul>\r\n<\/div>\r\n\r\n\t\t<div class=\"post-content\">\r\n\t\t\t<p>Pri baz\u00e9ne v parku pri ka\u0161tieli sa v j\u00fani 2012 nat\u00e1\u010dal nov\u00fd klip slovensk\u00e9ho spev\u00e1ka Igora Kme\u0165a k pesni\u010dke Ona m\u00e1 \u0161t\u00fdl. &nbsp; Cel\u00fd videoklip si m\u00f4\u017eete pozrie\u0165 ni\u017e\u0161ie:<\/p>\n\t\t<a href=\"https:\/\/www.hotelkastiel.sk\/en\/novinky\/klip-igora-kmeta\" class=\"btn-view fz-12 font-600 text-gray-8989 text-uppercase\">\n\t\t\t\u010c\u00edta\u0165 viac\t\t<\/a>\n\t\t\t\t<\/div><!-- .post-content -->\r\n\t<\/div>\r\n<\/article><!-- #post-## -->\r\n\r\n<article id=\"post-3742\" class=\"post-3742 post type-post status-publish format-standard has-post-thumbnail hentry category-uncategorized\">\r\n\t<div class=\"post-media\">\r\n\t<div class=\"post-image\">\r\n\t\t\t\t\t<a href=\"https:\/\/www.hotelkastiel.sk\/en\/novinky\/koncert-pavla-hammela\">\r\n\t\t\t\t<img loading=\"lazy\" decoding=\"async\" width=\"640\" height=\"500\" src=\"https:\/\/www.hotelkastiel.sk\/wp-content\/uploads\/2019\/03\/h1-640x500.jpg\" class=\"attachment-fleurdesel-medium size-fleurdesel-medium wp-post-image\" alt=\"\" \/>\t\t\t<\/a>\r\n\t\t\t<\/div>\r\n<\/div>\r\n\r\n\t<div class=\"post-data\">\r\n\t\t<div class=\"post-date\"><a href=\"https:\/\/www.hotelkastiel.sk\/en\/novinky\/koncert-pavla-hammela\" rel=\"bookmark\"><time class=\"entry-date published\" datetime=\"2012-01-11T16:20:07+01:00\">11.01.2012<\/time><time class=\"updated\" datetime=\"2019-05-15T21:10:23+01:00\">15.05.2019<\/time><\/a><\/div>\r\n\t\t<h2 class=\"post-title\"><a href=\"https:\/\/www.hotelkastiel.sk\/en\/novinky\/koncert-pavla-hammela\" rel=\"bookmark\">Koncert Pavla Hammela<\/a><\/h2>\r\n\t\t<div class=\"post-meta\">\r\n\t<ul>\r\n\t\t<li>\r\n\t\t\tPosted by <span class=\"author vcard\"><a class=\"url fn n\" href=\"https:\/\/www.hotelkastiel.sk\/en\/author\/mimac\/\">Milan Fabian<\/a><\/span> in <a href=\"https:\/\/www.hotelkastiel.sk\/en\/category\/uncategorized\/\" rel=\"category tag\">Uncategorized<\/a>\t\t<\/li>\r\n\r\n\t\t<li>\r\n\t\t\t<span>Comments Off<span class=\"screen-reader-text\"> on Koncert Pavla Hammela<\/span><\/span>\t\t<\/li>\r\n\t<\/ul>\r\n<\/div>\r\n\r\n\t\t<div class=\"post-content\">\r\n\t\t\t<p>Pavol Hammel n\u00e1s poctil svojou n\u00e1v\u0161tevou a zahral n\u00e1m svoje najv\u00e4\u010d\u0161ie hity Ve\u010der 11. janu\u00e1ra 2012 zaplnili hostia Kongresov\u00fa s\u00e1lu Art Hotela Ka\u0161tie\u013e, aby si vypo\u010duli u\u017e druh\u00fd zo s\u00e9rie unplugged koncertov. Po Petrovi Nagyovi v decembri zahral na tomto koncerte spev\u00e1k a gitarista Pavol Hammel v doprovode Juraja Buriana s hos\u0165kou Andreou Zim\u00e1nyiovou. Viac [&hellip;]<\/p>\n\t\t<a href=\"https:\/\/www.hotelkastiel.sk\/en\/novinky\/koncert-pavla-hammela\" class=\"btn-view fz-12 font-600 text-gray-8989 text-uppercase\">\n\t\t\t\u010c\u00edta\u0165 viac\t\t<\/a>\n\t\t\t\t<\/div><!-- .post-content -->\r\n\t<\/div>\r\n<\/article><!-- #post-## -->\r\n\r\n<article id=\"post-3741\" class=\"post-3741 post type-post status-publish format-standard has-post-thumbnail hentry category-unkategorisiert\">\r\n\t<div class=\"post-media\">\r\n\t<div class=\"post-image\">\r\n\t\t\t\t\t<a href=\"https:\/\/www.hotelkastiel.sk\/en\/novinky\/koncert-pavla-hammela\">\r\n\t\t\t\t<img loading=\"lazy\" decoding=\"async\" width=\"640\" height=\"500\" src=\"https:\/\/www.hotelkastiel.sk\/wp-content\/uploads\/2019\/03\/h1-640x500.jpg\" class=\"attachment-fleurdesel-medium size-fleurdesel-medium wp-post-image\" alt=\"\" \/>\t\t\t<\/a>\r\n\t\t\t<\/div>\r\n<\/div>\r\n\r\n\t<div class=\"post-data\">\r\n\t\t<div class=\"post-date\"><a href=\"https:\/\/www.hotelkastiel.sk\/en\/novinky\/koncert-pavla-hammela\" rel=\"bookmark\"><time class=\"entry-date published\" datetime=\"2012-01-11T16:20:07+01:00\">11.01.2012<\/time><time class=\"updated\" datetime=\"2019-05-15T21:10:21+01:00\">15.05.2019<\/time><\/a><\/div>\r\n\t\t<h2 class=\"post-title\"><a href=\"https:\/\/www.hotelkastiel.sk\/en\/novinky\/koncert-pavla-hammela\" rel=\"bookmark\">Koncert Pavla Hammela<\/a><\/h2>\r\n\t\t<div class=\"post-meta\">\r\n\t<ul>\r\n\t\t<li>\r\n\t\t\tPosted by <span class=\"author vcard\"><a class=\"url fn n\" href=\"https:\/\/www.hotelkastiel.sk\/en\/author\/mimac\/\">Milan Fabian<\/a><\/span> in <a href=\"https:\/\/www.hotelkastiel.sk\/en\/category\/unkategorisiert\/\" rel=\"category tag\">Unkategorisiert<\/a>\t\t<\/li>\r\n\r\n\t\t<li>\r\n\t\t\t<span>Comments Off<span class=\"screen-reader-text\"> on Koncert Pavla Hammela<\/span><\/span>\t\t<\/li>\r\n\t<\/ul>\r\n<\/div>\r\n\r\n\t\t<div class=\"post-content\">\r\n\t\t\t<p>Pavol Hammel n\u00e1s poctil svojou n\u00e1v\u0161tevou a zahral n\u00e1m svoje najv\u00e4\u010d\u0161ie hity Ve\u010der 11. janu\u00e1ra 2012 zaplnili hostia Kongresov\u00fa s\u00e1lu Art Hotela Ka\u0161tie\u013e, aby si vypo\u010duli u\u017e druh\u00fd zo s\u00e9rie unplugged koncertov. Po Petrovi Nagyovi v decembri zahral na tomto koncerte spev\u00e1k a gitarista Pavol Hammel v doprovode Juraja Buriana s hos\u0165kou Andreou Zim\u00e1nyiovou. Viac [&hellip;]<\/p>\n\t\t<a href=\"https:\/\/www.hotelkastiel.sk\/en\/novinky\/koncert-pavla-hammela\" class=\"btn-view fz-12 font-600 text-gray-8989 text-uppercase\">\n\t\t\t\u010c\u00edta\u0165 viac\t\t<\/a>\n\t\t\t\t<\/div><!-- .post-content -->\r\n\t<\/div>\r\n<\/article><!-- #post-## -->\r\n\r\n<article id=\"post-3219\" class=\"post-3219 post type-post status-publish format-standard has-post-thumbnail hentry category-uncategorized-sk\">\r\n\t<div class=\"post-media\">\r\n\t<div class=\"post-image\">\r\n\t\t\t\t\t<a href=\"https:\/\/www.hotelkastiel.sk\/en\/novinky\/koncert-pavla-hammela\">\r\n\t\t\t\t<img loading=\"lazy\" decoding=\"async\" width=\"640\" height=\"500\" src=\"https:\/\/www.hotelkastiel.sk\/wp-content\/uploads\/2019\/03\/h1-640x500.jpg\" class=\"attachment-fleurdesel-medium size-fleurdesel-medium wp-post-image\" alt=\"\" \/>\t\t\t<\/a>\r\n\t\t\t<\/div>\r\n<\/div>\r\n\r\n\t<div class=\"post-data\">\r\n\t\t<div class=\"post-date\"><a href=\"https:\/\/www.hotelkastiel.sk\/en\/novinky\/koncert-pavla-hammela\" rel=\"bookmark\"><time class=\"entry-date published\" datetime=\"2012-01-11T16:20:07+01:00\">11.01.2012<\/time><time class=\"updated\" datetime=\"2019-05-15T21:10:21+01:00\">15.05.2019<\/time><\/a><\/div>\r\n\t\t<h2 class=\"post-title\"><a href=\"https:\/\/www.hotelkastiel.sk\/en\/novinky\/koncert-pavla-hammela\" rel=\"bookmark\">Koncert Pavla Hammela<\/a><\/h2>\r\n\t\t<div class=\"post-meta\">\r\n\t<ul>\r\n\t\t<li>\r\n\t\t\tPosted by <span class=\"author vcard\"><a class=\"url fn n\" href=\"https:\/\/www.hotelkastiel.sk\/en\/author\/mimac\/\">Milan Fabian<\/a><\/span> in <a href=\"https:\/\/www.hotelkastiel.sk\/en\/category\/uncategorized-sk\/\" rel=\"category tag\">Uncategorized @sk<\/a>\t\t<\/li>\r\n\r\n\t\t<li>\r\n\t\t\t<span>Comments Off<span class=\"screen-reader-text\"> on Koncert Pavla Hammela<\/span><\/span>\t\t<\/li>\r\n\t<\/ul>\r\n<\/div>\r\n\r\n\t\t<div class=\"post-content\">\r\n\t\t\t<p>Pavol Hammel n\u00e1s poctil svojou n\u00e1v\u0161tevou a zahral n\u00e1m svoje najv\u00e4\u010d\u0161ie hity Ve\u010der 11. janu\u00e1ra 2012 zaplnili hostia Kongresov\u00fa s\u00e1lu Art Hotela Ka\u0161tie\u013e, aby si vypo\u010duli u\u017e druh\u00fd zo s\u00e9rie unplugged koncertov. Po Petrovi Nagyovi v decembri zahral na tomto koncerte spev\u00e1k a gitarista Pavol Hammel v doprovode Juraja Buriana s hos\u0165kou Andreou Zim\u00e1nyiovou. Viac [&hellip;]<\/p>\n\t\t<a href=\"https:\/\/www.hotelkastiel.sk\/en\/novinky\/koncert-pavla-hammela\" class=\"btn-view fz-12 font-600 text-gray-8989 text-uppercase\">\n\t\t\t\u010c\u00edta\u0165 viac\t\t<\/a>\n\t\t\t\t<\/div><!-- .post-content -->\r\n\t<\/div>\r\n<\/article><!-- #post-## -->\r\n\r\n<article id=\"post-3744\" class=\"post-3744 post type-post status-publish format-standard has-post-thumbnail hentry category-uncategorized\">\r\n\t<div class=\"post-media\">\r\n\t<div class=\"post-image\">\r\n\t\t\t\t\t<a href=\"https:\/\/www.hotelkastiel.sk\/en\/novinky\/koncert-petra-nagya\">\r\n\t\t\t\t<img loading=\"lazy\" decoding=\"async\" width=\"640\" height=\"500\" src=\"https:\/\/www.hotelkastiel.sk\/wp-content\/uploads\/2019\/03\/n1-640x500.jpg\" class=\"attachment-fleurdesel-medium size-fleurdesel-medium wp-post-image\" alt=\"\" \/>\t\t\t<\/a>\r\n\t\t\t<\/div>\r\n<\/div>\r\n\r\n\t<div class=\"post-data\">\r\n\t\t<div class=\"post-date\"><a href=\"https:\/\/www.hotelkastiel.sk\/en\/novinky\/koncert-petra-nagya\" rel=\"bookmark\"><time class=\"entry-date published\" datetime=\"2011-12-07T16:22:19+01:00\">07.12.2011<\/time><time class=\"updated\" datetime=\"2019-05-15T21:10:27+01:00\">15.05.2019<\/time><\/a><\/div>\r\n\t\t<h2 class=\"post-title\"><a href=\"https:\/\/www.hotelkastiel.sk\/en\/novinky\/koncert-petra-nagya\" rel=\"bookmark\">Koncert Petra Nagya<\/a><\/h2>\r\n\t\t<div class=\"post-meta\">\r\n\t<ul>\r\n\t\t<li>\r\n\t\t\tPosted by <span class=\"author vcard\"><a class=\"url fn n\" href=\"https:\/\/www.hotelkastiel.sk\/en\/author\/mimac\/\">Milan Fabian<\/a><\/span> in <a href=\"https:\/\/www.hotelkastiel.sk\/en\/category\/uncategorized\/\" rel=\"category tag\">Uncategorized<\/a>\t\t<\/li>\r\n\r\n\t\t<li>\r\n\t\t\t<span>Comments Off<span class=\"screen-reader-text\"> on Koncert Petra Nagya<\/span><\/span>\t\t<\/li>\r\n\t<\/ul>\r\n<\/div>\r\n\r\n\t\t<div class=\"post-content\">\r\n\t\t\t<p>V Kongresovej s\u00e1le zahrala 7.12.2011 legenda slovenskej hudobnej sc\u00e9ny spolu so sl\u00e1\u010dikov\u00fdm kvartetom. V podzem\u00ed ka\u0161tie\u013ea zahral Peter Nagy pre host\u00ed svoje zn\u00e1me hity a vytvoril nezabudnute\u013en\u00fa atmsf\u00e9ru.<\/p>\n\t\t<a href=\"https:\/\/www.hotelkastiel.sk\/en\/novinky\/koncert-petra-nagya\" class=\"btn-view fz-12 font-600 text-gray-8989 text-uppercase\">\n\t\t\t\u010c\u00edta\u0165 viac\t\t<\/a>\n\t\t\t\t<\/div><!-- .post-content -->\r\n\t<\/div>\r\n<\/article><!-- #post-## -->\r\n\r\n<article id=\"post-3743\" class=\"post-3743 post type-post status-publish format-standard has-post-thumbnail hentry category-unkategorisiert\">\r\n\t<div class=\"post-media\">\r\n\t<div class=\"post-image\">\r\n\t\t\t\t\t<a href=\"https:\/\/www.hotelkastiel.sk\/en\/novinky\/koncert-petra-nagya\">\r\n\t\t\t\t<img loading=\"lazy\" decoding=\"async\" width=\"640\" height=\"500\" src=\"https:\/\/www.hotelkastiel.sk\/wp-content\/uploads\/2019\/03\/n1-640x500.jpg\" class=\"attachment-fleurdesel-medium size-fleurdesel-medium wp-post-image\" alt=\"\" \/>\t\t\t<\/a>\r\n\t\t\t<\/div>\r\n<\/div>\r\n\r\n\t<div class=\"post-data\">\r\n\t\t<div class=\"post-date\"><a href=\"https:\/\/www.hotelkastiel.sk\/en\/novinky\/koncert-petra-nagya\" rel=\"bookmark\"><time class=\"entry-date published\" datetime=\"2011-12-07T16:22:19+01:00\">07.12.2011<\/time><time class=\"updated\" datetime=\"2019-05-15T21:10:26+01:00\">15.05.2019<\/time><\/a><\/div>\r\n\t\t<h2 class=\"post-title\"><a href=\"https:\/\/www.hotelkastiel.sk\/en\/novinky\/koncert-petra-nagya\" rel=\"bookmark\">Koncert Petra Nagya<\/a><\/h2>\r\n\t\t<div class=\"post-meta\">\r\n\t<ul>\r\n\t\t<li>\r\n\t\t\tPosted by <span class=\"author vcard\"><a class=\"url fn n\" href=\"https:\/\/www.hotelkastiel.sk\/en\/author\/mimac\/\">Milan Fabian<\/a><\/span> in <a href=\"https:\/\/www.hotelkastiel.sk\/en\/category\/unkategorisiert\/\" rel=\"category tag\">Unkategorisiert<\/a>\t\t<\/li>\r\n\r\n\t\t<li>\r\n\t\t\t<span>Comments Off<span class=\"screen-reader-text\"> on Koncert Petra Nagya<\/span><\/span>\t\t<\/li>\r\n\t<\/ul>\r\n<\/div>\r\n\r\n\t\t<div class=\"post-content\">\r\n\t\t\t<p>V Kongresovej s\u00e1le zahrala 7.12.2011 legenda slovenskej hudobnej sc\u00e9ny spolu so sl\u00e1\u010dikov\u00fdm kvartetom. V podzem\u00ed ka\u0161tie\u013ea zahral Peter Nagy pre host\u00ed svoje zn\u00e1me hity a vytvoril nezabudnute\u013en\u00fa atmsf\u00e9ru.<\/p>\n\t\t<a href=\"https:\/\/www.hotelkastiel.sk\/en\/novinky\/koncert-petra-nagya\" class=\"btn-view fz-12 font-600 text-gray-8989 text-uppercase\">\n\t\t\t\u010c\u00edta\u0165 viac\t\t<\/a>\n\t\t\t\t<\/div><!-- .post-content -->\r\n\t<\/div>\r\n<\/article><!-- #post-## -->\r\n\r\n<article id=\"post-3230\" class=\"post-3230 post type-post status-publish format-standard has-post-thumbnail hentry category-uncategorized-sk\">\r\n\t<div class=\"post-media\">\r\n\t<div class=\"post-image\">\r\n\t\t\t\t\t<a href=\"https:\/\/www.hotelkastiel.sk\/en\/novinky\/koncert-petra-nagya\">\r\n\t\t\t\t<img loading=\"lazy\" decoding=\"async\" width=\"640\" height=\"500\" src=\"https:\/\/www.hotelkastiel.sk\/wp-content\/uploads\/2019\/03\/n1-640x500.jpg\" class=\"attachment-fleurdesel-medium size-fleurdesel-medium wp-post-image\" alt=\"\" \/>\t\t\t<\/a>\r\n\t\t\t<\/div>\r\n<\/div>\r\n\r\n\t<div class=\"post-data\">\r\n\t\t<div class=\"post-date\"><a href=\"https:\/\/www.hotelkastiel.sk\/en\/novinky\/koncert-petra-nagya\" rel=\"bookmark\"><time class=\"entry-date published\" datetime=\"2011-12-07T16:22:19+01:00\">07.12.2011<\/time><time class=\"updated\" datetime=\"2019-05-15T21:10:26+01:00\">15.05.2019<\/time><\/a><\/div>\r\n\t\t<h2 class=\"post-title\"><a href=\"https:\/\/www.hotelkastiel.sk\/en\/novinky\/koncert-petra-nagya\" rel=\"bookmark\">Koncert Petra Nagya<\/a><\/h2>\r\n\t\t<div class=\"post-meta\">\r\n\t<ul>\r\n\t\t<li>\r\n\t\t\tPosted by <span class=\"author vcard\"><a class=\"url fn n\" href=\"https:\/\/www.hotelkastiel.sk\/en\/author\/mimac\/\">Milan Fabian<\/a><\/span> in <a href=\"https:\/\/www.hotelkastiel.sk\/en\/category\/uncategorized-sk\/\" rel=\"category tag\">Uncategorized @sk<\/a>\t\t<\/li>\r\n\r\n\t\t<li>\r\n\t\t\t<span>Comments Off<span class=\"screen-reader-text\"> on Koncert Petra Nagya<\/span><\/span>\t\t<\/li>\r\n\t<\/ul>\r\n<\/div>\r\n\r\n\t\t<div class=\"post-content\">\r\n\t\t\t<p>V Kongresovej s\u00e1le zahrala 7.12.2011 legenda slovenskej hudobnej sc\u00e9ny spolu so sl\u00e1\u010dikov\u00fdm kvartetom. V podzem\u00ed ka\u0161tie\u013ea zahral Peter Nagy pre host\u00ed svoje zn\u00e1me hity a vytvoril nezabudnute\u013en\u00fa atmsf\u00e9ru.<\/p>\n\t\t<a href=\"https:\/\/www.hotelkastiel.sk\/en\/novinky\/koncert-petra-nagya\" class=\"btn-view fz-12 font-600 text-gray-8989 text-uppercase\">\n\t\t\t\u010c\u00edta\u0165 viac\t\t<\/a>\n\t\t\t\t<\/div><!-- .post-content -->\r\n\t<\/div>\r\n<\/article><!-- #post-## -->\r\n\r\n<article id=\"post-3746\" class=\"post-3746 post type-post status-publish format-standard has-post-thumbnail hentry category-unkategorisiert\">\r\n\t<div class=\"post-media\">\r\n\t<div class=\"post-image\">\r\n\t\t\t\t\t<a href=\"https:\/\/www.hotelkastiel.sk\/en\/novinky\/krst-zuzana-smatanova\">\r\n\t\t\t\t<img loading=\"lazy\" decoding=\"async\" width=\"640\" height=\"500\" src=\"https:\/\/www.hotelkastiel.sk\/wp-content\/uploads\/2019\/03\/1-3-640x500.jpg\" class=\"attachment-fleurdesel-medium size-fleurdesel-medium wp-post-image\" alt=\"Zuzana Smatanov\u00e1\" \/>\t\t\t<\/a>\r\n\t\t\t<\/div>\r\n<\/div>\r\n\r\n\t<div class=\"post-data\">\r\n\t\t<div class=\"post-date\"><a href=\"https:\/\/www.hotelkastiel.sk\/en\/novinky\/krst-zuzana-smatanova\" rel=\"bookmark\"><time class=\"entry-date published\" datetime=\"2011-11-09T16:24:16+01:00\">09.11.2011<\/time><time class=\"updated\" datetime=\"2019-05-15T21:10:33+01:00\">15.05.2019<\/time><\/a><\/div>\r\n\t\t<h2 class=\"post-title\"><a href=\"https:\/\/www.hotelkastiel.sk\/en\/novinky\/krst-zuzana-smatanova\" rel=\"bookmark\">Krst nov\u00e9ho albumu Zuzany Smatanovej<\/a><\/h2>\r\n\t\t<div class=\"post-meta\">\r\n\t<ul>\r\n\t\t<li>\r\n\t\t\tPosted by <span class=\"author vcard\"><a class=\"url fn n\" href=\"https:\/\/www.hotelkastiel.sk\/en\/author\/mimac\/\">Milan Fabian<\/a><\/span> in <a href=\"https:\/\/www.hotelkastiel.sk\/en\/category\/unkategorisiert\/\" rel=\"category tag\">Unkategorisiert<\/a>\t\t<\/li>\r\n\r\n\t\t<li>\r\n\t\t\t<span>Comments Off<span class=\"screen-reader-text\"> on Krst nov\u00e9ho albumu Zuzany Smatanovej<\/span><\/span>\t\t<\/li>\r\n\t<\/ul>\r\n<\/div>\r\n\r\n\t\t<div class=\"post-content\">\r\n\t\t\t<p>V stredu 9.11.2011 sa Kongresov\u00e1 s\u00e1la Art Hotela Ka\u0161tie\u013e stala svedkom krstu nov\u00e9ho albumu slovenskej spev\u00e1\u010dky Zuzany Smatanovej s n\u00e1zvom Dvere. Na krste sa z\u00fa\u010dastnili aj zn\u00e1me osobnosti ako Peter Cmor\u00edk, Peter Nagy, Tom\u00e1\u0161 Bezdeda a M\u00e1ria \u010c\u00edrov\u00e1. Video z krstu si m\u00f4\u017eete pozrie\u0165 na&nbsp;https:\/\/www.youtube.com\/watch?v=bqOe-LQo4w8. &nbsp;<\/p>\n\t\t<a href=\"https:\/\/www.hotelkastiel.sk\/en\/novinky\/krst-zuzana-smatanova\" class=\"btn-view fz-12 font-600 text-gray-8989 text-uppercase\">\n\t\t\t\u010c\u00edta\u0165 viac\t\t<\/a>\n\t\t\t\t<\/div><!-- .post-content -->\r\n\t<\/div>\r\n<\/article><!-- #post-## -->\r\n\r\n<article id=\"post-3745\" class=\"post-3745 post type-post status-publish format-standard has-post-thumbnail hentry category-uncategorized\">\r\n\t<div class=\"post-media\">\r\n\t<div class=\"post-image\">\r\n\t\t\t\t\t<a href=\"https:\/\/www.hotelkastiel.sk\/en\/novinky\/krst-zuzana-smatanova\">\r\n\t\t\t\t<img loading=\"lazy\" decoding=\"async\" width=\"640\" height=\"500\" src=\"https:\/\/www.hotelkastiel.sk\/wp-content\/uploads\/2019\/03\/1-3-640x500.jpg\" class=\"attachment-fleurdesel-medium size-fleurdesel-medium wp-post-image\" alt=\"Zuzana Smatanov\u00e1\" \/>\t\t\t<\/a>\r\n\t\t\t<\/div>\r\n<\/div>\r\n\r\n\t<div class=\"post-data\">\r\n\t\t<div class=\"post-date\"><a href=\"https:\/\/www.hotelkastiel.sk\/en\/novinky\/krst-zuzana-smatanova\" rel=\"bookmark\"><time class=\"entry-date published\" datetime=\"2011-11-09T16:24:16+01:00\">09.11.2011<\/time><time class=\"updated\" datetime=\"2019-05-15T21:10:32+01:00\">15.05.2019<\/time><\/a><\/div>\r\n\t\t<h2 class=\"post-title\"><a href=\"https:\/\/www.hotelkastiel.sk\/en\/novinky\/krst-zuzana-smatanova\" rel=\"bookmark\">Krst nov\u00e9ho albumu Zuzany Smatanovej<\/a><\/h2>\r\n\t\t<div class=\"post-meta\">\r\n\t<ul>\r\n\t\t<li>\r\n\t\t\tPosted by <span class=\"author vcard\"><a class=\"url fn n\" href=\"https:\/\/www.hotelkastiel.sk\/en\/author\/mimac\/\">Milan Fabian<\/a><\/span> in <a href=\"https:\/\/www.hotelkastiel.sk\/en\/category\/uncategorized\/\" rel=\"category tag\">Uncategorized<\/a>\t\t<\/li>\r\n\r\n\t\t<li>\r\n\t\t\t<span>Comments Off<span class=\"screen-reader-text\"> on Krst nov\u00e9ho albumu Zuzany Smatanovej<\/span><\/span>\t\t<\/li>\r\n\t<\/ul>\r\n<\/div>\r\n\r\n\t\t<div class=\"post-content\">\r\n\t\t\t<p>V stredu 9.11.2011 sa Kongresov\u00e1 s\u00e1la Art Hotela Ka\u0161tie\u013e stala svedkom krstu nov\u00e9ho albumu slovenskej spev\u00e1\u010dky Zuzany Smatanovej s n\u00e1zvom Dvere. Na krste sa z\u00fa\u010dastnili aj zn\u00e1me osobnosti ako Peter Cmor\u00edk, Peter Nagy, Tom\u00e1\u0161 Bezdeda a M\u00e1ria \u010c\u00edrov\u00e1. Video z krstu si m\u00f4\u017eete pozrie\u0165 na&nbsp;https:\/\/www.youtube.com\/watch?v=bqOe-LQo4w8. &nbsp;<\/p>\n\t\t<a href=\"https:\/\/www.hotelkastiel.sk\/en\/novinky\/krst-zuzana-smatanova\" class=\"btn-view fz-12 font-600 text-gray-8989 text-uppercase\">\n\t\t\t\u010c\u00edta\u0165 viac\t\t<\/a>\n\t\t\t\t<\/div><!-- .post-content -->\r\n\t<\/div>\r\n<\/article><!-- #post-## -->\r\n\r\n<article id=\"post-3241\" class=\"post-3241 post type-post status-publish format-standard has-post-thumbnail hentry category-uncategorized-sk\">\r\n\t<div class=\"post-media\">\r\n\t<div class=\"post-image\">\r\n\t\t\t\t\t<a href=\"https:\/\/www.hotelkastiel.sk\/en\/novinky\/krst-zuzana-smatanova\">\r\n\t\t\t\t<img loading=\"lazy\" decoding=\"async\" width=\"640\" height=\"500\" src=\"https:\/\/www.hotelkastiel.sk\/wp-content\/uploads\/2019\/03\/1-3-640x500.jpg\" class=\"attachment-fleurdesel-medium size-fleurdesel-medium wp-post-image\" alt=\"Zuzana Smatanov\u00e1\" \/>\t\t\t<\/a>\r\n\t\t\t<\/div>\r\n<\/div>\r\n\r\n\t<div class=\"post-data\">\r\n\t\t<div class=\"post-date\"><a href=\"https:\/\/www.hotelkastiel.sk\/en\/novinky\/krst-zuzana-smatanova\" rel=\"bookmark\"><time class=\"entry-date published\" datetime=\"2011-11-09T16:24:16+01:00\">09.11.2011<\/time><time class=\"updated\" datetime=\"2019-05-15T21:10:32+01:00\">15.05.2019<\/time><\/a><\/div>\r\n\t\t<h2 class=\"post-title\"><a href=\"https:\/\/www.hotelkastiel.sk\/en\/novinky\/krst-zuzana-smatanova\" rel=\"bookmark\">Krst nov\u00e9ho albumu Zuzany Smatanovej<\/a><\/h2>\r\n\t\t<div class=\"post-meta\">\r\n\t<ul>\r\n\t\t<li>\r\n\t\t\tPosted by <span class=\"author vcard\"><a class=\"url fn n\" href=\"https:\/\/www.hotelkastiel.sk\/en\/author\/mimac\/\">Milan Fabian<\/a><\/span> in <a href=\"https:\/\/www.hotelkastiel.sk\/en\/category\/uncategorized-sk\/\" rel=\"category tag\">Uncategorized @sk<\/a>\t\t<\/li>\r\n\r\n\t\t<li>\r\n\t\t\t<span>Comments Off<span class=\"screen-reader-text\"> on Krst nov\u00e9ho albumu Zuzany Smatanovej<\/span><\/span>\t\t<\/li>\r\n\t<\/ul>\r\n<\/div>\r\n\r\n\t\t<div class=\"post-content\">\r\n\t\t\t<p>V stredu 9.11.2011 sa Kongresov\u00e1 s\u00e1la Art Hotela Ka\u0161tie\u013e stala svedkom krstu nov\u00e9ho albumu slovenskej spev\u00e1\u010dky Zuzany Smatanovej s n\u00e1zvom Dvere. Na krste sa z\u00fa\u010dastnili aj zn\u00e1me osobnosti ako Peter Cmor\u00edk, Peter Nagy, Tom\u00e1\u0161 Bezdeda a M\u00e1ria \u010c\u00edrov\u00e1. Video z krstu si m\u00f4\u017eete pozrie\u0165 na&nbsp;https:\/\/www.youtube.com\/watch?v=bqOe-LQo4w8. &nbsp;<\/p>\n\t\t<a href=\"https:\/\/www.hotelkastiel.sk\/en\/novinky\/krst-zuzana-smatanova\" class=\"btn-view fz-12 font-600 text-gray-8989 text-uppercase\">\n\t\t\t\u010c\u00edta\u0165 viac\t\t<\/a>\n\t\t\t\t<\/div><!-- .post-content -->\r\n\t<\/div>\r\n<\/article><!-- #post-## -->\r\n\r\n<article id=\"post-3748\" class=\"post-3748 post type-post status-publish format-standard has-post-thumbnail hentry category-unkategorisiert\">\r\n\t<div class=\"post-media\">\r\n\t<div class=\"post-image\">\r\n\t\t\t\t\t<a href=\"https:\/\/www.hotelkastiel.sk\/en\/novinky\/vecer-talianskej-kuchyne\">\r\n\t\t\t\t<img loading=\"lazy\" decoding=\"async\" width=\"640\" height=\"500\" src=\"https:\/\/www.hotelkastiel.sk\/wp-content\/uploads\/2019\/03\/3-2-640x500.jpg\" class=\"attachment-fleurdesel-medium size-fleurdesel-medium wp-post-image\" alt=\"\" \/>\t\t\t<\/a>\r\n\t\t\t<\/div>\r\n<\/div>\r\n\r\n\t<div class=\"post-data\">\r\n\t\t<div class=\"post-date\"><a href=\"https:\/\/www.hotelkastiel.sk\/en\/novinky\/vecer-talianskej-kuchyne\" rel=\"bookmark\"><time class=\"entry-date published\" datetime=\"2011-10-29T16:26:34+01:00\">29.10.2011<\/time><time class=\"updated\" datetime=\"2019-05-15T21:10:46+01:00\">15.05.2019<\/time><\/a><\/div>\r\n\t\t<h2 class=\"post-title\"><a href=\"https:\/\/www.hotelkastiel.sk\/en\/novinky\/vecer-talianskej-kuchyne\" rel=\"bookmark\">Ve\u010der talianskej kuchyne<\/a><\/h2>\r\n\t\t<div class=\"post-meta\">\r\n\t<ul>\r\n\t\t<li>\r\n\t\t\tPosted by <span class=\"author vcard\"><a class=\"url fn n\" href=\"https:\/\/www.hotelkastiel.sk\/en\/author\/mimac\/\">Milan Fabian<\/a><\/span> in <a href=\"https:\/\/www.hotelkastiel.sk\/en\/category\/unkategorisiert\/\" rel=\"category tag\">Unkategorisiert<\/a>\t\t<\/li>\r\n\r\n\t\t<li>\r\n\t\t\t<span>Comments Off<span class=\"screen-reader-text\"> on Ve\u010der talianskej kuchyne<\/span><\/span>\t\t<\/li>\r\n\t<\/ul>\r\n<\/div>\r\n\r\n\t\t<div class=\"post-content\">\r\n\t\t\t<p>29.10.2011 sa v Art Hoteli Ka\u0161tie\u013e uskuto\u010dnil Ve\u010der talianskej kuchyne na po\u010des\u0165 zah\u00e1jenia T\u00fd\u017ed\u0148a talianskej kuchyne. Pre host\u00ed pripravil uzn\u00e1van\u00fd \u0161\u00e9fkuch\u00e1r maestro Alvarez Momi 5-chodov\u00e9 degusta\u010dn\u00e9 menu a ochutn\u00e1vku vyberan\u00fdch talianskych v\u00edn. Galave\u010der uv\u00e1dzal \u010dlen \u010dinohry SND Ivan &#8222;Tuli&#8220; Vojtek. Alvarez je jedn\u00fdm z krstn\u00fdch otcov talianskej gastron\u00f3mie. V kuchyni pracoval, tvoril a vym\u00fd\u0161\u013eal u\u017e [&hellip;]<\/p>\n\t\t<a href=\"https:\/\/www.hotelkastiel.sk\/en\/novinky\/vecer-talianskej-kuchyne\" class=\"btn-view fz-12 font-600 text-gray-8989 text-uppercase\">\n\t\t\t\u010c\u00edta\u0165 viac\t\t<\/a>\n\t\t\t\t<\/div><!-- .post-content -->\r\n\t<\/div>\r\n<\/article><!-- #post-## -->\r\n\r\n<article id=\"post-3747\" class=\"post-3747 post type-post status-publish format-standard has-post-thumbnail hentry category-uncategorized\">\r\n\t<div class=\"post-media\">\r\n\t<div class=\"post-image\">\r\n\t\t\t\t\t<a href=\"https:\/\/www.hotelkastiel.sk\/en\/novinky\/vecer-talianskej-kuchyne\">\r\n\t\t\t\t<img loading=\"lazy\" decoding=\"async\" width=\"640\" height=\"500\" src=\"https:\/\/www.hotelkastiel.sk\/wp-content\/uploads\/2019\/03\/3-2-640x500.jpg\" class=\"attachment-fleurdesel-medium size-fleurdesel-medium wp-post-image\" alt=\"\" \/>\t\t\t<\/a>\r\n\t\t\t<\/div>\r\n<\/div>\r\n\r\n\t<div class=\"post-data\">\r\n\t\t<div class=\"post-date\"><a href=\"https:\/\/www.hotelkastiel.sk\/en\/novinky\/vecer-talianskej-kuchyne\" rel=\"bookmark\"><time class=\"entry-date published\" datetime=\"2011-10-29T16:26:34+01:00\">29.10.2011<\/time><time class=\"updated\" datetime=\"2019-05-15T21:10:44+01:00\">15.05.2019<\/time><\/a><\/div>\r\n\t\t<h2 class=\"post-title\"><a href=\"https:\/\/www.hotelkastiel.sk\/en\/novinky\/vecer-talianskej-kuchyne\" rel=\"bookmark\">Ve\u010der talianskej kuchyne<\/a><\/h2>\r\n\t\t<div class=\"post-meta\">\r\n\t<ul>\r\n\t\t<li>\r\n\t\t\tPosted by <span class=\"author vcard\"><a class=\"url fn n\" href=\"https:\/\/www.hotelkastiel.sk\/en\/author\/mimac\/\">Milan Fabian<\/a><\/span> in <a href=\"https:\/\/www.hotelkastiel.sk\/en\/category\/uncategorized\/\" rel=\"category tag\">Uncategorized<\/a>\t\t<\/li>\r\n\r\n\t\t<li>\r\n\t\t\t<span>Comments Off<span class=\"screen-reader-text\"> on Ve\u010der talianskej kuchyne<\/span><\/span>\t\t<\/li>\r\n\t<\/ul>\r\n<\/div>\r\n\r\n\t\t<div class=\"post-content\">\r\n\t\t\t<p>29.10.2011 sa v Art Hoteli Ka\u0161tie\u013e uskuto\u010dnil Ve\u010der talianskej kuchyne na po\u010des\u0165 zah\u00e1jenia T\u00fd\u017ed\u0148a talianskej kuchyne. Pre host\u00ed pripravil uzn\u00e1van\u00fd \u0161\u00e9fkuch\u00e1r maestro Alvarez Momi 5-chodov\u00e9 degusta\u010dn\u00e9 menu a ochutn\u00e1vku vyberan\u00fdch talianskych v\u00edn. Galave\u010der uv\u00e1dzal \u010dlen \u010dinohry SND Ivan &#8222;Tuli&#8220; Vojtek. Alvarez je jedn\u00fdm z krstn\u00fdch otcov talianskej gastron\u00f3mie. V kuchyni pracoval, tvoril a vym\u00fd\u0161\u013eal u\u017e [&hellip;]<\/p>\n\t\t<a href=\"https:\/\/www.hotelkastiel.sk\/en\/novinky\/vecer-talianskej-kuchyne\" class=\"btn-view fz-12 font-600 text-gray-8989 text-uppercase\">\n\t\t\t\u010c\u00edta\u0165 viac\t\t<\/a>\n\t\t\t\t<\/div><!-- .post-content -->\r\n\t<\/div>\r\n<\/article><!-- #post-## -->\r\n\r\n<article id=\"post-3249\" class=\"post-3249 post type-post status-publish format-standard has-post-thumbnail hentry category-uncategorized-sk\">\r\n\t<div class=\"post-media\">\r\n\t<div class=\"post-image\">\r\n\t\t\t\t\t<a href=\"https:\/\/www.hotelkastiel.sk\/en\/novinky\/vecer-talianskej-kuchyne\">\r\n\t\t\t\t<img loading=\"lazy\" decoding=\"async\" width=\"640\" height=\"500\" src=\"https:\/\/www.hotelkastiel.sk\/wp-content\/uploads\/2019\/03\/3-2-640x500.jpg\" class=\"attachment-fleurdesel-medium size-fleurdesel-medium wp-post-image\" alt=\"\" \/>\t\t\t<\/a>\r\n\t\t\t<\/div>\r\n<\/div>\r\n\r\n\t<div class=\"post-data\">\r\n\t\t<div class=\"post-date\"><a href=\"https:\/\/www.hotelkastiel.sk\/en\/novinky\/vecer-talianskej-kuchyne\" rel=\"bookmark\"><time class=\"entry-date published\" datetime=\"2011-10-29T16:26:34+01:00\">29.10.2011<\/time><time class=\"updated\" datetime=\"2019-05-15T21:10:44+01:00\">15.05.2019<\/time><\/a><\/div>\r\n\t\t<h2 class=\"post-title\"><a href=\"https:\/\/www.hotelkastiel.sk\/en\/novinky\/vecer-talianskej-kuchyne\" rel=\"bookmark\">Ve\u010der talianskej kuchyne<\/a><\/h2>\r\n\t\t<div class=\"post-meta\">\r\n\t<ul>\r\n\t\t<li>\r\n\t\t\tPosted by <span class=\"author vcard\"><a class=\"url fn n\" href=\"https:\/\/www.hotelkastiel.sk\/en\/author\/mimac\/\">Milan Fabian<\/a><\/span> in <a href=\"https:\/\/www.hotelkastiel.sk\/en\/category\/uncategorized-sk\/\" rel=\"category tag\">Uncategorized @sk<\/a>\t\t<\/li>\r\n\r\n\t\t<li>\r\n\t\t\t<span>Comments Off<span class=\"screen-reader-text\"> on Ve\u010der talianskej kuchyne<\/span><\/span>\t\t<\/li>\r\n\t<\/ul>\r\n<\/div>\r\n\r\n\t\t<div class=\"post-content\">\r\n\t\t\t<p>29.10.2011 sa v Art Hoteli Ka\u0161tie\u013e uskuto\u010dnil Ve\u010der talianskej kuchyne na po\u010des\u0165 zah\u00e1jenia T\u00fd\u017ed\u0148a talianskej kuchyne. Pre host\u00ed pripravil uzn\u00e1van\u00fd \u0161\u00e9fkuch\u00e1r maestro Alvarez Momi 5-chodov\u00e9 degusta\u010dn\u00e9 menu a ochutn\u00e1vku vyberan\u00fdch talianskych v\u00edn. Galave\u010der uv\u00e1dzal \u010dlen \u010dinohry SND Ivan &#8222;Tuli&#8220; Vojtek. Alvarez je jedn\u00fdm z krstn\u00fdch otcov talianskej gastron\u00f3mie. V kuchyni pracoval, tvoril a vym\u00fd\u0161\u013eal u\u017e [&hellip;]<\/p>\n\t\t<a href=\"https:\/\/www.hotelkastiel.sk\/en\/novinky\/vecer-talianskej-kuchyne\" class=\"btn-view fz-12 font-600 text-gray-8989 text-uppercase\">\n\t\t\t\u010c\u00edta\u0165 viac\t\t<\/a>\n\t\t\t\t<\/div><!-- .post-content -->\r\n\t<\/div>\r\n<\/article><!-- #post-## -->\r\n\r\n<article id=\"post-3750\" class=\"post-3750 post type-post status-publish format-standard has-post-thumbnail hentry category-unkategorisiert\">\r\n\t<div class=\"post-media\">\r\n\t<div class=\"post-image\">\r\n\t\t\t\t\t<a href=\"https:\/\/www.hotelkastiel.sk\/en\/novinky\/veteran-klub-2011\">\r\n\t\t\t\t<img loading=\"lazy\" decoding=\"async\" width=\"640\" height=\"500\" src=\"https:\/\/www.hotelkastiel.sk\/wp-content\/uploads\/2019\/03\/veteran4-640x500.jpg\" class=\"attachment-fleurdesel-medium size-fleurdesel-medium wp-post-image\" alt=\"\" \/>\t\t\t<\/a>\r\n\t\t\t<\/div>\r\n<\/div>\r\n\r\n\t<div class=\"post-data\">\r\n\t\t<div class=\"post-date\"><a href=\"https:\/\/www.hotelkastiel.sk\/en\/novinky\/veteran-klub-2011\" rel=\"bookmark\"><time class=\"entry-date published\" datetime=\"2011-10-15T16:28:40+01:00\">15.10.2011<\/time><time class=\"updated\" datetime=\"2019-05-15T21:10:49+01:00\">15.05.2019<\/time><\/a><\/div>\r\n\t\t<h2 class=\"post-title\"><a href=\"https:\/\/www.hotelkastiel.sk\/en\/novinky\/veteran-klub-2011\" rel=\"bookmark\">Stretnutie Veter\u00e1n Clubu<\/a><\/h2>\r\n\t\t<div class=\"post-meta\">\r\n\t<ul>\r\n\t\t<li>\r\n\t\t\tPosted by <span class=\"author vcard\"><a class=\"url fn n\" href=\"https:\/\/www.hotelkastiel.sk\/en\/author\/mimac\/\">Milan Fabian<\/a><\/span> in <a href=\"https:\/\/www.hotelkastiel.sk\/en\/category\/unkategorisiert\/\" rel=\"category tag\">Unkategorisiert<\/a>\t\t<\/li>\r\n\r\n\t\t<li>\r\n\t\t\t<span>Comments Off<span class=\"screen-reader-text\"> on Stretnutie Veter\u00e1n Clubu<\/span><\/span>\t\t<\/li>\r\n\t<\/ul>\r\n<\/div>\r\n\r\n\t\t<div class=\"post-content\">\r\n\t\t\t<p>V sobotu 15.10.2011 mal v Art Hoteli Ka\u0161tie\u013e stretnutie Veter\u00e1n Club. \u010clenovia pri\u0161li na svojich historick\u00fd mil\u00e1\u010dikoch a preniesli ka\u0161tie\u013e na jeden de\u0148 sp\u00e4\u0165 do 40-tych rokov 20. storo\u010dia.<\/p>\n\t\t<a href=\"https:\/\/www.hotelkastiel.sk\/en\/novinky\/veteran-klub-2011\" class=\"btn-view fz-12 font-600 text-gray-8989 text-uppercase\">\n\t\t\t\u010c\u00edta\u0165 viac\t\t<\/a>\n\t\t\t\t<\/div><!-- .post-content -->\r\n\t<\/div>\r\n<\/article><!-- #post-## -->\r\n\r\n<article id=\"post-3749\" class=\"post-3749 post type-post status-publish format-standard has-post-thumbnail hentry category-uncategorized\">\r\n\t<div class=\"post-media\">\r\n\t<div class=\"post-image\">\r\n\t\t\t\t\t<a href=\"https:\/\/www.hotelkastiel.sk\/en\/novinky\/veteran-klub-2011\">\r\n\t\t\t\t<img loading=\"lazy\" decoding=\"async\" width=\"640\" height=\"500\" src=\"https:\/\/www.hotelkastiel.sk\/wp-content\/uploads\/2019\/03\/veteran4-640x500.jpg\" class=\"attachment-fleurdesel-medium size-fleurdesel-medium wp-post-image\" alt=\"\" \/>\t\t\t<\/a>\r\n\t\t\t<\/div>\r\n<\/div>\r\n\r\n\t<div class=\"post-data\">\r\n\t\t<div class=\"post-date\"><a href=\"https:\/\/www.hotelkastiel.sk\/en\/novinky\/veteran-klub-2011\" rel=\"bookmark\"><time class=\"entry-date published\" datetime=\"2011-10-15T16:28:40+01:00\">15.10.2011<\/time><time class=\"updated\" datetime=\"2019-05-15T21:10:49+01:00\">15.05.2019<\/time><\/a><\/div>\r\n\t\t<h2 class=\"post-title\"><a href=\"https:\/\/www.hotelkastiel.sk\/en\/novinky\/veteran-klub-2011\" rel=\"bookmark\">Stretnutie Veter\u00e1n Clubu<\/a><\/h2>\r\n\t\t<div class=\"post-meta\">\r\n\t<ul>\r\n\t\t<li>\r\n\t\t\tPosted by <span class=\"author vcard\"><a class=\"url fn n\" href=\"https:\/\/www.hotelkastiel.sk\/en\/author\/mimac\/\">Milan Fabian<\/a><\/span> in <a href=\"https:\/\/www.hotelkastiel.sk\/en\/category\/uncategorized\/\" rel=\"category tag\">Uncategorized<\/a>\t\t<\/li>\r\n\r\n\t\t<li>\r\n\t\t\t<span>Comments Off<span class=\"screen-reader-text\"> on Stretnutie Veter\u00e1n Clubu<\/span><\/span>\t\t<\/li>\r\n\t<\/ul>\r\n<\/div>\r\n\r\n\t\t<div class=\"post-content\">\r\n\t\t\t<p>V sobotu 15.10.2011 mal v Art Hoteli Ka\u0161tie\u013e stretnutie Veter\u00e1n Club. \u010clenovia pri\u0161li na svojich historick\u00fd mil\u00e1\u010dikoch a preniesli ka\u0161tie\u013e na jeden de\u0148 sp\u00e4\u0165 do 40-tych rokov 20. storo\u010dia.<\/p>\n\t\t<a href=\"https:\/\/www.hotelkastiel.sk\/en\/novinky\/veteran-klub-2011\" class=\"btn-view fz-12 font-600 text-gray-8989 text-uppercase\">\n\t\t\t\u010c\u00edta\u0165 viac\t\t<\/a>\n\t\t\t\t<\/div><!-- .post-content -->\r\n\t<\/div>\r\n<\/article><!-- #post-## -->\r\n\r\n<article id=\"post-3254\" class=\"post-3254 post type-post status-publish format-standard has-post-thumbnail hentry category-uncategorized-sk\">\r\n\t<div class=\"post-media\">\r\n\t<div class=\"post-image\">\r\n\t\t\t\t\t<a href=\"https:\/\/www.hotelkastiel.sk\/en\/novinky\/veteran-klub-2011\">\r\n\t\t\t\t<img loading=\"lazy\" decoding=\"async\" width=\"640\" height=\"500\" src=\"https:\/\/www.hotelkastiel.sk\/wp-content\/uploads\/2019\/03\/veteran4-640x500.jpg\" class=\"attachment-fleurdesel-medium size-fleurdesel-medium wp-post-image\" alt=\"\" \/>\t\t\t<\/a>\r\n\t\t\t<\/div>\r\n<\/div>\r\n\r\n\t<div class=\"post-data\">\r\n\t\t<div class=\"post-date\"><a href=\"https:\/\/www.hotelkastiel.sk\/en\/novinky\/veteran-klub-2011\" rel=\"bookmark\"><time class=\"entry-date published\" datetime=\"2011-10-15T16:28:40+01:00\">15.10.2011<\/time><time class=\"updated\" datetime=\"2019-05-15T21:10:49+01:00\">15.05.2019<\/time><\/a><\/div>\r\n\t\t<h2 class=\"post-title\"><a href=\"https:\/\/www.hotelkastiel.sk\/en\/novinky\/veteran-klub-2011\" rel=\"bookmark\">Stretnutie Veter\u00e1n Clubu<\/a><\/h2>\r\n\t\t<div class=\"post-meta\">\r\n\t<ul>\r\n\t\t<li>\r\n\t\t\tPosted by <span class=\"author vcard\"><a class=\"url fn n\" href=\"https:\/\/www.hotelkastiel.sk\/en\/author\/mimac\/\">Milan Fabian<\/a><\/span> in <a href=\"https:\/\/www.hotelkastiel.sk\/en\/category\/uncategorized-sk\/\" rel=\"category tag\">Uncategorized @sk<\/a>\t\t<\/li>\r\n\r\n\t\t<li>\r\n\t\t\t<span>Comments Off<span class=\"screen-reader-text\"> on Stretnutie Veter\u00e1n Clubu<\/span><\/span>\t\t<\/li>\r\n\t<\/ul>\r\n<\/div>\r\n\r\n\t\t<div class=\"post-content\">\r\n\t\t\t<p>V sobotu 15.10.2011 mal v Art Hoteli Ka\u0161tie\u013e stretnutie Veter\u00e1n Club. \u010clenovia pri\u0161li na svojich historick\u00fd mil\u00e1\u010dikoch a preniesli ka\u0161tie\u013e na jeden de\u0148 sp\u00e4\u0165 do 40-tych rokov 20. storo\u010dia.<\/p>\n\t\t<a href=\"https:\/\/www.hotelkastiel.sk\/en\/novinky\/veteran-klub-2011\" class=\"btn-view fz-12 font-600 text-gray-8989 text-uppercase\">\n\t\t\t\u010c\u00edta\u0165 viac\t\t<\/a>\n\t\t\t\t<\/div><!-- .post-content -->\r\n\t<\/div>\r\n<\/article><!-- #post-## -->\r\n\r\n<article id=\"post-3754\" class=\"post-3754 post type-post status-publish format-standard has-post-thumbnail hentry category-uncategorized\">\r\n\t<div class=\"post-media\">\r\n\t<div class=\"post-image\">\r\n\t\t\t\t\t<a href=\"https:\/\/www.hotelkastiel.sk\/en\/novinky\/bratislava-hot-serenaders\">\r\n\t\t\t\t<img loading=\"lazy\" decoding=\"async\" width=\"640\" height=\"500\" src=\"https:\/\/www.hotelkastiel.sk\/wp-content\/uploads\/2019\/03\/5-1-640x500.jpg\" class=\"attachment-fleurdesel-medium size-fleurdesel-medium wp-post-image\" alt=\"\" \/>\t\t\t<\/a>\r\n\t\t\t<\/div>\r\n<\/div>\r\n\r\n\t<div class=\"post-data\">\r\n\t\t<div class=\"post-date\"><a href=\"https:\/\/www.hotelkastiel.sk\/en\/novinky\/bratislava-hot-serenaders\" rel=\"bookmark\"><time class=\"entry-date published\" datetime=\"2011-10-07T16:31:21+01:00\">07.10.2011<\/time><time class=\"updated\" datetime=\"2019-05-15T21:10:55+01:00\">15.05.2019<\/time><\/a><\/div>\r\n\t\t<h2 class=\"post-title\"><a href=\"https:\/\/www.hotelkastiel.sk\/en\/novinky\/bratislava-hot-serenaders\" rel=\"bookmark\">Bratislava Hot Serenaders<\/a><\/h2>\r\n\t\t<div class=\"post-meta\">\r\n\t<ul>\r\n\t\t<li>\r\n\t\t\tPosted by <span class=\"author vcard\"><a class=\"url fn n\" href=\"https:\/\/www.hotelkastiel.sk\/en\/author\/mimac\/\">Milan Fabian<\/a><\/span> in <a href=\"https:\/\/www.hotelkastiel.sk\/en\/category\/uncategorized\/\" rel=\"category tag\">Uncategorized<\/a>\t\t<\/li>\r\n\r\n\t\t<li>\r\n\t\t\t<span>Comments Off<span class=\"screen-reader-text\"> on Bratislava Hot Serenaders<\/span><\/span>\t\t<\/li>\r\n\t<\/ul>\r\n<\/div>\r\n\r\n\t\t<div class=\"post-content\">\r\n\t\t\t<p>D\u0148a 7.10.2011 vyst\u00fapil na n\u00e1dvor\u00ed ka\u0161tie\u013ea zn\u00e1my orchester hraj\u00faci hudbu 20-tych a 30-tych rokov 20. storo\u010dia. N\u00e1v\u0161tevn\u00edkom zahrali zn\u00e1me songy z Coton Clubu aj legend\u00e1rne slovensk\u00e9 pesni\u010dky od Franti\u0161ka Kri\u0161tofa Vesel\u00e9ho. Orchester sprev\u00e1dzali tancom tane\u010dn\u00edci zo skupiny Jagermaister.<\/p>\n\t\t<a href=\"https:\/\/www.hotelkastiel.sk\/en\/novinky\/bratislava-hot-serenaders\" class=\"btn-view fz-12 font-600 text-gray-8989 text-uppercase\">\n\t\t\t\u010c\u00edta\u0165 viac\t\t<\/a>\n\t\t\t\t<\/div><!-- .post-content -->\r\n\t<\/div>\r\n<\/article><!-- #post-## -->\r\n\r\n<article id=\"post-3753\" class=\"post-3753 post type-post status-publish format-standard has-post-thumbnail hentry category-unkategorisiert\">\r\n\t<div class=\"post-media\">\r\n\t<div class=\"post-image\">\r\n\t\t\t\t\t<a href=\"https:\/\/www.hotelkastiel.sk\/en\/novinky\/bratislava-hot-serenaders\">\r\n\t\t\t\t<img loading=\"lazy\" decoding=\"async\" width=\"640\" height=\"500\" src=\"https:\/\/www.hotelkastiel.sk\/wp-content\/uploads\/2019\/03\/5-1-640x500.jpg\" class=\"attachment-fleurdesel-medium size-fleurdesel-medium wp-post-image\" alt=\"\" \/>\t\t\t<\/a>\r\n\t\t\t<\/div>\r\n<\/div>\r\n\r\n\t<div class=\"post-data\">\r\n\t\t<div class=\"post-date\"><a href=\"https:\/\/www.hotelkastiel.sk\/en\/novinky\/bratislava-hot-serenaders\" rel=\"bookmark\"><time class=\"entry-date published\" datetime=\"2011-10-07T16:31:21+01:00\">07.10.2011<\/time><time class=\"updated\" datetime=\"2019-05-15T21:10:54+01:00\">15.05.2019<\/time><\/a><\/div>\r\n\t\t<h2 class=\"post-title\"><a href=\"https:\/\/www.hotelkastiel.sk\/en\/novinky\/bratislava-hot-serenaders\" rel=\"bookmark\">Bratislava Hot Serenaders<\/a><\/h2>\r\n\t\t<div class=\"post-meta\">\r\n\t<ul>\r\n\t\t<li>\r\n\t\t\tPosted by <span class=\"author vcard\"><a class=\"url fn n\" href=\"https:\/\/www.hotelkastiel.sk\/en\/author\/mimac\/\">Milan Fabian<\/a><\/span> in <a href=\"https:\/\/www.hotelkastiel.sk\/en\/category\/unkategorisiert\/\" rel=\"category tag\">Unkategorisiert<\/a>\t\t<\/li>\r\n\r\n\t\t<li>\r\n\t\t\t<span>Comments Off<span class=\"screen-reader-text\"> on Bratislava Hot Serenaders<\/span><\/span>\t\t<\/li>\r\n\t<\/ul>\r\n<\/div>\r\n\r\n\t\t<div class=\"post-content\">\r\n\t\t\t<p>D\u0148a 7.10.2011 vyst\u00fapil na n\u00e1dvor\u00ed ka\u0161tie\u013ea zn\u00e1my orchester hraj\u00faci hudbu 20-tych a 30-tych rokov 20. storo\u010dia. N\u00e1v\u0161tevn\u00edkom zahrali zn\u00e1me songy z Coton Clubu aj legend\u00e1rne slovensk\u00e9 pesni\u010dky od Franti\u0161ka Kri\u0161tofa Vesel\u00e9ho. Orchester sprev\u00e1dzali tancom tane\u010dn\u00edci zo skupiny Jagermaister.<\/p>\n\t\t<a href=\"https:\/\/www.hotelkastiel.sk\/en\/novinky\/bratislava-hot-serenaders\" class=\"btn-view fz-12 font-600 text-gray-8989 text-uppercase\">\n\t\t\t\u010c\u00edta\u0165 viac\t\t<\/a>\n\t\t\t\t<\/div><!-- .post-content -->\r\n\t<\/div>\r\n<\/article><!-- #post-## -->\r\n\r\n<article id=\"post-3262\" class=\"post-3262 post type-post status-publish format-standard has-post-thumbnail hentry category-uncategorized-sk\">\r\n\t<div class=\"post-media\">\r\n\t<div class=\"post-image\">\r\n\t\t\t\t\t<a href=\"https:\/\/www.hotelkastiel.sk\/en\/novinky\/bratislava-hot-serenaders\">\r\n\t\t\t\t<img loading=\"lazy\" decoding=\"async\" width=\"640\" height=\"500\" src=\"https:\/\/www.hotelkastiel.sk\/wp-content\/uploads\/2019\/03\/5-1-640x500.jpg\" class=\"attachment-fleurdesel-medium size-fleurdesel-medium wp-post-image\" alt=\"\" \/>\t\t\t<\/a>\r\n\t\t\t<\/div>\r\n<\/div>\r\n\r\n\t<div class=\"post-data\">\r\n\t\t<div class=\"post-date\"><a href=\"https:\/\/www.hotelkastiel.sk\/en\/novinky\/bratislava-hot-serenaders\" rel=\"bookmark\"><time class=\"entry-date published\" datetime=\"2011-10-07T16:31:21+01:00\">07.10.2011<\/time><time class=\"updated\" datetime=\"2019-05-15T21:10:54+01:00\">15.05.2019<\/time><\/a><\/div>\r\n\t\t<h2 class=\"post-title\"><a href=\"https:\/\/www.hotelkastiel.sk\/en\/novinky\/bratislava-hot-serenaders\" rel=\"bookmark\">Bratislava Hot Serenaders<\/a><\/h2>\r\n\t\t<div class=\"post-meta\">\r\n\t<ul>\r\n\t\t<li>\r\n\t\t\tPosted by <span class=\"author vcard\"><a class=\"url fn n\" href=\"https:\/\/www.hotelkastiel.sk\/en\/author\/mimac\/\">Milan Fabian<\/a><\/span> in <a href=\"https:\/\/www.hotelkastiel.sk\/en\/category\/uncategorized-sk\/\" rel=\"category tag\">Uncategorized @sk<\/a>\t\t<\/li>\r\n\r\n\t\t<li>\r\n\t\t\t<span>Comments Off<span class=\"screen-reader-text\"> on Bratislava Hot Serenaders<\/span><\/span>\t\t<\/li>\r\n\t<\/ul>\r\n<\/div>\r\n\r\n\t\t<div class=\"post-content\">\r\n\t\t\t<p>D\u0148a 7.10.2011 vyst\u00fapil na n\u00e1dvor\u00ed ka\u0161tie\u013ea zn\u00e1my orchester hraj\u00faci hudbu 20-tych a 30-tych rokov 20. storo\u010dia. N\u00e1v\u0161tevn\u00edkom zahrali zn\u00e1me songy z Coton Clubu aj legend\u00e1rne slovensk\u00e9 pesni\u010dky od Franti\u0161ka Kri\u0161tofa Vesel\u00e9ho. Orchester sprev\u00e1dzali tancom tane\u010dn\u00edci zo skupiny Jagermaister.<\/p>\n\t\t<a href=\"https:\/\/www.hotelkastiel.sk\/en\/novinky\/bratislava-hot-serenaders\" class=\"btn-view fz-12 font-600 text-gray-8989 text-uppercase\">\n\t\t\t\u010c\u00edta\u0165 viac\t\t<\/a>\n\t\t\t\t<\/div><!-- .post-content -->\r\n\t<\/div>\r\n<\/article><!-- #post-## -->\r\n\r\n<article id=\"post-3756\" class=\"post-3756 post type-post status-publish format-standard has-post-thumbnail hentry category-uncategorized\">\r\n\t<div class=\"post-media\">\r\n\t<div class=\"post-image\">\r\n\t\t\t\t\t<a href=\"https:\/\/www.hotelkastiel.sk\/en\/novinky\/tango-na-tanieri\">\r\n\t\t\t\t<img loading=\"lazy\" decoding=\"async\" width=\"640\" height=\"500\" src=\"https:\/\/www.hotelkastiel.sk\/wp-content\/uploads\/2019\/03\/A1-640x500.jpg\" class=\"attachment-fleurdesel-medium size-fleurdesel-medium wp-post-image\" alt=\"\" \/>\t\t\t<\/a>\r\n\t\t\t<\/div>\r\n<\/div>\r\n\r\n\t<div class=\"post-data\">\r\n\t\t<div class=\"post-date\"><a href=\"https:\/\/www.hotelkastiel.sk\/en\/novinky\/tango-na-tanieri\" rel=\"bookmark\"><time class=\"entry-date published\" datetime=\"2011-08-22T16:33:15+01:00\">22.08.2011<\/time><time class=\"updated\" datetime=\"2019-05-15T21:11:02+01:00\">15.05.2019<\/time><\/a><\/div>\r\n\t\t<h2 class=\"post-title\"><a href=\"https:\/\/www.hotelkastiel.sk\/en\/novinky\/tango-na-tanieri\" rel=\"bookmark\">Tango na tanieri chutilo<\/a><\/h2>\r\n\t\t<div class=\"post-meta\">\r\n\t<ul>\r\n\t\t<li>\r\n\t\t\tPosted by <span class=\"author vcard\"><a class=\"url fn n\" href=\"https:\/\/www.hotelkastiel.sk\/en\/author\/mimac\/\">Milan Fabian<\/a><\/span> in <a href=\"https:\/\/www.hotelkastiel.sk\/en\/category\/uncategorized\/\" rel=\"category tag\">Uncategorized<\/a>\t\t<\/li>\r\n\r\n\t\t<li>\r\n\t\t\t<span>Comments Off<span class=\"screen-reader-text\"> on Tango na tanieri chutilo<\/span><\/span>\t\t<\/li>\r\n\t<\/ul>\r\n<\/div>\r\n\r\n\t\t<div class=\"post-content\">\r\n\t\t\t<p>Triptych putovania dejinami chut\u00ed, ktor\u00fd pripravil pre svojich host\u00ed Art Hotel Ka\u0161tie\u013e mal v utorok, 22. augusta 2011, svoje fin\u00e1le. Jedl\u00e1 interkontinent\u00e1lnej kuchyne zabalen\u00e9 v&nbsp;mel\u00f3di\u00e1ch tanga, interpretovan\u00fdmi \u0161pi\u010dkov\u00fdmi s\u00f3listami &#8211; violon\u010delistom Eugenom Proch\u00e1com a&nbsp;akordeonistom Rajmondom K\u00e1konim, nadchli nielen po\u010detn\u00fdch host\u00ed, ale pril\u00e1kali i&nbsp;Slovensk\u00fd rozhlas a&nbsp;TV Mark\u00edzu. N\u00e1dvorie b\u00fdval\u00e9ho \u0161\u013eachtick\u00e9ho s\u00eddla sa zmenilo na no\u010dn\u00fd podnik [&hellip;]<\/p>\n\t\t<a href=\"https:\/\/www.hotelkastiel.sk\/en\/novinky\/tango-na-tanieri\" class=\"btn-view fz-12 font-600 text-gray-8989 text-uppercase\">\n\t\t\t\u010c\u00edta\u0165 viac\t\t<\/a>\n\t\t\t\t<\/div><!-- .post-content -->\r\n\t<\/div>\r\n<\/article><!-- #post-## -->\r\n\r\n<article id=\"post-3755\" class=\"post-3755 post type-post status-publish format-standard has-post-thumbnail hentry category-unkategorisiert\">\r\n\t<div class=\"post-media\">\r\n\t<div class=\"post-image\">\r\n\t\t\t\t\t<a href=\"https:\/\/www.hotelkastiel.sk\/en\/novinky\/tango-na-tanieri\">\r\n\t\t\t\t<img loading=\"lazy\" decoding=\"async\" width=\"640\" height=\"500\" src=\"https:\/\/www.hotelkastiel.sk\/wp-content\/uploads\/2019\/03\/A1-640x500.jpg\" class=\"attachment-fleurdesel-medium size-fleurdesel-medium wp-post-image\" alt=\"\" \/>\t\t\t<\/a>\r\n\t\t\t<\/div>\r\n<\/div>\r\n\r\n\t<div class=\"post-data\">\r\n\t\t<div class=\"post-date\"><a href=\"https:\/\/www.hotelkastiel.sk\/en\/novinky\/tango-na-tanieri\" rel=\"bookmark\"><time class=\"entry-date published\" datetime=\"2011-08-22T16:33:15+01:00\">22.08.2011<\/time><time class=\"updated\" datetime=\"2019-05-15T21:11:00+01:00\">15.05.2019<\/time><\/a><\/div>\r\n\t\t<h2 class=\"post-title\"><a href=\"https:\/\/www.hotelkastiel.sk\/en\/novinky\/tango-na-tanieri\" rel=\"bookmark\">Tango na tanieri chutilo<\/a><\/h2>\r\n\t\t<div class=\"post-meta\">\r\n\t<ul>\r\n\t\t<li>\r\n\t\t\tPosted by <span class=\"author vcard\"><a class=\"url fn n\" href=\"https:\/\/www.hotelkastiel.sk\/en\/author\/mimac\/\">Milan Fabian<\/a><\/span> in <a href=\"https:\/\/www.hotelkastiel.sk\/en\/category\/unkategorisiert\/\" rel=\"category tag\">Unkategorisiert<\/a>\t\t<\/li>\r\n\r\n\t\t<li>\r\n\t\t\t<span>Comments Off<span class=\"screen-reader-text\"> on Tango na tanieri chutilo<\/span><\/span>\t\t<\/li>\r\n\t<\/ul>\r\n<\/div>\r\n\r\n\t\t<div class=\"post-content\">\r\n\t\t\t<p>Triptych putovania dejinami chut\u00ed, ktor\u00fd pripravil pre svojich host\u00ed Art Hotel Ka\u0161tie\u013e mal v utorok, 22. augusta 2011, svoje fin\u00e1le. Jedl\u00e1 interkontinent\u00e1lnej kuchyne zabalen\u00e9 v&nbsp;mel\u00f3di\u00e1ch tanga, interpretovan\u00fdmi \u0161pi\u010dkov\u00fdmi s\u00f3listami &#8211; violon\u010delistom Eugenom Proch\u00e1com a&nbsp;akordeonistom Rajmondom K\u00e1konim, nadchli nielen po\u010detn\u00fdch host\u00ed, ale pril\u00e1kali i&nbsp;Slovensk\u00fd rozhlas a&nbsp;TV Mark\u00edzu. N\u00e1dvorie b\u00fdval\u00e9ho \u0161\u013eachtick\u00e9ho s\u00eddla sa zmenilo na no\u010dn\u00fd podnik [&hellip;]<\/p>\n\t\t<a href=\"https:\/\/www.hotelkastiel.sk\/en\/novinky\/tango-na-tanieri\" class=\"btn-view fz-12 font-600 text-gray-8989 text-uppercase\">\n\t\t\t\u010c\u00edta\u0165 viac\t\t<\/a>\n\t\t\t\t<\/div><!-- .post-content -->\r\n\t<\/div>\r\n<\/article><!-- #post-## -->\r\n\r\n<article id=\"post-3270\" class=\"post-3270 post type-post status-publish format-standard has-post-thumbnail hentry category-uncategorized-sk\">\r\n\t<div class=\"post-media\">\r\n\t<div class=\"post-image\">\r\n\t\t\t\t\t<a href=\"https:\/\/www.hotelkastiel.sk\/en\/novinky\/tango-na-tanieri\">\r\n\t\t\t\t<img loading=\"lazy\" decoding=\"async\" width=\"640\" height=\"500\" src=\"https:\/\/www.hotelkastiel.sk\/wp-content\/uploads\/2019\/03\/A1-640x500.jpg\" class=\"attachment-fleurdesel-medium size-fleurdesel-medium wp-post-image\" alt=\"\" \/>\t\t\t<\/a>\r\n\t\t\t<\/div>\r\n<\/div>\r\n\r\n\t<div class=\"post-data\">\r\n\t\t<div class=\"post-date\"><a href=\"https:\/\/www.hotelkastiel.sk\/en\/novinky\/tango-na-tanieri\" rel=\"bookmark\"><time class=\"entry-date published\" datetime=\"2011-08-22T16:33:15+01:00\">22.08.2011<\/time><time class=\"updated\" datetime=\"2019-05-15T21:11:00+01:00\">15.05.2019<\/time><\/a><\/div>\r\n\t\t<h2 class=\"post-title\"><a href=\"https:\/\/www.hotelkastiel.sk\/en\/novinky\/tango-na-tanieri\" rel=\"bookmark\">Tango na tanieri chutilo<\/a><\/h2>\r\n\t\t<div class=\"post-meta\">\r\n\t<ul>\r\n\t\t<li>\r\n\t\t\tPosted by <span class=\"author vcard\"><a class=\"url fn n\" href=\"https:\/\/www.hotelkastiel.sk\/en\/author\/mimac\/\">Milan Fabian<\/a><\/span> in <a href=\"https:\/\/www.hotelkastiel.sk\/en\/category\/uncategorized-sk\/\" rel=\"category tag\">Uncategorized @sk<\/a>\t\t<\/li>\r\n\r\n\t\t<li>\r\n\t\t\t<span>Comments Off<span class=\"screen-reader-text\"> on Tango na tanieri chutilo<\/span><\/span>\t\t<\/li>\r\n\t<\/ul>\r\n<\/div>\r\n\r\n\t\t<div class=\"post-content\">\r\n\t\t\t<p>Triptych putovania dejinami chut\u00ed, ktor\u00fd pripravil pre svojich host\u00ed Art Hotel Ka\u0161tie\u013e mal v utorok, 22. augusta 2011, svoje fin\u00e1le. Jedl\u00e1 interkontinent\u00e1lnej kuchyne zabalen\u00e9 v&nbsp;mel\u00f3di\u00e1ch tanga, interpretovan\u00fdmi \u0161pi\u010dkov\u00fdmi s\u00f3listami &#8211; violon\u010delistom Eugenom Proch\u00e1com a&nbsp;akordeonistom Rajmondom K\u00e1konim, nadchli nielen po\u010detn\u00fdch host\u00ed, ale pril\u00e1kali i&nbsp;Slovensk\u00fd rozhlas a&nbsp;TV Mark\u00edzu. N\u00e1dvorie b\u00fdval\u00e9ho \u0161\u013eachtick\u00e9ho s\u00eddla sa zmenilo na no\u010dn\u00fd podnik [&hellip;]<\/p>\n\t\t<a href=\"https:\/\/www.hotelkastiel.sk\/en\/novinky\/tango-na-tanieri\" class=\"btn-view fz-12 font-600 text-gray-8989 text-uppercase\">\n\t\t\t\u010c\u00edta\u0165 viac\t\t<\/a>\n\t\t\t\t<\/div><!-- .post-content -->\r\n\t<\/div>\r\n<\/article><!-- #post-## -->\r\n\r\n<article id=\"post-3758\" class=\"post-3758 post type-post status-publish format-standard has-post-thumbnail hentry category-unkategorisiert\">\r\n\t<div class=\"post-media\">\r\n\t<div class=\"post-image\">\r\n\t\t\t\t\t<a href=\"https:\/\/www.hotelkastiel.sk\/en\/novinky\/barok-na-tanieri\">\r\n\t\t\t\t<img loading=\"lazy\" decoding=\"async\" width=\"640\" height=\"500\" src=\"https:\/\/www.hotelkastiel.sk\/wp-content\/uploads\/2019\/03\/V1-640x500.jpg\" class=\"attachment-fleurdesel-medium size-fleurdesel-medium wp-post-image\" alt=\"\" \/>\t\t\t<\/a>\r\n\t\t\t<\/div>\r\n<\/div>\r\n\r\n\t<div class=\"post-data\">\r\n\t\t<div class=\"post-date\"><a href=\"https:\/\/www.hotelkastiel.sk\/en\/novinky\/barok-na-tanieri\" rel=\"bookmark\"><time class=\"entry-date published\" datetime=\"2011-08-11T16:37:23+01:00\">11.08.2011<\/time><time class=\"updated\" datetime=\"2019-05-29T18:46:08+01:00\">29.05.2019<\/time><\/a><\/div>\r\n\t\t<h2 class=\"post-title\"><a href=\"https:\/\/www.hotelkastiel.sk\/en\/novinky\/barok-na-tanieri\" rel=\"bookmark\">Barok na tanieri<\/a><\/h2>\r\n\t\t<div class=\"post-meta\">\r\n\t<ul>\r\n\t\t<li>\r\n\t\t\tPosted by <span class=\"author vcard\"><a class=\"url fn n\" href=\"https:\/\/www.hotelkastiel.sk\/en\/author\/mimac\/\">Milan Fabian<\/a><\/span> in <a href=\"https:\/\/www.hotelkastiel.sk\/en\/category\/unkategorisiert\/\" rel=\"category tag\">Unkategorisiert<\/a>\t\t<\/li>\r\n\r\n\t\t<li>\r\n\t\t\t<span>Comments Off<span class=\"screen-reader-text\"> on Barok na tanieri<\/span><\/span>\t\t<\/li>\r\n\t<\/ul>\r\n<\/div>\r\n\r\n\t\t<div class=\"post-content\">\r\n\t\t\t<p>V stredaj\u0161\u00ed ve\u010der, 11. augusta, sa barokov\u00e1 Jeszen\u00e1kov\u00e1 s\u00e1la Art hotela Ka\u0161tie\u013e vr\u00e1tila do svojich najlep\u0161\u00edch \u010dias spred 230 rokoch. Tak ako kedysi, op\u00e4\u0165 sa v&nbsp;nej hodovalo, ma\u0161krtilo a&nbsp;tento raz i putovalo \u010dasom. O&nbsp;spokojnos\u0165 host\u00ed, ktor\u00ed zaplnili nielen hlavn\u00fa s\u00e1lu ale i&nbsp;pri\u013eahl\u00fd Drask\u00f3cziho a&nbsp;Starsserov sal\u00f3n sa postarali hotelov\u00ed kuch\u00e1ri, ktor\u00ed pripravili zauj\u00edmav\u00e9 menu a&nbsp;la hist\u00f3ria. [&hellip;]<\/p>\n\t\t<a href=\"https:\/\/www.hotelkastiel.sk\/en\/novinky\/barok-na-tanieri\" class=\"btn-view fz-12 font-600 text-gray-8989 text-uppercase\">\n\t\t\t\u010c\u00edta\u0165 viac\t\t<\/a>\n\t\t\t\t<\/div><!-- .post-content -->\r\n\t<\/div>\r\n<\/article><!-- #post-## -->\r\n\r\n<article id=\"post-3757\" class=\"post-3757 post type-post status-publish format-standard has-post-thumbnail hentry category-uncategorized\">\r\n\t<div class=\"post-media\">\r\n\t<div class=\"post-image\">\r\n\t\t\t\t\t<a href=\"https:\/\/www.hotelkastiel.sk\/en\/novinky\/barok-na-tanieri\">\r\n\t\t\t\t<img loading=\"lazy\" decoding=\"async\" width=\"640\" height=\"500\" src=\"https:\/\/www.hotelkastiel.sk\/wp-content\/uploads\/2019\/03\/V1-640x500.jpg\" class=\"attachment-fleurdesel-medium size-fleurdesel-medium wp-post-image\" alt=\"\" \/>\t\t\t<\/a>\r\n\t\t\t<\/div>\r\n<\/div>\r\n\r\n\t<div class=\"post-data\">\r\n\t\t<div class=\"post-date\"><a href=\"https:\/\/www.hotelkastiel.sk\/en\/novinky\/barok-na-tanieri\" rel=\"bookmark\"><time class=\"entry-date published\" datetime=\"2011-08-11T16:37:23+01:00\">11.08.2011<\/time><time class=\"updated\" datetime=\"2019-05-29T18:46:06+01:00\">29.05.2019<\/time><\/a><\/div>\r\n\t\t<h2 class=\"post-title\"><a href=\"https:\/\/www.hotelkastiel.sk\/en\/novinky\/barok-na-tanieri\" rel=\"bookmark\">Barok na tanieri<\/a><\/h2>\r\n\t\t<div class=\"post-meta\">\r\n\t<ul>\r\n\t\t<li>\r\n\t\t\tPosted by <span class=\"author vcard\"><a class=\"url fn n\" href=\"https:\/\/www.hotelkastiel.sk\/en\/author\/mimac\/\">Milan Fabian<\/a><\/span> in <a href=\"https:\/\/www.hotelkastiel.sk\/en\/category\/uncategorized\/\" rel=\"category tag\">Uncategorized<\/a>\t\t<\/li>\r\n\r\n\t\t<li>\r\n\t\t\t<span>Comments Off<span class=\"screen-reader-text\"> on Barok na tanieri<\/span><\/span>\t\t<\/li>\r\n\t<\/ul>\r\n<\/div>\r\n\r\n\t\t<div class=\"post-content\">\r\n\t\t\t<p>V stredaj\u0161\u00ed ve\u010der, 11. augusta, sa barokov\u00e1 Jeszen\u00e1kov\u00e1 s\u00e1la Art hotela Ka\u0161tie\u013e vr\u00e1tila do svojich najlep\u0161\u00edch \u010dias spred 230 rokoch. Tak ako kedysi, op\u00e4\u0165 sa v&nbsp;nej hodovalo, ma\u0161krtilo a&nbsp;tento raz i putovalo \u010dasom. O&nbsp;spokojnos\u0165 host\u00ed, ktor\u00ed zaplnili nielen hlavn\u00fa s\u00e1lu ale i&nbsp;pri\u013eahl\u00fd Drask\u00f3cziho a&nbsp;Starsserov sal\u00f3n sa postarali hotelov\u00ed kuch\u00e1ri, ktor\u00ed pripravili zauj\u00edmav\u00e9 menu a&nbsp;la hist\u00f3ria. [&hellip;]<\/p>\n\t\t<a href=\"https:\/\/www.hotelkastiel.sk\/en\/novinky\/barok-na-tanieri\" class=\"btn-view fz-12 font-600 text-gray-8989 text-uppercase\">\n\t\t\t\u010c\u00edta\u0165 viac\t\t<\/a>\n\t\t\t\t<\/div><!-- .post-content -->\r\n\t<\/div>\r\n<\/article><!-- #post-## -->\r\n\r\n<article id=\"post-3278\" class=\"post-3278 post type-post status-publish format-standard has-post-thumbnail hentry category-uncategorized-sk\">\r\n\t<div class=\"post-media\">\r\n\t<div class=\"post-image\">\r\n\t\t\t\t\t<a href=\"https:\/\/www.hotelkastiel.sk\/en\/novinky\/barok-na-tanieri\">\r\n\t\t\t\t<img loading=\"lazy\" decoding=\"async\" width=\"640\" height=\"500\" src=\"https:\/\/www.hotelkastiel.sk\/wp-content\/uploads\/2019\/03\/V1-640x500.jpg\" class=\"attachment-fleurdesel-medium size-fleurdesel-medium wp-post-image\" alt=\"\" \/>\t\t\t<\/a>\r\n\t\t\t<\/div>\r\n<\/div>\r\n\r\n\t<div class=\"post-data\">\r\n\t\t<div class=\"post-date\"><a href=\"https:\/\/www.hotelkastiel.sk\/en\/novinky\/barok-na-tanieri\" rel=\"bookmark\"><time class=\"entry-date published\" datetime=\"2011-08-11T16:37:23+01:00\">11.08.2011<\/time><time class=\"updated\" datetime=\"2019-05-29T18:46:04+01:00\">29.05.2019<\/time><\/a><\/div>\r\n\t\t<h2 class=\"post-title\"><a href=\"https:\/\/www.hotelkastiel.sk\/en\/novinky\/barok-na-tanieri\" rel=\"bookmark\">Barok na tanieri<\/a><\/h2>\r\n\t\t<div class=\"post-meta\">\r\n\t<ul>\r\n\t\t<li>\r\n\t\t\tPosted by <span class=\"author vcard\"><a class=\"url fn n\" href=\"https:\/\/www.hotelkastiel.sk\/en\/author\/mimac\/\">Milan Fabian<\/a><\/span> in <a href=\"https:\/\/www.hotelkastiel.sk\/en\/category\/uncategorized-sk\/\" rel=\"category tag\">Uncategorized @sk<\/a>\t\t<\/li>\r\n\r\n\t\t<li>\r\n\t\t\t<span>Comments Off<span class=\"screen-reader-text\"> on Barok na tanieri<\/span><\/span>\t\t<\/li>\r\n\t<\/ul>\r\n<\/div>\r\n\r\n\t\t<div class=\"post-content\">\r\n\t\t\t<p>V stredaj\u0161\u00ed ve\u010der, 11. augusta, sa barokov\u00e1 Jeszen\u00e1kov\u00e1 s\u00e1la Art hotela Ka\u0161tie\u013e vr\u00e1tila do svojich najlep\u0161\u00edch \u010dias spred 230 rokoch. Tak ako kedysi, op\u00e4\u0165 sa v&nbsp;nej hodovalo, ma\u0161krtilo a&nbsp;tento raz i putovalo \u010dasom. O&nbsp;spokojnos\u0165 host\u00ed, ktor\u00ed zaplnili nielen hlavn\u00fa s\u00e1lu ale i&nbsp;pri\u013eahl\u00fd Drask\u00f3cziho a&nbsp;Starsserov sal\u00f3n sa postarali hotelov\u00ed kuch\u00e1ri, ktor\u00ed pripravili zauj\u00edmav\u00e9 menu a&nbsp;la hist\u00f3ria. [&hellip;]<\/p>\n\t\t<a href=\"https:\/\/www.hotelkastiel.sk\/en\/novinky\/barok-na-tanieri\" class=\"btn-view fz-12 font-600 text-gray-8989 text-uppercase\">\n\t\t\t\u010c\u00edta\u0165 viac\t\t<\/a>\n\t\t\t\t<\/div><!-- .post-content -->\r\n\t<\/div>\r\n<\/article><!-- #post-## -->\r\n\r\n<article id=\"post-3659\" class=\"post-3659 post type-post status-publish format-standard has-post-thumbnail hentry category-unkategorisiert\">\r\n\t<div class=\"post-media\">\r\n\t<div class=\"post-image\">\r\n\t\t\t\t\t<a href=\"https:\/\/www.hotelkastiel.sk\/en\/novinky\/prva-svadba\">\r\n\t\t\t\t<img loading=\"lazy\" decoding=\"async\" width=\"640\" height=\"500\" src=\"https:\/\/www.hotelkastiel.sk\/wp-content\/uploads\/2019\/03\/D2-640x500.jpg\" class=\"attachment-fleurdesel-medium size-fleurdesel-medium wp-post-image\" alt=\"Jozef Jopo Pol\u00e1\u010dek svadba\" \/>\t\t\t<\/a>\r\n\t\t\t<\/div>\r\n<\/div>\r\n\r\n\t<div class=\"post-data\">\r\n\t\t<div class=\"post-date\"><a href=\"https:\/\/www.hotelkastiel.sk\/en\/novinky\/prva-svadba\" rel=\"bookmark\"><time class=\"entry-date published\" datetime=\"2011-06-16T16:38:53+01:00\">16.06.2011<\/time><time class=\"updated\" datetime=\"2019-05-15T21:12:10+01:00\">15.05.2019<\/time><\/a><\/div>\r\n\t\t<h2 class=\"post-title\"><a href=\"https:\/\/www.hotelkastiel.sk\/en\/novinky\/prva-svadba\" rel=\"bookmark\">Prv\u00e1 svadba<\/a><\/h2>\r\n\t\t<div class=\"post-meta\">\r\n\t<ul>\r\n\t\t<li>\r\n\t\t\tPosted by <span class=\"author vcard\"><a class=\"url fn n\" href=\"https:\/\/www.hotelkastiel.sk\/en\/author\/mimac\/\">Milan Fabian<\/a><\/span> in <a href=\"https:\/\/www.hotelkastiel.sk\/en\/category\/unkategorisiert\/\" rel=\"category tag\">Unkategorisiert<\/a>\t\t<\/li>\r\n\r\n\t\t<li>\r\n\t\t\t<span>Comments Off<span class=\"screen-reader-text\"> on Prv\u00e1 svadba<\/span><\/span>\t\t<\/li>\r\n\t<\/ul>\r\n<\/div>\r\n\r\n\t\t<div class=\"post-content\">\r\n\t\t\t<p>Kri\u0161t\u00e1\u013eov\u00e1 ka\u0161tie\u013eska kaplnka Anjelov Str\u00e1\u017enych po prv\u00fd kr\u00e1t vo svojej novodobej hist\u00f3rii za\u017eila 10. j\u00fana 2011 svadobn\u00fd obrad. Svoje \u00c1NO si v&nbsp;nej povedali zn\u00e1my \u0161\u00e9fproducent hudobnej telev\u00edzie Jozef Pol\u00e1\u010dek, alias \u201eJopo\u201c a&nbsp;exotick\u00e1 kr\u00e1savica, Kub\u00e1nka, Glenda Lop\u00e9zov\u00e1. Takmer dvesto hos\u0165om boli k&nbsp;dispoz\u00edcii reprezenta\u010dn\u00e9 izby hotela, roz\u013eahl\u00fd romantick\u00fd krajin\u00e1rsky park s&nbsp;alt\u00e1nkom pod brezami, no\u010dn\u00fd baz\u00e9n s&nbsp;vyhrievanou vodou [&hellip;]<\/p>\n\t\t<a href=\"https:\/\/www.hotelkastiel.sk\/en\/novinky\/prva-svadba\" class=\"btn-view fz-12 font-600 text-gray-8989 text-uppercase\">\n\t\t\t\u010c\u00edta\u0165 viac\t\t<\/a>\n\t\t\t\t<\/div><!-- .post-content -->\r\n\t<\/div>\r\n<\/article><!-- #post-## -->\r\n\r\n<article id=\"post-3658\" class=\"post-3658 post type-post status-publish format-standard has-post-thumbnail hentry category-uncategorized\">\r\n\t<div class=\"post-media\">\r\n\t<div class=\"post-image\">\r\n\t\t\t\t\t<a href=\"https:\/\/www.hotelkastiel.sk\/en\/novinky\/prva-svadba\">\r\n\t\t\t\t<img loading=\"lazy\" decoding=\"async\" width=\"640\" height=\"500\" src=\"https:\/\/www.hotelkastiel.sk\/wp-content\/uploads\/2019\/03\/D2-640x500.jpg\" class=\"attachment-fleurdesel-medium size-fleurdesel-medium wp-post-image\" alt=\"Jozef Jopo Pol\u00e1\u010dek svadba\" \/>\t\t\t<\/a>\r\n\t\t\t<\/div>\r\n<\/div>\r\n\r\n\t<div class=\"post-data\">\r\n\t\t<div class=\"post-date\"><a href=\"https:\/\/www.hotelkastiel.sk\/en\/novinky\/prva-svadba\" rel=\"bookmark\"><time class=\"entry-date published\" datetime=\"2011-06-16T16:38:53+01:00\">16.06.2011<\/time><time class=\"updated\" datetime=\"2019-05-15T21:12:09+01:00\">15.05.2019<\/time><\/a><\/div>\r\n\t\t<h2 class=\"post-title\"><a href=\"https:\/\/www.hotelkastiel.sk\/en\/novinky\/prva-svadba\" rel=\"bookmark\">Prv\u00e1 svadba<\/a><\/h2>\r\n\t\t<div class=\"post-meta\">\r\n\t<ul>\r\n\t\t<li>\r\n\t\t\tPosted by <span class=\"author vcard\"><a class=\"url fn n\" href=\"https:\/\/www.hotelkastiel.sk\/en\/author\/mimac\/\">Milan Fabian<\/a><\/span> in <a href=\"https:\/\/www.hotelkastiel.sk\/en\/category\/uncategorized\/\" rel=\"category tag\">Uncategorized<\/a>\t\t<\/li>\r\n\r\n\t\t<li>\r\n\t\t\t<span>Comments Off<span class=\"screen-reader-text\"> on Prv\u00e1 svadba<\/span><\/span>\t\t<\/li>\r\n\t<\/ul>\r\n<\/div>\r\n\r\n\t\t<div class=\"post-content\">\r\n\t\t\t<p>Kri\u0161t\u00e1\u013eov\u00e1 ka\u0161tie\u013eska kaplnka Anjelov Str\u00e1\u017enych po prv\u00fd kr\u00e1t vo svojej novodobej hist\u00f3rii za\u017eila 10. j\u00fana 2011 svadobn\u00fd obrad. Svoje \u00c1NO si v&nbsp;nej povedali zn\u00e1my \u0161\u00e9fproducent hudobnej telev\u00edzie Jozef Pol\u00e1\u010dek, alias \u201eJopo\u201c a&nbsp;exotick\u00e1 kr\u00e1savica, Kub\u00e1nka, Glenda Lop\u00e9zov\u00e1. Takmer dvesto hos\u0165om boli k&nbsp;dispoz\u00edcii reprezenta\u010dn\u00e9 izby hotela, roz\u013eahl\u00fd romantick\u00fd krajin\u00e1rsky park s&nbsp;alt\u00e1nkom pod brezami, no\u010dn\u00fd baz\u00e9n s&nbsp;vyhrievanou vodou [&hellip;]<\/p>\n\t\t<a href=\"https:\/\/www.hotelkastiel.sk\/en\/novinky\/prva-svadba\" class=\"btn-view fz-12 font-600 text-gray-8989 text-uppercase\">\n\t\t\t\u010c\u00edta\u0165 viac\t\t<\/a>\n\t\t\t\t<\/div><!-- .post-content -->\r\n\t<\/div>\r\n<\/article><!-- #post-## -->\r\n\r\n<article id=\"post-3283\" class=\"post-3283 post type-post status-publish format-standard has-post-thumbnail hentry category-uncategorized-sk\">\r\n\t<div class=\"post-media\">\r\n\t<div class=\"post-image\">\r\n\t\t\t\t\t<a href=\"https:\/\/www.hotelkastiel.sk\/en\/novinky\/prva-svadba\">\r\n\t\t\t\t<img loading=\"lazy\" decoding=\"async\" width=\"640\" height=\"500\" src=\"https:\/\/www.hotelkastiel.sk\/wp-content\/uploads\/2019\/03\/D2-640x500.jpg\" class=\"attachment-fleurdesel-medium size-fleurdesel-medium wp-post-image\" alt=\"Jozef Jopo Pol\u00e1\u010dek svadba\" \/>\t\t\t<\/a>\r\n\t\t\t<\/div>\r\n<\/div>\r\n\r\n\t<div class=\"post-data\">\r\n\t\t<div class=\"post-date\"><a href=\"https:\/\/www.hotelkastiel.sk\/en\/novinky\/prva-svadba\" rel=\"bookmark\"><time class=\"entry-date published\" datetime=\"2011-06-16T16:38:53+01:00\">16.06.2011<\/time><time class=\"updated\" datetime=\"2019-05-15T21:12:09+01:00\">15.05.2019<\/time><\/a><\/div>\r\n\t\t<h2 class=\"post-title\"><a href=\"https:\/\/www.hotelkastiel.sk\/en\/novinky\/prva-svadba\" rel=\"bookmark\">Prv\u00e1 svadba<\/a><\/h2>\r\n\t\t<div class=\"post-meta\">\r\n\t<ul>\r\n\t\t<li>\r\n\t\t\tPosted by <span class=\"author vcard\"><a class=\"url fn n\" href=\"https:\/\/www.hotelkastiel.sk\/en\/author\/mimac\/\">Milan Fabian<\/a><\/span> in <a href=\"https:\/\/www.hotelkastiel.sk\/en\/category\/uncategorized-sk\/\" rel=\"category tag\">Uncategorized @sk<\/a>\t\t<\/li>\r\n\r\n\t\t<li>\r\n\t\t\t<span>Comments Off<span class=\"screen-reader-text\"> on Prv\u00e1 svadba<\/span><\/span>\t\t<\/li>\r\n\t<\/ul>\r\n<\/div>\r\n\r\n\t\t<div class=\"post-content\">\r\n\t\t\t<p>Kri\u0161t\u00e1\u013eov\u00e1 ka\u0161tie\u013eska kaplnka Anjelov Str\u00e1\u017enych po prv\u00fd kr\u00e1t vo svojej novodobej hist\u00f3rii za\u017eila 10. j\u00fana 2011 svadobn\u00fd obrad. Svoje \u00c1NO si v&nbsp;nej povedali zn\u00e1my \u0161\u00e9fproducent hudobnej telev\u00edzie Jozef Pol\u00e1\u010dek, alias \u201eJopo\u201c a&nbsp;exotick\u00e1 kr\u00e1savica, Kub\u00e1nka, Glenda Lop\u00e9zov\u00e1. Takmer dvesto hos\u0165om boli k&nbsp;dispoz\u00edcii reprezenta\u010dn\u00e9 izby hotela, roz\u013eahl\u00fd romantick\u00fd krajin\u00e1rsky park s&nbsp;alt\u00e1nkom pod brezami, no\u010dn\u00fd baz\u00e9n s&nbsp;vyhrievanou vodou [&hellip;]<\/p>\n\t\t<a href=\"https:\/\/www.hotelkastiel.sk\/en\/novinky\/prva-svadba\" class=\"btn-view fz-12 font-600 text-gray-8989 text-uppercase\">\n\t\t\t\u010c\u00edta\u0165 viac\t\t<\/a>\n\t\t\t\t<\/div><!-- .post-content -->\r\n\t<\/div>\r\n<\/article><!-- #post-## -->\r\n\r\n<article id=\"post-3760\" class=\"post-3760 post type-post status-publish format-standard has-post-thumbnail hentry category-unkategorisiert\">\r\n\t<div class=\"post-media\">\r\n\t<div class=\"post-image\">\r\n\t\t\t\t\t<a href=\"https:\/\/www.hotelkastiel.sk\/en\/novinky\/navsteva-rudolfa-von-strassera\">\r\n\t\t\t\t<img loading=\"lazy\" decoding=\"async\" width=\"640\" height=\"500\" src=\"https:\/\/www.hotelkastiel.sk\/wp-content\/uploads\/2019\/03\/strasser1-640x500.jpg\" class=\"attachment-fleurdesel-medium size-fleurdesel-medium wp-post-image\" alt=\"Rudolf von Strasser\" \/>\t\t\t<\/a>\r\n\t\t\t<\/div>\r\n<\/div>\r\n\r\n\t<div class=\"post-data\">\r\n\t\t<div class=\"post-date\"><a href=\"https:\/\/www.hotelkastiel.sk\/en\/novinky\/navsteva-rudolfa-von-strassera\" rel=\"bookmark\"><time class=\"entry-date published\" datetime=\"2011-06-12T16:41:56+01:00\">12.06.2011<\/time><time class=\"updated\" datetime=\"2019-05-15T21:12:16+01:00\">15.05.2019<\/time><\/a><\/div>\r\n\t\t<h2 class=\"post-title\"><a href=\"https:\/\/www.hotelkastiel.sk\/en\/novinky\/navsteva-rudolfa-von-strassera\" rel=\"bookmark\">Dejinn\u00e1 udalos\u0165<\/a><\/h2>\r\n\t\t<div class=\"post-meta\">\r\n\t<ul>\r\n\t\t<li>\r\n\t\t\tPosted by <span class=\"author vcard\"><a class=\"url fn n\" href=\"https:\/\/www.hotelkastiel.sk\/en\/author\/mimac\/\">Milan Fabian<\/a><\/span> in <a href=\"https:\/\/www.hotelkastiel.sk\/en\/category\/unkategorisiert\/\" rel=\"category tag\">Unkategorisiert<\/a>\t\t<\/li>\r\n\r\n\t\t<li>\r\n\t\t\t<span>Comments Off<span class=\"screen-reader-text\"> on Dejinn\u00e1 udalos\u0165<\/span><\/span>\t\t<\/li>\r\n\t<\/ul>\r\n<\/div>\r\n\r\n\t\t<div class=\"post-content\">\r\n\t\t\t<p>Bohat\u00fa historick\u00fa minulos\u0165 Art Kotela Ka\u0161tie\u013e obohatila nov\u00e1 v\u00fdznamn\u00e1 spolo\u010densk\u00e1 udalos\u0165. 7. j\u00fana 2011 nav\u0161t\u00edvil hotel, ako svoje b\u00fdval\u00e9 rodov\u00e9 \u0161\u013eachtick\u00e9 s\u00eddlo, jeho niekdaj\u0161\u00ed majite\u013e Rudolf Strasser von Gyorv\u00e1r (1919) s&nbsp;man\u017eelkou Daisy rod. Chorin, v&nbsp;sprievode JUDr. Szab\u00f3a. Vynoven\u00fd ka\u0161tie\u013e, v&nbsp;ktorom sa narodil, ho ako historika zaujal nikdy neviden\u00fdmi, novo zre\u0161taurovan\u00fdmi 250-ro\u010dn\u00fdmi n\u00e1stenn\u00fdmi barokov\u00fdmi ma\u013ebami a&nbsp;prekvapivo [&hellip;]<\/p>\n\t\t<a href=\"https:\/\/www.hotelkastiel.sk\/en\/novinky\/navsteva-rudolfa-von-strassera\" class=\"btn-view fz-12 font-600 text-gray-8989 text-uppercase\">\n\t\t\t\u010c\u00edta\u0165 viac\t\t<\/a>\n\t\t\t\t<\/div><!-- .post-content -->\r\n\t<\/div>\r\n<\/article><!-- #post-## -->\r\n\r\n<article id=\"post-3759\" class=\"post-3759 post type-post status-publish format-standard has-post-thumbnail hentry category-uncategorized\">\r\n\t<div class=\"post-media\">\r\n\t<div class=\"post-image\">\r\n\t\t\t\t\t<a href=\"https:\/\/www.hotelkastiel.sk\/en\/novinky\/navsteva-rudolfa-von-strassera\">\r\n\t\t\t\t<img loading=\"lazy\" decoding=\"async\" width=\"640\" height=\"500\" src=\"https:\/\/www.hotelkastiel.sk\/wp-content\/uploads\/2019\/03\/strasser1-640x500.jpg\" class=\"attachment-fleurdesel-medium size-fleurdesel-medium wp-post-image\" alt=\"Rudolf von Strasser\" \/>\t\t\t<\/a>\r\n\t\t\t<\/div>\r\n<\/div>\r\n\r\n\t<div class=\"post-data\">\r\n\t\t<div class=\"post-date\"><a href=\"https:\/\/www.hotelkastiel.sk\/en\/novinky\/navsteva-rudolfa-von-strassera\" rel=\"bookmark\"><time class=\"entry-date published\" datetime=\"2011-06-12T16:41:56+01:00\">12.06.2011<\/time><time class=\"updated\" datetime=\"2019-05-15T21:12:15+01:00\">15.05.2019<\/time><\/a><\/div>\r\n\t\t<h2 class=\"post-title\"><a href=\"https:\/\/www.hotelkastiel.sk\/en\/novinky\/navsteva-rudolfa-von-strassera\" rel=\"bookmark\">Dejinn\u00e1 udalos\u0165<\/a><\/h2>\r\n\t\t<div class=\"post-meta\">\r\n\t<ul>\r\n\t\t<li>\r\n\t\t\tPosted by <span class=\"author vcard\"><a class=\"url fn n\" href=\"https:\/\/www.hotelkastiel.sk\/en\/author\/mimac\/\">Milan Fabian<\/a><\/span> in <a href=\"https:\/\/www.hotelkastiel.sk\/en\/category\/uncategorized\/\" rel=\"category tag\">Uncategorized<\/a>\t\t<\/li>\r\n\r\n\t\t<li>\r\n\t\t\t<span>Comments Off<span class=\"screen-reader-text\"> on Dejinn\u00e1 udalos\u0165<\/span><\/span>\t\t<\/li>\r\n\t<\/ul>\r\n<\/div>\r\n\r\n\t\t<div class=\"post-content\">\r\n\t\t\t<p>Bohat\u00fa historick\u00fa minulos\u0165 Art Kotela Ka\u0161tie\u013e obohatila nov\u00e1 v\u00fdznamn\u00e1 spolo\u010densk\u00e1 udalos\u0165. 7. j\u00fana 2011 nav\u0161t\u00edvil hotel, ako svoje b\u00fdval\u00e9 rodov\u00e9 \u0161\u013eachtick\u00e9 s\u00eddlo, jeho niekdaj\u0161\u00ed majite\u013e Rudolf Strasser von Gyorv\u00e1r (1919) s&nbsp;man\u017eelkou Daisy rod. Chorin, v&nbsp;sprievode JUDr. Szab\u00f3a. Vynoven\u00fd ka\u0161tie\u013e, v&nbsp;ktorom sa narodil, ho ako historika zaujal nikdy neviden\u00fdmi, novo zre\u0161taurovan\u00fdmi 250-ro\u010dn\u00fdmi n\u00e1stenn\u00fdmi barokov\u00fdmi ma\u013ebami a&nbsp;prekvapivo [&hellip;]<\/p>\n\t\t<a href=\"https:\/\/www.hotelkastiel.sk\/en\/novinky\/navsteva-rudolfa-von-strassera\" class=\"btn-view fz-12 font-600 text-gray-8989 text-uppercase\">\n\t\t\t\u010c\u00edta\u0165 viac\t\t<\/a>\n\t\t\t\t<\/div><!-- .post-content -->\r\n\t<\/div>\r\n<\/article><!-- #post-## -->\r\n\r\n<article id=\"post-3297\" class=\"post-3297 post type-post status-publish format-standard has-post-thumbnail hentry category-uncategorized-sk\">\r\n\t<div class=\"post-media\">\r\n\t<div class=\"post-image\">\r\n\t\t\t\t\t<a href=\"https:\/\/www.hotelkastiel.sk\/en\/novinky\/navsteva-rudolfa-von-strassera\">\r\n\t\t\t\t<img loading=\"lazy\" decoding=\"async\" width=\"640\" height=\"500\" src=\"https:\/\/www.hotelkastiel.sk\/wp-content\/uploads\/2019\/03\/strasser1-640x500.jpg\" class=\"attachment-fleurdesel-medium size-fleurdesel-medium wp-post-image\" alt=\"Rudolf von Strasser\" \/>\t\t\t<\/a>\r\n\t\t\t<\/div>\r\n<\/div>\r\n\r\n\t<div class=\"post-data\">\r\n\t\t<div class=\"post-date\"><a href=\"https:\/\/www.hotelkastiel.sk\/en\/novinky\/navsteva-rudolfa-von-strassera\" rel=\"bookmark\"><time class=\"entry-date published\" datetime=\"2011-06-12T16:41:56+01:00\">12.06.2011<\/time><time class=\"updated\" datetime=\"2019-05-15T21:12:15+01:00\">15.05.2019<\/time><\/a><\/div>\r\n\t\t<h2 class=\"post-title\"><a href=\"https:\/\/www.hotelkastiel.sk\/en\/novinky\/navsteva-rudolfa-von-strassera\" rel=\"bookmark\">Dejinn\u00e1 udalos\u0165<\/a><\/h2>\r\n\t\t<div class=\"post-meta\">\r\n\t<ul>\r\n\t\t<li>\r\n\t\t\tPosted by <span class=\"author vcard\"><a class=\"url fn n\" href=\"https:\/\/www.hotelkastiel.sk\/en\/author\/mimac\/\">Milan Fabian<\/a><\/span> in <a href=\"https:\/\/www.hotelkastiel.sk\/en\/category\/uncategorized-sk\/\" rel=\"category tag\">Uncategorized @sk<\/a>\t\t<\/li>\r\n\r\n\t\t<li>\r\n\t\t\t<span>Comments Off<span class=\"screen-reader-text\"> on Dejinn\u00e1 udalos\u0165<\/span><\/span>\t\t<\/li>\r\n\t<\/ul>\r\n<\/div>\r\n\r\n\t\t<div class=\"post-content\">\r\n\t\t\t<p>Bohat\u00fa historick\u00fa minulos\u0165 Art Kotela Ka\u0161tie\u013e obohatila nov\u00e1 v\u00fdznamn\u00e1 spolo\u010densk\u00e1 udalos\u0165. 7. j\u00fana 2011 nav\u0161t\u00edvil hotel, ako svoje b\u00fdval\u00e9 rodov\u00e9 \u0161\u013eachtick\u00e9 s\u00eddlo, jeho niekdaj\u0161\u00ed majite\u013e Rudolf Strasser von Gyorv\u00e1r (1919) s&nbsp;man\u017eelkou Daisy rod. Chorin, v&nbsp;sprievode JUDr. Szab\u00f3a. Vynoven\u00fd ka\u0161tie\u013e, v&nbsp;ktorom sa narodil, ho ako historika zaujal nikdy neviden\u00fdmi, novo zre\u0161taurovan\u00fdmi 250-ro\u010dn\u00fdmi n\u00e1stenn\u00fdmi barokov\u00fdmi ma\u013ebami a&nbsp;prekvapivo [&hellip;]<\/p>\n\t\t<a href=\"https:\/\/www.hotelkastiel.sk\/en\/novinky\/navsteva-rudolfa-von-strassera\" class=\"btn-view fz-12 font-600 text-gray-8989 text-uppercase\">\n\t\t\t\u010c\u00edta\u0165 viac\t\t<\/a>\n\t\t\t\t<\/div><!-- .post-content -->\r\n\t<\/div>\r\n<\/article><!-- #post-## -->\r\n\r\n<article id=\"post-3762\" class=\"post-3762 post type-post status-publish format-standard has-post-thumbnail hentry category-unkategorisiert\">\r\n\t<div class=\"post-media\">\r\n\t<div class=\"post-image\">\r\n\t\t\t\t\t<a href=\"https:\/\/www.hotelkastiel.sk\/en\/novinky\/vysvatena-kaplnka\">\r\n\t\t\t\t<img loading=\"lazy\" decoding=\"async\" width=\"640\" height=\"500\" src=\"https:\/\/www.hotelkastiel.sk\/wp-content\/uploads\/2019\/03\/EE1-640x500.jpg\" class=\"attachment-fleurdesel-medium size-fleurdesel-medium wp-post-image\" alt=\"\" \/>\t\t\t<\/a>\r\n\t\t\t<\/div>\r\n<\/div>\r\n\r\n\t<div class=\"post-data\">\r\n\t\t<div class=\"post-date\"><a href=\"https:\/\/www.hotelkastiel.sk\/en\/novinky\/vysvatena-kaplnka\" rel=\"bookmark\"><time class=\"entry-date published\" datetime=\"2011-06-05T16:44:15+01:00\">05.06.2011<\/time><time class=\"updated\" datetime=\"2019-05-15T21:12:27+01:00\">15.05.2019<\/time><\/a><\/div>\r\n\t\t<h2 class=\"post-title\"><a href=\"https:\/\/www.hotelkastiel.sk\/en\/novinky\/vysvatena-kaplnka\" rel=\"bookmark\">Vysv\u00e4ten\u00e1 kaplnka<\/a><\/h2>\r\n\t\t<div class=\"post-meta\">\r\n\t<ul>\r\n\t\t<li>\r\n\t\t\tPosted by <span class=\"author vcard\"><a class=\"url fn n\" href=\"https:\/\/www.hotelkastiel.sk\/en\/author\/mimac\/\">Milan Fabian<\/a><\/span> in <a href=\"https:\/\/www.hotelkastiel.sk\/en\/category\/unkategorisiert\/\" rel=\"category tag\">Unkategorisiert<\/a>\t\t<\/li>\r\n\r\n\t\t<li>\r\n\t\t\t<span>Comments Off<span class=\"screen-reader-text\"> on Vysv\u00e4ten\u00e1 kaplnka<\/span><\/span>\t\t<\/li>\r\n\t<\/ul>\r\n<\/div>\r\n\r\n\t\t<div class=\"post-content\">\r\n\t\t\t<p>Pre v\u0161etk\u00fdch \u010do t\u00fa\u017eia po romantickej svadbe a cirkevnom sob\u00e1\u0161i m\u00e1 Art hotel Ka\u0161tie\u013e dobr\u00fa spr\u00e1vu priamo z neba &#8211; obnoven\u00e1 ka\u0161tie\u013eska kaplnka bola znovu po stodesiatich rokoch, 2. j\u00fala 2011, vysv\u00e4ten\u00e1! Akt vysviacky sa konal v de\u0148 Nanebovst\u00fapenia P\u00e1na a vykonal ho spr\u00e1vca tom\u00e1\u0161ovskej farnosti sv. Mikul\u00e1\u0161a, dekan J\u00e1n Zsid\u00f3. Kaplnka, ktor\u00e1 sa po [&hellip;]<\/p>\n\t\t<a href=\"https:\/\/www.hotelkastiel.sk\/en\/novinky\/vysvatena-kaplnka\" class=\"btn-view fz-12 font-600 text-gray-8989 text-uppercase\">\n\t\t\t\u010c\u00edta\u0165 viac\t\t<\/a>\n\t\t\t\t<\/div><!-- .post-content -->\r\n\t<\/div>\r\n<\/article><!-- #post-## -->\r\n\r\n<article id=\"post-3761\" class=\"post-3761 post type-post status-publish format-standard has-post-thumbnail hentry category-uncategorized\">\r\n\t<div class=\"post-media\">\r\n\t<div class=\"post-image\">\r\n\t\t\t\t\t<a href=\"https:\/\/www.hotelkastiel.sk\/en\/novinky\/vysvatena-kaplnka\">\r\n\t\t\t\t<img loading=\"lazy\" decoding=\"async\" width=\"640\" height=\"500\" src=\"https:\/\/www.hotelkastiel.sk\/wp-content\/uploads\/2019\/03\/EE1-640x500.jpg\" class=\"attachment-fleurdesel-medium size-fleurdesel-medium wp-post-image\" alt=\"\" \/>\t\t\t<\/a>\r\n\t\t\t<\/div>\r\n<\/div>\r\n\r\n\t<div class=\"post-data\">\r\n\t\t<div class=\"post-date\"><a href=\"https:\/\/www.hotelkastiel.sk\/en\/novinky\/vysvatena-kaplnka\" rel=\"bookmark\"><time class=\"entry-date published\" datetime=\"2011-06-05T16:44:15+01:00\">05.06.2011<\/time><time class=\"updated\" datetime=\"2019-05-15T21:12:26+01:00\">15.05.2019<\/time><\/a><\/div>\r\n\t\t<h2 class=\"post-title\"><a href=\"https:\/\/www.hotelkastiel.sk\/en\/novinky\/vysvatena-kaplnka\" rel=\"bookmark\">Vysv\u00e4ten\u00e1 kaplnka<\/a><\/h2>\r\n\t\t<div class=\"post-meta\">\r\n\t<ul>\r\n\t\t<li>\r\n\t\t\tPosted by <span class=\"author vcard\"><a class=\"url fn n\" href=\"https:\/\/www.hotelkastiel.sk\/en\/author\/mimac\/\">Milan Fabian<\/a><\/span> in <a href=\"https:\/\/www.hotelkastiel.sk\/en\/category\/uncategorized\/\" rel=\"category tag\">Uncategorized<\/a>\t\t<\/li>\r\n\r\n\t\t<li>\r\n\t\t\t<span>Comments Off<span class=\"screen-reader-text\"> on Vysv\u00e4ten\u00e1 kaplnka<\/span><\/span>\t\t<\/li>\r\n\t<\/ul>\r\n<\/div>\r\n\r\n\t\t<div class=\"post-content\">\r\n\t\t\t<p>Pre v\u0161etk\u00fdch \u010do t\u00fa\u017eia po romantickej svadbe a cirkevnom sob\u00e1\u0161i m\u00e1 Art hotel Ka\u0161tie\u013e dobr\u00fa spr\u00e1vu priamo z neba &#8211; obnoven\u00e1 ka\u0161tie\u013eska kaplnka bola znovu po stodesiatich rokoch, 2. j\u00fala 2011, vysv\u00e4ten\u00e1! Akt vysviacky sa konal v de\u0148 Nanebovst\u00fapenia P\u00e1na a vykonal ho spr\u00e1vca tom\u00e1\u0161ovskej farnosti sv. Mikul\u00e1\u0161a, dekan J\u00e1n Zsid\u00f3. Kaplnka, ktor\u00e1 sa po [&hellip;]<\/p>\n\t\t<a href=\"https:\/\/www.hotelkastiel.sk\/en\/novinky\/vysvatena-kaplnka\" class=\"btn-view fz-12 font-600 text-gray-8989 text-uppercase\">\n\t\t\t\u010c\u00edta\u0165 viac\t\t<\/a>\n\t\t\t\t<\/div><!-- .post-content -->\r\n\t<\/div>\r\n<\/article><!-- #post-## -->\r\n\r\n<article id=\"post-3311\" class=\"post-3311 post type-post status-publish format-standard has-post-thumbnail hentry category-uncategorized-sk\">\r\n\t<div class=\"post-media\">\r\n\t<div class=\"post-image\">\r\n\t\t\t\t\t<a href=\"https:\/\/www.hotelkastiel.sk\/en\/novinky\/vysvatena-kaplnka\">\r\n\t\t\t\t<img loading=\"lazy\" decoding=\"async\" width=\"640\" height=\"500\" src=\"https:\/\/www.hotelkastiel.sk\/wp-content\/uploads\/2019\/03\/EE1-640x500.jpg\" class=\"attachment-fleurdesel-medium size-fleurdesel-medium wp-post-image\" alt=\"\" \/>\t\t\t<\/a>\r\n\t\t\t<\/div>\r\n<\/div>\r\n\r\n\t<div class=\"post-data\">\r\n\t\t<div class=\"post-date\"><a href=\"https:\/\/www.hotelkastiel.sk\/en\/novinky\/vysvatena-kaplnka\" rel=\"bookmark\"><time class=\"entry-date published\" datetime=\"2011-06-05T16:44:15+01:00\">05.06.2011<\/time><time class=\"updated\" datetime=\"2019-05-15T21:12:26+01:00\">15.05.2019<\/time><\/a><\/div>\r\n\t\t<h2 class=\"post-title\"><a href=\"https:\/\/www.hotelkastiel.sk\/en\/novinky\/vysvatena-kaplnka\" rel=\"bookmark\">Vysv\u00e4ten\u00e1 kaplnka<\/a><\/h2>\r\n\t\t<div class=\"post-meta\">\r\n\t<ul>\r\n\t\t<li>\r\n\t\t\tPosted by <span class=\"author vcard\"><a class=\"url fn n\" href=\"https:\/\/www.hotelkastiel.sk\/en\/author\/mimac\/\">Milan Fabian<\/a><\/span> in <a href=\"https:\/\/www.hotelkastiel.sk\/en\/category\/uncategorized-sk\/\" rel=\"category tag\">Uncategorized @sk<\/a>\t\t<\/li>\r\n\r\n\t\t<li>\r\n\t\t\t<span>Comments Off<span class=\"screen-reader-text\"> on Vysv\u00e4ten\u00e1 kaplnka<\/span><\/span>\t\t<\/li>\r\n\t<\/ul>\r\n<\/div>\r\n\r\n\t\t<div class=\"post-content\">\r\n\t\t\t<p>Pre v\u0161etk\u00fdch \u010do t\u00fa\u017eia po romantickej svadbe a cirkevnom sob\u00e1\u0161i m\u00e1 Art hotel Ka\u0161tie\u013e dobr\u00fa spr\u00e1vu priamo z neba &#8211; obnoven\u00e1 ka\u0161tie\u013eska kaplnka bola znovu po stodesiatich rokoch, 2. j\u00fala 2011, vysv\u00e4ten\u00e1! Akt vysviacky sa konal v de\u0148 Nanebovst\u00fapenia P\u00e1na a vykonal ho spr\u00e1vca tom\u00e1\u0161ovskej farnosti sv. Mikul\u00e1\u0161a, dekan J\u00e1n Zsid\u00f3. Kaplnka, ktor\u00e1 sa po [&hellip;]<\/p>\n\t\t<a href=\"https:\/\/www.hotelkastiel.sk\/en\/novinky\/vysvatena-kaplnka\" class=\"btn-view fz-12 font-600 text-gray-8989 text-uppercase\">\n\t\t\t\u010c\u00edta\u0165 viac\t\t<\/a>\n\t\t\t\t<\/div><!-- .post-content -->\r\n\t<\/div>\r\n<\/article><!-- #post-## -->\r\n\r\n<article id=\"post-3766\" class=\"post-3766 post type-post status-publish format-standard has-post-thumbnail hentry category-uncategorized\">\r\n\t<div class=\"post-media\">\r\n\t<div class=\"post-image\">\r\n\t\t\t\t\t<a href=\"https:\/\/www.hotelkastiel.sk\/en\/novinky\/historicka-minca\">\r\n\t\t\t\t<img loading=\"lazy\" decoding=\"async\" width=\"290\" height=\"268\" src=\"https:\/\/www.hotelkastiel.sk\/wp-content\/uploads\/2019\/03\/AQ1.jpg\" class=\"attachment-fleurdesel-medium size-fleurdesel-medium wp-post-image\" alt=\"\" \/>\t\t\t<\/a>\r\n\t\t\t<\/div>\r\n<\/div>\r\n\r\n\t<div class=\"post-data\">\r\n\t\t<div class=\"post-date\"><a href=\"https:\/\/www.hotelkastiel.sk\/en\/novinky\/historicka-minca\" rel=\"bookmark\"><time class=\"entry-date published\" datetime=\"2011-04-30T16:47:39+01:00\">30.04.2011<\/time><time class=\"updated\" datetime=\"2020-10-16T08:08:32+01:00\">16.10.2020<\/time><\/a><\/div>\r\n\t\t<h2 class=\"post-title\"><a href=\"https:\/\/www.hotelkastiel.sk\/en\/novinky\/historicka-minca\" rel=\"bookmark\">Historick\u00e1 minca<\/a><\/h2>\r\n\t\t<div class=\"post-meta\">\r\n\t<ul>\r\n\t\t<li>\r\n\t\t\tPosted by <span class=\"author vcard\"><a class=\"url fn n\" href=\"https:\/\/www.hotelkastiel.sk\/en\/author\/mimac\/\">Milan Fabian<\/a><\/span> in <a href=\"https:\/\/www.hotelkastiel.sk\/en\/category\/uncategorized\/\" rel=\"category tag\">Uncategorized<\/a>\t\t<\/li>\r\n\r\n\t\t<li>\r\n\t\t\t<span>Comments Off<span class=\"screen-reader-text\"> on Historick\u00e1 minca<\/span><\/span>\t\t<\/li>\r\n\t<\/ul>\r\n<\/div>\r\n\r\n\t\t<div class=\"post-content\">\r\n\t\t\t<p>Na p\u00f4de resp. pod p\u00f4dou n\u00e1\u0161ho ka\u0161tie\u013ea, kde sa moment\u00e1lne nach\u00e1dza na\u0161a banketov\u00e1 s\u00e1la, sa v roku 2010 na\u0161la historick\u00e1 minca. Pri rekon\u0161truk\u010dn\u00fdch pr\u00e1cach ka\u0161tie\u013ea v Tom\u00e1\u0161ove sa na\u0161la minca z roku 1762 vo ve\u013emi dobrom stave &#8211; aktu\u00e1lne je vystaven\u00e1 pri recepcii ka\u0161tie\u013ea.<\/p>\n\t\t<a href=\"https:\/\/www.hotelkastiel.sk\/en\/novinky\/historicka-minca\" class=\"btn-view fz-12 font-600 text-gray-8989 text-uppercase\">\n\t\t\t\u010c\u00edta\u0165 viac\t\t<\/a>\n\t\t\t\t<\/div><!-- .post-content -->\r\n\t<\/div>\r\n<\/article><!-- #post-## -->\r\n\r\n<article id=\"post-3765\" class=\"post-3765 post type-post status-publish format-standard has-post-thumbnail hentry category-unkategorisiert\">\r\n\t<div class=\"post-media\">\r\n\t<div class=\"post-image\">\r\n\t\t\t\t\t<a href=\"https:\/\/www.hotelkastiel.sk\/en\/novinky\/historicka-minca\">\r\n\t\t\t\t<img loading=\"lazy\" decoding=\"async\" width=\"290\" height=\"268\" src=\"https:\/\/www.hotelkastiel.sk\/wp-content\/uploads\/2019\/03\/AQ1.jpg\" class=\"attachment-fleurdesel-medium size-fleurdesel-medium wp-post-image\" alt=\"\" \/>\t\t\t<\/a>\r\n\t\t\t<\/div>\r\n<\/div>\r\n\r\n\t<div class=\"post-data\">\r\n\t\t<div class=\"post-date\"><a href=\"https:\/\/www.hotelkastiel.sk\/en\/novinky\/historicka-minca\" rel=\"bookmark\"><time class=\"entry-date published\" datetime=\"2011-04-30T16:47:39+01:00\">30.04.2011<\/time><time class=\"updated\" datetime=\"2020-10-16T08:08:30+01:00\">16.10.2020<\/time><\/a><\/div>\r\n\t\t<h2 class=\"post-title\"><a href=\"https:\/\/www.hotelkastiel.sk\/en\/novinky\/historicka-minca\" rel=\"bookmark\">Historick\u00e1 minca<\/a><\/h2>\r\n\t\t<div class=\"post-meta\">\r\n\t<ul>\r\n\t\t<li>\r\n\t\t\tPosted by <span class=\"author vcard\"><a class=\"url fn n\" href=\"https:\/\/www.hotelkastiel.sk\/en\/author\/mimac\/\">Milan Fabian<\/a><\/span> in <a href=\"https:\/\/www.hotelkastiel.sk\/en\/category\/unkategorisiert\/\" rel=\"category tag\">Unkategorisiert<\/a>\t\t<\/li>\r\n\r\n\t\t<li>\r\n\t\t\t<span>Comments Off<span class=\"screen-reader-text\"> on Historick\u00e1 minca<\/span><\/span>\t\t<\/li>\r\n\t<\/ul>\r\n<\/div>\r\n\r\n\t\t<div class=\"post-content\">\r\n\t\t\t<p>Na p\u00f4de resp. pod p\u00f4dou n\u00e1\u0161ho ka\u0161tie\u013ea, kde sa moment\u00e1lne nach\u00e1dza na\u0161a banketov\u00e1 s\u00e1la, sa v roku 2010 na\u0161la historick\u00e1 minca. Pri rekon\u0161truk\u010dn\u00fdch pr\u00e1cach ka\u0161tie\u013ea v Tom\u00e1\u0161ove sa na\u0161la minca z roku 1762 vo ve\u013emi dobrom stave &#8211; aktu\u00e1lne je vystaven\u00e1 pri recepcii ka\u0161tie\u013ea.<\/p>\n\t\t<a href=\"https:\/\/www.hotelkastiel.sk\/en\/novinky\/historicka-minca\" class=\"btn-view fz-12 font-600 text-gray-8989 text-uppercase\">\n\t\t\t\u010c\u00edta\u0165 viac\t\t<\/a>\n\t\t\t\t<\/div><!-- .post-content -->\r\n\t<\/div>\r\n<\/article><!-- #post-## -->\r\n\r\n<article id=\"post-3319\" class=\"post-3319 post type-post status-publish format-standard has-post-thumbnail hentry category-uncategorized-sk\">\r\n\t<div class=\"post-media\">\r\n\t<div class=\"post-image\">\r\n\t\t\t\t\t<a href=\"https:\/\/www.hotelkastiel.sk\/en\/novinky\/historicka-minca\">\r\n\t\t\t\t<img loading=\"lazy\" decoding=\"async\" width=\"290\" height=\"268\" src=\"https:\/\/www.hotelkastiel.sk\/wp-content\/uploads\/2019\/03\/AQ1.jpg\" class=\"attachment-fleurdesel-medium size-fleurdesel-medium wp-post-image\" alt=\"\" \/>\t\t\t<\/a>\r\n\t\t\t<\/div>\r\n<\/div>\r\n\r\n\t<div class=\"post-data\">\r\n\t\t<div class=\"post-date\"><a href=\"https:\/\/www.hotelkastiel.sk\/en\/novinky\/historicka-minca\" rel=\"bookmark\"><time class=\"entry-date published\" datetime=\"2011-04-30T16:47:39+01:00\">30.04.2011<\/time><time class=\"updated\" datetime=\"2020-10-16T08:08:28+01:00\">16.10.2020<\/time><\/a><\/div>\r\n\t\t<h2 class=\"post-title\"><a href=\"https:\/\/www.hotelkastiel.sk\/en\/novinky\/historicka-minca\" rel=\"bookmark\">Historick\u00e1 minca<\/a><\/h2>\r\n\t\t<div class=\"post-meta\">\r\n\t<ul>\r\n\t\t<li>\r\n\t\t\tPosted by <span class=\"author vcard\"><a class=\"url fn n\" href=\"https:\/\/www.hotelkastiel.sk\/en\/author\/mimac\/\">Milan Fabian<\/a><\/span> in <a href=\"https:\/\/www.hotelkastiel.sk\/en\/category\/uncategorized-sk\/\" rel=\"category tag\">Uncategorized @sk<\/a>\t\t<\/li>\r\n\r\n\t\t<li>\r\n\t\t\t<span>Comments Off<span class=\"screen-reader-text\"> on Historick\u00e1 minca<\/span><\/span>\t\t<\/li>\r\n\t<\/ul>\r\n<\/div>\r\n\r\n\t\t<div class=\"post-content\">\r\n\t\t\t<p>Na p\u00f4de resp. pod p\u00f4dou n\u00e1\u0161ho ka\u0161tie\u013ea, kde sa moment\u00e1lne nach\u00e1dza na\u0161a banketov\u00e1 s\u00e1la, sa v roku 2010 na\u0161la historick\u00e1 minca. Pri rekon\u0161truk\u010dn\u00fdch pr\u00e1cach ka\u0161tie\u013ea v Tom\u00e1\u0161ove sa na\u0161la minca z roku 1762 vo ve\u013emi dobrom stave &#8211; aktu\u00e1lne je vystaven\u00e1 pri recepcii ka\u0161tie\u013ea.<\/p>\n\t\t<a href=\"https:\/\/www.hotelkastiel.sk\/en\/novinky\/historicka-minca\" class=\"btn-view fz-12 font-600 text-gray-8989 text-uppercase\">\n\t\t\t\u010c\u00edta\u0165 viac\t\t<\/a>\n\t\t\t\t<\/div><!-- .post-content -->\r\n\t<\/div>\r\n<\/article><!-- #post-## -->\r\n\r\n<article id=\"post-3768\" class=\"post-3768 post type-post status-publish format-standard has-post-thumbnail hentry category-uncategorized\">\r\n\t<div class=\"post-media\">\r\n\t<div class=\"post-image\">\r\n\t\t\t\t\t<a href=\"https:\/\/www.hotelkastiel.sk\/en\/novinky\/televizna-svadba\">\r\n\t\t\t\t<img loading=\"lazy\" decoding=\"async\" width=\"630\" height=\"420\" src=\"https:\/\/www.hotelkastiel.sk\/wp-content\/uploads\/2019\/03\/T1.jpg\" class=\"attachment-fleurdesel-medium size-fleurdesel-medium wp-post-image\" alt=\"\" srcset=\"https:\/\/www.hotelkastiel.sk\/wp-content\/uploads\/2019\/03\/T1.jpg 630w, https:\/\/www.hotelkastiel.sk\/wp-content\/uploads\/2019\/03\/T1-300x200.jpg 300w, https:\/\/www.hotelkastiel.sk\/wp-content\/uploads\/2019\/03\/T1-600x400.jpg 600w\" sizes=\"auto, (max-width: 630px) 100vw, 630px\" \/>\t\t\t<\/a>\r\n\t\t\t<\/div>\r\n<\/div>\r\n\r\n\t<div class=\"post-data\">\r\n\t\t<div class=\"post-date\"><a href=\"https:\/\/www.hotelkastiel.sk\/en\/novinky\/televizna-svadba\" rel=\"bookmark\"><time class=\"entry-date published\" datetime=\"2011-04-10T16:51:42+01:00\">10.04.2011<\/time><time class=\"updated\" datetime=\"2019-05-15T21:12:41+01:00\">15.05.2019<\/time><\/a><\/div>\r\n\t\t<h2 class=\"post-title\"><a href=\"https:\/\/www.hotelkastiel.sk\/en\/novinky\/televizna-svadba\" rel=\"bookmark\">Telev\u00edzna svadba v ka\u0161tieli<\/a><\/h2>\r\n\t\t<div class=\"post-meta\">\r\n\t<ul>\r\n\t\t<li>\r\n\t\t\tPosted by <span class=\"author vcard\"><a class=\"url fn n\" href=\"https:\/\/www.hotelkastiel.sk\/en\/author\/mimac\/\">Milan Fabian<\/a><\/span> in <a href=\"https:\/\/www.hotelkastiel.sk\/en\/category\/uncategorized\/\" rel=\"category tag\">Uncategorized<\/a>\t\t<\/li>\r\n\r\n\t\t<li>\r\n\t\t\t<span>Comments Off<span class=\"screen-reader-text\"> on Telev\u00edzna svadba v ka\u0161tieli<\/span><\/span>\t\t<\/li>\r\n\t<\/ul>\r\n<\/div>\r\n\r\n\t\t<div class=\"post-content\">\r\n\t\t\t<p>Telev\u00edzia Markiza v ka\u0161tieli nat\u00e1\u010dala dal\u0161\u00ed diel seri\u00e1lu Ordin\u00e1cia v ru\u017eovej z\u00e1hrade. Here\u010dka Zdena Studenkov\u00e1&nbsp;a herec Jozef Vajda&nbsp;si&nbsp;v ka\u0161tieli&nbsp;povedali vyt\u00fa\u017een\u00e9 \u00c1no. Stalo sa tak v markiz\u00e1ckom seri\u00e1li Ordin\u00e1cia v ru\u017eovej z\u00e1hrade. Televizia Markiza vyu\u017eila n\u00e1dhern\u00e9 priestory ka\u0161tiela&nbsp;e\u0161te pred jeho oficialnym otvorenim&nbsp;na nato\u010denie \u010fal\u0161ieho dielu ob\u013e\u00fabeneho serialu.<\/p>\n\t\t<a href=\"https:\/\/www.hotelkastiel.sk\/en\/novinky\/televizna-svadba\" class=\"btn-view fz-12 font-600 text-gray-8989 text-uppercase\">\n\t\t\t\u010c\u00edta\u0165 viac\t\t<\/a>\n\t\t\t\t<\/div><!-- .post-content -->\r\n\t<\/div>\r\n<\/article><!-- #post-## -->\r\n\r\n<article id=\"post-3767\" class=\"post-3767 post type-post status-publish format-standard has-post-thumbnail hentry category-unkategorisiert\">\r\n\t<div class=\"post-media\">\r\n\t<div class=\"post-image\">\r\n\t\t\t\t\t<a href=\"https:\/\/www.hotelkastiel.sk\/en\/novinky\/televizna-svadba\">\r\n\t\t\t\t<img loading=\"lazy\" decoding=\"async\" width=\"630\" height=\"420\" src=\"https:\/\/www.hotelkastiel.sk\/wp-content\/uploads\/2019\/03\/T1.jpg\" class=\"attachment-fleurdesel-medium size-fleurdesel-medium wp-post-image\" alt=\"\" srcset=\"https:\/\/www.hotelkastiel.sk\/wp-content\/uploads\/2019\/03\/T1.jpg 630w, https:\/\/www.hotelkastiel.sk\/wp-content\/uploads\/2019\/03\/T1-300x200.jpg 300w, https:\/\/www.hotelkastiel.sk\/wp-content\/uploads\/2019\/03\/T1-600x400.jpg 600w\" sizes=\"auto, (max-width: 630px) 100vw, 630px\" \/>\t\t\t<\/a>\r\n\t\t\t<\/div>\r\n<\/div>\r\n\r\n\t<div class=\"post-data\">\r\n\t\t<div class=\"post-date\"><a href=\"https:\/\/www.hotelkastiel.sk\/en\/novinky\/televizna-svadba\" rel=\"bookmark\"><time class=\"entry-date published\" datetime=\"2011-04-10T16:51:42+01:00\">10.04.2011<\/time><time class=\"updated\" datetime=\"2019-05-15T21:12:40+01:00\">15.05.2019<\/time><\/a><\/div>\r\n\t\t<h2 class=\"post-title\"><a href=\"https:\/\/www.hotelkastiel.sk\/en\/novinky\/televizna-svadba\" rel=\"bookmark\">Telev\u00edzna svadba v ka\u0161tieli<\/a><\/h2>\r\n\t\t<div class=\"post-meta\">\r\n\t<ul>\r\n\t\t<li>\r\n\t\t\tPosted by <span class=\"author vcard\"><a class=\"url fn n\" href=\"https:\/\/www.hotelkastiel.sk\/en\/author\/mimac\/\">Milan Fabian<\/a><\/span> in <a href=\"https:\/\/www.hotelkastiel.sk\/en\/category\/unkategorisiert\/\" rel=\"category tag\">Unkategorisiert<\/a>\t\t<\/li>\r\n\r\n\t\t<li>\r\n\t\t\t<span>Comments Off<span class=\"screen-reader-text\"> on Telev\u00edzna svadba v ka\u0161tieli<\/span><\/span>\t\t<\/li>\r\n\t<\/ul>\r\n<\/div>\r\n\r\n\t\t<div class=\"post-content\">\r\n\t\t\t<p>Telev\u00edzia Markiza v ka\u0161tieli nat\u00e1\u010dala dal\u0161\u00ed diel seri\u00e1lu Ordin\u00e1cia v ru\u017eovej z\u00e1hrade. Here\u010dka Zdena Studenkov\u00e1&nbsp;a herec Jozef Vajda&nbsp;si&nbsp;v ka\u0161tieli&nbsp;povedali vyt\u00fa\u017een\u00e9 \u00c1no. Stalo sa tak v markiz\u00e1ckom seri\u00e1li Ordin\u00e1cia v ru\u017eovej z\u00e1hrade. Televizia Markiza vyu\u017eila n\u00e1dhern\u00e9 priestory ka\u0161tiela&nbsp;e\u0161te pred jeho oficialnym otvorenim&nbsp;na nato\u010denie \u010fal\u0161ieho dielu ob\u013e\u00fabeneho serialu.<\/p>\n\t\t<a href=\"https:\/\/www.hotelkastiel.sk\/en\/novinky\/televizna-svadba\" class=\"btn-view fz-12 font-600 text-gray-8989 text-uppercase\">\n\t\t\t\u010c\u00edta\u0165 viac\t\t<\/a>\n\t\t\t\t<\/div><!-- .post-content -->\r\n\t<\/div>\r\n<\/article><!-- #post-## -->\r\n\r\n<article id=\"post-3327\" class=\"post-3327 post type-post status-publish format-standard has-post-thumbnail hentry category-uncategorized-sk\">\r\n\t<div class=\"post-media\">\r\n\t<div class=\"post-image\">\r\n\t\t\t\t\t<a href=\"https:\/\/www.hotelkastiel.sk\/en\/novinky\/televizna-svadba\">\r\n\t\t\t\t<img loading=\"lazy\" decoding=\"async\" width=\"630\" height=\"420\" src=\"https:\/\/www.hotelkastiel.sk\/wp-content\/uploads\/2019\/03\/T1.jpg\" class=\"attachment-fleurdesel-medium size-fleurdesel-medium wp-post-image\" alt=\"\" srcset=\"https:\/\/www.hotelkastiel.sk\/wp-content\/uploads\/2019\/03\/T1.jpg 630w, https:\/\/www.hotelkastiel.sk\/wp-content\/uploads\/2019\/03\/T1-300x200.jpg 300w, https:\/\/www.hotelkastiel.sk\/wp-content\/uploads\/2019\/03\/T1-600x400.jpg 600w\" sizes=\"auto, (max-width: 630px) 100vw, 630px\" \/>\t\t\t<\/a>\r\n\t\t\t<\/div>\r\n<\/div>\r\n\r\n\t<div class=\"post-data\">\r\n\t\t<div class=\"post-date\"><a href=\"https:\/\/www.hotelkastiel.sk\/en\/novinky\/televizna-svadba\" rel=\"bookmark\"><time class=\"entry-date published\" datetime=\"2011-04-10T16:51:42+01:00\">10.04.2011<\/time><time class=\"updated\" datetime=\"2019-05-15T21:12:40+01:00\">15.05.2019<\/time><\/a><\/div>\r\n\t\t<h2 class=\"post-title\"><a href=\"https:\/\/www.hotelkastiel.sk\/en\/novinky\/televizna-svadba\" rel=\"bookmark\">Telev\u00edzna svadba v ka\u0161tieli<\/a><\/h2>\r\n\t\t<div class=\"post-meta\">\r\n\t<ul>\r\n\t\t<li>\r\n\t\t\tPosted by <span class=\"author vcard\"><a class=\"url fn n\" href=\"https:\/\/www.hotelkastiel.sk\/en\/author\/mimac\/\">Milan Fabian<\/a><\/span> in <a href=\"https:\/\/www.hotelkastiel.sk\/en\/category\/uncategorized-sk\/\" rel=\"category tag\">Uncategorized @sk<\/a>\t\t<\/li>\r\n\r\n\t\t<li>\r\n\t\t\t<span>Comments Off<span class=\"screen-reader-text\"> on Telev\u00edzna svadba v ka\u0161tieli<\/span><\/span>\t\t<\/li>\r\n\t<\/ul>\r\n<\/div>\r\n\r\n\t\t<div class=\"post-content\">\r\n\t\t\t<p>Telev\u00edzia Markiza v ka\u0161tieli nat\u00e1\u010dala dal\u0161\u00ed diel seri\u00e1lu Ordin\u00e1cia v ru\u017eovej z\u00e1hrade. Here\u010dka Zdena Studenkov\u00e1&nbsp;a herec Jozef Vajda&nbsp;si&nbsp;v ka\u0161tieli&nbsp;povedali vyt\u00fa\u017een\u00e9 \u00c1no. Stalo sa tak v markiz\u00e1ckom seri\u00e1li Ordin\u00e1cia v ru\u017eovej z\u00e1hrade. Televizia Markiza vyu\u017eila n\u00e1dhern\u00e9 priestory ka\u0161tiela&nbsp;e\u0161te pred jeho oficialnym otvorenim&nbsp;na nato\u010denie \u010fal\u0161ieho dielu ob\u013e\u00fabeneho serialu.<\/p>\n\t\t<a href=\"https:\/\/www.hotelkastiel.sk\/en\/novinky\/televizna-svadba\" class=\"btn-view fz-12 font-600 text-gray-8989 text-uppercase\">\n\t\t\t\u010c\u00edta\u0165 viac\t\t<\/a>\n\t\t\t\t<\/div><!-- .post-content -->\r\n\t<\/div>\r\n<\/article><!-- #post-## -->\r\n\r\n\t<\/div>\r\n<\/div><\/div><\/div><\/div>","protected":false},"excerpt":{"rendered":"Telev\u00edzia Markiza v ka\u0161tieli nat\u00e1\u010dala dal\u0161\u00ed diel seri\u00e1lu Ordin\u00e1cia v ru\u017eovej z\u00e1hrade. Here\u010dka Zdena Studenkov\u00e1&nbsp;a herec Jozef Vajda&nbsp;si&nbsp;v ka\u0161tieli&nbsp;povedali vyt\u00fa\u017een\u00e9 \u00c1no. Stalo sa tak v markiz\u00e1ckom seri\u00e1li Ordin\u00e1cia v ru\u017eovej z\u00e1hrade. Televizia Markiza vyu\u017eila n\u00e1dhern\u00e9 priestory ka\u0161tiela&nbsp;e\u0161te pred jeho oficialnym otvorenim&nbsp;na nato\u010denie \u010fal\u0161ieho dielu ob\u013e\u00fabeneho serialu.","protected":false},"author":5,"featured_media":0,"parent":0,"menu_order":0,"comment_status":"closed","ping_status":"closed","template":"templates\/page-builder.php","meta":{"footnotes":""},"class_list":["post-3432","page","type-page","status-publish","hentry"],"yoast_head":"<!-- This site is optimized with the Yoast SEO plugin v27.5 - https:\/\/yoast.com\/product\/yoast-seo-wordpress\/ -->\n<title>Novinky - Art Hotel Ka\u0161tie\u013e, Tom\u00e1\u0161ov<\/title>\n<meta name=\"description\" content=\"Aktu\u00e1lne novinky z ka\u0161tie\u013ea - zauj\u00edmav\u00e9 akcie, zauj\u00edmav\u00fd hostia, pripravovan\u00e9 slu\u017eby a ove\u013ea viac sa dozviete na na\u0161ej webovej str\u00e1nke.\" \/>\n<meta name=\"robots\" content=\"index, follow, max-snippet:-1, max-image-preview:large, max-video-preview:-1\" \/>\n<link rel=\"canonical\" href=\"https:\/\/www.hotelkastiel.sk\/en\/news\/\" \/>\n<meta property=\"og:locale\" content=\"en_GB\" \/>\n<meta property=\"og:type\" content=\"article\" \/>\n<meta property=\"og:title\" content=\"Novinky - Art Hotel Ka\u0161tie\u013e, Tom\u00e1\u0161ov\" \/>\n<meta property=\"og:description\" content=\"Aktu\u00e1lne novinky z ka\u0161tie\u013ea - zauj\u00edmav\u00e9 akcie, zauj\u00edmav\u00fd hostia, pripravovan\u00e9 slu\u017eby a ove\u013ea viac sa dozviete na na\u0161ej webovej str\u00e1nke.\" \/>\n<meta property=\"og:url\" content=\"https:\/\/www.hotelkastiel.sk\/en\/news\/\" \/>\n<meta property=\"og:site_name\" content=\"Art Hotel Ka\u0161tie\u013e, Tom\u00e1\u0161ov\" \/>\n<meta property=\"article:publisher\" content=\"http:\/\/facebook.com\/hotelkastiel\/\" \/>\n<meta property=\"article:modified_time\" content=\"2025-09-16T14:21:08+00:00\" \/>\n<meta name=\"twitter:label1\" content=\"Estimated reading time\" \/>\n\t<meta name=\"twitter:data1\" content=\"1 minute\" \/>\n<script type=\"application\/ld+json\" class=\"yoast-schema-graph\">{\"@context\":\"https:\\\/\\\/schema.org\",\"@graph\":[{\"@type\":\"WebPage\",\"@id\":\"https:\\\/\\\/www.hotelkastiel.sk\\\/news\\\/\",\"url\":\"https:\\\/\\\/www.hotelkastiel.sk\\\/news\\\/\",\"name\":\"Novinky - Art Hotel Ka\u0161tie\u013e, Tom\u00e1\u0161ov\",\"isPartOf\":{\"@id\":\"https:\\\/\\\/www.hotelkastiel.sk\\\/#website\"},\"datePublished\":\"2017-04-10T04:26:59+00:00\",\"dateModified\":\"2025-09-16T14:21:08+00:00\",\"description\":\"Aktu\u00e1lne novinky z ka\u0161tie\u013ea - zauj\u00edmav\u00e9 akcie, zauj\u00edmav\u00fd hostia, pripravovan\u00e9 slu\u017eby a ove\u013ea viac sa dozviete na na\u0161ej webovej str\u00e1nke.\",\"breadcrumb\":{\"@id\":\"https:\\\/\\\/www.hotelkastiel.sk\\\/news\\\/#breadcrumb\"},\"inLanguage\":\"en-GB\",\"potentialAction\":[{\"@type\":\"ReadAction\",\"target\":[\"https:\\\/\\\/www.hotelkastiel.sk\\\/news\\\/\"]}]},{\"@type\":\"BreadcrumbList\",\"@id\":\"https:\\\/\\\/www.hotelkastiel.sk\\\/news\\\/#breadcrumb\",\"itemListElement\":[{\"@type\":\"ListItem\",\"position\":1,\"name\":\"Home\",\"item\":\"https:\\\/\\\/www.hotelkastiel.sk\\\/\"},{\"@type\":\"ListItem\",\"position\":2,\"name\":\"Novinky\"}]},{\"@type\":\"WebSite\",\"@id\":\"https:\\\/\\\/www.hotelkastiel.sk\\\/#website\",\"url\":\"https:\\\/\\\/www.hotelkastiel.sk\\\/\",\"name\":\"Art Hotel Ka\u0161tie\u013e, Tom\u00e1\u0161ov\",\"description\":\"\",\"publisher\":{\"@id\":\"https:\\\/\\\/www.hotelkastiel.sk\\\/#organization\"},\"potentialAction\":[{\"@type\":\"SearchAction\",\"target\":{\"@type\":\"EntryPoint\",\"urlTemplate\":\"https:\\\/\\\/www.hotelkastiel.sk\\\/?s={search_term_string}\"},\"query-input\":{\"@type\":\"PropertyValueSpecification\",\"valueRequired\":true,\"valueName\":\"search_term_string\"}}],\"inLanguage\":\"en-GB\"},{\"@type\":\"Organization\",\"@id\":\"https:\\\/\\\/www.hotelkastiel.sk\\\/#organization\",\"name\":\"Art Hotel Ka\u0161tie\u013e, Tom\u00e1\u0161ov\",\"url\":\"https:\\\/\\\/www.hotelkastiel.sk\\\/\",\"logo\":{\"@type\":\"ImageObject\",\"inLanguage\":\"en-GB\",\"@id\":\"https:\\\/\\\/www.hotelkastiel.sk\\\/#\\\/schema\\\/logo\\\/image\\\/\",\"url\":\"https:\\\/\\\/www.hotelkastiel.sk\\\/wp-content\\\/uploads\\\/2018\\\/07\\\/logo-header.png\",\"contentUrl\":\"https:\\\/\\\/www.hotelkastiel.sk\\\/wp-content\\\/uploads\\\/2018\\\/07\\\/logo-header.png\",\"width\":1289,\"height\":936,\"caption\":\"Art Hotel Ka\u0161tie\u013e, Tom\u00e1\u0161ov\"},\"image\":{\"@id\":\"https:\\\/\\\/www.hotelkastiel.sk\\\/#\\\/schema\\\/logo\\\/image\\\/\"},\"sameAs\":[\"http:\\\/\\\/facebook.com\\\/hotelkastiel\\\/\",\"http:\\\/\\\/instagram.com\\\/hotelkastiel\\\/\",\"https:\\\/\\\/www.linkedin.com\\\/company\\\/art-hotel-kastiel-tomasov\\\/?viewAsMember=true\",\"https:\\\/\\\/www.youtube.com\\\/playlist?list=PLvlDIzNKGgpSADkmHpsw4owU0JUOEXfhn\",\"https:\\\/\\\/sk.wikipedia.org\\\/wiki\\\/Ka\u0161tie\u013e_v_Tom\u00e1\u0161ove\"]}]}<\/script>\n<!-- \/ Yoast SEO plugin. -->","yoast_head_json":{"title":"Novinky - Art Hotel Ka\u0161tie\u013e, Tom\u00e1\u0161ov","description":"Aktu\u00e1lne novinky z ka\u0161tie\u013ea - zauj\u00edmav\u00e9 akcie, zauj\u00edmav\u00fd hostia, pripravovan\u00e9 slu\u017eby a ove\u013ea viac sa dozviete na na\u0161ej webovej str\u00e1nke.","robots":{"index":"index","follow":"follow","max-snippet":"max-snippet:-1","max-image-preview":"max-image-preview:large","max-video-preview":"max-video-preview:-1"},"canonical":"https:\/\/www.hotelkastiel.sk\/en\/news\/","og_locale":"en_GB","og_type":"article","og_title":"Novinky - Art Hotel Ka\u0161tie\u013e, Tom\u00e1\u0161ov","og_description":"Aktu\u00e1lne novinky z ka\u0161tie\u013ea - zauj\u00edmav\u00e9 akcie, zauj\u00edmav\u00fd hostia, pripravovan\u00e9 slu\u017eby a ove\u013ea viac sa dozviete na na\u0161ej webovej str\u00e1nke.","og_url":"https:\/\/www.hotelkastiel.sk\/en\/news\/","og_site_name":"Art Hotel Ka\u0161tie\u013e, Tom\u00e1\u0161ov","article_publisher":"http:\/\/facebook.com\/hotelkastiel\/","article_modified_time":"2025-09-16T14:21:08+00:00","twitter_misc":{"Estimated reading time":"1 minute"},"schema":{"@context":"https:\/\/schema.org","@graph":[{"@type":"WebPage","@id":"https:\/\/www.hotelkastiel.sk\/news\/","url":"https:\/\/www.hotelkastiel.sk\/news\/","name":"Novinky - Art Hotel Ka\u0161tie\u013e, Tom\u00e1\u0161ov","isPartOf":{"@id":"https:\/\/www.hotelkastiel.sk\/#website"},"datePublished":"2017-04-10T04:26:59+00:00","dateModified":"2025-09-16T14:21:08+00:00","description":"Aktu\u00e1lne novinky z ka\u0161tie\u013ea - zauj\u00edmav\u00e9 akcie, zauj\u00edmav\u00fd hostia, pripravovan\u00e9 slu\u017eby a ove\u013ea viac sa dozviete na na\u0161ej webovej str\u00e1nke.","breadcrumb":{"@id":"https:\/\/www.hotelkastiel.sk\/news\/#breadcrumb"},"inLanguage":"en-GB","potentialAction":[{"@type":"ReadAction","target":["https:\/\/www.hotelkastiel.sk\/news\/"]}]},{"@type":"BreadcrumbList","@id":"https:\/\/www.hotelkastiel.sk\/news\/#breadcrumb","itemListElement":[{"@type":"ListItem","position":1,"name":"Home","item":"https:\/\/www.hotelkastiel.sk\/"},{"@type":"ListItem","position":2,"name":"Novinky"}]},{"@type":"WebSite","@id":"https:\/\/www.hotelkastiel.sk\/#website","url":"https:\/\/www.hotelkastiel.sk\/","name":"Art Hotel Ka\u0161tie\u013e, Tom\u00e1\u0161ov","description":"","publisher":{"@id":"https:\/\/www.hotelkastiel.sk\/#organization"},"potentialAction":[{"@type":"SearchAction","target":{"@type":"EntryPoint","urlTemplate":"https:\/\/www.hotelkastiel.sk\/?s={search_term_string}"},"query-input":{"@type":"PropertyValueSpecification","valueRequired":true,"valueName":"search_term_string"}}],"inLanguage":"en-GB"},{"@type":"Organization","@id":"https:\/\/www.hotelkastiel.sk\/#organization","name":"Art Hotel Ka\u0161tie\u013e, Tom\u00e1\u0161ov","url":"https:\/\/www.hotelkastiel.sk\/","logo":{"@type":"ImageObject","inLanguage":"en-GB","@id":"https:\/\/www.hotelkastiel.sk\/#\/schema\/logo\/image\/","url":"https:\/\/www.hotelkastiel.sk\/wp-content\/uploads\/2018\/07\/logo-header.png","contentUrl":"https:\/\/www.hotelkastiel.sk\/wp-content\/uploads\/2018\/07\/logo-header.png","width":1289,"height":936,"caption":"Art Hotel Ka\u0161tie\u013e, Tom\u00e1\u0161ov"},"image":{"@id":"https:\/\/www.hotelkastiel.sk\/#\/schema\/logo\/image\/"},"sameAs":["http:\/\/facebook.com\/hotelkastiel\/","http:\/\/instagram.com\/hotelkastiel\/","https:\/\/www.linkedin.com\/company\/art-hotel-kastiel-tomasov\/?viewAsMember=true","https:\/\/www.youtube.com\/playlist?list=PLvlDIzNKGgpSADkmHpsw4owU0JUOEXfhn","https:\/\/sk.wikipedia.org\/wiki\/Ka\u0161tie\u013e_v_Tom\u00e1\u0161ove"]}]}},"_links":{"self":[{"href":"https:\/\/www.hotelkastiel.sk\/en\/wp-json\/wp\/v2\/pages\/3432","targetHints":{"allow":["GET"]}}],"collection":[{"href":"https:\/\/www.hotelkastiel.sk\/en\/wp-json\/wp\/v2\/pages"}],"about":[{"href":"https:\/\/www.hotelkastiel.sk\/en\/wp-json\/wp\/v2\/types\/page"}],"author":[{"embeddable":true,"href":"https:\/\/www.hotelkastiel.sk\/en\/wp-json\/wp\/v2\/users\/5"}],"replies":[{"embeddable":true,"href":"https:\/\/www.hotelkastiel.sk\/en\/wp-json\/wp\/v2\/comments?post=3432"}],"version-history":[{"count":0,"href":"https:\/\/www.hotelkastiel.sk\/en\/wp-json\/wp\/v2\/pages\/3432\/revisions"}],"wp:attachment":[{"href":"https:\/\/www.hotelkastiel.sk\/en\/wp-json\/wp\/v2\/media?parent=3432"}],"curies":[{"name":"wp","href":"https:\/\/api.w.org\/{rel}","templated":true}]}}